{"id":1307,"date":"2022-03-08T15:40:40","date_gmt":"2022-03-08T18:40:40","guid":{"rendered":"http:\/\/bohngass.com.br\/?page_id=1307"},"modified":"2022-03-08T15:40:41","modified_gmt":"2022-03-08T18:40:41","slug":"dezembro-2021","status":"publish","type":"page","link":"https:\/\/bohngass.com.br\/?page_id=1307","title":{"rendered":"Dezembro 2021"},"content":{"rendered":"\n<p><strong>R\u00e1dio Missioneira<br><\/strong><a href=\"https:\/\/www.radiomissioneira.com\/administracao-de-dezesseis-de-novembro-encerra-ano-marcado-por-varias-conquistas\/\">Administra\u00e7\u00e3o de Dezesseis de Novembro encerra ano marcado por v\u00e1rias conquistas<br><\/a>Em 2022, ruas da cidade ser\u00e3o beneficiadas com novas obras de asfaltamento, atrav\u00e9s do programa Pavimenta RS de recursos enviados pelo deputado <strong>Elvino Bohn Gass.<\/strong><\/p>\n\n\n\n<p><strong>Jornal Sentinela<br><\/strong><a href=\"https:\/\/jornalsentinela.com.br\/noticias\/deputado-federal-elvino-bohn-gass-visitou-o-hospital-dr-osvaldo-teixeira-de-tucunduva\/\">Deputado Federal Elvino Bohn Gass visitou o Hospital Dr. Osvaldo Teixeira de Tucunduva<br><\/a>Desde 2014 <strong>Bohn Gass<\/strong> j\u00e1 destinou R$ 600.000,00 em emendas para o Hospital. Em nota publicada na p\u00e1gina do Facebook do Hospital, a dire\u00e7\u00e3o agradeceu a visita e os recursos destinados a entidade pelo Deputado.<\/p>\n\n\n\n<p><strong>PT na C\u00e2mara<br><\/strong><a href=\"https:\/\/ptnacamara.org.br\/site\/pt-entra-com-acao-contra-o-ministro-da-defesa-no-mpf-por-compra-de-file-mignon-e-picanha-com-recursos-de-combate-a-covid\/\">PT entra com a\u00e7\u00e3o contra o ministro da Defesa no MPF por compra de fil\u00e9-mignon e picanha com recursos de combate \u00e0 Covid<br><\/a>Na a\u00e7\u00e3o \u2013 assinada pelo novo l\u00edder da Bancada do PT, deputado Reginaldo Lopes (MG), pelo ex-l\u00edder <strong>Elvino Bohn Gass (RS)<\/strong> e apoiada pelos demais parlamentares da bancada \u2013 o partido pede a instaura\u00e7\u00e3o de inqu\u00e9rito criminal visando a repara\u00e7\u00e3o por danos morais e a condena\u00e7\u00e3o civil e administrativa do ministro e de outros respons\u00e1veis pelo desvio.<\/p>\n\n\n\n<p><strong>Brasil 247<br><\/strong><a href=\"https:\/\/www.brasil247.com\/regionais\/brasilia\/bohn-gass-diz-que-caso-da-filha-de-bolsonaro-pode-ser-levado-ao-conselho-tutelar-de-brasilia\">Bohn Gass diz que caso da filha de Bolsonaro pode ser levado ao conselho tutelar de Bras\u00edlia<br><\/a>O deputado federal <strong>Bohn Gass (PT-RS) <\/strong>avalia que a decis\u00e3o tomada por Jair e Michelle Bolsonaro de impedir a imuniza\u00e7\u00e3o de sua pr\u00f3pria filha Laura contra a covid-19 pode ser levada ao conselho tutelar de Bras\u00edlia, uma vez que os pais n\u00e3o t\u00eam direito de colocar a sa\u00fade dos filhos em risco<\/p>\n\n\n\n<p>Pensar Piau\u00ed<br><a href=\"https:\/\/pensarpiaui.com\/noticia\/bolsonaro-pode-ser-levado-ao-conselho-tutelar-por-nao-vacinar-a-filha.html\">Bolsonaro pode ser levado ao conselho tutelar por n\u00e3o vacinar a filha<br><\/a>O deputado federal <strong>Bohn Gass (PT-RS) <\/strong>avalia que a decis\u00e3o tomada por Jair e Michelle Bolsonaro de impedir a imuniza\u00e7\u00e3o de sua pr\u00f3pria filha Laura contra a covid-19 pode ser levada ao conselho tutelar de Bras\u00edlia, uma vez que os pais n\u00e3o t\u00eam direito de colocar a sa\u00fade dos filhos em risco.<\/p>\n\n\n\n<p><strong>Jornal VS<br><\/strong><a href=\"https:\/\/www.jornalvs.com.br\/noticias\/regiao\/2021\/12\/29\/obra-de-revitalizacao-da-praca-central-de-sapucaia-atinge-50--de-conclusao.html\">Obra de revitaliza\u00e7\u00e3o da pra\u00e7a central de Sapucaia atinge 50% de conclus\u00e3o<br><\/a>Os servi\u00e7os tinham como incentivo uma emenda parlamentar do deputado federal <strong>Elvino Bohn Gass<\/strong>, no valor de R$ 245.850, com contrapartida do munic\u00edpio de R$ 20.265,80.<\/p>\n\n\n\n<p><strong>Correio do Brasil<br><\/strong><a href=\"https:\/\/www.correiodobrasil.com.br\/discurso-radical-negacionista-mandatario-deixa-centrao-nervoso\/\">Discurso radical e negacionista do mandat\u00e1rio deixa Centr\u00e3o nervoso<br><\/a>Ainda nesta manh\u00e3, o deputado <strong>federal Bohn Gass (PT-RS)<\/strong> avaliou que a decis\u00e3o tomada por Jair e Michelle Bolsonaro de impedir a imuniza\u00e7\u00e3o da pr\u00f3pria filha Laura contra a covid-19 pode ser levada ao conselho tutelar de Bras\u00edlia, uma vez que os pais n\u00e3o t\u00eam direito de colocar a sa\u00fade dos filhos em risco.<\/p>\n\n\n\n<p><strong>IG<\/strong><br><a href=\"https:\/\/ultimosegundo.ig.com.br\/brasil\/2021-12-28\/lider-governo-bolsonaro-barros-articula-centrao-petistas-acao-ajudar-crise-chuvas-bahia-enchentes.html\">Barros articula com Centr\u00e3o e petistas a\u00e7\u00e3o para ajudar a Bahia<br><\/a>Na manh\u00e3 desta ter\u00e7a-feira (28), o presidente da C\u00e2mara, Arthur Lira (PP-AL), o l\u00edder do governo de Jair Bolsonaro (PL) na Casa, Ricardo Barros (PP-AL), o l\u00edder do PP, Cac\u00e1 Le\u00e3o (BA), os deputados Marcelo Nilo (PSB-BA), Valmir Assun\u00e7\u00e3o (PT-BA), Reginaldo Lopes (PT-MG), <strong>Bohn Gass (PT-RS)<\/strong> se reuniram com o objetivo de articular uma a\u00e7\u00e3o para ajudar no socorro \u00e0s v\u00edtimas das fortes chuvas que atingem a Bahia nos \u00faltimos dias.<\/p>\n\n\n\n<p><strong>R\u00e1dio C\u00e2mara (Voz do Brasil)<br><\/strong><a href=\"https:\/\/www.camara.leg.br\/radio\/programas\/842362-presidente-da-camara-defende-fundo-emergencial-para-desastres-naturais\/\">Presidente da C\u00e2mara defende fundo emergencial para desastres naturais<br><\/a>De acordo com<strong> Bohn Gass (PT-RS),<\/strong> em 2021 houve o maior recuo de renda da hist\u00f3ria do trabalhador no Brasil, com a redu\u00e7\u00e3o em cerca de 79 reais da base salarial de milh\u00f5es de empregados e aposentados. O resultado, na opini\u00e3o do parlamentar, \u00e9 menos poder de compra, mais informalidade, e economia em decad\u00eancia.<\/p>\n\n\n\n<p><strong>Not\u00edcias UOL<br><\/strong><a href=\"https:\/\/noticias.uol.com.br\/politica\/ultimas-noticias\/2021\/12\/28\/centrao-articulacao-petistas-arthur-lira-governo-ricardo-barros-crise-bahia.htm\">L\u00edder de Bolsonaro articula com centr\u00e3o e petistas a\u00e7\u00e3o para crise na Bahia<br><\/a>Na manh\u00e3 desta ter\u00e7a-feira (28), est\u00e3o reunidos o presidente da C\u00e2mara, Arthur Lira (PP-AL), o l\u00edder do governo de Jair Bolsonaro (PL) na Casa, Ricardo Barros (PP-AL), o l\u00edder do PP, Cac\u00e1 Le\u00e3o (BA), os deputados Marcelo Nilo (PSB-BA), Valmir Assun\u00e7\u00e3o (PT-BA), Reginaldo Lopes (PT-MG), <strong>Bohn Gass (PT-RS)<\/strong>.<\/p>\n\n\n\n<p><strong>Pol\u00edtica Livre<br><\/strong><a href=\"https:\/\/politicalivre.com.br\/2021\/12\/por-que-partidos-de-esquerda-querem-se-juntar-em-federacoes-em-2022\/#gsc.tab=0\">Por que partidos de esquerda querem se juntar em federa\u00e7\u00f5es em 2022<br><\/a>L\u00edder da bancada do PT na C\u00e2mara, o <strong>deputado Bohn Gass (RS)<\/strong> afirma que a forma\u00e7\u00e3o de uma federa\u00e7\u00e3o de esquerda permitir\u00e1 a apresenta\u00e7\u00e3o de um programa de ao menos quatro anos, com identifica\u00e7\u00e3o program\u00e1tica.<\/p>\n\n\n\n<p><strong>PT na C\u00e2mara<br><\/strong><a href=\"https:\/\/ptnacamara.org.br\/site\/vitoria-do-pt-lei-assis-carvalho-e-sancionada-e-agricultura-familiar-recebera-auxilio-emergencial\/\">Vit\u00f3ria do PT: Lei Assis Carvalho \u00e9 sancionada e agricultura familiar receber\u00e1 aux\u00edlio emergencial<br><\/a>J\u00e1 o deputado <strong>Elvino Bohn Gass (PT-RS)<\/strong> disse que a derrubada dos vetos pelo Congresso Nacional foi fruto da persist\u00eancia do @PTnaCamara, \u201cum presente de Natal a quem produz comida\u201d.<\/p>\n\n\n\n<p><strong>Brasil 247<br><\/strong><a href=\"https:\/\/www.brasil247.com\/brasil\/parlamentares-controlam-mais-da-metade-dos-investimentos-do-orcamento\">Parlamentares controlam mais da metade dos investimentos do Or\u00e7amento<br><\/a>O l\u00edder do PT na C\u00e2mara, <strong>deputado Bohn Gass (RS)<\/strong>, tamb\u00e9m criticou a concentra\u00e7\u00e3o de recursos nas m\u00e3os do parlamento.\u201d. \u201cN\u00e3o estamos no regime parlamentarista. Por isso acreditamos que esse mecanismo n\u00e3o est\u00e1 correto\u201d, disse. \u201cTemos de rever isso\u201d, emendou.<\/p>\n\n\n\n<p><strong>Poder 360<br><\/strong><a href=\"https:\/\/www.poder360.com.br\/governo\/petroleiros-ameacam-greve-se-plano-de-privatizar-petrobras-avancar\/\">Petroleiros amea\u00e7am greve se plano de privatizar Petrobras avan\u00e7ar \u2026<br><\/a>\u201cSegundo o l\u00edder do PT na C\u00e2mara, o <strong>deputado Bohn Gass (PT-RS)<\/strong>, o Planalto est\u00e1 junto com o Minist\u00e9rio da Economia e com o Minist\u00e9rio de Minas e Energia formatando esse projeto de lei\u201d, disse Deyvid.<\/p>\n\n\n\n<p><strong>Ag\u00eancia C\u00e2mara de Not\u00edcias<br><\/strong><a href=\"https:\/\/www.camara.leg.br\/internet\/agencia\/infograficos-html5\/para-lideres-auxilios-e-pec-dos-precatorios-foram-propostas-mais-importantes-de-2021\/index.html\">Para l\u00edderes, aux\u00edlios e PEC dos Precat\u00f3rios foram propostas mais importantes de 2021<br><\/a><strong>Bohn Gass: <\/strong>&#8220;Em um ano desastroso da pol\u00edtica econ\u00f4mica do governo n\u00f3s reagimos. Aprovamos a Lei Assis Carvalho, que vai ajudar o nosso agricultor a oferecer produtos de qualidade a pre\u00e7os menores para o consumidor.&#8221;<\/p>\n\n\n\n<p><strong>PT na C\u00e2mara<br><\/strong><a href=\"https:\/\/ptnacamara.org.br\/site\/bohn-gass-pt-na-camara-foi-trincheira-de-resistencia-e-defesa-do-povo-em-2021\/\">Bohn Gass: \u201cPT na C\u00e2mara foi trincheira de resist\u00eancia e defesa do povo em 2021\u201d<br><\/a>O deputado federal <strong>Elvino Bohn Gass (PT-RS)<\/strong>, ao fazer hoje (21) o balan\u00e7o de sua gest\u00e3o como l\u00edder da Bancada do PT na C\u00e2mara ao longo de 2021, destacou o papel do partido na resist\u00eancia contra os desmandos e retrocessos patrocinados pelo governo de extrema-direita de Bolsonaro.<\/p>\n\n\n\n<p><strong>PT na C\u00e2mara<br><\/strong><a href=\"https:\/\/ptnacamara.org.br\/site\/pt-e-o-partido-com-o-qual-os-brasileiros-mais-se-identificam\/\">PT \u00e9 o partido com o qual os brasileiros mais se identificam<\/a><\/p>\n\n\n\n<p><strong>Portal FC.com<br><\/strong><a href=\"https:\/\/portalfc.com\/2021\/12\/20\/informe-atividade-parlamentar-bohn-gass-fecha-o-ano-como-lider-da-bancada-do-pt\/\">INFORME ATIVIDADE PARLAMENTAR: Bohn Gass fecha o ano como l\u00edder da bancada do PT<br><\/a>Um dos maiores desafios da hist\u00f3ria pol\u00edtica do deputado federal <strong>Elvino Bohn Gass (PT\/RS)<\/strong> foi desenvolvida neste ano de 2021: liderar a bancada do Partido dos Trabalhadores, a maior da oposi\u00e7\u00e3o ao governo Bolsonaro, na C\u00e2mara dos Deputados, em Bras\u00edlia. No in\u00edcio do ano, o parlamentar ga\u00facho foi escolhido por unanimidade para assumir a lideran\u00e7a da bancada petista que conta, hoje, com 53 parlamentares.<\/p>\n\n\n\n<p><strong>Ag\u00eancia C\u00e2mara de Not\u00edcias<br><\/strong><a href=\"https:\/\/www.camara.leg.br\/noticias\/841148-reginaldo-lopes-e-novo-lider-do-pt-na-camara\/\">Reginaldo Lopes \u00e9 novo l\u00edder do PT na C\u00e2mara<br><\/a>Ele suceder\u00e1 o <strong>deputado Bohn Gass (PT-RS).<\/strong><\/p>\n\n\n\n<p><strong>Estado de Minas<br><\/strong><a href=\"https:\/\/www.em.com.br\/app\/noticia\/politica\/2021\/12\/20\/interna_politica,1332704\/reginaldo-lopes-e-o-novo-lider-do-pt-na-camara.shtml\">Reginaldo Lopes \u00e9 o novo l\u00edder do PT na C\u00e2mara<br><\/a>Reginaldo vai substituir o <strong>deputado Elvino Bohn Gass (PT-RS)<\/strong>, que ocupou a lideran\u00e7a este ano. O ex-l\u00edder tamb\u00e9m falou no evento e destacou a import\u00e2ncia do papel em ano de elei\u00e7\u00f5es.<\/p>\n\n\n\n<p><strong>F\u00f3rum<br><\/strong><a href=\"https:\/\/revistaforum.com.br\/politica\/2021\/12\/21\/lula-vai-unir-brasil-diz-reginaldo-lopes-eleito-lider-da-bancada-do-pt-na-cmara-107781.html\">&#8220;Lula vai unir o Brasil&#8221;, diz Reginaldo Lopes, eleito l\u00edder da bancada do PT na C\u00e2mara<br><\/a>Aos 48 anos, o mineiro foi eleito por aclama\u00e7\u00e3o o novo l\u00edder do PT na C\u00e2mara Federal no lugar do ga\u00facho<strong> Elvino Bohn Gass <\/strong>e vai comandar a maior bancada de oposi\u00e7\u00e3o ao governo Jair Bolsonaro (PL) no ano eleitoral de 2022, quando o oper\u00e1rio pode voltar ao Planalto.<\/p>\n\n\n\n<p><strong>O Tempo<br><\/strong><a href=\"https:\/\/www.otempo.com.br\/opiniao\/luiz-tito\/reginaldo-lopes-lider-1.2587042\">Reginaldo Lopes l\u00edder<br><\/a>Novo l\u00edder do PT na C\u00e2mara, deputado Reginaldo Lopes (MG) e o ex-l\u00edder, <strong>deputado Bohn Gass (RS)<\/strong><\/p>\n\n\n\n<p><strong>Revista Metropolitana<br><\/strong><a href=\"https:\/\/revistametropolitana.com.br\/noticia\/14424\/reginaldo-lopes-e-novo-lider-do-pt-na-camara\">Reginaldo Lopes \u00e9 novo l\u00edder do PT na C\u00e2mara<br><\/a>Ele suceder\u00e1 o <strong>deputado Bohn Gass (PT-RS).<\/strong><\/p>\n\n\n\n<p><strong>Gazeta do Povo<br><\/strong><a href=\"https:\/\/www.gazetadopovo.com.br\/republica\/breves\/deputado-reginaldo-lopes-e-eleito-novo-lider-do-pt-na-camara\/\">Deputado Reginaldo Lopes \u00e9 eleito novo l\u00edder do PT na C\u00e2mara<br><\/a>Ele suceder\u00e1 o <strong>deputado Bohn Gass (RS)<\/strong>, que ocupou a lideran\u00e7a neste ano.<\/p>\n\n\n\n<p><strong>Jornal Seman\u00e1rio<br><\/strong><a href=\"https:\/\/jornalsemanario.com.br\/apos-derrubada-de-veto-bolsonaro-promulga-texto-que-preve-r-57-bilhoes-para-campanhas-eleitorais-em-2022\/\">Ap\u00f3s derrubada de veto, Bolsonaro promulga texto que prev\u00ea R$ 5,7 bilh\u00f5es para campanhas eleitorais em 2022<\/a><\/p>\n\n\n\n<p><strong>Independente<\/strong><br><a href=\"https:\/\/independente.com.br\/prefeitura-de-teutonia-e-hob-assinam-convenio-para-realizacao-de-cirurgias-eletivas\/\">Prefeitura de Teut\u00f4nia e HOB assinam conv\u00eanio para realiza\u00e7\u00e3o de cirurgias eletivas<br><\/a>R$ 100.000,00 \u2013 Deputado federal <strong>Elvino Bohn Gass (PT)<\/strong><\/p>\n\n\n\n<p><strong>Brasil 247<br><\/strong><a href=\"https:\/\/www.brasil247.com\/regionais\/brasilia\/reginaldo-lopes-e-eleito-o-novo-lider-do-pt-na-camara\">Reginaldo Lopes \u00e9 eleito o novo l\u00edder do PT na C\u00e2mara<br><\/a>Ele substituir\u00e1 o <strong>deputado Bohn Gass (PT-RS)<\/strong> no ano legislativo de 2022<\/p>\n\n\n\n<p><strong>Metr\u00f3poles<\/strong><br><a href=\"https:\/\/www.metropoles.com\/brasil\/politica-brasil\/reginaldo-lopes-sera-o-novo-lider-do-pt-na-camara-em-2022\">Reginaldo Lopes ser\u00e1 o novo l\u00edder do PT na C\u00e2mara em 2022<br><\/a>O mineiro substituir\u00e1 o cago hoje ocupado pelo ga\u00facho <strong>Elvino Bohn Gass<\/strong>. A prioridade do partido \u00e9 a campanha de Lula \u00e0 Presid\u00eancia<\/p>\n\n\n\n<p><strong>Di\u00e1rio de Not\u00edcias (Portugal)<br><\/strong><a href=\"https:\/\/www.dn.pt\/internacional\/brasil-ja-nao-pergunta-quem-ganha-as-eleicoes-mas-sim-quando-ganha-14418356.html\">Brasil j\u00e1 n\u00e3o pergunta &#8220;quem ganha&#8221; as elei\u00e7\u00f5es mas sim &#8220;quando ganha&#8221;<br><\/a>&#8220;H\u00e1 fortes condi\u00e7\u00f5es de retorno ao poder cinco anos ap\u00f3s o golpe mas \u00e9 muito cedo para salto alto porque quanto mais crescemos, mais crescem os ataques, as cal\u00fanias, as fake&#8221;, reagiu <strong>Elvino Bohn Gass<\/strong>, l\u00edder parlamentar do PT, ao DN.<\/p>\n\n\n\n<p><strong>Deputado Federal Zarattini<br><\/strong><a href=\"https:\/\/carloszarattini.com.br\/2021\/12\/18\/pt-estuda-acao-judicial-contra-decisao-da-camara-que-permite-repasse-de-recursos-do-fundeb-ao-sistema-s-anuncia-bohn-gass\/\">PT estuda a\u00e7\u00e3o judicial contra decis\u00e3o da C\u00e2mara que permite repasse de recursos do Fundeb ao sistema S, anuncia Bohn Gass<br><\/a>O l\u00edder do PT na C\u00e2mara, <strong>Elvino Bohn Gass (RS)<\/strong>, informou hoje (17) que a bancada do partido estuda a possibilidade de adotar \u201ctodas as medidas judiciais cab\u00edveis\u201d contra a decis\u00e3o tomada pelo plen\u00e1rio da Casa, na noite de quinta-feira (16), que abre caminho para destinar recursos do Fundo de Manuten\u00e7\u00e3o e Desenvolvimento da Educa\u00e7\u00e3o B\u00e1sica e de Valoriza\u00e7\u00e3o dos Profissionais da Educa\u00e7\u00e3o (Fundeb) para o Sistema S.<\/p>\n\n\n\n<p><strong>Jornal Ambiente<br><\/strong><a href=\"https:\/\/jornalambiente.com.br\/bohn-gass-desse-a-madeira-nos-bolsonaristas-ratlnho-foi-desossado-ao-vivo-pela-bancada-do-pt\/\">[V\u00cdDEO] <strong>Bohn Gass<\/strong> desse a madeira nos bolsonaristas!! Ratinho foi desossado ao vivo pela bancada do PT!!<\/a><\/p>\n\n\n\n<p><strong>PT na C\u00e2mara<br><\/strong><a href=\"https:\/\/ptnacamara.org.br\/site\/pt-estuda-acao-judicial-contra-decisao-da-camara-que-permite-repasse-de-recursos-do-fundeb-ao-sistema-s-anuncia-bohn-gass\/\">PT estuda a\u00e7\u00e3o judicial contra decis\u00e3o da C\u00e2mara que permite repasse de recursos do Fundeb ao sistema S, anuncia Bohn Gass<br><\/a>O l\u00edder do PT na C\u00e2mara, <strong>Elvino Bohn Gass (RS),<\/strong> informou hoje (17) que a bancada do partido estuda a possibilidade de adotar \u201ctodas as medidas judiciais cab\u00edveis\u201d contra a decis\u00e3o tomada pelo plen\u00e1rio da Casa, na noite de quinta-feira (16), que abre caminho para destinar recursos do Fundo de Manuten\u00e7\u00e3o e Desenvolvimento da Educa\u00e7\u00e3o B\u00e1sica e de Valoriza\u00e7\u00e3o dos Profissionais da Educa\u00e7\u00e3o (Fundeb) para o Sistema S.<\/p>\n\n\n\n<p><strong>PT na C\u00e2mara<br><\/strong><a href=\"https:\/\/ptnacamara.org.br\/site\/piso-salarial-com-voto-do-pt-congresso-derruba-veto-a-agentes-comunitarios-de-saude-e-de-endemias\/\">Piso salarial: Com voto do PT, Congresso derruba veto a agentes comunit\u00e1rios de sa\u00fade e de endemias<br><\/a><strong>L\u00edder Bohn Gass<\/strong> comemora derrubada do veto de Bolsonaro<\/p>\n\n\n\n<p><strong>Plant\u00e3o dos Lagos<br><\/strong><a href=\"https:\/\/plantaodoslagos.com.br\/categoria\/economia\/camara-conclui-votacao-do-projeto-que-regulamenta-fundeb-texto-vai-a-sancao-politica\/\">C\u00e2mara conclui vota\u00e7\u00e3o do projeto que regulamenta Fundeb; texto vai \u00e0 san\u00e7\u00e3o<br><\/a>\u201cN\u00f3s n\u00e3o queremos que recursos do Fundeb, p\u00fablicos, sejam transferidos em conv\u00eanios com o Sistema S. Repassar esse recurso que \u00e9 t\u00e3o escasso para a educa\u00e7\u00e3o n\u00e3o \u00e9 poss\u00edvel\u201d, disse o l\u00edder do PT, <strong>Bohn Gass (RS).<\/strong><\/p>\n\n\n\n<p><strong>DM An\u00e1polis<br><\/strong><a href=\"https:\/\/www.dmanapolis.com.br\/noticia\/19807\/lideres-partidarios-destacam-alta-producao-legislativa-em-2021\">L\u00edderes partid\u00e1rios destacam alta produ\u00e7\u00e3o legislativa em 2021<br><\/a>J\u00e1 o l\u00edder do PT, <strong>deputado Bohn Gass (RS)<\/strong>, afirmou que o partido encerra o ano com um misto de tristeza por conta da pandemia e pautas criticadas pela oposi\u00e7\u00e3o e esperan\u00e7a pela resist\u00eancia da oposi\u00e7\u00e3o e perspectiva de uma nova elei\u00e7\u00e3o.<\/p>\n\n\n\n<p><strong>Ag\u00eancia C\u00e2mara de Not\u00edcias<br><\/strong><a href=\"https:\/\/www.camara.leg.br\/noticias\/840580-lideres-partidarios-destacam-alta-producao-legislativa-em-2021\/\">L\u00edderes partid\u00e1rios destacam alta produ\u00e7\u00e3o legislativa em 2021<br><\/a>J\u00e1 o l\u00edder do PT, <strong>deputado Bohn Gass (RS),<\/strong> afirmou que o partido encerra o ano com um misto de tristeza por conta da pandemia e pautas criticadas pela oposi\u00e7\u00e3o e esperan\u00e7a pela resist\u00eancia da oposi\u00e7\u00e3o e perspectiva de uma nova elei\u00e7\u00e3o.<\/p>\n\n\n\n<p><strong>G1<br><\/strong><a href=\"https:\/\/g1.globo.com\/politica\/noticia\/2021\/12\/16\/camara-conclui-votacao-do-projeto-que-regulamenta-fundeb-texto-vai-a-sancao.ghtml\">C\u00e2mara conclui vota\u00e7\u00e3o do projeto que regulamenta Fundeb; texto vai \u00e0 san\u00e7\u00e3o<br><\/a>\u201cN\u00f3s n\u00e3o queremos que recursos do Fundeb, p\u00fablicos, sejam transferidos em conv\u00eanios com o Sistema S. Repassar esse recurso que \u00e9 t\u00e3o escasso para a educa\u00e7\u00e3o n\u00e3o \u00e9 poss\u00edvel\u201d, disse o l\u00edder do PT, <strong>Bohn Gass (RS).<\/strong><\/p>\n\n\n\n<p><strong>Ag\u00eancia C\u00e2mara de Not\u00edcias<br><\/strong><a href=\"https:\/\/www.camara.leg.br\/noticias\/840318-camara-aprova-acordo-de-cooperacao-em-pesquisa-militar-entre-brasil-e-eua-acompanhe\/\">C\u00e2mara aprova acordo de coopera\u00e7\u00e3o em pesquisa militar entre Brasil e EUA<br><\/a>Para o l\u00edder do PT, <strong>deputado Bohn Gass (PT-RS)<\/strong>, o Brasil n\u00e3o ser\u00e1 beneficiado com o acordo. \u201cN\u00e3o h\u00e1 garantia de transfer\u00eancia financeira ou tecnol\u00f3gica para o Brasil, que est\u00e1 abrindo m\u00e3o de ter o seu desenvolvimento tecnol\u00f3gico. \u00c9 um texto sem garantia nenhuma\u201d, criticou.<\/p>\n\n\n\n<p><strong>Congresso em Foco<br><\/strong><a href=\"https:\/\/congressoemfoco.uol.com.br\/area\/congresso-nacional\/mesmo-com-oposicao-de-grupos-evangelicos-camara-quer-votar-legalizacao-de-cassinos-e-jogos\/\">C\u00e2mara aprova urg\u00eancia para legaliza\u00e7\u00e3o de cassinos e jogos<br><\/a>O l\u00edder do PT na C\u00e2mara, <strong>Bohn Gass (PT-RS) <\/strong>afirmou n\u00e3o ver grandes problemas no m\u00e9rito do projeto, que divide opini\u00f5es em seu partido. \u201cSe existem os jogos de azar e deve haver uma regulamenta\u00e7\u00e3o, ent\u00e3o temos que fazer o debate\u201d, ponderou. Por\u00e9m, discorda da necessidade do requerimento de urg\u00eancia. \u201cN\u00e3o faz nenhum sentido na \u00faltima sess\u00e3o deste ano n\u00f3s votarmos a urg\u00eancia para um tema que tem tanta pol\u00eamica na sociedade\u201d. Assim como ocorrido no PSL, Bohn Gass liberou a bancada.<\/p>\n\n\n\n<p><strong>Terra<\/strong><br><a href=\"https:\/\/www.terra.com.br\/noticias\/general-heleno-diz-tomar-lexotan-para-nao-aticar-bolsonaro-contra-o-stf,de63b251fb5d4cdb72b8a8d6da97064f4c1idbij.html\">General Heleno diz &#8216;tomar Lexotan&#8217; para n\u00e3o ati\u00e7ar Bolsonaro contra o STF<br><\/a>O l\u00edder do PT na C\u00e2mara, <strong>deputado Bohn Gass<\/strong>, disse considerar a fala como uma &#8220;amea\u00e7a de tentativa de golpe&#8221; e de rompimento com a Constitui\u00e7\u00e3o.<\/p>\n\n\n\n<p><strong>O Antagonista<br><\/strong><a href=\"https:\/\/oantagonista.uol.com.br\/brasil\/saiba-como-votou-cada-deputado-na-isencao-de-iptu-para-igrejas-alugadas\/\">Saiba como votou cada deputado na isen\u00e7\u00e3o de IPTU para &#8216;igrejas alugadas&#8217;<\/a><\/p>\n\n\n\n<p><strong>Not\u00edcias Concursos<br><\/strong><a href=\"https:\/\/oantagonista.uol.com.br\/brasil\/saiba-como-votou-cada-deputado-na-isencao-de-iptu-para-igrejas-alugadas\/\">Aux\u00edlio Brasil: Veja quem recebe nesta quinta, 16<br><\/a>De acordo com o deputado federal e l\u00edder do PT na C\u00e2mara, <strong>Bohn Gass<\/strong>, o programa Aux\u00edlio Brasil foi viabilizado por meio da aprova\u00e7\u00e3o da PEC dos Precat\u00f3rios. Contudo, o mesmo ainda n\u00e3o possui nenhuma garantia de que ir\u00e1 se tornar uma medida de transfer\u00eancia de renda permanente.<\/p>\n\n\n\n<p><strong>No Detalhe<br><\/strong><a href=\"https:\/\/nodetalhe.com.br\/auxlio-brasil-permanente-recursos-nao-garantidos\/\">Aux\u00edlio Brasil Permanente: recursos n\u00e3o est\u00e3o garantidos<br><\/a>Para que isso realmente se realize, \u00e9 necess\u00e1rio que o Governo assegure pol\u00edticas fiscais e or\u00e7ament\u00e1rias espec\u00edficas. O <strong>Deputado Federal Bohn Gass<\/strong>, vinculado ao PT-RS, faz oposi\u00e7\u00e3o ao governo. Ele disse, em declara\u00e7\u00e3o ao portal Rede Brasil Atual, que isso n\u00e3o passa de uma manobra eleitoral de Bolsonaro.<\/p>\n\n\n\n<p><strong>Informe Cidade<br><\/strong><a href=\"https:\/\/www.informecidade.com.br\/noticia\/7728\/comissao-debate-papel-dos-povos-indigenas-na-formacao-da-cultura-brasileira\">Comiss\u00e3o debate papel dos povos ind\u00edgenas na forma\u00e7\u00e3o da cultura brasileira<br><\/a>Tamb\u00e9m participaram C\u00e9lia Tupinamb\u00e1, professora e artista do povo ind\u00edgena Tupinamb\u00e1 da Bahia; Isabel Semani, do povo Tucano do Amazonas; D\u00e1rio Kopenawa Yanimami, da Associa\u00e7\u00e3o do povo Ind\u00edgena Yanomami e outras lideran\u00e7as ind\u00edgenas; o l\u00edder do PT na C\u00e2mara, <strong>Elvino Bohn Gass (RS)<\/strong> e os deputados Jo\u00eania Wapichana (Rede-RR), Z\u00e9 Ricardo (PT-AM), Marcon (PT-RS), Erika Kokay (PT-DF) e Nilto Tatto (PT-SP).<\/p>\n\n\n\n<p><strong>Rede Brasil Atual<br><\/strong><a href=\"https:\/\/www.redebrasilatual.com.br\/politica\/2021\/12\/recursos-para-auxilio-brasil-permanente-nao-estao-garantidos-pela-pec-dos-precatorios-diz-oposicao\/\">Recursos para Aux\u00edlio Brasil permanente n\u00e3o est\u00e3o garantidos, diz oposi\u00e7\u00e3o<br><\/a>C\u00e2mara aprova PEC dos Precat\u00f3rios em 2\u00b0 turno. L\u00edder do PT na C\u00e2mara, <strong>Bohn Gass<\/strong>, diz que, para ser permanente a partir de 2023, benef\u00edcio criado por Bolsonaro vai depender de pol\u00edticas fiscais<\/p>\n\n\n\n<p><strong>Brasil 247<br><\/strong><a href=\"https:\/\/www.brasil247.com\/brasil\/sao-detritos-da-mesma-lixeira-politica-diz-bohn-gass-sobre-possivel-alianca-entre-temer-e-moro\">&#8216;S\u00e3o detritos da mesma lixeira pol\u00edtica&#8217;, diz Bohn Gass sobre poss\u00edvel alian\u00e7a entre Temer e Moro<br><\/a>\u201cFaz sentido, afinal, o golpe que levou Temer ao poder, deve boa parte de suas falsas justificativas ao trabalho sujo do ex-juiz\u201d, comentou o <strong>deputado federal Bohn Gass (PT)<\/strong><\/p>\n\n\n\n<p><strong>Correio Braziliense<br><\/strong><a href=\"https:\/\/www.correiobraziliense.com.br\/politica\/2021\/12\/4970935-pec-e-aprovada-em-1-turno.html\">C\u00e2mara vota segundo turno da PEC dos Precat\u00f3rios nesta quarta<br><\/a>Apesar de ter considerado as modifica\u00e7\u00f5es feitas no Senado como uma &#8220;redu\u00e7\u00e3o de danos&#8221;, a oposi\u00e7\u00e3o n\u00e3o ficou satisfeita com a proposta. O l\u00edder do PT na Casa, <strong>deputado Bohn Gass (RS)<\/strong>, afirmou que a PEC d\u00e1 um calote em milh\u00f5es de fam\u00edlias brasileiras.<\/p>\n\n\n\n<p><strong>Terra<br><\/strong><a href=\"https:\/\/www.terra.com.br\/noticias\/a-convite-de-lula-fabiano-contarato-anuncia-saida-da-rede-e-filiacao-ao-pt,de9a6de7ddaebf397c62610a3dbd4ee8netacxul.html\">A convite de Lula, Fabiano Contarato anuncia sa\u00edda da Rede e filia\u00e7\u00e3o ao PT<br><\/a>O l\u00edder da bancada do PT na C\u00e2mara, <strong>deputado Bohn Gass<\/strong>, tamb\u00e9m se manifestou: &#8220;(Contarato) qualifica ainda mais nossa bancada do PT no Senado&#8221;, escreveu.<\/p>\n\n\n\n<p><strong>Seu Dinheiro<br><\/strong><a href=\"https:\/\/www.seudinheiro.com\/2021\/politica\/camara-discute-mudanca-em-pec-dos-precatorios-senado-entenda-o-impasse\/\">C\u00e2mara resiste a mudan\u00e7as propostas pelo Senado na PEC dos precat\u00f3rios; entenda o impasse<br><\/a>&#8220;N\u00f3s vamos construir a posi\u00e7\u00e3o, mas, a princ\u00edpio, estamos trabalhando com a contrariedade. \u00c9 calote, \u00e9 eleitoreiro, uma bola de neve&#8221;, disse o l\u00edder do PT, <strong>Bohn Gass (RS).<\/strong><\/p>\n\n\n\n<p><strong>Gazeta do Povo<br><\/strong><a href=\"https:\/\/www.gazetadopovo.com.br\/republica\/projeto-reduz-poder-dos-governadores-para-escolher-comando-das-pms\/\">C\u00e2mara acelera projeto que reduz poder dos governadores de escolher o comando das PMs<br><\/a>Cr\u00edtico da proposta, o l\u00edder do PT na C\u00e2mara, <strong>deputado Bohn Gass (RS),<\/strong> critica a manobra da bancada da bala em aprovar um requerimento de urg\u00eancia antes que o relat\u00f3rio da proposta fosse protocolado pelo relator. &#8220;Os autores sugeriram que o texto \u00e9 complexo porque trata das diferentes Pol\u00edcias Militares, da Pol\u00edcia Federal, de todas as pol\u00edcias e, ainda, do Corpo de Bombeiros. Isso \u00e9 complexo. Em segundo lugar, os autores disseram que o projeto n\u00e3o est\u00e1 pronto. Se um projeto n\u00e3o est\u00e1 pronto, ele tem que passar por um debate numa comiss\u00e3o especial&#8221;, argumenta o petista.<\/p>\n\n\n\n<p><strong>R\u00e1dio Progresso de Iju\u00ed<br><\/strong><a href=\"https:\/\/www.radioprogresso.com.br\/nao-preciso-gastar-com-diarias-para-buscar-recursos-para-ijui-diz-beto-noronha\/\">&#8220;N\u00e3o preciso gastar com di\u00e1rias para buscar recursos para Iju\u00ed&#8221;, diz Beto Noronha<br><\/a>O vereador ainda afirmou que conquistou R$ 7 milh\u00f5es com emendas do <strong>deputado federal Elvino Bohn Gass (PT)<\/strong>. Em uma lista, o vereador cita que os recursos foram aplicados na constru\u00e7\u00e3o de postos de sa\u00fade dos bairros Alvorada, Colonial e 15 de Novembro; reforma do Posto de Sa\u00fade do Bairro Pindorama (a executar); equipamentos para os hospitais HCI e Bom Pastor; pavimenta\u00e7\u00e3o de ruas em v\u00e1rios bairros; revitaliza\u00e7\u00e3o de pra\u00e7as: Dos Imigrantes, do Bairro Alvorada e dos Bairros Jardim e Modelo (a executar); conclus\u00e3o da Pista de Skate na Pra\u00e7a dos Imigrantes; equipamentos para a Agricultura Familiar; constru\u00e7\u00e3o do pr\u00e9dio da Feira da Agricultura Familiar ao lado da UPA; aquisi\u00e7\u00e3o de ve\u00edculo para o Sindicato dos Trabalhadores Rurais; recursos para a Causa Animal; e aquisi\u00e7\u00e3o de ve\u00edculo para a Uni\u00e3o das Associa\u00e7\u00f5es dos Bairros de Iju\u00ed.<\/p>\n\n\n\n<p><strong>Estad\u00e3o<\/strong><br><a href=\"https:\/\/politica.estadao.com.br\/noticias\/geral,audio-general-heleno-stf-bolsonaro-lexotan-drastica,70003926675\">General Heleno diz &#8216;tomar Lexotan&#8217; para n\u00e3o ati\u00e7ar Bolsonaro contra o STF<br><\/a>O l\u00edder do PT na C\u00e2mara, <strong>deputado Bohn Gass<\/strong>, disse considerar a fala como uma \u201camea\u00e7a de tentativa de golpe\u201d e de rompimento com a Constitui\u00e7\u00e3o.<\/p>\n\n\n\n<p><strong>Prefeitura Municipal de Santo \u00c2ngelo<br><\/strong><a href=\"https:\/\/pmsantoangelo.abase.com.br\/site\/noticias\/agricultura\/66224-pavilhao-da-agricultura-familiar-sera-ampliado\">Pavilh\u00e3o da Agricultura Familiar ser\u00e1 ampliado<br><\/a>Na manh\u00e3 do \u00faltimo s\u00e1bado (11), Santo \u00c2ngelo recebeu a visita do <strong>deputado federal Elvino Bohn Gass <\/strong>(PT). Ele foi recebido pelo prefeito Jacques Barbosa no Pavilh\u00e3o da Agricultura Familiar e das Agroind\u00fastrias em meio a \u00faltima edi\u00e7\u00e3o de 2021 do Caf\u00e9 Colonial Missioneiro.<\/p>\n\n\n\n<p><strong>F\u00f3rum<\/strong><br><a href=\"https:\/\/revistaforum.com.br\/debates\/2021\/12\/12\/federao-partidaria-unidade-para-mudar-brasil-por-elvino-bohn-gass-107398.html\">[ARTIGO] Federa\u00e7\u00e3o Partid\u00e1ria: unidade para mudar o Brasil! &#8211; <strong>Por Elvino Bohn Gass<\/strong><\/a><\/p>\n\n\n\n<p><strong>F\u00f3rum<\/strong><br><a href=\"https:\/\/revistaforum.com.br\/politica\/2021\/12\/13\/nossa-caminhada-tem-tudo-ver-diz-gleisi-sobre-contarato-no-pt-confira-repercusso-107432.html\">&#8220;Nossa caminhada tem tudo a ver&#8221;, diz Gleisi sobre Contarato no PT; confira repercuss\u00e3o<br><\/a>Senador anunciou sa\u00edda da Rede Sustentabilidade nesta segunda-feira (13). Maria do Ros\u00e1rio, Paulo Paim, Humberto Costa e <strong>Bohn Gass <\/strong>foram alguns dos parlamentares que deram as boas-vindas<\/p>\n\n\n\n<p><strong>Estad\u00e3o<br><\/strong><a href=\"https:\/\/economia.estadao.com.br\/noticias\/geral,camara-discute-mudanca-em-pec-dos-precatorios-e-resiste-a-dar-aval-a-texto-do-senado,70003925138\">C\u00e2mara discute mudan\u00e7a em PEC dos Precat\u00f3rios e resiste a dar aval a texto do Senado<br><\/a>\u201cN\u00f3s vamos construir a posi\u00e7\u00e3o, mas, a princ\u00edpio, estamos trabalhando com a contrariedade. \u00c9 calote, \u00e9 eleitoreiro, uma bola de neve\u201d, disse o l\u00edder do PT, <strong>Bohn Gass (RS).<\/strong><\/p>\n\n\n\n<p><strong>Correio do Povo<br><\/strong><a href=\"https:\/\/www.correiodopovo.com.br\/not%C3%ADcias\/pol%C3%ADtica\/no-apagar-das-luzes-grupo-tenta-aprovar-libera%C3%A7%C3%A3o-de-jogos-de-azar-1.738868\">No &#8220;apagar das luzes&#8221;, grupo tenta aprovar libera\u00e7\u00e3o de jogos de azar<br><\/a>L\u00edder do PT, segunda maior bancada na Casa, <strong>Bohn Gass (PT-RS) <\/strong>frisou que n\u00e3o cabe votar um projeto como esse na \u00faltima semana dos trabalhos. &#8220;N\u00e3o \u00e9 correto que se vote no afogadilho.<\/p>\n\n\n\n<p><strong>Estad\u00e3o<\/strong><br><a href=\"https:\/\/politica.estadao.com.br\/noticias\/geral,fabiano-contarato-senador-rede-pt-desfiliacao,70003924817\">A convite de Lula, Fabiano Contarato anuncia sa\u00edda da Rede e filia\u00e7\u00e3o ao PT<br><\/a>Nas redes sociais, o ex-presidente Lula comemorou a filia\u00e7\u00e3o e deu as boas-vindas ao senador. O l\u00edder da bancada do PT na C\u00e2mara, <strong>deputado Bohn Gass<\/strong>, tamb\u00e9m se manifestou: &#8220;(Contarato) qualifica ainda mais nossa bancada do PT no Senado&#8221;, escreveu.<\/p>\n\n\n\n<p><strong>UOL<\/strong><br><a href=\"https:\/\/noticias.uol.com.br\/politica\/ultimas-noticias\/2021\/12\/13\/votacoes-congresso-ultima-semana-2021-orcamento-precatorios-refis.htm?cmpid=copiaecola\">Na reta final, Congresso se volta para or\u00e7amento, precat\u00f3rios e Refis<br><\/a>&#8220;Queremos votar o piso&#8221;, disse o l\u00edder do PT, <strong>Bohn Gass (RS)<\/strong>, ao UOL na sexta-feira (12). O deputado e ex-prefeito C\u00e9lio Silveira (PSDB-GO), por exemplo, defendeu seu apoio \u00e0 proposta em redes sociais.<\/p>\n\n\n\n<p><strong>R7<\/strong><br><a href=\"https:\/\/noticias.r7.com\/brasilia\/no-apagar-das-luzes-grupo-tenta-aprovar-liberacao-de-jogos-de-azar-12122021\">No apagar das luzes, grupo tenta aprovar libera\u00e7\u00e3o de jogos de azar<br><\/a>L\u00edder do PT, a segunda maior bancada na Casa, <strong>Bohn Gass (PT-RS)<\/strong> frisou que n\u00e3o cabe votar um projeto como esse na \u00faltima semana dos trabalhos. &#8220;N\u00e3o \u00e9 correto que se vote no afogadilho. Esse tema precisa de aprofundamento maior&#8221;, pontuou.<\/p>\n\n\n\n<p><strong>BNL Data<br><\/strong><a href=\"https:\/\/bnldata.com.br\/grupo-tenta-aprovar-liberacao-de-jogos-de-azar\/\">Grupo tenta aprovar libera\u00e7\u00e3o de jogos de azar<br><\/a>L\u00edder do PT, a segunda maior bancada na Casa, Bohn Gass (PT-RS) frisou que n\u00e3o cabe votar um projeto como esse na \u00faltima semana dos trabalhos. \u201cN\u00e3o \u00e9 correto que se vote no afogadilho. Esse tema precisa de aprofundamento maior\u201d, pontuou.<\/p>\n\n\n\n<p><strong>Ga\u00facha ZH<br><\/strong><a href=\"https:\/\/gauchazh.clicrbs.com.br\/geral\/noticia\/2021\/12\/conectesus-sofre-ataque-hacker-e-deixa-de-exibir-dados-de-vacinacao-ckx0hg1tl006i01fexjq7a5rf.html\">ConecteSUS sofre ataque hacker e deixa de exibir dados de vacina\u00e7\u00e3o<br><\/a>O <strong>deputado federal Bohn Gass (PT-RS)<\/strong> tamb\u00e9m se manifestou pelo Twitter: &#8220;exigimos que a Pol\u00edcia Federal receba todo o aporte necess\u00e1rio para que possa, no menor tempo poss\u00edvel, identificar os hackers que invadiram o sistema do ConectSus. \u00c9 muito estranho que isso aconte\u00e7a no exato momento em que o governo federal rejeita o passaporte vacinal&#8221;, escreveu o parlamentar.<\/p>\n\n\n\n<p><strong>Di\u00e1rio do Sudoeste<br><\/strong><a href=\"https:\/\/diariodosudoeste.com.br\/brasil\/conectesus-sofre-ataque-hacker-e-deixa-de-exibir-dados-de-vacinacao\/\">ConecteSUS sofre ataque hacker e deixa de exibir dados de vacina\u00e7\u00e3o<br><\/a>O<strong> deputado federal Bohn Gass (PT-RS)<\/strong> tamb\u00e9m se manifestou pelo Twitter: &#8220;exigimos que a Pol\u00edcia Federal receba todo o aporte necess\u00e1rio para que possa, no menor tempo poss\u00edvel, identificar os hackers que invadiram o sistema do ConectSus. \u00c9 muito estranho que isso aconte\u00e7a no exato momento em que o governo federal rejeita o passaporte vacinal&#8221;, escreveu o parlamentar.<\/p>\n\n\n\n<p><strong>PT na C\u00e2mara<br><\/strong><a href=\"https:\/\/ptnacamara.org.br\/site\/bohn-gass-defende-a-valorizacao-do-salario-minimo-para-melhorar-a-economia-do-pais-e-a-vida-dos-brasileiros\/\">Bohn Gass defende a valoriza\u00e7\u00e3o do sal\u00e1rio m\u00ednimo para melhorar a economia do Pa\u00eds e a vida dos brasileiros<br><\/a>O l\u00edder da Bancada do PT na C\u00e2mara, <strong>deputado Elvino Bohn Gass (RS)<\/strong>, defendeu em plen\u00e1rio, nesta quinta-feira (9), a valoriza\u00e7\u00e3o do sal\u00e1rio m\u00ednimo.<\/p>\n\n\n\n<p><strong>Partido dos Trabalhadores<br><\/strong><a href=\"https:\/\/pt.org.br\/pt-pede-a-pacheco-que-devolva-ao-planalto-mp-que-destroi-prouni\/\">PT pede a Pacheco que devolva ao Planalto MP que destr\u00f3i ProUni<br><\/a>Medida que abre espa\u00e7o a estudantes de escolas particulares no programa \u00e9 inconstitucional, argumentam, em of\u00edcio, a deputada Rosa Neide (MT) e os l\u00edderes <strong>Bohn Gass (RS)<\/strong> e Paulo Rocha (PA)<\/p>\n\n\n\n<p><strong>Valor Econ\u00f4mico<br><\/strong><a href=\"https:\/\/valor.globo.com\/politica\/noticia\/2021\/12\/09\/cmara-anula-multa-de-empresa-que-atrasou-guia-do-fgts.ghtml\">C\u00e2mara anula multa de empresa que atrasou guia do FGTS<br><\/a>O projeto teve apoio de todos os partidos, inclusive os de oposi\u00e7\u00e3o. O l\u00edder do PT, <strong>deputado Elvino Bohn Gass (RS)<\/strong>, disse que o Senado aperfei\u00e7oou o texto que j\u00e1 tinha sido votado pela C\u00e2mara em 2018.<\/p>\n\n\n\n<p><strong>R\u00e1dio C\u00e2mara dos Deputados<br><\/strong><a href=\"https:\/\/www.camara.leg.br\/radio\/programas\/837208-plenario-inclui-varias-categorias-da-educacao-entre-beneficiarios-dos-recursos-do-fundeb\/\">Plen\u00e1rio inclui v\u00e1rias categorias da educa\u00e7\u00e3o entre benefici\u00e1rios dos recursos do Fundeb<br><\/a><strong>Bohn Gass (PT-RS)<\/strong> defende a aprova\u00e7\u00e3o de projeto que pro\u00edbe a fabrica\u00e7\u00e3o, venda e utiliza\u00e7\u00e3o de fogos de artif\u00edcios e artefatos pirot\u00e9cnicos que produzam ru\u00eddos e estampidos. Autor da mat\u00e9ria, ele afirma que o objetivo \u00e9 evitar que pessoas adoentadas, idosos e tamb\u00e9m os animais sofram traumas por causa do barulho.<\/p>\n\n\n\n<p><strong>PT na C\u00e2mara<br><\/strong><a href=\"https:\/\/ptnacamara.org.br\/site\/programa-eleitoreiro-de-bolsonaro-deixa-milhares-de-familias-sem-protecao-social-critica-bohn-gass\/\">Programa eleitoreiro de Bolsonaro deixa milhares de fam\u00edlias sem prote\u00e7\u00e3o social, critica Bohn Gass<br><\/a>O l\u00edder do PT na C\u00e2mara, <strong>deputado Bohn Gass (RS)<\/strong>, fez duras cr\u00edticas ao governo Bolsonaro, em plen\u00e1rio, na manh\u00e3 desta quinta-feira (9). Na sua avalia\u00e7\u00e3o, o presidente de ultradireita n\u00e3o est\u00e1 preocupado com o povo brasileiro.<\/p>\n\n\n\n<p><strong>Terra<\/strong><br><a href=\"https:\/\/www.terra.com.br\/noticias\/camara-rejeita-requerimento-de-urgencia-para-votacao-de-projeto-sobre-acoes-contraterroristas,3966e8ffed166f95ffbf1140d168ea5b925wgq2x.html\">C\u00e2mara rejeita requerimento de urg\u00eancia para vota\u00e7\u00e3o de projeto sobre a\u00e7\u00f5es contraterroristas<br><\/a>O l\u00edder do PT na C\u00e2mara, <strong>deputado Bohn Gass (RS)<\/strong>, afirmou durante sess\u00e3o extraordin\u00e1ria, nesta quarta-feira, que o voto contr\u00e1rio ao requerimento de urg\u00eancia foi porque o projeto de lei se trata de dar poder ao executivo para fazer combate ideol\u00f3gico.<\/p>\n\n\n\n<p><strong>Poder 360<br><\/strong><a href=\"https:\/\/www.poder360.com.br\/brasil\/camara-aprova-projeto-que-prorroga-incentivos-a-industria-de-semicondutores\/\">C\u00e2mara aprova projeto que prorroga incentivos \u00e0 ind\u00fastria de semicondutores<br><\/a>J\u00e1 emenda do <strong>deputado Bohn Gass (PT-RS)<\/strong> foi considerada prejudicada pela Casa em raz\u00e3o de aprova\u00e7\u00e3o de parecer contr\u00e1rio do relator. A emenda retirava do PND (Programa Nacional de Desestatiza\u00e7\u00e3o) o Ceitec (Centro Nacional de Tecnologia Eletr\u00f4nica Avan\u00e7ada S.A.).<\/p>\n\n\n\n<p><strong>Ag\u00eancia C\u00e2mara de Not\u00edcias<br><\/strong><a href=\"https:\/\/www.camara.leg.br\/noticias\/836453-deputados-rejeitam-pedido-de-urgencia-para-projeto-sobre-acoes-contraterroristas\">Deputados rejeitam pedido de urg\u00eancia para projeto sobre a\u00e7\u00f5es contraterroristas<br><\/a>O l\u00edder do PT, <strong>deputado Bohn Gass (PT-RS)<\/strong>, disse que a proposta cria uma \u201csuperestrutura\u201d no governo federal. \u201c\u00c9 uma tentativa de repress\u00e3o aos movimentos sociais. Essa lei vai dar autoriza\u00e7\u00e3o para que o Estado use suas for\u00e7as repressivas contra as manifesta\u00e7\u00f5es da educa\u00e7\u00e3o e da luta sobre a terra\u201d, disse.<\/p>\n\n\n\n<p><strong>Ag\u00eancia C\u00e2mara de Not\u00edcias<br><\/strong><a href=\"https:\/\/www.camara.leg.br\/noticias\/836689-camara-aprova-projeto-que-prorroga-incentivos-a-industria-de-semicondutores\/\">C\u00e2mara aprova projeto que prorroga incentivos \u00e0 ind\u00fastria de semicondutores<br><\/a>J\u00e1 emenda do <strong>deputado Bohn Gass (PT-RS)<\/strong> foi considerada prejudicada pela Casa em raz\u00e3o de aprova\u00e7\u00e3o de parecer contr\u00e1rio do relator. A emenda retirava do PND (Programa Nacional de Desestatiza\u00e7\u00e3o) o Ceitec (Centro Nacional de Tecnologia Eletr\u00f4nica Avan\u00e7ada S.A.).<\/p>\n\n\n\n<p><strong>Partido dos Trabalhadores<br><\/strong><a href=\"https:\/\/pt.org.br\/camara-rejeita-urgencia-para-votar-projeto-de-repressao-ao-povo\/\">C\u00e2mara rejeita urg\u00eancia para votar projeto de repress\u00e3o ao povo<br><\/a>O l\u00edder do PT na C\u00e2mara, <strong>deputado Bohn Gass (RS)<\/strong>, afirmou que a bancada era totalmente contr\u00e1ria \u00e0 proposta e desmontou o argumento utilizado pelos bolsonaristas de que o projeto \u00e9 fundamental para combater o terrorismo no Pa\u00eds.<\/p>\n\n\n\n<p><strong>DCO<\/strong><br><a href=\"https:\/\/www.causaoperaria.org.br\/rede\/dco\/politica\/judiciario\/moro-vira-piada-ao-criticar-manobra-juridica-a-favor-de-lula\/\">Moro vira piada ao criticar \u201cmanobra jur\u00eddica\u201d a favor de Lula<br><\/a>@<strong>BohnGass<\/strong> &#8211; C\u00ednico e covarde, Moro fala em &#8220;manobras jur\u00eddicas&#8221; sugerindo que a vit\u00f3ria de @LulaOficial no caso do tr\u00edplex teria algo de ilegal. N\u00c3O TEM! Lula recorreu de uma condena\u00e7\u00e3o sem provas. E ganhou! Agiu DENTRO DA LEI. Mas Moro, definitivamente, n\u00e3o respeita a lei.<\/p>\n\n\n\n<p><strong>Ag\u00eancia C\u00e2mara de Not\u00edcias<br><\/strong><a href=\"https:\/\/www.camara.leg.br\/noticias\/835372-congresso-pode-analisar-vetos-a-quebra-de-patentes-de-vacinas-e-distribuicao-de-absorventes\">Sess\u00e3o do Congresso para an\u00e1lise de vetos \u00e9 cancelada<br><\/a>O l\u00edder do PT, <strong>deputado Bohn Gass (PT-RS)<\/strong>, destaca a import\u00e2ncia da quebra de patentes de vacinas por causa do risco de novas variantes de coronav\u00edrus. &#8220;Estamos diante de um novo surto nesta pandemia, o que j\u00e1 est\u00e1 acontecendo em v\u00e1rios pa\u00edses. N\u00f3s precisamos da quebra de patentes, para que vacinas e rem\u00e9dios possam ser fabricados com maior intensidade para nossa popula\u00e7\u00e3o. Esse veto precisa ser derrubado&#8221;, afirmou.<\/p>\n\n\n\n<p><strong>Dourados News<br><\/strong><a href=\"https:\/\/www.douradosnews.com.br\/noticias\/politica\/congresso-pode-analisar-vetos-a-quebra-de-patentes-de-vacinas-e\/1171729\/\">Congresso pode analisar vetos a quebra de patentes de vacinas e distribui\u00e7\u00e3o de absorventes<br><\/a>O l\u00edder do PT,<strong> deputado Bohn Gass (PT-RS),<\/strong> destaca a import\u00e2ncia da quebra de patentes de vacinas por causa do risco de novas variantes de coronav\u00edrus. &#8220;Estamos diante de um novo surto nesta pandemia, o que j\u00e1 est\u00e1 acontecendo em v\u00e1rios pa\u00edses. N\u00f3s precisamos da quebra de patentes, para que vacinas e rem\u00e9dios possam ser fabricados com maior intensidade para nossa popula\u00e7\u00e3o. Esse veto precisa ser derrubado&#8221;, afirmou.<\/p>\n\n\n\n<p><strong>R\u00e1dio Progesso Iju\u00ed<br><\/strong><a href=\"https:\/\/www.radioprogresso.com.br\/na-avaliacao-de-beto-noronha-ate-agora-governo-de-andrei-cossetin-esta-sendo-ruim\/\">Na avalia\u00e7\u00e3o de Beto Noronha, at\u00e9 agora governo de Andrei Cossetin est\u00e1 sendo ruim<br><\/a>Em rela\u00e7\u00e3o \u00e0s emendas, Noronha explicou que j\u00e1 foram encaminhados, atrav\u00e9s do Deputado Federal <strong>Elvino Bohn Gass<\/strong>, mais de R$1 milh\u00e3o em recursos para Iju\u00ed. \u201cAtrav\u00e9s do nosso Deputado Bohn Gass j\u00e1 injetamos mais de um milh\u00e3o nos cofres do munic\u00edpio, recursos dispon\u00edveis para que o executivo utilize em diversas frentes, como pavimenta\u00e7\u00e3o, por exemplo\u201d.<\/p>\n\n\n\n<p><strong>Isto \u00c9 Dinheiro<br><\/strong><a href=\"https:\/\/www.istoedinheiro.com.br\/lira-tenta-tirar-pecha-de-casuismo-e-votar-semipresidencialismo-em-2022\/\">Lira tenta tirar pecha de \u2018casu\u00edsmo\u2019 e votar semipresidencialismo em 2022<br><\/a>Analisar a medida j\u00e1 no ano que vem tem na C\u00e2mara a resist\u00eancia do PT, cujo l\u00edder, <strong>Bohn Gass (RS)<\/strong>, acredita que os deputados da legenda votar\u00e3o integralmente contra. \u201c\u00c9 casu\u00edsmo golpista para enfraquecer a presid\u00eancia de Lula\u201d, disse ao Estad\u00e3o. Os petistas preferem que a medida seja discutida na pr\u00f3xima legislatura.<\/p>\n\n\n\n<p><strong>Partido dos Trabalhadores<br><\/strong><a href=\"https:\/\/pt.org.br\/sociedade-civil-pressiona-para-derrubar-veto-de-bolsonaro-sobre-vacinas\/\">Sociedade civil pressiona para derrubar veto de Bolsonaro sobre vacinas<br><\/a>J\u00e1 o deputado federal e l\u00edder da bancada do PT na C\u00e2mara, <strong>Elvino Bohn Gass (RS)<\/strong>, considera a quebra de patentes fundamental, diante do atual quadro sanit\u00e1rio. \u201cEstamos diante de um novo surto nesta pandemia, o que j\u00e1 est\u00e1 acontecendo em v\u00e1rios pa\u00edses. N\u00f3s precisamos da quebra de patentes, para que vacinas e rem\u00e9dios possam ser fabricados com maior intensidade para nossa popula\u00e7\u00e3o. Esse veto precisa ser derrubado\u201d, defendeu Gass.<\/p>\n\n\n\n<p><strong>BNC Amazonas<br><\/strong><a href=\"https:\/\/bncamazonas.com.br\/poder\/deputados-justica-contra-garimpo-sao-gabriel-cachoeira\/\">Deputados v\u00e3o \u00e0 Justi\u00e7a contra garimpo em S\u00e3o Gabriel da Cachoeira<br><\/a>O l\u00edder da legenda, <strong>Bohn Gass<\/strong>, afirmou que o governo que autoriza garimpo em \u00e1reas preservadas da Amaz\u00f4nia \u00e9 o mesmo que mentiu ao mundo na Confer\u00eancia Mundial do Clima (COP-26), quando deu dados falsos sobre o desmatamento. \u201cOu seja, a devasta\u00e7\u00e3o \u00e9 a pol\u00edtica oficial deste governo para a Amaz\u00f4nia\u201d, disse.<\/p>\n\n\n\n<p><strong>Partido dos Trabalhadores<br><\/strong><a href=\"https:\/\/pt.org.br\/moro-o-perseguidor-implacavel-de-trabalhadores-rurais\/\">Moro, o perseguidor implac\u00e1vel de trabalhadores rurais<br><\/a>OPINI\u00c3O. <strong>Bohn Gass <\/strong>condena a proximidade do governo com garimpeiros<\/p>\n\n\n\n<p><strong>PT na C\u00e2mara<br><\/strong><a href=\"https:\/\/ptnacamara.org.br\/site\/governo-cumplice-do-garimpo-sem-lei-por-elvino-b-ohn-gass\/\">[ARTIGO] Governo c\u00famplice do garimpo sem lei- por <strong>Elvino Bohn Gass<\/strong><\/a><\/p>\n\n\n\n<p><strong>DCM<br><\/strong><a href=\"https:\/\/www.diariodocentrodomundo.com.br\/essencial\/pt-aciona-mpf-contra-petrobras\/\">PT aciona MPF contra Petrobras por alto pre\u00e7o dos combust\u00edveis e propaganda enganosa<br><\/a>A representa\u00e7\u00e3o \u00e9 assinada pelos deputados federais:<strong> Bohn Gass (RS)<\/strong>, l\u00edder do PT na C\u00e2mara; Reginaldo Lopes (MG); Padre Jo\u00e3o Deputado (MG); Patrus Ananias (MG); Jos\u00e9 Guimar\u00e3es (CE); Leo de Brito (AC); Paul\u00e3o (AL); Carlos Zarattini (SP); Joseildo Ramos (BA); Enio Verri (PR).<\/p>\n\n\n\n<p><strong>Prefeitura de Picada Caf\u00e9<br><\/strong><a href=\"http:\/\/www.picadacafe.rs.gov.br\/noticias_int.php?id=4257\">Amanh\u00e3 ser\u00e1 entregue a pavimenta\u00e7\u00e3o da rua Travess\u00e3o<br><\/a>Com a presen\u00e7a do deputado federal Elvino Bohn Gass (PT), \u00e0s 11h de amanh\u00e3, 4, ocorrer\u00e1 ato de entrega oficial da pavimenta\u00e7\u00e3o da rua Travess\u00e3o, no bairro Floresta.<\/p>\n\n\n\n<p><strong>Di\u00e1rio Popular<br><\/strong><a href=\"https:\/\/www.diariopopular.com.br\/opiniao\/pec-32-a-destruicao-total-dos-servicos-publicos-166635\/\">PEC 32 &#8211; A destrui\u00e7\u00e3o total dos servi\u00e7os p\u00fablicos<br><\/a>Por Ivan Duarte, presidente PT Pelotas e <strong>Elvino Bohn Gass<\/strong>, deputado Federal PT<\/p>\n\n\n\n<p><strong>Folha de Pernambuco<br><\/strong><a href=\"https:\/\/www.folhape.com.br\/colunistas\/folha-politica\/no-psb-federacao-avanca-deputados-defendem-mecanismo-e-pedem-pressa\/28420\/\">No PSB, federa\u00e7\u00e3o avan\u00e7a. Deputados defendem mecanismo e pedem pressa<br><\/a>Na manh\u00e3 de ontem, antes da reuni\u00e3o do PSB para debater federa\u00e7\u00e3o, houve um encontro pr\u00e9vio na casa do deputado Henrique Fontana sobre o mesmo tema. Por l\u00e1, nomes como Renildo Calheiros, Jandira Feghali e o l\u00edder do PT, <strong>Bohn Gass<\/strong>. \u00c9 esse n\u00facleo que tem articulado o avan\u00e7o na federa\u00e7\u00e3o.<\/p>\n\n\n\n<p><strong>O Globo<br><\/strong><a href=\"https:\/\/oglobo.globo.com\/brasil\/deputado-quer-suspender-autorizacao-de-garimpo-concedido-piloto-de-fernandinho-beira-mar-alvo-de-narcos-gold-25300059\">Deputado quer suspender autoriza\u00e7\u00e3o de garimpo concedido a piloto de Fernandinho Beira-Mar e alvo de Narcos Gold<br><\/a>O deputado <strong>Bohn Gass (PT-RS)<\/strong> apresentou um Projeto de Decreto Legislativo cujo objetivo \u00e9 cassar a autoriza\u00e7\u00e3o que dois traficantes t\u00eam para explorar uma \u00e1rea de garimpo.<\/p>\n\n\n\n<p><strong>F\u00f3rum<\/strong><br><a href=\"https:\/\/revistaforum.com.br\/brasil\/2021\/11\/30\/pt-entra-com-projeto-para-cassar-licena-de-garimpo-concedida-piloto-de-fernandinho-beira-mar-106888.html\">PT entra com projeto para cassar licen\u00e7a de garimpo concedida a piloto de Fernandinho Beira-Mar<br><\/a>Projeto de <strong>Bohn Gass<\/strong> visa sustar a licen\u00e7a concedida pelo governo Bolsonaro para que dois acusados de narcotr\u00e1fico garimpem ouro na Amaz\u00f4nia<\/p>\n\n\n\n<p><strong>Imprensa 24h<br><\/strong><a href=\"https:\/\/www.imprensa24h.com.br\/orcamento-secreto-pt-indiretamente-insinua-que-rogerio-e-o-centrao-institucionalizaram-a-corrupcao-no-governo-bolsonaro\/\">Or\u00e7amento Secreto: PT indiretamente insinua que Rog\u00e9rio e o Centr\u00e3o institucionalizaram a corrup\u00e7\u00e3o no governo Bolsonaro<br><\/a>L\u00edder da bancada do PT na C\u00e2mara, o deputado <strong>Bohn Gass <\/strong>disse que o partido ir\u00e1 protocolar uma emenda \u201cpara que as tais Emendas de Relator voltem a ter as finalidades para as quais foram criadas, quais sejam, ajuste e corre\u00e7\u00e3o de Or\u00e7amento. Significa: nunca devem ser usadas Emendas de Relator p\/ contemplar um, ou um grupo de deputados\u201d.<\/p>\n\n\n\n<p><strong>PT na C\u00e2mara<br><\/strong><a href=\"https:\/\/ptnacamara.org.br\/site\/lula-e-livre-inocente-e-elegivel-e-isso-que-preocupa-os-nossos-opositores-afirmam-parlamentares-do-pt\/\">Lula \u00e9 livre, inocente e eleg\u00edvel, \u00e9 isso que preocupa os nossos opositores, afirmam parlamentares do PT<br><\/a>O l\u00edder da bancada do partido na C\u00e2mara, <strong>Elvino Bohn Gass (RS)<\/strong>, coordenou o programa que contou com a participa\u00e7\u00e3o da presidenta nacional do PT, deputada Gleisi Hoffmann (PR); do deputado Paulo Pimenta (PT-RS) e do advogado e ex-deputado federal Wadih Damous (PT-RJ).<\/p>\n","protected":false},"excerpt":{"rendered":"<p>R\u00e1dio MissioneiraAdministra\u00e7\u00e3o de Dezesseis de Novembro encerra ano marcado por v\u00e1rias conquistasEm 2022, ruas da cidade ser\u00e3o beneficiadas com novas obras de asfaltamento, atrav\u00e9s do programa Pavimenta RS de recursos enviados pelo deputado Elvino Bohn Gass. Jornal SentinelaDeputado Federal Elvino Bohn Gass visitou o Hospital Dr. Osvaldo Teixeira de TucunduvaDesde 2014 Bohn Gass j\u00e1 destinou [&hellip;]<\/p>\n","protected":false},"author":1,"featured_media":0,"parent":0,"menu_order":0,"comment_status":"closed","ping_status":"closed","template":"","meta":{"footnotes":""},"class_list":["post-1307","page","type-page","status-publish","hentry"],"yoast_head":"<!-- This site is optimized with the Yoast SEO plugin v27.4 - https:\/\/yoast.com\/product\/yoast-seo-wordpress\/ -->\n<title>Dezembro 2021 - Deputado Federal Bohn Gass \u2605 PT\/RS<\/title>\n<meta name=\"robots\" content=\"index, follow, max-snippet:-1, max-image-preview:large, max-video-preview:-1\" \/>\n<link rel=\"canonical\" href=\"https:\/\/bohngass.com.br\/?page_id=1307\" \/>\n<meta property=\"og:locale\" content=\"pt_BR\" \/>\n<meta property=\"og:type\" content=\"article\" \/>\n<meta property=\"og:title\" content=\"Dezembro 2021 - Deputado Federal Bohn Gass \u2605 PT\/RS\" \/>\n<meta property=\"og:description\" content=\"R\u00e1dio MissioneiraAdministra\u00e7\u00e3o de Dezesseis de Novembro encerra ano marcado por v\u00e1rias conquistasEm 2022, ruas da cidade ser\u00e3o beneficiadas com novas obras de asfaltamento, atrav\u00e9s do programa Pavimenta RS de recursos enviados pelo deputado Elvino Bohn Gass. Jornal SentinelaDeputado Federal Elvino Bohn Gass visitou o Hospital Dr. Osvaldo Teixeira de TucunduvaDesde 2014 Bohn Gass j\u00e1 destinou [&hellip;]\" \/>\n<meta property=\"og:url\" content=\"https:\/\/bohngass.com.br\/?page_id=1307\" \/>\n<meta property=\"og:site_name\" content=\"Deputado Federal Bohn Gass \u2605 PT\/RS\" \/>\n<meta property=\"article:publisher\" content=\"https:\/\/www.facebook.com\/bohngass13\" \/>\n<meta property=\"article:modified_time\" content=\"2022-03-08T18:40:41+00:00\" \/>\n<meta name=\"twitter:card\" content=\"summary_large_image\" \/>\n<meta name=\"twitter:site\" content=\"@BohnGass\" \/>\n<meta name=\"twitter:label1\" content=\"Est. tempo de leitura\" \/>\n\t<meta name=\"twitter:data1\" content=\"27 minutos\" \/>\n<script type=\"application\/ld+json\" class=\"yoast-schema-graph\">{\"@context\":\"https:\\\/\\\/schema.org\",\"@graph\":[{\"@type\":\"WebPage\",\"@id\":\"https:\\\/\\\/bohngass.com.br\\\/?page_id=1307\",\"url\":\"https:\\\/\\\/bohngass.com.br\\\/?page_id=1307\",\"name\":\"Dezembro 2021 - Deputado Federal Bohn Gass \u2605 PT\\\/RS\",\"isPartOf\":{\"@id\":\"https:\\\/\\\/bohngass.com.br\\\/#website\"},\"datePublished\":\"2022-03-08T18:40:40+00:00\",\"dateModified\":\"2022-03-08T18:40:41+00:00\",\"breadcrumb\":{\"@id\":\"https:\\\/\\\/bohngass.com.br\\\/?page_id=1307#breadcrumb\"},\"inLanguage\":\"pt-BR\",\"potentialAction\":[{\"@type\":\"ReadAction\",\"target\":[\"https:\\\/\\\/bohngass.com.br\\\/?page_id=1307\"]}]},{\"@type\":\"BreadcrumbList\",\"@id\":\"https:\\\/\\\/bohngass.com.br\\\/?page_id=1307#breadcrumb\",\"itemListElement\":[{\"@type\":\"ListItem\",\"position\":1,\"name\":\"In\u00edcio\",\"item\":\"https:\\\/\\\/bohngass.com.br\\\/\"},{\"@type\":\"ListItem\",\"position\":2,\"name\":\"Dezembro 2021\"}]},{\"@type\":\"WebSite\",\"@id\":\"https:\\\/\\\/bohngass.com.br\\\/#website\",\"url\":\"https:\\\/\\\/bohngass.com.br\\\/\",\"name\":\"Deputado Federal Bohn Gass \u2605 PT\\\/RS\",\"description\":\"Deputado Federal Bohn Gass\",\"publisher\":{\"@id\":\"https:\\\/\\\/bohngass.com.br\\\/#organization\"},\"potentialAction\":[{\"@type\":\"SearchAction\",\"target\":{\"@type\":\"EntryPoint\",\"urlTemplate\":\"https:\\\/\\\/bohngass.com.br\\\/?s={search_term_string}\"},\"query-input\":{\"@type\":\"PropertyValueSpecification\",\"valueRequired\":true,\"valueName\":\"search_term_string\"}}],\"inLanguage\":\"pt-BR\"},{\"@type\":\"Organization\",\"@id\":\"https:\\\/\\\/bohngass.com.br\\\/#organization\",\"name\":\"Deputado Bohn Gass\",\"url\":\"https:\\\/\\\/bohngass.com.br\\\/\",\"logo\":{\"@type\":\"ImageObject\",\"inLanguage\":\"pt-BR\",\"@id\":\"https:\\\/\\\/bohngass.com.br\\\/#\\\/schema\\\/logo\\\/image\\\/\",\"url\":\"http:\\\/\\\/bohngass.com.br\\\/wp-content\\\/uploads\\\/2021\\\/01\\\/logo.png\",\"contentUrl\":\"http:\\\/\\\/bohngass.com.br\\\/wp-content\\\/uploads\\\/2021\\\/01\\\/logo.png\",\"width\":357,\"height\":355,\"caption\":\"Deputado Bohn Gass\"},\"image\":{\"@id\":\"https:\\\/\\\/bohngass.com.br\\\/#\\\/schema\\\/logo\\\/image\\\/\"},\"sameAs\":[\"https:\\\/\\\/www.facebook.com\\\/bohngass13\",\"https:\\\/\\\/x.com\\\/BohnGass\",\"https:\\\/\\\/www.instagram.com\\\/bohn_gass\\\/\",\"https:\\\/\\\/www.youtube.com\\\/BohnGass13\\\/\",\"https:\\\/\\\/pt.wikipedia.org\\\/wiki\\\/Bohn_Gass\"]}]}<\/script>\n<!-- \/ Yoast SEO plugin. -->","yoast_head_json":{"title":"Dezembro 2021 - Deputado Federal Bohn Gass \u2605 PT\/RS","robots":{"index":"index","follow":"follow","max-snippet":"max-snippet:-1","max-image-preview":"max-image-preview:large","max-video-preview":"max-video-preview:-1"},"canonical":"https:\/\/bohngass.com.br\/?page_id=1307","og_locale":"pt_BR","og_type":"article","og_title":"Dezembro 2021 - Deputado Federal Bohn Gass \u2605 PT\/RS","og_description":"R\u00e1dio MissioneiraAdministra\u00e7\u00e3o de Dezesseis de Novembro encerra ano marcado por v\u00e1rias conquistasEm 2022, ruas da cidade ser\u00e3o beneficiadas com novas obras de asfaltamento, atrav\u00e9s do programa Pavimenta RS de recursos enviados pelo deputado Elvino Bohn Gass. Jornal SentinelaDeputado Federal Elvino Bohn Gass visitou o Hospital Dr. Osvaldo Teixeira de TucunduvaDesde 2014 Bohn Gass j\u00e1 destinou [&hellip;]","og_url":"https:\/\/bohngass.com.br\/?page_id=1307","og_site_name":"Deputado Federal Bohn Gass \u2605 PT\/RS","article_publisher":"https:\/\/www.facebook.com\/bohngass13","article_modified_time":"2022-03-08T18:40:41+00:00","twitter_card":"summary_large_image","twitter_site":"@BohnGass","twitter_misc":{"Est. tempo de leitura":"27 minutos"},"schema":{"@context":"https:\/\/schema.org","@graph":[{"@type":"WebPage","@id":"https:\/\/bohngass.com.br\/?page_id=1307","url":"https:\/\/bohngass.com.br\/?page_id=1307","name":"Dezembro 2021 - Deputado Federal Bohn Gass \u2605 PT\/RS","isPartOf":{"@id":"https:\/\/bohngass.com.br\/#website"},"datePublished":"2022-03-08T18:40:40+00:00","dateModified":"2022-03-08T18:40:41+00:00","breadcrumb":{"@id":"https:\/\/bohngass.com.br\/?page_id=1307#breadcrumb"},"inLanguage":"pt-BR","potentialAction":[{"@type":"ReadAction","target":["https:\/\/bohngass.com.br\/?page_id=1307"]}]},{"@type":"BreadcrumbList","@id":"https:\/\/bohngass.com.br\/?page_id=1307#breadcrumb","itemListElement":[{"@type":"ListItem","position":1,"name":"In\u00edcio","item":"https:\/\/bohngass.com.br\/"},{"@type":"ListItem","position":2,"name":"Dezembro 2021"}]},{"@type":"WebSite","@id":"https:\/\/bohngass.com.br\/#website","url":"https:\/\/bohngass.com.br\/","name":"Deputado Federal Bohn Gass \u2605 PT\/RS","description":"Deputado Federal Bohn Gass","publisher":{"@id":"https:\/\/bohngass.com.br\/#organization"},"potentialAction":[{"@type":"SearchAction","target":{"@type":"EntryPoint","urlTemplate":"https:\/\/bohngass.com.br\/?s={search_term_string}"},"query-input":{"@type":"PropertyValueSpecification","valueRequired":true,"valueName":"search_term_string"}}],"inLanguage":"pt-BR"},{"@type":"Organization","@id":"https:\/\/bohngass.com.br\/#organization","name":"Deputado Bohn Gass","url":"https:\/\/bohngass.com.br\/","logo":{"@type":"ImageObject","inLanguage":"pt-BR","@id":"https:\/\/bohngass.com.br\/#\/schema\/logo\/image\/","url":"http:\/\/bohngass.com.br\/wp-content\/uploads\/2021\/01\/logo.png","contentUrl":"http:\/\/bohngass.com.br\/wp-content\/uploads\/2021\/01\/logo.png","width":357,"height":355,"caption":"Deputado Bohn Gass"},"image":{"@id":"https:\/\/bohngass.com.br\/#\/schema\/logo\/image\/"},"sameAs":["https:\/\/www.facebook.com\/bohngass13","https:\/\/x.com\/BohnGass","https:\/\/www.instagram.com\/bohn_gass\/","https:\/\/www.youtube.com\/BohnGass13\/","https:\/\/pt.wikipedia.org\/wiki\/Bohn_Gass"]}]}},"_links":{"self":[{"href":"https:\/\/bohngass.com.br\/index.php?rest_route=\/wp\/v2\/pages\/1307","targetHints":{"allow":["GET"]}}],"collection":[{"href":"https:\/\/bohngass.com.br\/index.php?rest_route=\/wp\/v2\/pages"}],"about":[{"href":"https:\/\/bohngass.com.br\/index.php?rest_route=\/wp\/v2\/types\/page"}],"author":[{"embeddable":true,"href":"https:\/\/bohngass.com.br\/index.php?rest_route=\/wp\/v2\/users\/1"}],"replies":[{"embeddable":true,"href":"https:\/\/bohngass.com.br\/index.php?rest_route=%2Fwp%2Fv2%2Fcomments&post=1307"}],"version-history":[{"count":0,"href":"https:\/\/bohngass.com.br\/index.php?rest_route=\/wp\/v2\/pages\/1307\/revisions"}],"wp:attachment":[{"href":"https:\/\/bohngass.com.br\/index.php?rest_route=%2Fwp%2Fv2%2Fmedia&parent=1307"}],"curies":[{"name":"wp","href":"https:\/\/api.w.org\/{rel}","templated":true}]}}