{"id":2559,"date":"2023-03-06T16:26:46","date_gmt":"2023-03-06T19:26:46","guid":{"rendered":"http:\/\/bohngass.com.br\/?page_id=2559"},"modified":"2023-03-08T14:57:53","modified_gmt":"2023-03-08T17:57:53","slug":"fevereiro-2023","status":"publish","type":"page","link":"https:\/\/bohngass.com.br\/?page_id=2559","title":{"rendered":"Fevereiro 2023"},"content":{"rendered":"\n<p><strong>PT na C\u00e2mara<\/strong><br><a href=\"https:\/\/ptnacamara.org.br\/site\/parlamentares-do-pt-tomam-posse-nesta-quarta-na-camara-e-no-senado\/\">Parlamentares do PT tomam posse nesta quarta na C\u00e2mara e no Senado<\/a><\/p>\n\n\n\n<p><strong>R\u00e1dio Uirapuru FM<\/strong><br><a href=\"https:\/\/rduirapuru.com.br\/deputados-federais-e-senadores-tomam-posse-nesta-quarta-feira\/\">Deputados federais e senadores tomam posse nesta quarta-feira<\/a><br><strong>Elvino Bohn Gass <\/strong>(Federa\u00e7\u00e3o PT\/PCdoB\/PV): 131.881 votos<\/p>\n\n\n\n<p><strong>R\u00e1dio L\u00edder<\/strong><br><a href=\"https:\/\/rdlider.com.br\/2023\/02\/02\/entrevista-deputado-federal-elvino-jose-bohn-gass-pt\/\">Entrevista: Deputado Federal Elvino Jos\u00e9 Bohn Gass (PT)<\/a><br><strong>Elvino Jos\u00e9 Bohn Gass<\/strong>, Deputado Federal em 4\u00ba mandato pelo PT, tomou posse ontem (01), na C\u00e2mara dos Deputados em Bras\u00edlia, foi o entrevistado de hoje no Giro da Not\u00edcia.<\/p>\n\n\n\n<p><strong>Fenasps<\/strong><br><a href=\"https:\/\/fenasps.org.br\/2023\/02\/01\/na-abertura-das-atividades-do-legislativo-em-2023-fenasps-e-entidades-do-fonasefe-realizam-ato-na-camara\/\">Na abertura das atividades do legislativo em 2023, Fenasps e entidades do Fonasefe realizam ato na C\u00e2mara<\/a><br>A FENASPS, representada no ato desta quarta, 1\u00ba, pelos diretores Moacir Lopes e Laurizete Gusm\u00e3o, interpelou os deputados e deputadas federais<strong> Bohn Gass (PT\/RS), <\/strong>Guilherme Boulos (PSol\/SP), Jandira Feghali (PCdoB\/RJ), Rog\u00e9rio Correia (PT\/MG), Tadeu Veneri (PT\/PR), que declaram apoio \u00e0s pautas dos SPFs.<\/p>\n\n\n\n<p><strong>Correio do Povo<\/strong><br><a href=\"https:\/\/fenasps.org.br\/2023\/02\/01\/na-abertura-das-atividades-do-legislativo-em-2023-fenasps-e-entidades-do-fonasefe-realizam-ato-na-camara\/\">Deputados federais ga\u00fachos repercutem declara\u00e7\u00f5es de Marcos do Val<\/a><br>@BohnGass &#8211; Grav\u00edssima confiss\u00e3o do senador Marcos do Val: Bolsonaro estava presente quando Daniel Silveira lhe prop\u00f4s que, com um gravador escondido, fosse falar com Alexandre de Moraes, p\/ tentar extrair uma fala comprometedora do ministro e, com isso, impedir a posse de @LulaOficial.<\/p>\n\n\n\n<p><strong>R\u00e1dio Progresso de Iju\u00ed<\/strong><br><a href=\"http:\/\/radioprogresso.com.br\/ijui-e-regiao-terao-seis-deputados-federais-reeleitos-empossados-nesta-terca-feira-01\/\">Iju\u00ed e regi\u00e3o ter\u00e3o seis deputados federais reeleitos empossados nesta ter\u00e7a-feira, 01<\/a><br>Da regi\u00e3o, por exemplo, foram reeleitos e v\u00e3o ser empossados para mais um mandato, os deputados federais, Pompeo de Mattos, pelo PDT de Iju\u00ed; Pedro Westphalen, do PP de Cruz Alta; Covatti Filho, do PP de Frederico Westphalen; <strong>Elvino Bohn Gass, do PT,<\/strong> de Santo Cristo; e Osmar Terra, do MDB, de Santa Rosa. A regi\u00e3o tamb\u00e9m tem como representante o deputado federal reeleito, Danrlei de Deus, do PSD, natural de Crissiumal, ex-goleiro do Gr\u00eamio.<\/p>\n\n\n\n<p><strong>Anfip<\/strong><br><a href=\"https:\/\/www.anfip.org.br\/carreira\/politica-de-classe-e-salarial\/anfip-atua-no-congresso-em-defesa-do-reajuste-salarial\/\">ANFIP atua no Congresso em defesa do reajuste salarial<\/a><br>O presidente Vilson Romero, junto a representantes das demais carreiras, entregou of\u00edcio a diversos parlamentares e lideran\u00e7as partid\u00e1rias, entre eles os deputados Renildo Calheiros (PCdoB\/PE), Rog\u00e9rio Correia (PT\/MG), Afonso Motta (PDT\/RS), <strong>Bohn Gass (PT\/RS),<\/strong> Chico Alencar (Psol\/RJ) e Jos\u00e9 Guimar\u00e3es (PT\/CE), l\u00edder do governo na C\u00e2mara.<\/p>\n\n\n\n<p><strong>Portal das Miss\u00f5es<\/strong><br><a href=\"https:\/\/www.portaldasmissoes.com.br\/noticias\/view\/id\/7702\/empreendedores-do-cafe-colonial-missioneiro-recebe.html\">Empreendedores do Caf\u00e9 Colonial Missioneiro recebem curso de aperfei\u00e7oamento<\/a><br>O Governo Municipal est\u00e1 investindo R$ 420 mil no local, com recursos de emenda parlamentar do deputado <strong>Elvino Bohn Gass<\/strong> e pr\u00f3prios do munic\u00edpio, em 174 metros de \u00e1rea constru\u00edda, dotada de amplo sal\u00e3o para servir o caf\u00e9 colonial, uma marca no setor de alimenta\u00e7\u00e3o da Aprocohsa, mais sanit\u00e1rios e frald\u00e1rio.<\/p>\n\n\n\n<p><strong>Terra<\/strong><br><a href=\"https:\/\/www.terra.com.br\/diversao\/tv\/jornal-nacional-tem-audiencia-recorde-com-homenagem-a-gloria-maria,eec11df4d442c13cee3748bee8285fc93fgo230c.html\">&#8220;Jornal Nacional&#8221; tem audi\u00eancia recorde com homenagem a Gl\u00f3ria Maria<\/a><br>N\u00e3o lembro de nada parecido no jornalismo brasileiro como esse fechamento do&nbsp;@jornalnacional&nbsp;com todas as sedes da Globo batendo palmas de p\u00e9 para a colega Gl\u00f3ria Maria. Achei forte, bonito e merecido.&nbsp;<a href=\"https:\/\/t.co\/5HUZwb8c2M\" target=\"_blank\" rel=\"noreferrer noopener\">pic.twitter.com\/5HUZwb8c2M<\/a><\/p>\n\n\n\n<p><strong>Ac\u00fastica FM<\/strong><br><a href=\"https:\/\/www.acusticafm.com.br\/conheca-os-politicos-que-representam-o-estado-na-assembleia-legislativa-e-na-camara-dos-deputados.html\">Conhe\u00e7a os pol\u00edticos que representam o estado na Assembleia Legislativa e na C\u00e2mara dos Deputados<\/a><br><\/p>\n\n\n\n<p><strong>PT na C\u00e2mara<\/strong><br><a href=\"https:\/\/ptnacamara.org.br\/site\/parlamentares-do-pt-lamentam-a-morte-da-jornalista-gloria-maria\/\">Parlamentares do PT lamentam a morte da jornalista Gl\u00f3ria Maria<\/a><br>Os deputados do PT&nbsp;Nilto Tatto (SP), Alencar Santana (SP), Carlos Veras (PE), Helder Salom\u00e3o (ES), Rubens Pereira Jr. (MA), <strong>Bohn Gass (RS), <\/strong>Reginaldo Lopes (MG), Rog\u00e9rio Correia (MG), Kiko Celeguim (SP), Fl\u00e1vio Nogueira (PI), Patrus Ananias (MG), Odair Cunha (MG) Paulo Guedes (MG), Alexandre Lindenmeyer (RS) e Florentino Neto (PI)&nbsp;tamb\u00e9m prestaram homenagens a Gl\u00f3ria Maria.<\/p>\n\n\n\n<p><strong>Agora no Vale<\/strong><br><a href=\"https:\/\/agoranovale.com.br\/noticias\/cidades-do-vale\/marquesdesouza\/rua-4-de-setembro-recebe-investimento-de-r-556-4-mil\/\"><strong>Rua 4 de Setembro recebe investimento de R$ 556, 4 mil<\/strong><\/a><br>A primeira foi realizada com recursos de uma emenda parlamentar de R$ 238,7 mil, de autoria do deputado federal<strong> Elvino Bohn Gass (PT)<\/strong> e contrapartida da prefeitura.<\/p>\n\n\n\n<p><strong>Litoral na Rede<\/strong><br><a href=\"https:\/\/litoralnarede.com.br\/deputados-federais-eleitos-sao-empossados-arthur-lira-e-eleito-presidente-da-camara\/\">Deputados federais eleitos s\u00e3o empossados; Arthur Lira \u00e9 eleito presidente da C\u00e2mara<\/a><br><strong>PT<\/strong>: Paulo Pimenta (assumiu como ministro da Secretaria Especial de Comunica\u00e7\u00e3o Social; em seu lugar, assumir\u00e1 Reginete Bispo), Maria do Ros\u00e1rio, <strong>Bohn Gass<\/strong>, Dionilso Marcon, Alexandre Lindenmeyer e Denise Pess\u00f4a<\/p>\n\n\n\n<p><strong>Pipoca Moderna<\/strong><br><a href=\"https:\/\/pipocamoderna.com.br\/2023\/02\/jornal-nacional-tem-audiencia-recorde-com-homenagem-a-gloria-maria\/\">&#8220;Jornal Nacional&#8221; tem audi\u00eancia recorde com homenagem a Gl\u00f3ria Maria<\/a><br>N\u00e3o lembro de nada parecido no jornalismo brasileiro como esse fechamento do&nbsp;@jornalnacional&nbsp;com todas as sedes da Globo batendo palmas de p\u00e9 para a colega Gl\u00f3ria Maria. Achei forte, bonito e merecido.&nbsp;<a href=\"https:\/\/t.co\/5HUZwb8c2M\" target=\"_blank\" rel=\"noreferrer noopener\">pic.twitter.com\/5HUZwb8c2M<\/a><\/p>\n\n\n\n<p><strong>Brasil 247<\/strong><br><a href=\"https:\/\/www.brasil247.com\/midia\/internautas-repudiam-morte-de-jovem-pela-policia-em-mato-grosso\">Internautas repudiam morte de jovem pela pol\u00edcia em Mato Grosso<\/a><br>De acordo com o deputado <strong>Elvino Bohn Gass (PT-RS)<\/strong>, &#8220;a for\u00e7a letal s\u00f3 pode ser usada quando for o \u00fanico recurso&#8221;. Veja mais rea\u00e7\u00f5es<\/p>\n\n\n\n<p><strong>Portal das Miss\u00f5es<\/strong><br><a href=\"https:\/\/www.portaldasmissoes.com.br\/noticias\/view\/id\/7732\/jeferson-sera-lider-partidario-no-legislativo.html\">Jeferson ser\u00e1 l\u00edder partid\u00e1rio no Legislativo<\/a><br>A prioridade, nesse momento, em sintonia com o vice-l\u00edder do governo no Congresso, deputado federal <strong>Elvino Bohn Gass<\/strong>, ser\u00e1 o socorro aos agricultores v\u00edtimas da estiagem&#8221;, adiantou.<\/p>\n\n\n\n<p><strong>Guia Crissiumal<\/strong><br><a href=\"https:\/\/guiacrissiumal.com.br\/noticias\/09-02-2023-Bohn-Gass-anuncia-3-milhoes-para-hospitais-que-atendem-o-SUS-na-Regiao-Celeiro\">Bohn Gass anuncia 3 milh\u00f5es para hospitais que atendem o SUS na Regi\u00e3o Celeiro<\/a><br>O vice-l\u00edder do governo Lula no Congresso, deputado <strong>Elvino Bohn Gass (PT\/RS)<\/strong>, anuncia que o governo Lula, por meio do Minist\u00e9rio da Sa\u00fade, vai liberar R$ 3.020.569,30 para nove munic\u00edpios da regi\u00e3o Celeiro que t\u00eam hospitais e entidades que prestam servi\u00e7os essenciais aos SUS.<\/p>\n\n\n\n<p><strong>R\u00e1dio Progresso de Iju\u00ed<\/strong><br><a href=\"https:\/\/guiacrissiumal.com.br\/noticias\/09-02-2023-Bohn-Gass-anuncia-3-milhoes-para-hospitais-que-atendem-o-SUS-na-Regiao-Celeiro\">Governo Federal vai destinar mais de R$ 7 milh\u00f5es para hospitais de Iju\u00ed<\/a><br>O vice-l\u00edder do governo Lula no Congresso, deputado <strong>Elvino Bohn Gass (PT\/RS)<\/strong>, anunciou que o governo, por meio do Minist\u00e9rio da Sa\u00fade, vai liberar R$ 8.039.935,65 para seis hospitais filantr\u00f3picos e um laborat\u00f3rio de cinco munic\u00edpios da regi\u00e3o noroeste: Iju\u00ed, Ajuricaba, Augusto Pestana, Panambi e Peju\u00e7ara.&nbsp;<\/p>\n\n\n\n<p><strong>Jornal Noroeste<\/strong><br><a href=\"https:\/\/jornalnoroeste.com.br\/noticia\/saude\/governo-federal-destina-r-5-7-milhoes-para-a-fronteira-noroeste\">Governo federal destina R$ 5,7 milh\u00f5es para a Fronteira Noroeste<\/a><br>O vice-l\u00edder do governo Lula no Congresso, deputado <strong>Elvino Bohn Gass (PT)<\/strong>, anuncia que o governo Lula, por meio do Minist\u00e9rio da Sa\u00fade, vai liberar R$ 5,7 milh\u00f5es para 14 munic\u00edpios da Fronteira Noroeste que t\u00eam hospitais filantr\u00f3picos e entidades que prestam servi\u00e7os essenciais ao SUS.<\/p>\n\n\n\n<p><strong>R\u00e1dio Colonial<\/strong><br><a href=\"https:\/\/www.radiocolonial.com.br\/noticia,38349,Governo-federal-anuncia-repasse-de-R-55-milhoes-para-hospitais-filantropicos-da-regiao\">Governo federal anuncia repasse de R$ 5,5 milh\u00f5es para hospitais filantr\u00f3picos da regi\u00e3o<\/a><br>De acordo com o deputado <strong>Elvino Bohn Gass<\/strong>,&nbsp;vice-l\u00edder do governo Lula no Congresso, para Tr\u00eas de Maio&nbsp;est\u00e3o sendo destinados&nbsp;R$ 662.939,40 para o Hospital S\u00e3o Vicente de Paulo e R$ 84.598,57 para a Apae.<\/p>\n\n\n\n<p><strong>Jornal de Candel\u00e1ria<\/strong><br><a href=\"https:\/\/jornaldecandelaria.com.br\/destaques\/diretor-do-hospital-candelaria-protocola-pedidos-em-brasilia\/\">Diretor do Hospital Candel\u00e1ria protocola pedidos em Bras\u00edlia<\/a><br>Conforme Feistler, ele esteve na C\u00e2mara dos Deputados, onde conversou com os deputados Heitor Schuch (PSB) e<strong> Elvino Bohn Gass (PT)<\/strong> para protocolar pedidos de recursos para a casa de sa\u00fade.&nbsp;<\/p>\n\n\n\n<p><strong>Ga\u00fachaZH<\/strong><br><a href=\"https:\/\/gauchazh.clicrbs.com.br\/pioneiro\/geral\/noticia\/2023\/02\/projeto-para-pista-de-esportes-radicais-em-caxias-do-sul-precisa-de-complementacao-de-verba-para-sair-do-papel-cldxcfpus006i014sxpog3d8f.html\">Projeto para pista de esportes radicais em Caxias do Sul precisa de complementa\u00e7\u00e3o de verba para sair do papel&nbsp;<\/a><br>A emenda parlamentar destinada ao projeto da pista de esportes radicais no munic\u00edpio foi viabilizada pelo deputado <strong>Elvino Jos\u00e9 Bohn Gass,<\/strong> por interm\u00e9dio do vereador Lucas Caregnato (PT). O representante do munic\u00edpio tamb\u00e9m \u00e9 quem se disponibilizou, agora, a tentar mais recursos em Bras\u00edlia.<\/p>\n\n\n\n<p><strong>Poder 360<\/strong><br><a href=\"https:\/\/www.poder360.com.br\/governo\/aecio-e-chamado-de-invejoso-apos-ironizar-dilma-nos-brics\/\">A\u00e9cio \u00e9 chamado de \u201cinvejoso\u201d ap\u00f3s ironizar Dilma nos Brics<\/a><br>O deputado<strong> Bohn Gass (PT-RS)<\/strong> afirmou que as declara\u00e7\u00f5es de A\u00e9cio s\u00e3o \u201cpura dor de cotovelo de um golpistinha perdedor\u201d. Disse que ele sonha em comandar um banco.&nbsp; <\/p>\n\n\n\n<p><strong>O Globo<\/strong><br><a href=\"https:\/\/oglobo.globo.com\/blogs\/sonar-a-escuta-das-redes\/post\/2023\/02\/apos-ironizar-dilma-aecio-e-criticado-na-internet-e-vira-um-dos-assuntos-mais-comentados-no-twitter.ghtml\">Ap\u00f3s ironizar Dilma, A\u00e9cio \u00e9 criticado na internet e vira um dos assuntos mais comentados no Twitter<\/a><br>O vice-l\u00edder do governo Lula no Congresso, deputado <strong>Elvino Bohn Gass (PT\/RS),<\/strong> disse que a declara\u00e7\u00e3o de A\u00e9cio se trata de &#8221; pura dor de cotovelo&#8221;.<\/p>\n\n\n\n<p><strong>R\u00e1dio Progresso de Iju\u00ed<\/strong><br><a href=\"https:\/\/radioprogresso.com.br\/comitiva-de-nova-ramada-encaminha-projetos-em-brasilia-2\/\">Comitiva de Nova Ramada encaminha projetos em Bras\u00edlia<\/a><br>Visitaram gabinetes dos deputados federais, Carlos Gomes, <strong>Elvino Bohn Gass<\/strong>, Daiana Santos, Luis Carlos Busatto e Pompeo de Mattos, ainda gabinete do senador Luis Carlos Heinze. Conforme Marcus Bandeira, a viagem \u00e0 capital federal proporcionou a solicita\u00e7\u00e3o da indica\u00e7\u00e3o de recursos do or\u00e7amento da Uni\u00e3o para atender diversas demandas de Nova Ramada, nas \u00e1reas de Educa\u00e7\u00e3o, Sa\u00fade e Agricultura.<\/p>\n\n\n\n<p><strong>Brasil 247<\/strong><br><a href=\"https:\/\/www.brasil247.com\/regionais\/sul\/bohn-gass-lula-nao-suspendeu-o-credito-rural\">Bohn Gass: &#8220;Lula n\u00e3o suspendeu o cr\u00e9dito rural&#8221;<\/a><br>Vice-l\u00edder do governo Lula no Congresso Nacional, o deputado Elvino Bohn Gass (PT\/RS), esclarece: deputado federal <strong>Elvino Bohn Gass (PT-RS)<\/strong> afirmou que &#8220;o Plano Safra do governo Bolsonaro disponibilizou apenas R$ 19,8 bilh\u00f5es para o BNDES usar em mais de 10 programas, entre eles o Cr\u00e9dito Rural&#8221;.<\/p>\n\n\n\n<p><strong>PT na C\u00e2mara<\/strong><br><a href=\"https:\/\/ptnacamara.org.br\/site\/bohn-gass-esclarece-lula-nao-suspendeu-o-credito-rural-bolsonaro-e-que-nao-deixou-dinheiro\/\">Bohn Gass esclarece: Lula n\u00e3o suspendeu o cr\u00e9dito rural, Bolsonaro \u00e9 que n\u00e3o deixou dinheiro<\/a><a href=\"https:\/\/ptnacamara.org.br\/site\/2023\/02\/13\/\"><\/a><br>O vice-l\u00edder do governo Lula no Congresso, deputado&nbsp;<strong>Elvino Bohn Gass (PT-RS<\/strong>), rebateu nesta segunda-feira (13) as mentiras sobre a falta de recursos para o cr\u00e9dito rural. Ele explicou que o Plano Safra do governo Bolsonaro disponibilizou apenas R$ 19,8 bilh\u00f5es para o BNDES usar em mais de 10 programas, entre eles o cr\u00e9dito rural.&nbsp;<\/p>\n\n\n\n<p><strong>Jornal Bom Dia<\/strong><br><a href=\"https:\/\/jornalbomdia.com.br\/noticia\/61161\/comitiva-busca-parcerias-em-brasilia-para-o-desenvolvimento-de-erval-grande\">Comitiva busca parcerias em Bras\u00edlia para o desenvolvimento de Erval Grande<\/a><a href=\"https:\/\/ptnacamara.org.br\/site\/2023\/02\/13\/\"><\/a><br>A equipe se reuniu com importantes figuras como o Ministro da Secretaria de Comunica\u00e7\u00e3o Social, Paulo Pimenta, Senador Luiz Carlos Heinze, Deputados Federais Dionilso Marcon, <strong>Elvino Bohn Gass<\/strong>, Covatti Filho, Luiz Carlos Busato, Any Ortiz e Sanderson.&nbsp;<\/p>\n\n\n\n<p><strong>Porta das Miss\u00f5es<\/strong><br><a href=\"https:\/\/www.portaldasmissoes.com.br\/noticias\/view\/id\/7768\/roque-gonzales-tem-confirmacao-de-recursos-federai.html\">Roque Gonzales tem confirma\u00e7\u00e3o de recursos federais em 2023<\/a><br>Prefeito Fernando, e os Vereadores Ot\u00e1vio e Iraci estiveram em audi\u00eancias com os Deputados Federais: Covatti Filho, Afonso Hamm, Pedro Westphalen, Heitor Schuh, Dionilson Marcon, Ubiratan Sanderson e Gabinete do <strong>Bohn Gass<\/strong>. J\u00e1 no Senado Federal estiveram com Senador Luiz Carlos Heinze e Paulo Paim, os quais foram solicitadas emendas para o Munic\u00edpio.<\/p>\n\n\n\n<p><strong>Agro em Dia<\/strong><br><a href=\"https:\/\/agroemdia.com.br\/2023\/02\/13\/governo-lula-nao-suspendeu-credito-rural-diz-deputado-bohn-gass\/\">Governo Lula n\u00e3o suspendeu cr\u00e9dito rural, diz deputado Bohn Gass<\/a><br>O deputado federal <strong>Elvino Bohn Gass (PT\/RS), <\/strong>vice-l\u00edder do governo Lula no Congresso Nacional, disse que a falta de recursos do BNDES para o Plano Safra \u00e9 consequ\u00eancia do baixo montante destinado pelo governo Bolsonaro. Por isso, enfatizou o parlamentar, o governo Lula precisou recompor, j\u00e1 no primeiro m\u00eas de sua gest\u00e3o, as linhas de financiamento, mas os recursos se esgotaram logo porque a demanda estava reprimida h\u00e1 meses.<\/p>\n\n\n\n<p><strong>R\u00e1dio Sobradinho<\/strong><br><a href=\"https:\/\/www.radiosobradinho.com.br\/prefeito-e-vice-de-lagoa-bonita-avaliam-como-positiva-viagem-a-brasilia\/\">Prefeito e vice de Lagoa Bonita avaliam como positiva viagem \u00e0 Bras\u00edlia<\/a><br>No Gabinete do Deputado, <strong>Elvino Bohn Gass,<\/strong> foram solicitados recursos para aquisi\u00e7\u00e3o de calc\u00e1rio, destina\u00e7\u00e3o de verba para obra de pavimenta\u00e7\u00e3o e tamb\u00e9m para a \u00e1rea da sa\u00fade.<\/p>\n\n\n\n<p><strong>Folha de Candel\u00e1ria<\/strong><br><a href=\"https:\/\/www.folhadecandelaria.com.br\/ler-noticia\/7rrrb3\/diretor-do-hospital-candelaria-encaminha-demandas-em-brasilia.html\">Diretor do Hospital Candel\u00e1ria encaminha demandas em Bras\u00edlia<\/a><br>Na ocasi\u00e3o, Feistler se encontrou com alguns deputados federais da bancada ga\u00facha, como Heitor Schuch (PSB) e <strong>Elvino Bohn Gass (PT)<\/strong>, para solicitar emendas parlamentares que contribuam para o custeio da casa de sa\u00fade candelariense.<\/p>\n\n\n\n<p><strong>M\u00e1xima FM<\/strong><br><a href=\"http:\/\/www.maximafm107.com.br\/noticia\/28631\/prefeito-e-secretario-da-agricultura-de-ronda-alta-cumprem-agenda-em-brasilia\">Prefeito e Secret\u00e1rio da Agricultura de Ronda Alta cumprem agenda em Bras\u00edlia<\/a><br>O prefeito est\u00e1 em Bras\u00edlia encaminhando projetos na busca de recursos para o munic\u00edpio. Pela parte da manh\u00e3 ele deixou pleitos junto ao gabinete do deputado <strong>Elvino Bohn Gass<\/strong> e no senador Luis Calos Heinze.<\/p>\n\n\n\n<p><strong>Partido dos Trabalhadores<\/strong><br><a href=\"https:\/\/pt.org.br\/sindicatos-protestam-contra-juros-altos-e-atuacao-do-banco-central\/\">Sindicatos protestam contra juros altos e atua\u00e7\u00e3o do Banco Central<\/a><br><strong>@BohnGass <\/strong>&#8211; Atual taxa de juros do Brasil n\u00e3o \u00e9 s\u00f3 ser a maior do mundo; \u00e9, tamb\u00e9m, muito superior do que a da maioria dos pa\u00edses. Ou seja, quando @LulaOficial diz que o Banco Central (comandado pelo bolsonarista Roberto Campos Neto), est\u00e1 exagerando, a refer\u00eancia do presidente \u00e9 o mundo.<\/p>\n\n\n\n<p><strong>R\u00e1dio Progresso de Iju\u00ed<\/strong><br><a href=\"https:\/\/pt.org.br\/sindicatos-protestam-contra-juros-altos-e-atuacao-do-banco-central\/\">Representantes de Ajuricaba solicitam cerca de R$ 12 milh\u00f5es em projetos em Bras\u00edlia<\/a><br>Com o deputado<strong> Bohn Gass, <\/strong>pedidos recursos para asfalto no per\u00edmetro urbano e cal\u00e7amento em vias rurais.<\/p>\n\n\n\n<p><strong>R\u00e1dio Taquara<\/strong><br><a href=\"https:\/\/www.radiotaquara.com.br\/novo\/prefeita-taquara-visita-31-gabinetes-durante-periodo-que-esteve-em-brasilia\/\">Prefeita de Taquara visita 31 gabinetes durante per\u00edodo que esteve em Bras\u00edlia<\/a><\/p>\n\n\n\n<p><strong>Jornal Ibi\u00e1<\/strong><br><a href=\"https:\/\/pt.org.br\/sindicatos-protestam-contra-juros-altos-e-atuacao-do-banco-central\/\">Emenda federal ir\u00e1 destinar R$ 300 mil para Rua Coberta em Montenegro<\/a><br>Os representantes de Montenegro estiveram reunidos com deputados como \u00a0<strong>Elvino\u00a0\u00a0Bohn\u00a0Gass (PT)<\/strong>, ao qual foi apresentada a demanda por maquin\u00e1rio para a \u00e1rea da agricultura no munic\u00edpio.<\/p>\n\n\n\n<p><strong>R\u00e1dio Sol\u00e1ris<\/strong><br><a href=\"https:\/\/radiosolaris.com.br\/camara-flores-integra-comitiva-em-visita-a-gabinetes-de-deputados-e-senadores-em-brasilia\/\">C\u00e2mara Flores integra comitiva em visita a gabinetes de deputados e senadores em Bras\u00edlia<\/a><\/p>\n\n\n\n<p><strong>Democracia Socialista<\/strong><br><a href=\"https:\/\/democraciasocialista.org.br\/bohn-gass-esclarece-lula-nao-suspendeu-o-credito-rural-bolsonaro-e-que-nao-deixou-dinheiro\/\">Bohn Gass esclarece: \u201cLula n\u00e3o suspendeu o cr\u00e9dito rural. Bolsonaro \u00e9 que n\u00e3o deixou dinheiro\u201d<\/a><br>Questionado sobre a falta de recursos para o Cr\u00e9dito Rural, o vice-l\u00edder do governo Lula no Congresso, deputado <strong>Elvino Bohn Gass (PT\/RS)<\/strong>, esclarece:<\/p>\n\n\n\n<p><strong>R\u00e1dio Progresso de Iju\u00ed<\/strong><br><a href=\"https:\/\/democraciasocialista.org.br\/bohn-gass-esclarece-lula-nao-suspendeu-o-credito-rural-bolsonaro-e-que-nao-deixou-dinheiro\/\">Beto Noronha cobra execu\u00e7\u00e3o de reforma da UBS do bairro Pindorama<\/a><br>O vereador Adalberto Noronha (PT) cobrou a execu\u00e7\u00e3o da reforma da Unidade de Sa\u00fade do Bairro Pindorama, para a qual o deputado federal <strong>Elvino Bohn Gass (PT)<\/strong> destinou R$ 225 mil via emenda parlamentar.<\/p>\n\n\n\n<p><strong>Sul 21<\/strong><br><a href=\"https:\/\/sul21.com.br\/noticias\/geral\/2023\/02\/romaria-da-terra-reune-mais-de-tres-mil-pessoas-em-eldorado-do-sul\/\">Romaria da Terra re\u00fane mais de tr\u00eas mil pessoas em Eldorado do Sul<\/a><br>O evento tamb\u00e9m contou com a participa\u00e7\u00e3o de lideran\u00e7as de movimentos sociais e pol\u00edticos, como o ex-governador Ol\u00edvio Dutra; os deputados da bancada do PT, Ad\u00e3o Pretto Filho, Jeferson Fernandes, Reginete Bispo, <strong>Elvino Bohn Gass <\/strong>e Dionilso Marcon; e do pr\u00f3ximo presidente da Conab, Edegar Pretto, todos ligados aos movimentos do campo.<\/p>\n\n\n\n<p><strong>Jornal do Com\u00e9rcio<\/strong><br><a href=\"https:\/\/sul21.com.br\/noticias\/geral\/2023\/02\/romaria-da-terra-reune-mais-de-tres-mil-pessoas-em-eldorado-do-sul\/\">Santo \u00c2ngelo ter\u00e1 R$ 2,2 milh\u00f5es de indica\u00e7\u00e3o de emendas parlamentares, ap\u00f3s ida de comitiva a Bras\u00edlia<\/a><br>De acordo com o prefeito, este \u00e9 um valor inicial acertado com os deputados federais Pompeo de Mattos e Afonso Motta, ambos do PDT, e <strong>Elvino Bohn Gass\u00a0(PT)<\/strong>. Jacques informou que Pompeo de Mattos estar\u00e1 indicando para Santo \u00c2ngelo R$ 1 milh\u00e3o, Bohn Gass indicar\u00e1 R$ 800 mil e Afonso Motta R$ 250 mil para obras da gest\u00e3o e R$ 150 mil para investimentos no Hospital Santo \u00c2ngelo, totalizando R$ 2,2 milh\u00f5es.<\/p>\n\n\n\n<p><strong>Portal Gramado News<\/strong><br><a href=\"https:\/\/portalgramadonews.com.br\/prefeito-constantino-e-secretarios-retornam-de-brasilia-com-pautas-atendidas-e-novidades-para-canela\/\">Prefeito Constantino e secret\u00e1rios retornam de Bras\u00edlia com pautas atendidas e novidades para Canela<\/a><br><\/p>\n\n\n\n<p><strong>PT na C\u00e2mara<\/strong><br><a href=\"https:\/\/ptnacamara.org.br\/site\/petistas-elogiam-novo-inquerito-sobre-mortes-de-marielle-e-anderson-brasil-precisa-de-respostas\/\">Petistas elogiam novo inqu\u00e9rito sobre mortes de Marielle e Anderson: Brasil precisa de respostas<\/a><a href=\"https:\/\/ptnacamara.org.br\/site\/2023\/02\/22\/\"><\/a><br>A deputada\u00a0Denise Pess\u00f4a (PT-RS) e os deputados\u00a0Alexandre Lindenmeyer (PT-RS),\u00a0<strong>Bohn Gass (PT-RS<\/strong>),\u00a0Nilto Tatto (PT-SP), Paulo Guedes (PT-MG), Luizianne Lins (PT-CE)\u00a0e\u00a0Rubens Otoni (PT-GO)\u00a0tamb\u00e9m se manifestaram sobre o assunto e defenderam uma apura\u00e7\u00e3o com seriedade e responsabilidade.<\/p>\n\n\n\n<p><strong>Terra<\/strong><br><a href=\"https:\/\/www.terra.com.br\/noticias\/brasil\/politica\/chacina-em-sinop-base-e-oposicao-ao-governo-lula-repudiam-e-se-dividem-sobre-acesso-a-armas-e-cacs,28001d03e5fe79af0be0f2c62a3a0637joxh409k.html\">Chacina em Sinop: Base e oposi\u00e7\u00e3o ao governo Lula repudiam e se dividem sobre acesso a armas e CACs<\/a><br>O deputado federal e vice-l\u00edder do governo Lula no Congresso,<strong>\u00a0Bohn Gass\u00a0<\/strong>(PT-RS), classificou a chacina de Sinop como &#8220;uma sequ\u00eancia de horror e covardia&#8221;: &#8220;Bandidos, frequentadores de clubes de tiro, matam, com tiros na cabe\u00e7a, cada uma das v\u00edtimas desarmadas cujo &#8220;crime&#8221; foi ter ganho deles no jogo&#8221;.<\/p>\n\n\n\n<p><strong>Estad\u00e3o<\/strong><br><a href=\"https:\/\/www.estadao.com.br\/politica\/chacina-em-sinop-base-e-oposicao-ao-governo-lula-repudiam-e-se-dividem-sobre-acesso-a-armas-e-cacs\/\">Chacina em Sinop: Base e oposi\u00e7\u00e3o ao governo Lula repudiam e se dividem sobre acesso a armas e CACs<\/a><br>O deputado federal e vice-l\u00edder do governo Lula no Congresso,<strong>\u00a0Bohn Gass\u00a0<\/strong>(PT-RS), classificou a chacina de Sinop como &#8220;uma sequ\u00eancia de horror e covardia&#8221;: &#8220;Bandidos, frequentadores de clubes de tiro, matam, com tiros na cabe\u00e7a, cada uma das v\u00edtimas desarmadas cujo &#8220;crime&#8221; foi ter ganho deles no jogo&#8221;.<\/p>\n\n\n\n<p><strong>UOL<\/strong><br><a href=\"https:\/\/noticias.uol.com.br\/ultimas-noticias\/agencia-estado\/2023\/02\/23\/sinop-base-de-lula-e-oposicao-repudiam-chacina-e-se-dividem-sobre-acesso-a-armas.htm\">Sinop: base de Lula e oposi\u00e7\u00e3o repudiam chacina e se dividem sobre acesso a armas<\/a><br>O deputado federal e vice-l\u00edder do governo Lula no Congresso,<strong>\u00a0Bohn Gass\u00a0<\/strong>(PT-RS), classificou a chacina de Sinop como &#8220;uma sequ\u00eancia de horror e covardia&#8221;: &#8220;Bandidos, frequentadores de clubes de tiro, matam, com tiros na cabe\u00e7a, cada uma das v\u00edtimas desarmadas cujo &#8220;crime&#8221; foi ter ganho deles no jogo&#8221;.<\/p>\n\n\n\n<p><strong>Jornal Bom Dia<\/strong><br><a href=\"https:\/\/www.jornalbomdia.com.br\/noticia\/61423\/sutrafau-participa-de-encontro-com-ministros-do-governo-federal-em-hulha-negra\">SUTRAF-AU participa de encontro com ministros do Governo Federal em Hulha Negra<\/a><br>A visita realizada em Hulha Negra, contou com a participa\u00e7\u00e3o de Wellington Dias (Minist\u00e9rio do Desenvolvimento e Assist\u00eancia Social, Fam\u00edlia e Combate \u00e0 Fome), Paulo Pimenta (Secretaria de Comunica\u00e7\u00e3o Social); Paulo Teixeira (Minist\u00e9rio de Desenvolvimento Agr\u00e1rio); al\u00e9m do\u00a0presidente da Companhia Nacional de Abastecimento (Conab), Edegar Pretto. O governador Eduardo Leite tamb\u00e9m esteve presente no encontro, assim como os deputados federais do RS, <strong>Elvino Bohn Gass<\/strong> e Maria do Ros\u00e1rio.\u00a0<\/p>\n\n\n\n<p><strong>PT na C\u00e2mara<\/strong><br><a href=\"https:\/\/ptnacamara.org.br\/site\/parlamentares-do-pt-apoiam-grupo-criado-pelo-governo-para-discutir-combate-a-discursos-de-odio-e-extremismo\/\">Parlamentares do PT apoiam grupo criado pelo governo para discutir combate a discursos de \u00f3dio e extremismo<\/a><a href=\"https:\/\/ptnacamara.org.br\/site\/2023\/02\/23\/\"><\/a><br>Tamb\u00e9m manifestaram apoio \u00e0 cria\u00e7\u00e3o do grupo de trabalho o l\u00edder do Governo na C\u00e2mara, deputado\u00a0Jos\u00e9 Guimar\u00e3es (PT-CE)\u00a0e os parlamentares petistas\u00a0Carlos Zarattini (SP), Ana Paula Lima (SC), Nat\u00e1lia Bonavides (RN), Alexandre Lindenmeyer (RS), Rubens Otoni (GO), Denise Pessoa (RS), Benedita da Silva (RJ), Luizianne Lins (CE), <strong>Bohn Gass (RS)<\/strong>, Camila Jara (MS) e Rog\u00e9rio Correia (MG).<\/p>\n\n\n\n<p><strong>Voz do Brasil<\/strong><br><a href=\"https:\/\/ptnacamara.org.br\/site\/parlamentares-do-pt-apoiam-grupo-criado-pelo-governo-para-discutir-combate-a-discursos-de-odio-e-extremismo\/\">Projeto prev\u00ea indeniza\u00e7\u00e3o para fam\u00edlias e v\u00edtimas do inc\u00eandio da boate Kiss<\/a><br><strong>Bohn Gass (PT-RS)<\/strong>\u00a0afirma que o lema do governo Lula \u00e9 unir e reconstruir, contra o \u00f3dio e a divis\u00e3o. O deputado destaca a\u00e7\u00f5es concretas da nova gest\u00e3o federal, como a volta de um calend\u00e1rio de vacina\u00e7\u00e3o contra a covid-19, agora com a vacina bivalente.<\/p>\n\n\n\n<p><strong>Correio Braziliense<\/strong><br><a href=\"https:\/\/www.correiobraziliense.com.br\/brasil\/2023\/02\/5075867-chacina-em-sinop-advogado-diz-que-atirador-poupou-a-vida-de-uma-das-vitimas.html\">Chacina em Sinop: advogado diz que atirador poupou a vida de uma das v\u00edtimas<\/a><br>O deputado federal e vice-l\u00edder do governo Lula no Congresso,<strong>\u00a0Bohn Gass\u00a0<\/strong>(PT-RS), classificou a chacina de Sinop como &#8220;uma sequ\u00eancia de horror e covardia&#8221;: &#8220;Bandidos, frequentadores de clubes de tiro, matam, com tiros na cabe\u00e7a, cada uma das v\u00edtimas desarmadas cujo &#8220;crime&#8221; foi ter ganho deles no jogo&#8221;.<\/p>\n\n\n\n<p><strong>Jornal Sentinela<\/strong><br><a href=\"https:\/\/jornalsentinela.com.br\/noticias\/pt-anuncia-emenda-de-r-100-mil-do-deputado-bohn-gass\/\">PT anuncia emenda de R$ 100 mil do Deputado Bohn Gass<\/a><a href=\"https:\/\/jornalsentinela.com.br\/2023\/02\/23\/\"><\/a><br>O \u00a0Prefeito Jonas \u00a0recebeu esta semana, Andr\u00e9 Camargo, Presidente do PT de Tucundvua, Arnaldo Junior Freddi, ex-vereador pelo PT \u00a0de Novo Machado, \u00a0a Secret\u00e1ria de Educa\u00e7\u00e3o Maria Benatti, tamb\u00e9m do Partido dos Trabalhadores, e o ex-vereador Cride, \u00a0que anunciaram \u00a0um recurso de R$ 100 mil destinado pelo \u00a0Deputado Federal <strong>Elvino Bonh Gass.<\/strong> O encontro serviu tamb\u00e9m para uma conversa sobre diversas a\u00e7\u00f5es junto ao munic\u00edpio.<\/p>\n\n\n\n<p><strong>Jornal Dimens\u00e3o<\/strong><br><a href=\"https:\/\/www.jornaldimensao.com.br\/noticias\/deputado-federal-elvino-bohn-gass-destina-emenda-para-tramandai\">Deputado Federal Elvino Bohn Gass destina emenda para Tramanda\u00ed<\/a><br>O objetivo do encontro foi conversar sobre a destina\u00e7\u00e3o de R$ 200 mil reais por meio do Deputado Federal<strong> Elvino Bohn Gass,<\/strong> que atrav\u00e9s do gabinete do Deputado Jeferson Fernandes, estar\u00e1 direcionando este valor para revitaliza\u00e7\u00e3o de uma das pistas de skate do munic\u00edpio.<\/p>\n\n\n\n<p><strong>Brasil 247<\/strong><br><a href=\"https:\/\/www.brasil247.com\/brasil\/errou-quem-apostou-que-lula-desautorizaria-haddad-diz-bohn-gass-sobre-reoneracao\">Errou quem apostou que Lula desautorizaria Haddad, diz Bohn Gass sobre reonera\u00e7\u00e3o<\/a><br>O deputado <strong>Elvino Bohn Gass<\/strong> \u00a0defendeu nesta segunda-feria (27) a medida anunciada pelo governo Lula de retomar a tributa\u00e7\u00e3o federal sobre os combust\u00edveis.\u00a0<\/p>\n\n\n\n<p><strong>Brasil 247<\/strong><br><a href=\"https:\/\/www.brasil247.com\/brasil\/errou-quem-apostou-que-lula-desautorizaria-haddad-diz-bohn-gass-sobre-reoneracao\">Errou quem apostou que Lula desautorizaria Haddad, diz Bohn Gass sobre reonera\u00e7\u00e3o<\/a><br>O deputado <strong>Elvino Bohn Gass<\/strong> \u00a0defendeu nesta segunda-feria (27) a medida anunciada pelo governo Lula de retomar a tributa\u00e7\u00e3o federal sobre os combust\u00edveis.\u00a0<\/p>\n\n\n\n<p><strong>Economia UOL<\/strong><br><a href=\"https:\/\/economia.uol.com.br\/noticias\/estadao-conteudo\/2023\/02\/27\/lula-tem-reuniao-com-ministros-e-presidente-da-petrobras-nesta-terca.htm\">Lula tem reuni\u00e3o com ministros e presidente da Petrobras nesta ter\u00e7a<\/a><br>\u00c0s 17h, recebe o l\u00edder do governo no Congresso, senador Randolfe Rodrigues, e os vice-l\u00edderes: deputados <strong>Bohn Gass<\/strong>, Carlos Zarattini, Daniel Almeida, Dorinaldo Malafaia, L\u00eddice da Mata, Lindbergh Farias, Reginaldo Lopes, Roseana Sarney, Otto Alencar Filho e Laura Carneiro.<\/p>\n\n\n\n<p><strong>Metr\u00f3poles<\/strong><br><a href=\"https:\/\/www.metropoles.com\/brasil\/combustiveis-haddad-vence-disputa-mas-como-previu-vira-patinho-feio-da-esplanada\">Combust\u00edveis: Haddad vence disputa, mas, como previu, vira \u201cpatinho feio da Esplanada\u201d<\/a><br>Apesar disso, Haddad conseguiu colher defesa de um vice-l\u00edder do governo, o deputado federal <strong>Bohn Gass (PT-RS).<\/strong><\/p>\n","protected":false},"excerpt":{"rendered":"<p>PT na C\u00e2maraParlamentares do PT tomam posse nesta quarta na C\u00e2mara e no Senado R\u00e1dio Uirapuru FMDeputados federais e senadores tomam posse nesta quarta-feiraElvino Bohn Gass (Federa\u00e7\u00e3o PT\/PCdoB\/PV): 131.881 votos R\u00e1dio L\u00edderEntrevista: Deputado Federal Elvino Jos\u00e9 Bohn Gass (PT)Elvino Jos\u00e9 Bohn Gass, Deputado Federal em 4\u00ba mandato pelo PT, tomou posse ontem (01), na C\u00e2mara [&hellip;]<\/p>\n","protected":false},"author":1,"featured_media":0,"parent":0,"menu_order":0,"comment_status":"closed","ping_status":"closed","template":"","meta":{"footnotes":""},"class_list":["post-2559","page","type-page","status-publish","hentry"],"yoast_head":"<!-- This site is optimized with the Yoast SEO plugin v27.4 - https:\/\/yoast.com\/product\/yoast-seo-wordpress\/ -->\n<title>Fevereiro 2023 - Deputado Federal Bohn Gass \u2605 PT\/RS<\/title>\n<meta name=\"robots\" content=\"index, follow, max-snippet:-1, max-image-preview:large, max-video-preview:-1\" \/>\n<link rel=\"canonical\" href=\"https:\/\/bohngass.com.br\/?page_id=2559\" \/>\n<meta property=\"og:locale\" content=\"pt_BR\" \/>\n<meta property=\"og:type\" content=\"article\" \/>\n<meta property=\"og:title\" content=\"Fevereiro 2023 - Deputado Federal Bohn Gass \u2605 PT\/RS\" \/>\n<meta property=\"og:description\" content=\"PT na C\u00e2maraParlamentares do PT tomam posse nesta quarta na C\u00e2mara e no Senado R\u00e1dio Uirapuru FMDeputados federais e senadores tomam posse nesta quarta-feiraElvino Bohn Gass (Federa\u00e7\u00e3o PT\/PCdoB\/PV): 131.881 votos R\u00e1dio L\u00edderEntrevista: Deputado Federal Elvino Jos\u00e9 Bohn Gass (PT)Elvino Jos\u00e9 Bohn Gass, Deputado Federal em 4\u00ba mandato pelo PT, tomou posse ontem (01), na C\u00e2mara [&hellip;]\" \/>\n<meta property=\"og:url\" content=\"https:\/\/bohngass.com.br\/?page_id=2559\" \/>\n<meta property=\"og:site_name\" content=\"Deputado Federal Bohn Gass \u2605 PT\/RS\" \/>\n<meta property=\"article:publisher\" content=\"https:\/\/www.facebook.com\/bohngass13\" \/>\n<meta property=\"article:modified_time\" content=\"2023-03-08T17:57:53+00:00\" \/>\n<meta name=\"twitter:card\" content=\"summary_large_image\" \/>\n<meta name=\"twitter:site\" content=\"@BohnGass\" \/>\n<meta name=\"twitter:label1\" content=\"Est. tempo de leitura\" \/>\n\t<meta name=\"twitter:data1\" content=\"17 minutos\" \/>\n<script type=\"application\/ld+json\" class=\"yoast-schema-graph\">{\"@context\":\"https:\\\/\\\/schema.org\",\"@graph\":[{\"@type\":\"WebPage\",\"@id\":\"https:\\\/\\\/bohngass.com.br\\\/?page_id=2559\",\"url\":\"https:\\\/\\\/bohngass.com.br\\\/?page_id=2559\",\"name\":\"Fevereiro 2023 - Deputado Federal Bohn Gass \u2605 PT\\\/RS\",\"isPartOf\":{\"@id\":\"https:\\\/\\\/bohngass.com.br\\\/#website\"},\"datePublished\":\"2023-03-06T19:26:46+00:00\",\"dateModified\":\"2023-03-08T17:57:53+00:00\",\"breadcrumb\":{\"@id\":\"https:\\\/\\\/bohngass.com.br\\\/?page_id=2559#breadcrumb\"},\"inLanguage\":\"pt-BR\",\"potentialAction\":[{\"@type\":\"ReadAction\",\"target\":[\"https:\\\/\\\/bohngass.com.br\\\/?page_id=2559\"]}]},{\"@type\":\"BreadcrumbList\",\"@id\":\"https:\\\/\\\/bohngass.com.br\\\/?page_id=2559#breadcrumb\",\"itemListElement\":[{\"@type\":\"ListItem\",\"position\":1,\"name\":\"In\u00edcio\",\"item\":\"https:\\\/\\\/bohngass.com.br\\\/\"},{\"@type\":\"ListItem\",\"position\":2,\"name\":\"Fevereiro 2023\"}]},{\"@type\":\"WebSite\",\"@id\":\"https:\\\/\\\/bohngass.com.br\\\/#website\",\"url\":\"https:\\\/\\\/bohngass.com.br\\\/\",\"name\":\"Deputado Federal Bohn Gass \u2605 PT\\\/RS\",\"description\":\"Deputado Federal Bohn Gass\",\"publisher\":{\"@id\":\"https:\\\/\\\/bohngass.com.br\\\/#organization\"},\"potentialAction\":[{\"@type\":\"SearchAction\",\"target\":{\"@type\":\"EntryPoint\",\"urlTemplate\":\"https:\\\/\\\/bohngass.com.br\\\/?s={search_term_string}\"},\"query-input\":{\"@type\":\"PropertyValueSpecification\",\"valueRequired\":true,\"valueName\":\"search_term_string\"}}],\"inLanguage\":\"pt-BR\"},{\"@type\":\"Organization\",\"@id\":\"https:\\\/\\\/bohngass.com.br\\\/#organization\",\"name\":\"Deputado Bohn Gass\",\"url\":\"https:\\\/\\\/bohngass.com.br\\\/\",\"logo\":{\"@type\":\"ImageObject\",\"inLanguage\":\"pt-BR\",\"@id\":\"https:\\\/\\\/bohngass.com.br\\\/#\\\/schema\\\/logo\\\/image\\\/\",\"url\":\"http:\\\/\\\/bohngass.com.br\\\/wp-content\\\/uploads\\\/2021\\\/01\\\/logo.png\",\"contentUrl\":\"http:\\\/\\\/bohngass.com.br\\\/wp-content\\\/uploads\\\/2021\\\/01\\\/logo.png\",\"width\":357,\"height\":355,\"caption\":\"Deputado Bohn Gass\"},\"image\":{\"@id\":\"https:\\\/\\\/bohngass.com.br\\\/#\\\/schema\\\/logo\\\/image\\\/\"},\"sameAs\":[\"https:\\\/\\\/www.facebook.com\\\/bohngass13\",\"https:\\\/\\\/x.com\\\/BohnGass\",\"https:\\\/\\\/www.instagram.com\\\/bohn_gass\\\/\",\"https:\\\/\\\/www.youtube.com\\\/BohnGass13\\\/\",\"https:\\\/\\\/pt.wikipedia.org\\\/wiki\\\/Bohn_Gass\"]}]}<\/script>\n<!-- \/ Yoast SEO plugin. -->","yoast_head_json":{"title":"Fevereiro 2023 - Deputado Federal Bohn Gass \u2605 PT\/RS","robots":{"index":"index","follow":"follow","max-snippet":"max-snippet:-1","max-image-preview":"max-image-preview:large","max-video-preview":"max-video-preview:-1"},"canonical":"https:\/\/bohngass.com.br\/?page_id=2559","og_locale":"pt_BR","og_type":"article","og_title":"Fevereiro 2023 - Deputado Federal Bohn Gass \u2605 PT\/RS","og_description":"PT na C\u00e2maraParlamentares do PT tomam posse nesta quarta na C\u00e2mara e no Senado R\u00e1dio Uirapuru FMDeputados federais e senadores tomam posse nesta quarta-feiraElvino Bohn Gass (Federa\u00e7\u00e3o PT\/PCdoB\/PV): 131.881 votos R\u00e1dio L\u00edderEntrevista: Deputado Federal Elvino Jos\u00e9 Bohn Gass (PT)Elvino Jos\u00e9 Bohn Gass, Deputado Federal em 4\u00ba mandato pelo PT, tomou posse ontem (01), na C\u00e2mara [&hellip;]","og_url":"https:\/\/bohngass.com.br\/?page_id=2559","og_site_name":"Deputado Federal Bohn Gass \u2605 PT\/RS","article_publisher":"https:\/\/www.facebook.com\/bohngass13","article_modified_time":"2023-03-08T17:57:53+00:00","twitter_card":"summary_large_image","twitter_site":"@BohnGass","twitter_misc":{"Est. tempo de leitura":"17 minutos"},"schema":{"@context":"https:\/\/schema.org","@graph":[{"@type":"WebPage","@id":"https:\/\/bohngass.com.br\/?page_id=2559","url":"https:\/\/bohngass.com.br\/?page_id=2559","name":"Fevereiro 2023 - Deputado Federal Bohn Gass \u2605 PT\/RS","isPartOf":{"@id":"https:\/\/bohngass.com.br\/#website"},"datePublished":"2023-03-06T19:26:46+00:00","dateModified":"2023-03-08T17:57:53+00:00","breadcrumb":{"@id":"https:\/\/bohngass.com.br\/?page_id=2559#breadcrumb"},"inLanguage":"pt-BR","potentialAction":[{"@type":"ReadAction","target":["https:\/\/bohngass.com.br\/?page_id=2559"]}]},{"@type":"BreadcrumbList","@id":"https:\/\/bohngass.com.br\/?page_id=2559#breadcrumb","itemListElement":[{"@type":"ListItem","position":1,"name":"In\u00edcio","item":"https:\/\/bohngass.com.br\/"},{"@type":"ListItem","position":2,"name":"Fevereiro 2023"}]},{"@type":"WebSite","@id":"https:\/\/bohngass.com.br\/#website","url":"https:\/\/bohngass.com.br\/","name":"Deputado Federal Bohn Gass \u2605 PT\/RS","description":"Deputado Federal Bohn Gass","publisher":{"@id":"https:\/\/bohngass.com.br\/#organization"},"potentialAction":[{"@type":"SearchAction","target":{"@type":"EntryPoint","urlTemplate":"https:\/\/bohngass.com.br\/?s={search_term_string}"},"query-input":{"@type":"PropertyValueSpecification","valueRequired":true,"valueName":"search_term_string"}}],"inLanguage":"pt-BR"},{"@type":"Organization","@id":"https:\/\/bohngass.com.br\/#organization","name":"Deputado Bohn Gass","url":"https:\/\/bohngass.com.br\/","logo":{"@type":"ImageObject","inLanguage":"pt-BR","@id":"https:\/\/bohngass.com.br\/#\/schema\/logo\/image\/","url":"http:\/\/bohngass.com.br\/wp-content\/uploads\/2021\/01\/logo.png","contentUrl":"http:\/\/bohngass.com.br\/wp-content\/uploads\/2021\/01\/logo.png","width":357,"height":355,"caption":"Deputado Bohn Gass"},"image":{"@id":"https:\/\/bohngass.com.br\/#\/schema\/logo\/image\/"},"sameAs":["https:\/\/www.facebook.com\/bohngass13","https:\/\/x.com\/BohnGass","https:\/\/www.instagram.com\/bohn_gass\/","https:\/\/www.youtube.com\/BohnGass13\/","https:\/\/pt.wikipedia.org\/wiki\/Bohn_Gass"]}]}},"_links":{"self":[{"href":"https:\/\/bohngass.com.br\/index.php?rest_route=\/wp\/v2\/pages\/2559","targetHints":{"allow":["GET"]}}],"collection":[{"href":"https:\/\/bohngass.com.br\/index.php?rest_route=\/wp\/v2\/pages"}],"about":[{"href":"https:\/\/bohngass.com.br\/index.php?rest_route=\/wp\/v2\/types\/page"}],"author":[{"embeddable":true,"href":"https:\/\/bohngass.com.br\/index.php?rest_route=\/wp\/v2\/users\/1"}],"replies":[{"embeddable":true,"href":"https:\/\/bohngass.com.br\/index.php?rest_route=%2Fwp%2Fv2%2Fcomments&post=2559"}],"version-history":[{"count":0,"href":"https:\/\/bohngass.com.br\/index.php?rest_route=\/wp\/v2\/pages\/2559\/revisions"}],"wp:attachment":[{"href":"https:\/\/bohngass.com.br\/index.php?rest_route=%2Fwp%2Fv2%2Fmedia&parent=2559"}],"curies":[{"name":"wp","href":"https:\/\/api.w.org\/{rel}","templated":true}]}}