{"id":2867,"date":"2023-07-31T11:23:23","date_gmt":"2023-07-31T14:23:23","guid":{"rendered":"https:\/\/bohngass.com.br\/?page_id=2867"},"modified":"2023-08-22T15:42:37","modified_gmt":"2023-08-22T18:42:37","slug":"julho-2023","status":"publish","type":"page","link":"https:\/\/bohngass.com.br\/?page_id=2867","title":{"rendered":"Julho 2023"},"content":{"rendered":"\n<p><strong>Sintrajufe\/RS<\/strong><br><a href=\"https:\/\/sintrajufe.org.br\/unidade-luta-e-democracia-sao-destacadas-na-abertura-do-10o-congresso-estadual-do-sintrajufe-rs-na-noite-desta-sexta-feira\/\">Unidade, luta e democracia s\u00e3o destacadas na abertura do 10\u00ba Congresso Estadual do Sintrajufe\/RS, na noite desta sexta-feira<\/a><br>Em sua manifesta\u00e7\u00e3o, o <strong>deputado federal Elvino Bohn Gass (PT-RS)<\/strong> afirmou que \u201cdireitos s\u00f3 existem na democracia\u201d, porque no fascismo e no autoritarismo, fora da democracia, \u201cn\u00e3o h\u00e1 chance nenhuma de exigir direitos\u201d.<\/p>\n\n\n\n<p><strong>Voz do Brasil<\/strong><br><a href=\"https:\/\/www.camara.leg.br\/radio\/programas\/976811-camara-vai-fazer-esforco-concentrado-na-proxima-semana-para-votar-a-reforma-tributaria\/\">Retorno do Minist\u00e9rio do Desenvolvimento Agr\u00e1rio<\/a><br><strong>Bohn Gass (PT-RS)<\/strong>&nbsp;ressalta a import\u00e2ncia da reestrutura\u00e7\u00e3o administrativa do governo federal e comemora o retorno do Minist\u00e9rio do Desenvolvimento Agr\u00e1rio e Agricultura Familiar<\/p>\n\n\n\n<p><strong>Folha Popular<\/strong><br><a href=\"https:\/\/folhapopular.info\/index.php\/2023\/06\/30\/prefeito-de-teutonia-retorna-de-brasilia-apos-encaminhar-diferentes-demandas\/\">Prefeito de Teut\u00f4nia retorna de Bras\u00edlia ap\u00f3s encaminhar diferentes demandas<\/a><br>Al\u00e9m dos minist\u00e9rios, o chefe do Executivo entregou of\u00edcio de solicita\u00e7\u00e3o de recursos em 12 gabinetes de deputados e de dois senadores, principalmente em busca de custeio de exames na sa\u00fade b\u00e1sica do munic\u00edpio. Foram visitados os gabinetes dos deputados federais Luiz Carlos Busato, Carlos Gomes, Afonso Motta, Pompeu de Mattos, Alceu Moreira,<strong> Elvino Bohn Gass, <\/strong>Pedro Westphalen, Maria do Ros\u00e1rio, Dion\u00edsio Marcon, Bibo Nunes, Heitor Schuck e Franciane Bayer, bem como dos senadores Hamilton Mour\u00e3o e Paulo Paim.<\/p>\n\n\n\n<p><strong>Partido dos Trabalhadores<\/strong><br><a href=\"https:\/\/pt.org.br\/no-rs-lula-defende-saude-moradia-educacao-e-fim-da-desigualdade-no-mundo\/\">No RS, Lula defende sa\u00fade, moradia, educa\u00e7\u00e3o e fim da desigualdade no mundo<\/a><br>Lula estava acompanhado pelos ministros das Cidades, Jader Filho, e da Secretaria de Comunica\u00e7\u00e3o, Paulo Pimenta, al\u00e9m do governador do Estado, Eduardo Leite, e do prefeito de Viam\u00e3o, Nilton Magalh\u00e3es, al\u00e9m do ex-governador Ol\u00edvio Dutra e deputados federais como<strong> Bohn Gass<\/strong> e Maria do Ros\u00e1rio, entre outras autoridades.<\/p>\n\n\n\n<p><strong>CUT<\/strong><br>[ARTIGO] <a href=\"https:\/\/www.cut.org.br\/artigos\/a-luta-de-pelo-saneamento-publico-continua-c731\">A luta de pelo saneamento p\u00fablico continua<\/a><br>A Frente teve como primeiros proponentes o deputado Joseildo Ramos (PT BA); Daniel Almeida (PCdoB\/BA), Guilherme Boulos (PSOL\/SP),<strong> Bohn Gass (PT\/RS),<\/strong> Jo\u00e3o Daniel (PT\/SE), Leonardo Monteiro (PT\/MG) e Fernando Mineiro (PT\/RN).<\/p>\n\n\n\n<p><strong>Congresso em Foco<\/strong><br><a href=\"https:\/\/congressoemfoco.uol.com.br\/area\/congresso-nacional\/seminario-na-camara-debate-tributacao-da-renda-e-do-patrimonio\/\">Semin\u00e1rio na C\u00e2mara debate tributa\u00e7\u00e3o da renda e do patrim\u00f4nio<\/a><br>Participaram os parlamentares&nbsp;<strong>Bohn Gass&nbsp;(PT-RS)<\/strong>,&nbsp;Guilherme Boulos&nbsp;(Psol-SP),&nbsp;Ivan Valente&nbsp;(Psol-SP),&nbsp;Mauro Benevides Filho&nbsp;(PDT-CE) e&nbsp;Reginaldo Lopes&nbsp;(PT-MG), coordenador do Grupo de Trabalho da reforma tribut\u00e1ria na C\u00e2mara.<\/p>\n\n\n\n<p><strong>Sindifisco<\/strong><br><a href=\"https:\/\/www.sindifisconacional.org.br\/prefit-2023-parlamentares-destacam-cenario-favoravel-para-aprovacao-da-reforma-tributaria\/\">Pr\u00e9-FIT 2023: Parlamentares destacam cen\u00e1rio favor\u00e1vel para aprova\u00e7\u00e3o da reforma tribut\u00e1ria<\/a><br>Para o <strong>deputado Bohn Gass (PT-RS),&nbsp;<\/strong>\u00e9 necess\u00e1rio o enfrentamento da guerra fiscal. \u201cOs grandes problemas sociais que temos hoje s\u00e3o frutos da guerra fiscal e do desordenamento tribut\u00e1rio do nosso pa\u00eds. O sistema tribut\u00e1rio atual \u00e9 burocr\u00e1tico, injusto, regressivo e tem sonega\u00e7\u00e3o. Temos que simplificar\u201d, alertou.&nbsp;<\/p>\n\n\n\n<p><strong>Brasil 247<\/strong><br><a href=\"https:\/\/www.brasil247.com\/midia\/internautas-prestam-solidariedade-a-ze-celso-que-esta-na-uti-apos-incendio-em-apartamento\">Internautas prestam solidariedade a Z\u00e9 Celso, que est\u00e1 na UTI ap\u00f3s inc\u00eandio em apartamento<\/a><br><strong>@BohnGass<\/strong> &#8211; \u00cdcone do nosso teatro, o diretor <strong>Z\u00e9 Celso Martinez<\/strong>, 86 anos, foi internado hoje, ap\u00f3s um inc\u00eandio atingir seu apartamento em S\u00e3o Paulo. N\u00e3o h\u00e1 informa\u00e7\u00f5es sobre o estado de sa\u00fade dele, mas v\u00e3o daqui as melhores energias para que se recupere bem e logo. Sa\u00fade!<\/p>\n\n\n\n<p><strong>DCM<\/strong><br><a href=\"https:\/\/www.diariodocentrodomundo.com.br\/essencial\/critica-de-carlos-alberto-de-nobrega-a-lula-faz-web-lembrar-de-candidatura-de-silvio-santos\/\">Cr\u00edtica de Carlos Alberto de N\u00f3brega a Lula faz web lembrar de candidatura de Silvio Santos<\/a><br><strong>@BohnGass<\/strong> &#8211; Fala de Carlos Alberto da N\u00f3brega, de que o pa\u00eds n\u00e3o vai bem pq <a href=\"https:\/\/twitter.com\/LulaOficial\">@LulaOficial<\/a> n\u00e3o tem curso superior, evidencia in\u00e9pcia para perceber a melhora no Brasil. N\u00f3brega deveria lembrar que seu patr\u00e3o, Silvio Santos, empres\u00e1rio de ineg\u00e1vel sucesso, s\u00f3 tem curso de T\u00e9cnico Cont\u00e1bil.<\/p>\n\n\n\n<p><strong>Sindifisco<\/strong><br><a href=\"https:\/\/www.sindifisconacional.org.br\/segundo-pre-fit-2023-defende-tributacao-de-renda-e-riqueza-como-mecanismo-distributivo\/\">Segundo Pr\u00e9-FIT 2023 defende tributa\u00e7\u00e3o de renda e riqueza como mecanismo distributivo<\/a><br>Al\u00e9m dos representantes das entidades do Fisco, participaram a chefe da Divis\u00e3o de Imposto de Renda e Propriedade do Centro de Pol\u00edtica e Administra\u00e7\u00e3o Tribut\u00e1ria da OCDE (Organiza\u00e7\u00e3o para a Coopera\u00e7\u00e3o e Desenvolvimento Econ\u00f4mico),&nbsp;Sara Perret; a pesquisadora latino-americana da Tax Justice Network, Florencia Lorenzo; o economista do Ipea Pedro Humberto Carvalho Junior; e ainda os deputados Reginaldo Lopes (PT-MG), coordenador do Grupo de Trabalho da Reforma Tribut\u00e1ria da C\u00e2mara dos Deputados; Mauro Benevides Filho (PDT-CE) e<strong> Bohn Gass (PT-RS). <\/strong>O FIT ser\u00e1 realizado no pr\u00f3ximo m\u00eas de agosto.<\/p>\n\n\n\n<p><strong>Correio do Povo<\/strong><br><a href=\"https:\/\/www.correiodopovo.com.br\/not%C3%ADcias\/pol%C3%ADtica\/reforma-tribut%C3%A1ria-veja-como-votaram-os-deputados-ga%C3%BAchos-em-1%C2%BA-turno-1.1059044\">Reforma Tribut\u00e1ria: veja como votaram os deputados ga\u00fachos em 1\u00ba turno<\/a><br><strong>SIM (17)<\/strong><br>[&#8230;]<br><strong>Bohn Gass (PT-RS) &#8211; Sim<\/strong><br>[&#8230;]<\/p>\n\n\n\n<p><strong>R\u00e1dio Progresso de Iju\u00ed<\/strong><br><a href=\"https:\/\/radioprogresso.com.br\/westphalen-alega-pouco-tempo-de-analise-ao-votar-contra-reforma-tributaria\/\">Westphalen alega pouco tempo de an\u00e1lise ao votar contra reforma tribut\u00e1ria<\/a><br>Dos deputados com mais influ\u00eancia em Iju\u00ed e regi\u00e3o, <strong>Elvino Bohn Gass<\/strong> e Dionilso Marcon, do PT; Covatti Filho, do PP; Heitor Schuch, do PSB; e Pompeo de Mattos, do PDT, votaram favor\u00e1vel \u00e0 reforma tribut\u00e1ria.<\/p>\n\n\n\n<p><strong>Sul 21<\/strong><br><a href=\"https:\/\/sul21.com.br\/noticias\/politica\/2023\/07\/reforma-tributaria-confira-como-votaram-os-deputados-do-rs\/\">Reforma tribut\u00e1ria: Confira como votaram os deputados do RS<\/a><br>Votaram a favor:<br>[&#8230;]<br><strong>Bohn Gass (PT-RS) &#8211; Sim<\/strong><br>[&#8230;]<\/p>\n\n\n\n<p><strong>RDC<\/strong><br><a href=\"https:\/\/rdctv.com.br\/destaques-do-dia\/reforma-tributaria-como-votaram-os-deputados-gauchos\/\">Reforma Tribut\u00e1ria: como votaram os deputados ga\u00fachos<\/a><br><strong>A favor<\/strong><br>[&#8230;]<br><strong>Bohn Gass (PT-RS) &#8211; Sim<\/strong><br>[&#8230;]<\/p>\n\n\n\n<p><strong>Ga\u00facha ZH<\/strong><br><a href=\"https:\/\/gauchazh.clicrbs.com.br\/economia\/noticia\/2023\/07\/reforma-tributaria-como-votaram-os-deputados-federais-gauchos-nos-dois-turnos-cljshsf4100110150i0rd5bib.html\">Reforma tribut\u00e1ria: como votaram os deputados federais ga\u00fachos nos dois turnos<\/a><br><strong>A favor<\/strong><br>[&#8230;]<br><strong>Bohn Gass (PT-RS) &#8211; Sim<\/strong><br>[&#8230;]<\/p>\n\n\n\n<p><strong>Rede Brasil Atual<\/strong><br><a href=\"https:\/\/www.redebrasilatual.com.br\/sem-categoria\/camara-aprova-reforma-tributaria-que-traz-isencao-de-impostos-para-a-cesta-basica\/\">C\u00e2mara aprova reforma tribut\u00e1ria, que traz isen\u00e7\u00e3o de impostos para a cesta b\u00e1sica<\/a><br>\u201cA primeira parte da reforma tribut\u00e1ria n\u00f3s fizemos. \u00c9 simplificar a tributa\u00e7\u00e3o no pa\u00eds, para que possamos trabalhar contra a guerra fiscal\u201d, afirmou o <strong>deputado Bohn Gass (PT-RS). <\/strong>\u201cQueremos gerar empregos, diminuir custos, desburocratizar e acabar com a sonega\u00e7\u00e3o\u201d, acrescentou.<\/p>\n\n\n\n<p><strong>Assembleia Legislativa do Paran\u00e1<\/strong><br><a href=\"https:\/\/www.assembleia.pr.leg.br\/comunicacao\/noticias\/parana-recebe-plenaria-do-ppa-participativo-com-diversidade-de-propostas-e-participacao\">Paran\u00e1 recebe plen\u00e1ria do PPA Participativo com diversidade de propostas e participa\u00e7\u00e3o dos movimentos sociais<\/a><br>Al\u00e9m dos ministros de estado do Governo Federal estiveram presentes o prefeito de Curitiba Rafael Greca, os secret\u00e1rios de estado da Sa\u00fade, Beto Preto e do Planejamento, Guto Silva, representando o governador Ratinho J\u00fanior, os deputados federais Tadeu Veneri (PT), Gleise Hoffmann (PT), Carol Dartora (PT) e <strong>Elvino Bohn Gass (PT-RS)<\/strong>, relator do Plano Plurianual (PPA) 2024-2027.<\/p>\n\n\n\n<p><strong>Metr\u00f3poles<\/strong><br><a href=\"https:\/\/www.metropoles.com\/brasil\/reforma-tributaria-veja-como-votou-cada-deputado-no-2o-turno\">Reforma tribut\u00e1ria: veja como votou cada deputado no 2\u00ba turno<\/a><br>Veja como votou cada deputado:<br>[&#8230;]<br><strong>Bohn Gass (PT-RS) &#8211; Sim<\/strong><br>[&#8230;]<\/p>\n\n\n\n<p><strong>CNN<\/strong><br><a href=\"https:\/\/www.metropoles.com\/brasil\/reforma-tributaria-veja-como-votou-cada-deputado-no-2o-turno\">Reforma tribut\u00e1ria: veja como cada deputado votou nos dois turnos<\/a><br>Veja como votou cada deputado sobre a reforma tribut\u00e1ria:<br>1\u00ba turno<br>Votaram a favor:<br>[&#8230;]<br><strong>Bohn Gass (PT-RS)<\/strong><br>[&#8230;]<br>2\u00ba turno<br>Votaram a favor:<br>[&#8230;]<br><strong>Bohn Gass (PT-RS)<\/strong><br>[&#8230;]<\/p>\n\n\n\n<p><strong>PT na C\u00e2mara<\/strong><br><a href=\"https:\/\/ptnacamara.org.br\/reforma-tributaria-nao-e-do-governo-e-do-estado-e-do-brasil-destacam-petistas\/\">Reforma Tribut\u00e1ria n\u00e3o \u00e9 do governo, \u00e9 do Estado, \u00e9 do Brasil, destacam petistas<\/a><br>Ao falar da import\u00e2ncia da Reforma Tribut\u00e1ria, o deputado&nbsp;<strong>Bohn Gass (PT-RS<\/strong>) destacou que o atual sistema tribut\u00e1rio \u00e9 ca\u00f3tico, burocr\u00e1tico, concentrador, regressivo. \u201cEle n\u00e3o \u00e9 progressivo, portanto, \u00e9 injusto porque os ricos pagam menos impostos do que os pobres no Brasil, j\u00e1 que a cobran\u00e7a \u00e9 sobre o consumo, sem transpar\u00eancia, estimula a sonega\u00e7\u00e3o e \u00e9 cumulativo\u201d, denunciou. Ele argumentou que \u00e9 preciso dar transpar\u00eancia, simplificar e acabar com a guerra fiscal.<\/p>\n\n\n\n<p><strong>Di\u00e1rio de Canoas<\/strong><br><a href=\"https:\/\/www.diariodecanoas.com.br\/noticias\/rio_grande_do_sul\/2023\/07\/07\/reforma-tributaria-veja-quais-deputados-votaram-a-favor-e-contra.html\">REFORMA TRIBUT\u00c1RIA: Veja quais deputados do RS votaram a favor e contra<\/a><br>SIM:<br>[&#8230;]<br><strong>Bohn Gass (PT-RS) &#8211; Sim<\/strong><br>[&#8230;]<\/p>\n\n\n\n<p><strong>O Presente<\/strong><br><a href=\"https:\/\/www.opresente.com.br\/politica\/reforma-tributaria-veja-como-votou-cada-deputado-e-partido-pl-de-bolsonaro-teve-20-traicoes\/\">Reforma tribut\u00e1ria: veja como cada deputado votou nos dois turnos<\/a><br>1\u00ba turno<br>[&#8230;]<br><strong>Bohn Gass (PT-RS)<\/strong> <strong>&#8211; SIM<\/strong><br>[&#8230;]<br>2\u00ba turno<br>[&#8230;]<br><strong>Bohn Gass (PT-RS)<\/strong> <strong>&#8211; SIM<\/strong><br>[&#8230;]<\/p>\n\n\n\n<p><strong>Blog do Lindenberg<\/strong><br><a href=\"https:\/\/blogdolindenberg.com.br\/reforma-tributaria-veja-como-votou-cada-deputado-e-partido-nos-2-turnos\/\">Reforma tribut\u00e1ria: veja como votou cada deputado e partido nos 2 turnos<\/a><br>1\u00ba turno<br>[&#8230;]<br><strong>Bohn Gass (PT-RS)<\/strong> <strong>&#8211; SIM<\/strong><br>[&#8230;]<br>2\u00ba turno<br>[&#8230;]<br><strong>Bohn Gass (PT-RS)<\/strong> <strong>&#8211; SIM<\/strong><br>[&#8230;]<\/p>\n\n\n\n<p><strong>Agora no Vale<\/strong><br><a href=\"https:\/\/agoranovale.com.br\/noticias\/cidades-do-vale\/marquesdesouza\/estas-obras-trazem-mais-desenvolvimento-acessibilidade-e-seguranca\/\">\u201cEstas obras trazem mais desenvolvimento, acessibilidade e seguran\u00e7a\u201d<\/a><br>Marques de Souza \u2013 Na presen\u00e7a de autoridades e moradores, a Administra\u00e7\u00e3o Municipal fez a entrega oficial do cal\u00e7amento da Rua 4 de Setembro, no Loteamento Brisas do Forqueta. Entre recursos de emendas parlamentares, liberadas pelos deputados federais <strong>Elvino Bohn Gass (PT)<\/strong> e Maur\u00edcio Dziedricki&nbsp; (Podemos) e recursos pr\u00f3prios, o investimento passou de R$ 920 mil.<\/p>\n\n\n\n<p><strong>Campos 24 horas<\/strong><br><a href=\"https:\/\/campos24horas.com.br\/noticia\/reforma-tributaria-e-aprovada-em-2o-turno-na-camara-veja-como-votou-cada-deputado\">Reforma tribut\u00e1ria \u00e9 aprovada em 2\u00ba turno na C\u00e2mara; veja como votou cada deputado<\/a><br>1\u00ba turno<br>Votaram a favor:<br>[&#8230;]<br><strong>Bohn Gass (PT-RS)<\/strong><br>[&#8230;]<br>2\u00ba turno<br>Votaram a favor:<br>[&#8230;]<br><strong>Bohn Gass (PT-RS)<\/strong><br>[&#8230;]<\/p>\n\n\n\n<p><strong>O Antagonista<\/strong><br><a href=\"https:\/\/oantagonista.uol.com.br\/brasil\/veja-como-votou-cada-deputado-no-1o-turno-da-reforma-tributaria\/\">Veja como votou cada deputado no 1\u00ba turno da reforma tribut\u00e1ria<\/a><br><strong>Confira como votou cada deputado no primeiro turno:<\/strong><br>[&#8230;]<br><strong>Bohn Gass (PT-RS)<\/strong> <strong>&#8211; SIM<\/strong><br>[&#8230;]<\/p>\n\n\n\n<p><strong>Alagoas 24horas<\/strong><br><a href=\"https:\/\/www.alagoas24horas.com.br\/1529300\/veja-como-cada-deputado-votou-na-sessao-sobre-a-reforma-tributaria\/\">Veja como cada deputado votou na sess\u00e3o sobre a reforma tribut\u00e1ria<\/a><br><strong>VOTARAM A FAVOR<\/strong><br>[&#8230;]<br><strong>Bohn Gass (PT-RS)<\/strong><br>[&#8230;]<\/p>\n\n\n\n<p><strong>Gov.br<\/strong><br><a href=\"https:\/\/www.gov.br\/secretariageral\/pt-br\/noticias\/2023\/julho\/forum-interconselhos-debatera-ppa-participativo\">F\u00f3rum Interconselhos debater\u00e1 PPA Participativo<\/a><br>O ministro da Secretaria-Geral da Presid\u00eancia da Rep\u00fablica, M\u00e1rcio Mac\u00eado, a ministra do Planejamento e Or\u00e7amento, Simone Tebet, e o <strong>deputado federal Elvino Bohn Gass (PT-RS)<\/strong>, relator do Plano Plurianual (PPA) 2024-2027 na C\u00e2mara dos Deputados, participam do F\u00f3rum Interconselhos nesta segunda-feira, dia 10, \u00e0s 14 horas, no Instituto Serzedello Corr\u00eaa \u2013 Tribunal de Contas da Uni\u00e3o (TCU), em Bras\u00edlia (DF).&nbsp;<\/p>\n\n\n\n<p><strong>Ag\u00eancia Estadual de Not\u00edcias &#8211; Paran\u00e1<\/strong><br><a href=\"https:\/\/www.aen.pr.gov.br\/Noticia\/Governador-entrega-ministra-do-Planejamento-propostas-do-Parana-para-o-PPA-da-Uniao\">Governador entrega \u00e0 ministra do Planejamento propostas do Paran\u00e1 para o PPA da Uni\u00e3o<\/a><br>PRESEN\u00c7AS&nbsp;\u2013 Tamb\u00e9m estiveram presentes no encontro o vice-governador Darci Piana; os secret\u00e1rios de Estado do Desenvolvimento Social e Fam\u00edlia, Rog\u00e9rio Carboni; e da Sa\u00fade, Beto Preto; o superintendente de Rela\u00e7\u00f5es Institucionais do Governo do Paran\u00e1, Renato Adur; o secret\u00e1rio do Codesul e ex-governador Orlando Pessuti; os secret\u00e1rios nacionais de Renda e Cidadania, Rita Cristina de Oliveira; de Articula\u00e7\u00e3o Institucional, Tot\u00f3 Prente; e de Participa\u00e7\u00e3o Social, Renato Sim\u00f5es; os deputados federais S\u00e9rgio Souza e <strong>Bohn Gass;<\/strong> o deputado estadual Anibelli Neto; e o vereador de Curitiba Professor Euller.<\/p>\n\n\n\n<p><strong>Tribuna do Pampa<\/strong><br><a href=\"https:\/\/www.tribunadopampa.com.br\/avancam-as-tratativas-para-a-lei-de-transicao-energetica-que-beneficia-candiota\/\">Avan\u00e7am as tratativas para a lei de transi\u00e7\u00e3o energ\u00e9tica que beneficia Candiota<\/a><br>Al\u00e9m do deputado Lindemeyer, os deputados federais petistas <strong>Elvino Bohn Gass<\/strong> e Dionilso Marcon ajudaram na intermedia\u00e7\u00e3o das agendas e articula\u00e7\u00f5es junto ao governo federal.<\/p>\n\n\n\n<p><strong>Folha de Pernambuco<\/strong><br><a href=\"https:\/\/www.folhape.com.br\/economia\/ppa-participativo-governo-federal-colhe-propostas-em-porto-alegre\/279687\/\">PPA Participativo: governo federal colhe propostas em Porto Alegre<\/a><br>O plano deve ser entregue ao Congresso Nacional at\u00e9 31 de agosto, acompanhando a LOA, para debate e vota\u00e7\u00e3o dos parlamentares. A relatoria j\u00e1 est\u00e1 designada para o <strong>deputado federal Elvino Bohn Gass (PT-RS).<\/strong><\/p>\n\n\n\n<p><strong>ES1.com.br<\/strong><br><a href=\"https:\/\/es1.com.br\/ppa-participativo-governo-federal-colhe-propostas-em-porto-alegre\/\">PPA Participativo: governo federal colhe propostas em Porto Alegre<\/a><br>O plano deve ser entregue ao Congresso Nacional at\u00e9 31 de agosto, acompanhando a LOA, para debate e vota\u00e7\u00e3o dos parlamentares. A relatoria j\u00e1 est\u00e1 designada para o <strong>deputado federal Elvino Bohn Gass (PT-RS).<\/strong><\/p>\n\n\n\n<p><strong>Di\u00e1rio Carioca<\/strong><br><a href=\"https:\/\/leiaisso.net\/x2sp4\/\">PPA Participativo: governo federal colhe propostas em Porto Alegre<\/a><br>O plano deve ser entregue ao Congresso Nacional at\u00e9 31 de agosto, acompanhando a LOA, para debate e vota\u00e7\u00e3o dos parlamentares. A relatoria j\u00e1 est\u00e1 designada para o <strong>deputado federal Elvino Bohn Gass (PT-RS).<\/strong><\/p>\n\n\n\n<p><strong>Rede Brasil Atual<\/strong><br><a href=\"https:\/\/www.redebrasilatual.com.br\/sem-categoria\/reforma-tributaria-nao-inclui-justica-fiscal-critica-campanha\/\">Reforma tribut\u00e1ria n\u00e3o inclui \u2018justi\u00e7a fiscal\u2019, critica campanha<\/a><br>Parlamentares tamb\u00e9m mencionaram essa quest\u00e3o durante a tramita\u00e7\u00e3o da proposta. \u201cEsta Casa tem um segundo desafio: precisamos fazer n\u00e3o s\u00f3 uma reforma sobre consumo. Tem lucros, dividendos, tem grandes propriedades e altas riquezas que n\u00e3o s\u00e3o tributadas\u201d, afirmou o <strong>deputado Bohn Gass (PT-RS), <\/strong>vice-l\u00edder do governo.<\/p>\n\n\n\n<p><strong>NDMais<\/strong><br><a href=\"https:\/\/ndmais.com.br\/justica\/justica-por-cancellier-politicos-repercutem-decisao-do-tcu-que-inocentou-ex-reitor-da-ufsc\/\">\u2018Justi\u00e7a por Cancellier\u2019: pol\u00edticos repercutem decis\u00e3o do TCU que inocentou ex-reitor da UFSC<\/a><br><strong>@BohnGass<\/strong> &#8211; O reitor Cancellier foi v\u00edtima da gan\u00e2ncia de Deltan, Moro et caterva, e da postura de grande parte da m\u00eddia, que comprou, sem cr\u00edtica, as vers\u00f5es hip\u00f3critas desses dois, tratando como criminosos qualquer um que eles apontassem.<\/p>\n\n\n\n<p><strong>Portal LHFranqui<\/strong><br><a href=\"https:\/\/www.lhfranqui.com.br\/?pg=noticias&amp;rel=2f36d2b83c714f4acc59d54b1926cfac\">Munic\u00edpio recebe duas vans para transporte de pacientes<\/a><br>Os ve\u00edculos foram adquiridos, com recuross de emendas parlamentares dos deputado federais <strong>Elvino Bohn Gass (PT\/RS)<\/strong> e Covatti Filho (Progressistas\/RS), ambas com contrapartida financeira do Munic\u00edpio.<\/p>\n\n\n\n<p><strong>Universidade Federal de Rio Grande<\/strong><br><a href=\"https:\/\/www.furg.br\/noticias\/noticias-sls\/furg-sls-divulga-programacao-do-ii-seminario-regional-sobre-desenvolvimento-e-agricultura-familiar\">FURG-SLS divulga programa\u00e7\u00e3o do II Semin\u00e1rio Regional sobre Desenvolvimento e Agricultura Familiar<\/a><br>6 de outubro<br>15h30h &#8211; 17h: Mesa 2: Alimenta\u00e7\u00e3o e seguran\u00e7a alimentar. Media\u00e7\u00e3o de Roni Carlos Bonow (CAPA). Valdo Cavallet (Universidade Federal do Paran\u00e1 &#8211; Campus Litoral); <strong>Elvino Bohn Gass (Deputado Federal e Vice-L\u00edder do Governo na C\u00e2mara)<\/strong>, Juliano de S\u00e1 (Presidente do CONSEA RS) e Wanda Griep Hirai (UFAL &#8211; Universidade Federal de Alagoas).<br><\/p>\n\n\n\n<p><strong>Brasil de Fato<\/strong><br><a href=\"https:\/\/www.brasildefators.com.br\/2023\/07\/10\/plenaria-do-plano-plurianual-participativo-lota-teatro-dante-barone-em-porto-alegre\">Plen\u00e1ria do Plano Plurianual Participativo lota Teatro Dante Barone em Porto Alegre<\/a><br>O plano deve ser entregue ao Congresso at\u00e9 31 de agosto, acompanhando a LOA, para debate e vota\u00e7\u00e3o dos parlamentares. A relatoria j\u00e1 est\u00e1 designada para o <strong>deputado federal Elvino Bohn Gass (PT-RS)<\/strong>.<br><\/p>\n\n\n\n<p><strong>ESBrasil<\/strong><br><a href=\"https:\/\/esbrasil.com.br\/ppa-participativo-governo-propostas-porto-alegre\/\">PPA Participativo: governo colhe propostas em Porto Alegre<\/a><br>O plano deve ser entregue ao Congresso at\u00e9 31 de agosto, acompanhando a LOA, para debate e vota\u00e7\u00e3o dos parlamentares. A relatoria j\u00e1 est\u00e1 designada para o <strong>deputado federal Elvino Bohn Gass (PT-RS)<\/strong>.<br><\/p>\n\n\n\n<p><strong>R\u00e1dio Missioneira<\/strong><br><a href=\"https:\/\/www.radiomissioneira.com\/deputado-bohn-gass-reforca-investimentos-em-programas-do-governo-federal\/\">Deputado Bohn Gass refor\u00e7a investimentos em programas do governo federal<\/a><br>O Plano Safra e o Programa Minha Casa, Minha Vida (com novidades tendo entrado em vigor recentemente) foram assuntos de entrevista com o <strong>deputado federal Elvino Bohn Gass (PT)<\/strong>, no Jornal da Manh\u00e3, da R\u00e1dio Missioneira.<\/p>\n\n\n\n<p><strong>O Fato Maring\u00e1<\/strong><br><a href=\"https:\/\/ofatomaringa.com\/forum-interconselhos-ajusta-politicas-para-o-plano-plurianual\/\">F\u00f3rum Interconselhos ajusta pol\u00edticas para o Plano Plurianual<\/a><br>A segunda reuni\u00e3o do F\u00f3rum Interconselhos do Governo Federal teve in\u00edcio nesta segunda-feira (10\/7), em Bras\u00edlia\/DF, e segue at\u00e9 esta ter\u00e7a,11\/7. A abertura contou com a presen\u00e7a do ministro M\u00e1rcio Mac\u00eado, da Secretaria-Geral da Presid\u00eancia, e do <strong>deputado federal Elvino Bohn Gass (PT-RS)<\/strong>, relator do Plano Plurianual (PPA) 2024-2027 na C\u00e2mara dos Deputados.<\/p>\n\n\n\n<p><strong>R\u00e1dio Progresso de Iju\u00ed<\/strong><br><a href=\"https:\/\/radioprogresso.com.br\/ministerio-da-saude-anuncia-investimento-de-r-10-milhoes-para-aquisicao-de-aparelho-para-o-cacon-do-hci\/\">Minist\u00e9rio da Sa\u00fade anuncia investimento de R$ 10 milh\u00f5es para aquisi\u00e7\u00e3o de aparelho para o Cacon do HCI<\/a><br>O an\u00fancio foi feito pelo Secret\u00e1rio Executivo da Aten\u00e7\u00e3o Especializada \u00e0 Sa\u00fade, Helv\u00e9cio Miranda, em reuni\u00e3o que reuniu o presidente do HCI, Douglas Prestes Uggeri; o vice-presidente, Marco Ant\u00f4nio Sagave; o gerente de Rela\u00e7\u00f5es Institucionais, Allan Fonseca; e os intermediadores, <strong>deputado Federal, Elvino Bohn Gass (PT)<\/strong>, e o vereador de Iju\u00ed, Beto Noronha (PT).<\/p>\n\n\n\n<p><strong>Anafe<\/strong><br><a href=\"https:\/\/anafe.org.br\/anafe-participa-da-posse-do-novo-presidente-do-inss-alessandro-stefanutto\/\">ANAFE participa da posse do novo Presidente do INSS, Alessandro Stefanutto<\/a><br>A cerim\u00f4nia de posse do novo presidente do INSS contou com a presen\u00e7a de membros da Advocacia-Geral da Uni\u00e3o, do secret\u00e1rio-executivo do Minist\u00e9rio da Previd\u00eancia Social, Wolney Oliveira, do chefe de gabinete da Secretaria de Comunica\u00e7\u00e3o Social da Presid\u00eancia (Secom), Lucas Monteiro, representando o ministro Paulo Pimenta, e dos deputados federais Silas C\u00e2mara (Republicanos\/AM), Beto Albuquerque (PSB\/RS e vice-presidente do partido), <strong>Bohn Gass (PT\/RS)<\/strong>, Fl\u00e1via Moraes (PDT\/GO), Airton Faleiro (PT\/PA), que tamb\u00e9m \u00e9 presidente da Comiss\u00e3o do Trabalho na C\u00e2mara dos Deputados, al\u00e9m de dirigentes e servidores do instituto e de outros \u00f3rg\u00e3os governamentais.<\/p>\n\n\n\n<p><strong>PDT<\/strong><br><a href=\"https:\/\/pdt.org.br\/index.php\/ministro-carlos-lupi-empossa-alessandro-stefanutto-como-presidente-do-inss\/\">Ministro Carlos Lupi empossa Alessandro Stefanutto como presidente do INSS<\/a><br>A cerim\u00f4nia de posse do novo presidente do INSS contou com a presen\u00e7a de membros da Advocacia-Geral da Uni\u00e3o, do secret\u00e1rio-executivo do Minist\u00e9rio da Previd\u00eancia Social, Wolney Oliveira, do chefe de gabinete da Secretaria de Comunica\u00e7\u00e3o Social da Presid\u00eancia (Secom), Lucas Monteiro, representando o ministro Paulo Pimenta, e dos deputados federais Silas C\u00e2mara (Republicanos\/AM), Beto Albuquerque (PSB\/RS e vice-presidente do partido), <strong>Bohn Gass (PT\/RS)<\/strong>, Fl\u00e1via Moraes (PDT\/GO), Airton Faleiro (PT\/PA), que tamb\u00e9m \u00e9 presidente da Comiss\u00e3o do Trabalho na C\u00e2mara dos Deputados, al\u00e9m de dirigentes e servidores do instituto e de outros \u00f3rg\u00e3os governamentais.<\/p>\n\n\n\n<p><strong>Voz do Brasil<\/strong><br><a href=\"https:\/\/www.camara.leg.br\/radio\/programas\/979276-programa-de-aquisicao-de-alimentos-aprovado-pelos-deputados-segue-para-o-senado\/\">Programa de Aquisi\u00e7\u00e3o de Alimentos aprovado pelos deputados segue para o Senado<\/a><br><strong>Bohn Gass (PT-RS)<\/strong>&nbsp;ressalta a import\u00e2ncia do SUS para a prote\u00e7\u00e3o da popula\u00e7\u00e3o brasileira. O deputado critica as pol\u00edticas do governo Bolsonaro em rela\u00e7\u00e3o \u00e0 pandemia de covid, afirmando que quase 700 mil brasileiros perderam a vida.<\/p>\n\n\n\n<p><strong>Portal das Miss\u00f5es<\/strong><br><a href=\"https:\/\/www.portaldasmissoes.com.br\/noticias\/view\/id\/9015\/mato-queimado-busca-apoio-para-projeto-da-ponte-so.html\">Mato Queimado busca apoio para projeto da Ponte sobre o Rio Iju\u00ed<\/a><br>A agenda teve in\u00edcio na ter\u00e7a-feira (04), visita ao Plen\u00e1rio do Senado, Senadores: Luis Carlos Heinze (PP), Hamilton Mour\u00e3o (Republicanos), Deputados Federais: Pompeo de Mattos (PTB), Pedro Westphalen (PP), Osmar Terra (MDB), Covatti Filho (PP), <strong>Bohn Gass (PT)<\/strong>, Ubiratan Sanderson (PL), M\u00e1rcio Biolchi (MDB) representado pela Assessora, Cristiane Lohmann, tamb\u00e9m participaram de audi\u00eancia junto a CNM &#8211; Confedera\u00e7\u00e3o Nacional de Munic\u00edpios.<\/p>\n\n\n\n<p><strong>PT na C\u00e2mara<\/strong><br><a href=\"https:\/\/ptnacamara.org.br\/eca-33-anos-pilar-de-protecao-as-criancas-e-adolescentes\/\">ECA 33 anos: Pilar de prote\u00e7\u00e3o \u00e0s crian\u00e7as e adolescentes<\/a><br>O deputado&nbsp;<strong>Bohn Gass (PT-RS)<\/strong>&nbsp;denunciou que nos \u00faltimos quatro anos, o governo anterior tentou acabar com pol\u00edticas p\u00fablicas que protegiam as crian\u00e7as e adolescentes. \u201cA nossa luta \u00e9 pelo movimento democr\u00e1tico para que esses 33 anos do ECA possam se consolidar com os desafios que foram colocados, vacinas para as nossas crian\u00e7as, nenhuma crian\u00e7a fora da escola e sem viol\u00eancia\u201d. O deputado tamb\u00e9m assegurou que ir\u00e1 lutar contra a redu\u00e7\u00e3o da maioridade penal.<\/p>\n\n\n\n<p><strong>Senado Not\u00edcias<\/strong><br><a href=\"https:\/\/www12.senado.leg.br\/noticias\/materias\/2023\/07\/12\/credito-de-r-1-6-milhao-para-justica-do-trabalho-e-mec-vai-a-sancao\">Cr\u00e9dito de R$ 1,6 milh\u00e3o para Justi\u00e7a do Trabalho e MEC vai a san\u00e7\u00e3o<\/a><br>O PLN 8\/2023 recebeu parecer favor\u00e1vel do relator,&nbsp;<strong>deputado Bohn Gass (PT-RS)<\/strong>, e vai agora \u00e0 san\u00e7\u00e3o presidencial.<\/p>\n\n\n\n<p><strong>Jornal de Uberaba<\/strong><br><a href=\"https:\/\/www.jornaldeuberaba.com.br\/noticia\/58706\/credito-de-r-1-6-milhao-para-justica-do-trabalho-e-mec-vai-a-sancao\">Cr\u00e9dito de R$ 1,6 milh\u00e3o para Justi\u00e7a do Trabalho e MEC vai a san\u00e7\u00e3o<\/a><br>O PLN 8\/2023 recebeu parecer favor\u00e1vel do relator,&nbsp;<strong>deputado Bohn Gass (PT-RS)<\/strong>, e vai agora \u00e0 san\u00e7\u00e3o presidencial.<\/p>\n\n\n\n<p><strong>Rede Brasil Atual<\/strong><br><a href=\"https:\/\/www.redebrasilatual.com.br\/sem-categoria\/ciclone-arrasta-caminhoes-placas-e-deixa-dois-mortos-agora-vem-o-frio\/\">Ciclone arrasta caminh\u00f5es, placas e deixa dois mortos. Agora, vem o frio<\/a><br>J\u00e1 o vice-l\u00edder do governo Lula no Congresso, <strong>deputado Bohn Gass<\/strong>, tamb\u00e9m do PT do Rio Grande do Sul, chama a aten\u00e7\u00e3o para os efeitos do aquecimento global. \u201cPassagem de mais um ciclone extratropical pelo Rio Grande do Sul, causou a morte de um idoso, atingido por uma \u00e1rvore na cidade de Rio Grande. Em junho, 16 pessoas morreram por conta de outro ciclone. \u00c9 urgente pensar medidas mais efetivas para enfrentar a crise clim\u00e1tica\u201d, disse.<\/p>\n\n\n\n<p><strong>R\u00e1dio Progresso de Iju\u00ed<\/strong><br><a href=\"https:\/\/radioprogresso.com.br\/hci-anuncia-oficialmente-chegada-de-novo-acelerador-linear\/\">HCI anuncia oficialmente chegada de novo Acelerador Linear<\/a><br>\u201cEstamos cumprindo com o nosso papel enquanto vereador eleito. Temos essa obriga\u00e7\u00e3o de fazermos essa intermedia\u00e7\u00e3o junto ao governo federal, e a nossa comunidade sabe da rela\u00e7\u00e3o estreita com o <strong>deputado federal Elvino Bohn Gass,<\/strong> que teve um papel fundamental nesse processo de articula\u00e7\u00e3o de agendas e de intermedia\u00e7\u00f5es junto ao Minist\u00e9rio da Sa\u00fade. N\u00f3s ficamos muito felizes, porque \u00e9 o retorno de um governo que fortalece o SUS\u201d, frisa o vereador ijuiense.<\/p>\n\n\n\n<p><strong>Grupo Hospitalar Concei\u00e7\u00e3o<\/strong><br><a href=\"https:\/\/www.ghc.com.br\/noticia.aberta.asp?idRegistro=28944\">GHC promove semin\u00e1rio de aproxima\u00e7\u00e3o entre equipe de nutri\u00e7\u00e3o e produtores da agricultura familiar<\/a><br>O evento reuniu cerca de 80 pessoas, contando com a presen\u00e7a dos diretores do GHC, Gilberto Barichello, Jo\u00e3o Motta, Quelen da Silva e Lu\u00eds Ant\u00f4nio Benvegnu, do <strong>deputado federal Elvino Bohn Gass<\/strong>, do deputado estadual Ad\u00e3o Pretto Filho, da superintendente regional do Rio Grande do Sul da Companhia Nacional de Abastecimento, Luzia Teixeira, do presidente do Conselho de Seguran\u00e7a Alimentar e Nutricional Sustent\u00e1vel do RS, Juliano de S\u00e1, e do vice-presidente do Conselho Municipal de Seguran\u00e7a Alimentar de Porto Alegre, Cacique Mois\u00e9s.<\/p>\n\n\n\n<p><strong>Conselho Federal de Psicologia<\/strong><br><a href=\"https:\/\/site.cfp.org.br\/cfp-mobiliza-parlamentares-para-articular-a-aprovacao-de-projetos-de-lei-relacionados-a-psicologia\/\">CFP mobiliza parlamentares para articular a aprova\u00e7\u00e3o de projetos de lei relacionados \u00e0 Psicologia<\/a><br>No Senado, o presidente da Autarquia se reuniu com o l\u00edder do Governo no Congresso, o senador Randolfe Rodrigues (REDE-AP), e com os senadores Marcelo Castro (MDB-PI) e Rog\u00e9rio Carvalho (PT-SE). Na C\u00e2mara, houve encontros com as deputadas Erika Kokay (PT-DF), Erika Hilton (PSOL-SP), Tal\u00edria Petrone (PSOL-RJ) e com os <strong>deputados Bohn Gass (PT-RS)<\/strong>, Prof. Reginaldo Veras (PV-DF) e Andr\u00e9 Janones (Avante-MG).<\/p>\n\n\n\n<p><strong>O Di\u00e1rio<\/strong><br><a href=\"https:\/\/odiario.net\/noticias\/regiao\/ivoti-pavimentacao-da-rua-pedro-diehl-esta-em-fase-final\/\">Ivoti: pavimenta\u00e7\u00e3o da Rua Pedro Diehl est\u00e1 em fase final<br><\/a>Gostar\u00edamos de agradecer ao Vereador \u00c9dio Vogel que intermediou o recurso junto ao <strong>deputado Bohn Gass.<\/strong> A comunidade de Ivoti, especialmente da localidade, agradece, pois&nbsp;a estrada estava muito cr\u00edtica, prejudicando o tr\u00e1fego de ve\u00edculos e pedestres\u201d, comenta o prefeito Martin Kalkmann.<\/p>\n\n\n\n<p><strong>Partido dos Trabalhadores<\/strong><br><a href=\"https:\/\/pt.org.br\/brasil-no-rumo-certo-com-lula-familias-voltam-a-ter-comida-e-teto\/\">Brasil no Rumo Certo: com Lula, fam\u00edlias voltam a ter comida e teto<br><\/a>\u201cDaqui a pouco, o Brasil vai de novo sair do Mapa da Fome, e o programa Bolsa Fam\u00edlia vai ser, com certeza, n\u00e3o o \u00fanico, mas o principal motivo\u201d, previu o <strong>deputado federal Bohn Gass (PT-RS)<\/strong>, em entrevista ao Jornal PT Brasil.<\/p>\n\n\n\n<p><strong>Voz do Brasil<\/strong><br><a href=\"https:\/\/www.camara.leg.br\/radio\/programas\/980517-comissao-de-constituicao-e-justica-faz-balanco-das-atividades-do-primeiro-semestre\/\">Bohn Gass comemora aprova\u00e7\u00e3o da Reforma Tribut\u00e1ria<br><\/a>Para&nbsp;<strong>Bohn Gass (PT-RS)<\/strong>, a aprova\u00e7\u00e3o da reforma tribut\u00e1ria na C\u00e2mara \u00e9 mais uma etapa do processo de reconstru\u00e7\u00e3o do Pa\u00eds. Ele afirma que o governo Lula tem trabalhado para que o Brasil volte a ser reconhecido e respeitado na geopol\u00edtica mundial.<\/p>\n\n\n\n<p><strong>Anfip<\/strong><br><a href=\"https:\/\/www.anfip.org.br\/carreira\/aposentadorias-e-pensoes\/frente-da-previdencia-discute-retomada-das-atividades\/\">Frente da Previd\u00eancia discute retomada das atividades<br><\/a>Sobre a Frente \u2013&nbsp;O colegiado \u00e9 coordenado pelos deputados Andr\u00e9 Figueiredo (PDT\/CE), <strong>Bohn Gass (PT\/RS)<\/strong> e pelo senador Paulo Paim (PT\/RS). Tamb\u00e9m fazem parte do grupo diversas entidades associativas e sindicais, atuando em conjunto contra os preju\u00edzos da Emenda Constitucional 103\/19 (Reforma da Previd\u00eancia).<\/p>\n\n\n\n<p><strong>Galera Vermelha<\/strong><br><a href=\"https:\/\/galeravermelha.com.br\/deputado-bohn-gass-entrega-veiculos-para-prefeituras-do-interior-de-rs\/\">Deputado Bohn Gass entrega ve\u00edculos para prefeituras do interior de RS<\/a><br>O deputado federal do Rio Grande do Sul, <strong>Bohn Gass (PT)<\/strong>, esteve neste s\u00e1bado (22) no munic\u00edpio de Cerro Largo entregou um ve\u00edculo tipo Van, que servir\u00e1 para transporte de pacientes na \u00e1rea da Sa\u00fade.<\/p>\n\n\n\n<p><strong>Folha Popular<\/strong><br><a href=\"https:\/\/folhapopular.info\/index.php\/2023\/07\/25\/pt-de-teutonia-realiza-encontro-com-deputado-elvino-bohn-gass\/\">PT de Teut\u00f4nia realiza encontro com deputado Elvino Bohn Gass<\/a><br>O PT de Teut\u00f4nia realizou, na quinta-feira (20\/7), um encontro com lideran\u00e7as regionais. O momento aconteceu no Clube Teutoniense. Participaram ainda filiados e simpatizantes. A reuni\u00e3o teve a presen\u00e7a do <strong>deputado federal Elvino Bohn Gass<\/strong>, que \u00e9 vice-l\u00edder do governo no Congresso e relator do Plano Plurianual (PPA).<\/p>\n\n\n\n<p><strong>Grupo A Hora<\/strong><br><a href=\"https:\/\/grupoahora.net.br\/conteudos\/2023\/07\/22\/guardas-municipais-armados-em-lajeado\/\">PT se reagrupa em Teut\u00f4nia<\/a><br>Na quinta-feira, por exemplo, o PT local \u2013 que completou 43 anos em mar\u00e7o passado \u2013 realizou uma calorosa recep\u00e7\u00e3o ao deputado federal, <strong>Elvino Bohn Gass.<\/strong> Tamb\u00e9m estavam presentes l\u00edderes partid\u00e1rios de Westfalia, Estrela, Fazenda Vilanova, Imigrante, Paverama, Bom Retiro do Sul, Cruzeiro do Sul, Encantado, Lajeado, Colinas e Po\u00e7o das Antas.<\/p>\n\n\n\n<p><strong>Senado Not\u00edcias<\/strong><br><a href=\"https:\/\/www12.senado.leg.br\/noticias\/materias\/2023\/07\/26\/lei-abre-credito-orcamentario-para-despesas-em-tribunais-e-universidades\">Lei abre cr\u00e9dito or\u00e7ament\u00e1rio para despesas em tribunais e universidades<\/a><br>A lei \u00e9 oriunda do PLN 8\/2023, aprovado pelo Congresso Nacional no in\u00edcio do m\u00eas. O relator do projeto foi o <strong>deputado Bohn Gass (PT-RS).<\/strong><\/p>\n\n\n\n<p><strong>Sinpro\/DF<\/strong><br><a href=\"https:\/\/www.sinprodf.org.br\/prev31\/\">Lan\u00e7amento da Frente Parlamentar Mista em Defesa da Previd\u00eancia Social P\u00fablica na 57\u00aa Legislatura<\/a><br>O ato pol\u00edtico de lan\u00e7amento ser\u00e1 realizado na ter\u00e7a-feira, 9 de agosto, no Audit\u00f3rio Nereu Ramos da C\u00e2mara dos Deputados: confira a programa\u00e7\u00e3o no final deste texto. Sob a coordena\u00e7\u00e3o dos deputados Andr\u00e9 Figueiredo (PDT-CE), <strong>Bohn Gass (PT-RS)<\/strong> e senador Paulo Paim (PT-RS), a frente conta com a participa\u00e7\u00e3o de v\u00e1rios(as) parlamentares das duas Casas Legislativas e tem como uma de suas propostas unificar a luta em defesa dos direitos previdenci\u00e1rios e da Previd\u00eancia Social P\u00fablica para todos(as) os(as) brasileiros(as).<\/p>\n\n\n\n<p><\/p>\n","protected":false},"excerpt":{"rendered":"<p>Sintrajufe\/RSUnidade, luta e democracia s\u00e3o destacadas na abertura do 10\u00ba Congresso Estadual do Sintrajufe\/RS, na noite desta sexta-feiraEm sua manifesta\u00e7\u00e3o, o deputado federal Elvino Bohn Gass (PT-RS) afirmou que \u201cdireitos s\u00f3 existem na democracia\u201d, porque no fascismo e no autoritarismo, fora da democracia, \u201cn\u00e3o h\u00e1 chance nenhuma de exigir direitos\u201d. Voz do BrasilRetorno do Minist\u00e9rio [&hellip;]<\/p>\n","protected":false},"author":1,"featured_media":0,"parent":0,"menu_order":0,"comment_status":"closed","ping_status":"closed","template":"","meta":{"footnotes":""},"class_list":["post-2867","page","type-page","status-publish","hentry"],"yoast_head":"<!-- This site is optimized with the Yoast SEO plugin v27.4 - https:\/\/yoast.com\/product\/yoast-seo-wordpress\/ -->\n<title>Julho 2023 - Deputado Federal Bohn Gass \u2605 PT\/RS<\/title>\n<meta name=\"robots\" content=\"index, follow, max-snippet:-1, max-image-preview:large, max-video-preview:-1\" \/>\n<link rel=\"canonical\" href=\"https:\/\/bohngass.com.br\/?page_id=2867\" \/>\n<meta property=\"og:locale\" content=\"pt_BR\" \/>\n<meta property=\"og:type\" content=\"article\" \/>\n<meta property=\"og:title\" content=\"Julho 2023 - Deputado Federal Bohn Gass \u2605 PT\/RS\" \/>\n<meta property=\"og:description\" content=\"Sintrajufe\/RSUnidade, luta e democracia s\u00e3o destacadas na abertura do 10\u00ba Congresso Estadual do Sintrajufe\/RS, na noite desta sexta-feiraEm sua manifesta\u00e7\u00e3o, o deputado federal Elvino Bohn Gass (PT-RS) afirmou que \u201cdireitos s\u00f3 existem na democracia\u201d, porque no fascismo e no autoritarismo, fora da democracia, \u201cn\u00e3o h\u00e1 chance nenhuma de exigir direitos\u201d. Voz do BrasilRetorno do Minist\u00e9rio [&hellip;]\" \/>\n<meta property=\"og:url\" content=\"https:\/\/bohngass.com.br\/?page_id=2867\" \/>\n<meta property=\"og:site_name\" content=\"Deputado Federal Bohn Gass \u2605 PT\/RS\" \/>\n<meta property=\"article:publisher\" content=\"https:\/\/www.facebook.com\/bohngass13\" \/>\n<meta property=\"article:modified_time\" content=\"2023-08-22T18:42:37+00:00\" \/>\n<meta name=\"twitter:card\" content=\"summary_large_image\" \/>\n<meta name=\"twitter:site\" content=\"@BohnGass\" \/>\n<script type=\"application\/ld+json\" class=\"yoast-schema-graph\">{\"@context\":\"https:\\\/\\\/schema.org\",\"@graph\":[{\"@type\":\"WebPage\",\"@id\":\"https:\\\/\\\/bohngass.com.br\\\/?page_id=2867\",\"url\":\"https:\\\/\\\/bohngass.com.br\\\/?page_id=2867\",\"name\":\"Julho 2023 - Deputado Federal Bohn Gass \u2605 PT\\\/RS\",\"isPartOf\":{\"@id\":\"https:\\\/\\\/bohngass.com.br\\\/#website\"},\"datePublished\":\"2023-07-31T14:23:23+00:00\",\"dateModified\":\"2023-08-22T18:42:37+00:00\",\"breadcrumb\":{\"@id\":\"https:\\\/\\\/bohngass.com.br\\\/?page_id=2867#breadcrumb\"},\"inLanguage\":\"pt-BR\",\"potentialAction\":[{\"@type\":\"ReadAction\",\"target\":[\"https:\\\/\\\/bohngass.com.br\\\/?page_id=2867\"]}]},{\"@type\":\"BreadcrumbList\",\"@id\":\"https:\\\/\\\/bohngass.com.br\\\/?page_id=2867#breadcrumb\",\"itemListElement\":[{\"@type\":\"ListItem\",\"position\":1,\"name\":\"In\u00edcio\",\"item\":\"https:\\\/\\\/bohngass.com.br\\\/\"},{\"@type\":\"ListItem\",\"position\":2,\"name\":\"Julho 2023\"}]},{\"@type\":\"WebSite\",\"@id\":\"https:\\\/\\\/bohngass.com.br\\\/#website\",\"url\":\"https:\\\/\\\/bohngass.com.br\\\/\",\"name\":\"Deputado Federal Bohn Gass \u2605 PT\\\/RS\",\"description\":\"Deputado Federal Bohn Gass\",\"publisher\":{\"@id\":\"https:\\\/\\\/bohngass.com.br\\\/#organization\"},\"potentialAction\":[{\"@type\":\"SearchAction\",\"target\":{\"@type\":\"EntryPoint\",\"urlTemplate\":\"https:\\\/\\\/bohngass.com.br\\\/?s={search_term_string}\"},\"query-input\":{\"@type\":\"PropertyValueSpecification\",\"valueRequired\":true,\"valueName\":\"search_term_string\"}}],\"inLanguage\":\"pt-BR\"},{\"@type\":\"Organization\",\"@id\":\"https:\\\/\\\/bohngass.com.br\\\/#organization\",\"name\":\"Deputado Bohn Gass\",\"url\":\"https:\\\/\\\/bohngass.com.br\\\/\",\"logo\":{\"@type\":\"ImageObject\",\"inLanguage\":\"pt-BR\",\"@id\":\"https:\\\/\\\/bohngass.com.br\\\/#\\\/schema\\\/logo\\\/image\\\/\",\"url\":\"http:\\\/\\\/bohngass.com.br\\\/wp-content\\\/uploads\\\/2021\\\/01\\\/logo.png\",\"contentUrl\":\"http:\\\/\\\/bohngass.com.br\\\/wp-content\\\/uploads\\\/2021\\\/01\\\/logo.png\",\"width\":357,\"height\":355,\"caption\":\"Deputado Bohn Gass\"},\"image\":{\"@id\":\"https:\\\/\\\/bohngass.com.br\\\/#\\\/schema\\\/logo\\\/image\\\/\"},\"sameAs\":[\"https:\\\/\\\/www.facebook.com\\\/bohngass13\",\"https:\\\/\\\/x.com\\\/BohnGass\",\"https:\\\/\\\/www.instagram.com\\\/bohn_gass\\\/\",\"https:\\\/\\\/www.youtube.com\\\/BohnGass13\\\/\",\"https:\\\/\\\/pt.wikipedia.org\\\/wiki\\\/Bohn_Gass\"]}]}<\/script>\n<!-- \/ Yoast SEO plugin. -->","yoast_head_json":{"title":"Julho 2023 - Deputado Federal Bohn Gass \u2605 PT\/RS","robots":{"index":"index","follow":"follow","max-snippet":"max-snippet:-1","max-image-preview":"max-image-preview:large","max-video-preview":"max-video-preview:-1"},"canonical":"https:\/\/bohngass.com.br\/?page_id=2867","og_locale":"pt_BR","og_type":"article","og_title":"Julho 2023 - Deputado Federal Bohn Gass \u2605 PT\/RS","og_description":"Sintrajufe\/RSUnidade, luta e democracia s\u00e3o destacadas na abertura do 10\u00ba Congresso Estadual do Sintrajufe\/RS, na noite desta sexta-feiraEm sua manifesta\u00e7\u00e3o, o deputado federal Elvino Bohn Gass (PT-RS) afirmou que \u201cdireitos s\u00f3 existem na democracia\u201d, porque no fascismo e no autoritarismo, fora da democracia, \u201cn\u00e3o h\u00e1 chance nenhuma de exigir direitos\u201d. Voz do BrasilRetorno do Minist\u00e9rio [&hellip;]","og_url":"https:\/\/bohngass.com.br\/?page_id=2867","og_site_name":"Deputado Federal Bohn Gass \u2605 PT\/RS","article_publisher":"https:\/\/www.facebook.com\/bohngass13","article_modified_time":"2023-08-22T18:42:37+00:00","twitter_card":"summary_large_image","twitter_site":"@BohnGass","schema":{"@context":"https:\/\/schema.org","@graph":[{"@type":"WebPage","@id":"https:\/\/bohngass.com.br\/?page_id=2867","url":"https:\/\/bohngass.com.br\/?page_id=2867","name":"Julho 2023 - Deputado Federal Bohn Gass \u2605 PT\/RS","isPartOf":{"@id":"https:\/\/bohngass.com.br\/#website"},"datePublished":"2023-07-31T14:23:23+00:00","dateModified":"2023-08-22T18:42:37+00:00","breadcrumb":{"@id":"https:\/\/bohngass.com.br\/?page_id=2867#breadcrumb"},"inLanguage":"pt-BR","potentialAction":[{"@type":"ReadAction","target":["https:\/\/bohngass.com.br\/?page_id=2867"]}]},{"@type":"BreadcrumbList","@id":"https:\/\/bohngass.com.br\/?page_id=2867#breadcrumb","itemListElement":[{"@type":"ListItem","position":1,"name":"In\u00edcio","item":"https:\/\/bohngass.com.br\/"},{"@type":"ListItem","position":2,"name":"Julho 2023"}]},{"@type":"WebSite","@id":"https:\/\/bohngass.com.br\/#website","url":"https:\/\/bohngass.com.br\/","name":"Deputado Federal Bohn Gass \u2605 PT\/RS","description":"Deputado Federal Bohn Gass","publisher":{"@id":"https:\/\/bohngass.com.br\/#organization"},"potentialAction":[{"@type":"SearchAction","target":{"@type":"EntryPoint","urlTemplate":"https:\/\/bohngass.com.br\/?s={search_term_string}"},"query-input":{"@type":"PropertyValueSpecification","valueRequired":true,"valueName":"search_term_string"}}],"inLanguage":"pt-BR"},{"@type":"Organization","@id":"https:\/\/bohngass.com.br\/#organization","name":"Deputado Bohn Gass","url":"https:\/\/bohngass.com.br\/","logo":{"@type":"ImageObject","inLanguage":"pt-BR","@id":"https:\/\/bohngass.com.br\/#\/schema\/logo\/image\/","url":"http:\/\/bohngass.com.br\/wp-content\/uploads\/2021\/01\/logo.png","contentUrl":"http:\/\/bohngass.com.br\/wp-content\/uploads\/2021\/01\/logo.png","width":357,"height":355,"caption":"Deputado Bohn Gass"},"image":{"@id":"https:\/\/bohngass.com.br\/#\/schema\/logo\/image\/"},"sameAs":["https:\/\/www.facebook.com\/bohngass13","https:\/\/x.com\/BohnGass","https:\/\/www.instagram.com\/bohn_gass\/","https:\/\/www.youtube.com\/BohnGass13\/","https:\/\/pt.wikipedia.org\/wiki\/Bohn_Gass"]}]}},"_links":{"self":[{"href":"https:\/\/bohngass.com.br\/index.php?rest_route=\/wp\/v2\/pages\/2867","targetHints":{"allow":["GET"]}}],"collection":[{"href":"https:\/\/bohngass.com.br\/index.php?rest_route=\/wp\/v2\/pages"}],"about":[{"href":"https:\/\/bohngass.com.br\/index.php?rest_route=\/wp\/v2\/types\/page"}],"author":[{"embeddable":true,"href":"https:\/\/bohngass.com.br\/index.php?rest_route=\/wp\/v2\/users\/1"}],"replies":[{"embeddable":true,"href":"https:\/\/bohngass.com.br\/index.php?rest_route=%2Fwp%2Fv2%2Fcomments&post=2867"}],"version-history":[{"count":0,"href":"https:\/\/bohngass.com.br\/index.php?rest_route=\/wp\/v2\/pages\/2867\/revisions"}],"wp:attachment":[{"href":"https:\/\/bohngass.com.br\/index.php?rest_route=%2Fwp%2Fv2%2Fmedia&parent=2867"}],"curies":[{"name":"wp","href":"https:\/\/api.w.org\/{rel}","templated":true}]}}