{"id":3283,"date":"2024-03-04T12:10:59","date_gmt":"2024-03-04T15:10:59","guid":{"rendered":"https:\/\/bohngass.com.br\/?page_id=3283"},"modified":"2024-04-01T17:02:27","modified_gmt":"2024-04-01T20:02:27","slug":"marco-2024","status":"publish","type":"page","link":"https:\/\/bohngass.com.br\/?page_id=3283","title":{"rendered":"Mar\u00e7o 2024"},"content":{"rendered":"\n<p><strong>Brasil de Fato<br><\/strong><a href=\"https:\/\/www.brasildefators.com.br\/2024\/03\/01\/democracia-clima-fome-paz\">Democracia, clima, fome, paz<\/a><br>O <strong>deputado federal Elvino Bohn Gass<\/strong>, solicitado a trazer elementos para uma an\u00e1lise de conjuntura, lembrou que h\u00e1 hoje quatro temas fundamentais a preocupar militantes sociais, e a estarem no centro da luta de militantes, democratas, sonhadoras e sonhadores:<\/p>\n\n\n\n<p><strong>Confedera\u00e7\u00e3o Nacional dos Transportes<br><\/strong><a href=\"https:\/\/cnt.org.br\/agencia-cnt\/com-presena-da-cnt-frente-parlamentar-de-energia-lana-agenda-institucional-para-2024\">Com presen\u00e7a da CNT, Frente Parlamentar de Recursos Naturais e Energia lan\u00e7a agenda institucional para 2024<\/a><br>Al\u00e9m disso, houve a composi\u00e7\u00e3o da nova diretoria da \u201cFrente de Energia 2024\u201d. Passaram a integrar o colegiado os seguintes parlamentares:<br>Senador Veneziano Vital do R\u00eago (MDB\/PB) \u2013 presidente<br>Senadora Leila Barros (PDT\/DF) \u2013 vice-presidente<br>Deputado federal Z\u00e9 Vitor (PL\/MG) \u2013 vice-presidente<br>Deputado federal Arnaldo Jardim (CIDADANIA\/SP) \u2013 presidente do Conselho Consultivo<br><strong>Deputado federal Bohn Gass (PT\/RS) \u2013 vice-presidente do Conselho Consultivo<\/strong><br>Deputado federal Julio Lopes (PP\/RJ) \u2013 vice-presidente de Petr\u00f3leo<br>Senador Laercio Oliveira (PP\/SE) \u2013 vice-presidente de G\u00e1s Natural<br>Deputado federal Luiz Fernando Faria (PSD\/MG) \u2013 vice-presidente de Combust\u00edveis e Biocombust\u00edveis<br>Senador Esperidi\u00e3o Amin (PP\/SC) \u2013 vice-presidente de Minerais Energ\u00e9ticos<br>Senador Fernando Dueire (MDB\/PE) \u2013 vice-presidente de Fontes Renov\u00e1veis<br>Deputado federal Carlos Zarattini (PT\/SP) \u2013 vice-presidente de Infraestrutura Energ\u00e9tica<br>Senador Carlos Portilho (PL\/RJ) \u2013 vice-presidente de Transi\u00e7\u00e3o Energ\u00e9tica<br>Deputado federal Reginaldo Lopes (PT\/MG) \u2013 vice-presidente de Assuntos Tribut\u00e1rios<br>Deputado federal Carlos Veras (PT\/PE) \u2013 vice-presidente de Assuntos Sociais<br>Senador Fabiano Contarato (PT\/ES) \u2013 vice-presidente de Meio Ambiente e Sustentabilidade<br>Deputado federal Bandeira de Mello (PSB\/RJ) \u2013 vice-presidente de Efici\u00eancia Energ\u00e9tica<br>Deputado federal Pedro Campos (PSB\/PE) \u2013 vice-presidente de Industrializa\u00e7\u00e3o e Economia Verde<br>Deputado federal Rodrigo de Castro (UNI\u00c3O\/MG) \u2013 vice-presidente de Seguran\u00e7a Energ\u00e9tica<\/p>\n\n\n\n<p><strong>Portal das Miss\u00f5es<br><\/strong><a href=\"https:\/\/www.portaldasmissoes.com.br\/noticias\/view\/id\/11033\/prefeito-ruben-weimer-confirma-mais-de-r$-3-milhoe.html\">Prefeito Ruben Weimer confirma mais de R$ 3 milh\u00f5es em recursos para Giru\u00e1 em viagem \u00e0 Bras\u00edlia<\/a><br>Os parlamentares que j\u00e1 confirmaram que enviar\u00e3o recursos financeiros ao munic\u00edpio, s\u00e3o os deputados Sanderson (PL), Osmar Terra (MDB), Pedro Westphalen (PP) e Afonso Motta (PDT); e, os senadores Luiz Carlos Heinze (PP) e Mour\u00e3o (MDB). N\u00e3o confirmaram valores, mas asseguraram emendas ao munic\u00edpio de Giru\u00e1, o <strong>deputado Elvino Bohn Gass (PT)<\/strong> e a deputada Any Ortiz (Cidadania).<\/p>\n\n\n\n<p><strong>LA Mais<br><\/strong><a href=\"https:\/\/lamais.com.br\/noticia\/64185\/deputado-bohn-gass-repassa-r-750-mil-as-casas-de-saude-da-regiao\">Deputado Bohn Gass repassa R$ 650 mil \u00e0s casas de sa\u00fade da regi\u00e3o<\/a><br>Na manh\u00e3 de desta sexta, 1\u00ba de mar\u00e7o, as dire\u00e7\u00f5es do Hospital Divina Provid\u00eancia (HDP) e do Hospital de Caridade de Cai\u00e7ara receberam uma grande not\u00edcia. O <strong>deputado Federal do PT\/RS<\/strong>, Elvino Bohn Gass, repassou \u00e0s casas de sa\u00fade da regi\u00e3o R$ 650 mil \u2013 R$ 500 mil ao HDP e R$ 150 mil ao HC de Cai\u00e7ara.<\/p>\n\n\n\n<p><strong>CNN<\/strong><br><a href=\"https:\/\/www.cnnbrasil.com.br\/politica\/projeto-que-cria-tarifa-social-de-agua-e-esgoto-e-aprovado-na-camara\/\">Projeto que cria tarifa social de \u00e1gua e esgoto \u00e9 aprovado na C\u00e2mara<\/a><br>O <strong>deputado Bohn Gass (PT-RS)<\/strong> elogiou proposta e afirmou que o projeto contribui para o processo de universaliza\u00e7\u00e3o do acesso \u00e0 \u00e1gua com qualidade e o tratamento de esgoto no Brasil.<\/p>\n\n\n\n<p><strong>Grupo A Plat\u00e9ia<br><\/strong><a href=\"https:\/\/www.aplateia.com.br\/2024\/03\/02\/radar-da-politica-estado-e-municipios\/\">Radar da Politica | Estado e munic\u00edpios<\/a><br>O parlamentar solicitou, e diz ter sido atendido pelo <strong>deputado Bohn Gass (PT)<\/strong>, um valor de R$ 600 mil para que o munic\u00edpio compre servi\u00e7os de ginecologia e neuropediatria. O vereador Aquiles Pires tamb\u00e9m acompanhou a a\u00e7\u00e3o. Da mesma forma, o vereador Leandro Ferreira articulou, junto ao deputado federal Dionilso Marcon (PT), R$ 350 mil para a constru\u00e7\u00e3o de uma quadra poliesportiva no Cerro da Cruz.<\/p>\n\n\n\n<p><strong>Luiz M\u00fcller Blog<br><\/strong><a href=\"https:\/\/luizmuller.com\/2024\/03\/01\/democracia-clima-combate-a-fome-paz-por-selvino-heck\/\">DEMOCRACIA, CLIMA, COMBATE A FOME, PAZ<\/a><br>O <strong>deputado federal Elvino Bohn Gass<\/strong>, solicitado a trazer elementos para uma an\u00e1lise de conjuntura, lembrou que h\u00e1 hoje 4 temas fundamentais a preocupar militantes sociais, e a estarem no centro da luta de militantes, democratas, sonhadoras e sonhadores:<\/p>\n\n\n\n<p><strong>Progresso News<br><\/strong><a href=\"https:\/\/www.progressonewsrs.com.br\/camara-de-vereadores-de-progresso\/tres-projetos-foram-aprovados-em-sessao-ordinaria-em-04-de-marco-de-2024-1591\">TR\u00caS PROJETOS FORAM APROVADOS EM SESS\u00c3O ORDIN\u00c1RIA EM 04 DE MAR\u00c7O DE 2024<\/a><br>PROJETO DE LEI N\u00ba 2892.09, DE 21 DE FEVEREIRO DE 2024.<br>Autoriza o Poder Executivo a firmar conv\u00eanio com a Sociedade Sulina Divina Provid\u00eancia \u2013 Hospital Santa Isabel, para o repasse de recursos financeiros. [\u2026] referentes a indica\u00e7\u00e3o de propostas apresentadas por Deputados Federais, apoiadores do Munic\u00edpio, conforme segue: I \u2013 Proposta n\u00ba 192631, do <strong>Deputado Elvino Bohn Gass PT\/RS<\/strong>: R$ 300 mil reais. II Proposta n\u00ba 190780 \u2013 do Deputado Pedro Westphalen Progressistas\/RS: R$ 100 mil reais.<\/p>\n\n\n\n<p><strong>M\u00e1xima FM<br><\/strong><a href=\"http:\/\/maximafm107.com.br\/noticia\/30752\/prefeito-diego-de-engenho-velho-recebe-em-seu-gabinete-visita-da-assessoria-de-deputado-federal\">Prefeito Diego de Engenho Velho, recebe em seu gabinete visita da assessoria de deputado Federal<\/a><br>O prefeito Diego teve o prazer de receber em seu gabinete a assessoria do <strong>deputado federal, Elvino Jos\u00e9 Bohn Gass<\/strong>, para a entrega de um of\u00edcio destinando R$ 100 mil para a sa\u00fade do munic\u00edpio.<\/p>\n\n\n\n<p><strong>Sindifisco<\/strong><br><a href=\"https:\/\/www.sindifisconacional.org.br\/com-atuacao-decisiva-do-sindifisco-pec-social-ultrapassa-as-171-assinaturas-para-tramitar-na-camara\/\">Com atua\u00e7\u00e3o decisiva do Sindifisco, PEC Social ultrapassa as 171 assinaturas para tramitar na C\u00e2mara<\/a><br>Dentre os parlamentares que assinaram a peti\u00e7\u00e3o nesta ter\u00e7a-feira (5), est\u00e3o os deputados Reginaldo Lopes (PT-MG), <strong>Elvino Jos\u00e9 Bohn Gass (PT-RS),<\/strong> Lu\u00eds Tib\u00e9 (Avante-MG), Lafayette de Andrada (Republicanos-MG) e Guilherme Boulos (PSOL-SP).<\/p>\n\n\n\n<p><strong>Sul 21<br><\/strong><a href=\"https:\/\/sul21.com.br\/noticias\/geral\/2024\/03\/governo-federal-anuncia-retirada-da-trensurb-do-plano-de-desestatizacao\/\">Governo federal anuncia retirada da Trensurb do plano de desestatiza\u00e7\u00e3o<\/a><br>Tamb\u00e9m participou da reuni\u00e3o com Cavalcanti o vice-l\u00edder do governo Lula no Congresso Nacional, <strong>deputado Elvino Bohn Gass (PT).<\/strong> \u201cSe a empresa fosse entregue ao lucro privado, a \u00fanica forma de manter tarifas acess\u00edveis seria com altos subs\u00eddios governamentais. Neste caso, n\u00e3o h\u00e1 sentido na privatiza\u00e7\u00e3o\u201d, afirmou nas redes sociais.<\/p>\n\n\n\n<p><strong>Fetag\/RS<br><\/strong><a href=\"https:\/\/fetagrs.org.br\/reuniao-com-incra-define-continuidade-das-umcs\/\">Reuni\u00e3o com Incra define continuidade das UMCs<\/a><br>De acordo com o tesoureiro-geral da Fetag-RS, Agnaldo Barcelos, que participou da agenda, marcada pelo <strong>deputado federal Elvino Bohn Gass<\/strong>, \u201ca garantia da continuidade das Unidades Municipais de Cadastro \u00e9 uma vit\u00f3ria, pois entendemos ser fundamental que agricultores e pecuaristas familiares possam seguir buscando os Sindicatos dos Trabalhadores Rurais para alguns servi\u00e7os, o que facilita muito sua rotina. Esta era uma demanda que a Fetag-RS vinha tratando h\u00e1 alguns meses e agora se torna realidade\u201d.<\/p>\n\n\n\n<p><strong>R\u00e1dio Sobradinho<br><\/strong><a href=\"https:\/\/www.radiosobradinho.com.br\/prefeito-e-vice-prefeito-de-ibarama-cumprem-agenda-em-brasilia\/\">Prefeito e vice-prefeito de Ibarama cumprem agenda em Bras\u00edlia<\/a><br>Na oportunidade, visitaram os gabinetes dos Deputados <strong>Elvino Bohn Gass<\/strong>, Alceu Moreira, Maria do Ros\u00e1rio, Marcelo Moraes, Giovani Cherini e Heitor Schuch. Nesta quarta-feira (06), eles est\u00e3o participando de outras audi\u00eancias, tamb\u00e9m visando a libera\u00e7\u00e3o de recursos para obras e investimentos em diferentes setores da Administra\u00e7\u00e3o de Ibarama.<\/p>\n\n\n\n<p><strong>Di\u00e1rio Popular<br><\/strong><a href=\"https:\/\/diariopopular.com.br\/seguranca\/_deputados_federais_pedem_reforco_na_seguranca_da_fronteira_entre_brasil_e_uruguai.579744\">Deputados Federais pedem refor\u00e7o na seguran\u00e7a da fronteira entre Brasil e Uruguai<\/a><br>O grupo, formado ainda pelos deputados Dionilso Marcon, <strong>Elvino Bohn Gass<\/strong> e Reginete Bispo, levou como principal demanda o pedido de inclus\u00e3o dos munic\u00edpios de Jaguar\u00e3o e Santa Vit\u00f3ria do Palmar como base da Opera\u00e7\u00e3o H\u00f3rus, que faz o controle das fronteiras em todo territ\u00f3rio nacional para combater o crime organizado.<\/p>\n\n\n\n<p><strong>Revista Movimento<br><\/strong><a href=\"https:\/\/movimentorevista.com.br\/2024\/03\/trensurb-e-cbtu-vao-sair-do-pnd-promete-secretario\/\">Trensurb e CBTU v\u00e3o sair do PND, promete secret\u00e1rio<\/a><br>Participaram do encontro os deputados federais Dionilso Marcon (PT-RS), <strong>Elvino Bohn Gass (PT-RS)<\/strong> e Daiana Santos (PC do B-RS). Na ocasi\u00e3o, Cavalcante assegurou que essas duas empresas p\u00fablicas n\u00e3o ser\u00e3o privatizadas.<\/p>\n\n\n\n<p><strong>Jornal do Com\u00e9rcio<br><\/strong><a href=\"https:\/\/www.jornaldocomercio.com\/economia\/2024\/03\/1145303-trensurb-fica-fora-do-plano-nacional-de-desestatizacao-do-governo-federal.html\">Trensurb fica fora do plano nacional de desestatiza\u00e7\u00e3o do governo federal<\/a><br>Marroni junto com os deputados Dionilso Marcon e <strong>Elvino Bohn Gass<\/strong>, participou em Bras\u00edlia da reuni\u00e3o com o secret\u00e1rio Marcus Cavalcanti, secret\u00e1rio especial do Programa de Parcerias de Investimentos da Casa Civil.<\/p>\n\n\n\n<p><strong>R\u00e1dio Taquara<br><\/strong><a href=\"https:\/\/www.radiotaquara.com.br\/novo\/hospital-de-igrejinha-recebe-emenda-de-deputado-federal-no-valor-de-r-200-mil\/\">Hospital de Igrejinha recebe emenda de deputado federal no valor de R$ 200 mil<\/a><br>O <strong>deputado federal Elvino Bohn Gass (PT)<\/strong>, destinou uma emenda parlamentar, no valor de R$ 200 mil, para o custeio da casa de sa\u00fade. A entrega da emenda foi realizada pelo assessor do parlamentar, Mauricio Klein, o presidente do PT de Igrejinha, Valmir Pereira, e pelos membros da dire\u00e7\u00e3o do partido no munic\u00edpio Luciano Scheffer, Luis Fauth, Valdemar Drumm e Lorisete Le\u00e3o.<\/p>\n\n\n\n<p><strong>Brasil de Fato &#8211; RS<br><\/strong><a href=\"https:\/\/www.brasildefators.com.br\/2024\/03\/07\/governo-federal-confirma-que-trensurb-nao-sera-mais-privatizada\">Governo federal confirma que Trensurb n\u00e3o ser\u00e1 mais privatizada<\/a><br>A agenda foi articulada pela deputada federal ga\u00facha Fernanda Melchionna (PSOL) e contou com outros parlamentares do estado: Daiana Santos (PCdoB), Marcon (PT) e <strong>Bohn Gass (PT)<\/strong>, al\u00e9m de Renildo Calheiros (PCdoB), de Perbanbuco. Tamb\u00e9m estiveram presentes representantes de sindicatos: Sindimetr\u00f4\/RS, Senge, Sintec, Fenametro e CBTU\/PE.<\/p>\n\n\n\n<p><strong>Partido dos Trabalhadores<br><\/strong><a href=\"https:\/\/pt.org.br\/rose-rodrigues-toma-posse-na-secretaria-agraria-nacional-do-pt\/\">Rose Rodrigues toma posse na Secretaria Agr\u00e1ria Nacional do PT<br><\/a>Tamb\u00e9m participaram diversos parlamentares como o senador Beto Faro (PT-PA), l\u00edder do partido no Senado, os deputados federais <strong>Elvino Bohn Gass (PT-RS),<\/strong> Dandara Tonantzin (PT-MG), Carlos Veras (PT-PE), Erika Kokay (PT-DF), Jo\u00e3o Daniel (PT-SE), S\u00e9rgio Nobre, presidente da Central \u00danica dos Trabalhadores (CUT), al\u00e9m do secret\u00e1rio-geral nacional, Henrique Fontana, a secret\u00e1ria nacional de Mulheres, Anne Moura, dirigentes nacionais e estaduais do partido, al\u00e9m de representantes e dirigentes do MST, CONTRAF, CONTAG, MPA, MAB, MMC, MAM, FNL, MCP, CONAQ, MPP, APIB, CPT, CIMI, PJR, CPP, ASA, CNC, CONFREM, UNICOPAS, INICAFES, ANA, ABA e SERTA.<\/p>\n\n\n\n<p><strong>Sintrajufe\/RS<br><\/strong><a href=\"https:\/\/sintrajufe.org.br\/presidente-da-trensurb-anuncia-que-empresa-nao-sera-privatizada-e-linhas-podem-ser-ampliadas-ate-alvorada\/\">Presidente da Trensurb anuncia que empresa n\u00e3o ser\u00e1 privatizada e linhas podem ser ampliadas at\u00e9 Alvorada<\/a><br>O encontro, em Bras\u00edlia, teve a participa\u00e7\u00e3o das deputadas Fernanda Melchionna (Psol) e Daiana Santos (PCdoB), dos deputados Marcon (PT), <strong>Bohn Gass (PT)<\/strong> e Renildo Calheiros (PCdoB) e de representantes de sindicatos: Sindimetr\u00f4\/RS, Senge, Sintec, Fenametro e CBTU\/PE.<\/p>\n\n\n\n<p><strong>JC.NE<br><\/strong><a href=\"https:\/\/jc.ne10.uol.com.br\/colunas\/jamildo\/2024\/03\/07\/governo-lula-desistiu-de-privatizar-o-metro-do-recife-dizem-metroviarios.html\">Governo Lula desistiu de privatizar o Metr\u00f4 do Recife, dizem metrovi\u00e1rios<\/a><br>A reuni\u00e3o foi agendada pela deputada Fernanda Melchionna (PSOL\/RS) e contou com a presen\u00e7a do presidente da Transurb, Fernando Marroni e dos parlamentares Daiana dos Santos do PCdoB\/RS, <strong>Bohn Gass<\/strong> e Marcon, ambos deputados do PT\/RS, al\u00e9m do deputado Renildo Calheiros, do PCdoB\/PE.<\/p>\n\n\n\n<p><strong>VGNot\u00edcias<br><\/strong><a href=\"https:\/\/www.vgnoticias.com.br\/fatos-de-brasilia\/liderancas-de-mt-ganham-apoio-de-gilmar-mendes-para-implantacao-da-rede-sarah-kubitschek-em-cuiaba\/113268\">Lideran\u00e7as de MT ganham apoio de Gilmar Mendes para implanta\u00e7\u00e3o da Rede Sarah Kubitschek em Cuiab\u00e1<\/a><br>A implanta\u00e7\u00e3o da unidade da Rede Sarah Kubitschek em Mato Grosso conta, ainda, com apoio do <strong>deputado Bohn Gass (PT-RS)<\/strong> do senador Jayme Campos (Uni\u00e3o), do ex-deputado federal Neri Geller (PP), atual secret\u00e1rio Nacional de Pol\u00edtica Agr\u00edcola do Minist\u00e9rio da Agricultura.<\/p>\n\n\n\n<p><strong>Jornal de Bras\u00edlia<br><\/strong><a href=\"Patrono: Gilmar Mendes impulsiona projeto de implanta\u00e7\u00e3o da unidade da Rede Sarah Kubitschek em Mato Grosso\n\">Patrono: Gilmar Mendes impulsiona projeto de implanta\u00e7\u00e3o da unidade da Rede Sarah Kubitschek em Mato Grosso<br><\/a>Para Adriane Martins, a luta incans\u00e1vel e o comprometimento de l\u00edderes, como o Ministro Gilmar Mendes, os deputados federais Emanuelzinho Pinheiro (MDB) e <strong>Bohn Gass (PT\/RS)<\/strong>, bem como os senadores Wellington Fagundes (PL) e Jayme Campos (Uni\u00e3o Brasil), al\u00e9m de Neri Geller, ex-deputado federal e atual Secret\u00e1rio Nacional de Pol\u00edtica Agr\u00edcola do Minist\u00e9rio da Agricultura, marcam o in\u00edcio de uma jornada transformadora para a sa\u00fade de Mato Grosso.<\/p>\n\n\n\n<p><strong>A Folha<br><\/strong><a href=\"https:\/\/afolhatorres.com.br\/deputado-do-pt-encaminha-emenda-parlamentar-de-r200-mil-para-hospital-de-torres\/\">DEPUTADO DO PT ENCAMINHA EMENDA PARLAMENTAR DE R$200 MIL PARA HOSPITAL DE TORRES<\/a><br>O recurso financeiro no valor de R$ 200 mil reais (emenda n\u00ba 28620010\/2024) foi entregue nesta segunda-feira (07\/03) pelo parlamentar estadual Jeferson Fernandes, que no ato representou o autor da emenda, <strong>deputado federal Elvino Bohn Gass (PT).<\/strong><\/p>\n\n\n\n<p><strong>R\u00e1dio Taquara<br><\/strong><a href=\"https:\/\/www.radiotaquara.com.br\/novo\/vereador-e-membros-do-pt-entregam-emendas-parlamentares-para-a-saude-de-riozinho\/\">Vereador e membros do PT entregam emendas parlamentares para a sa\u00fade de Riozinho<\/a><br>Al\u00e9m disso, o <strong>deputado federal Elvino Bohn Gass (PT)<\/strong>, contribuiu para a sa\u00fade de Riozinho ao direcionar R$150.000,00 para o Hospital Nossa Senhora do Ros\u00e1rio, por meio do Fundo Estadual de Sa\u00fade (FES). Esta emenda, identificada como n\u00famero 71220015, foi destinada visando o incremento tempor\u00e1rio ao custeio dos servi\u00e7os de assist\u00eancia hospitalar e ambulatorial para cumprimento de metas no estado do Rio Grande do Sul.<\/p>\n\n\n\n<p><strong>Portal Camaqu\u00e3<br><\/strong><a href=\"https:\/\/www.portaldecamaqua.com.br\/noticias\/78571\/municipio-de-pedro-osorio-recebe-emenda-para-a-saude-no-valor-de-r-200-mil.html\">Munic\u00edpio de Pedro Os\u00f3rio recebe emenda para a Sa\u00fade, no valor de R$ 200 mil<\/a><br>O munic\u00edpio de Pedro Os\u00f3rio recebeu uma emenda parlamentar de R$ 200 mil, destinada pelo <strong>Deputado Federal Elvino Bohn Gass.<\/strong><\/p>\n\n\n\n<p><strong>Rede Brasil Atual<br><\/strong><a href=\"https:\/\/www.redebrasilatual.com.br\/politica\/bolsonaro-deixou-divida-seguro-desemprego-para-lula\/\">Bolsonaro deixou d\u00edvida de R$ 6,3 bilh\u00f5es do seguro-desemprego para Lula pagar<\/a><br>A d\u00edvida foi alvo de cr\u00edticas do deputado federal <strong>Bohn Gass (PT-RS)<\/strong>. \u201cAo inv\u00e9s de cumprir seus compromissos, gastava tudo armando golpe\u201d, ironizou o vice-l\u00edder do governo no Congresso na rede X.<\/p>\n\n\n\n<p><strong>Brasil 247<\/strong><br><a href=\"https:\/\/www.brasil247.com\/blog\/as-emendas-parlamentares-e-a-hipocrisia-do-equilibrio-fiscal\">As emendas parlamentares e a hipocrisia do equil\u00edbrio fiscal<\/a><br>[ARTIGO] Muitos queixumes se ouvem no Parlamento sobre o que seria uma suposta invas\u00e3o das compet\u00eancias do Legislativo pelo Judici\u00e1rio. Discutamos isso<\/p>\n\n\n\n<p><strong>InfoMoney<\/strong><br><a href=\"https:\/\/www.infomoney.com.br\/politica\/camara-aprova-projeto-que-viabiliza-isencao-do-ir-para-quem-ganha-2-salarios-minimos\/\">C\u00e2mara aprova projeto que viabiliza isen\u00e7\u00e3o do IR para quem ganha 2 sal\u00e1rios m\u00ednimos<\/a><br>J\u00e1 o <strong>deputado Bohn Gass (PT-RS)<\/strong> lembrou que, na campanha de 2018, o ex-presidente Jair Bolsonaro (PL) prometeu cinco sal\u00e1rios m\u00ednimos de isen\u00e7\u00e3o no IR (o equivalente a atuais R$ 7.060) e n\u00e3o cumpriu a promessa.<\/p>\n\n\n\n<p><strong>Ag\u00eancia C\u00e2mara de Not\u00edcias<\/strong><br><a href=\"https:\/\/www.camara.leg.br\/noticias\/1042785-camara-aprova-projeto-que-viabiliza-isencao-do-ir-para-quem-ganha-ate-dois-salarios-minimos\">C\u00e2mara aprova projeto que viabiliza isen\u00e7\u00e3o do IR para quem ganha at\u00e9 dois sal\u00e1rios m\u00ednimos<\/a><br>J\u00e1 o <strong>deputado Bohn Gass (PT-RS)<\/strong> lembrou que, na campanha de 2018, o ex-presidente Jair Bolsonaro (PL) prometeu cinco sal\u00e1rios m\u00ednimos de isen\u00e7\u00e3o no IR (o equivalente a atuais R$ 7.060) e n\u00e3o cumpriu a promessa.<\/p>\n\n\n\n<p><strong>R\u00e1dio Sobradinho<\/strong><br><a href=\"https:\/\/www.radiosobradinho.com.br\/ibarama-recebe-emendas-para-o-setor-de-saude\/\">Ibarama recebe emendas para o setor de Sa\u00fade<\/a><br>O prefeito de Ibarama, Valmor Mattana, recebeu a confirma\u00e7\u00e3o da destina\u00e7\u00e3o de uma emenda parlamentar no valor de R$100.00,00 do <strong>Deputado Federal Elvino Bohn Gass, do Partido dos Trabalhadores.<\/strong><\/p>\n\n\n\n<p><strong>PT na C\u00e2mara<\/strong><br><a href=\"https:\/\/ptnacamara.org.br\/pt-vota-a-favor-da-urgencia-para-projeto-que-aprimora-regime-juridico-da-embratur\/\">PT vota a favor da urg\u00eancia para projeto regula o Seguro Habitacional do Sistema Financeiro da Habita\u00e7\u00e3o<\/a><br>Ao defender a urg\u00eancia, o <strong>deputado Bohn Gass (PT-RS)<\/strong> citou o esfor\u00e7o que o Governo Lula fez do ponto de vista de habita\u00e7\u00e3o. \u201cO Minha Casa Minha Vida voltou; inclusive, h\u00e1 poucos dias estivemos no Minha Casa Minha Vida Rural, para calamidades na Regi\u00e3o Sul do Pa\u00eds, para fam\u00edlias que tiveram suas casas soterradas por causa da chuva\u201d, destacou.<\/p>\n\n\n\n<p><strong>Rede Brasil Atual<\/strong><br><a href=\"https:\/\/www.redebrasilatual.com.br\/economia\/camara-aprova-projeto-de-isencao-do-imposto-de-renda-para-ate-dois-salarios-minimos\/\">C\u00e2mara aprova projeto de isen\u00e7\u00e3o do Imposto de Renda para at\u00e9 dois sal\u00e1rios m\u00ednimos<br><\/a>Por sua vez, <strong>Bohn Gass (PT-RS)<\/strong> lembrou que na campanha de 2018 Jair Bolsonaro prometeu isen\u00e7\u00e3o equivalente a cinco m\u00ednimo, o que hoje valeria R$ 7.060. Mas n\u00e3o cumpriu a promessa.<\/p>\n\n\n\n<p><strong>Bahia Not\u00edcias<\/strong><br><a href=\"https:\/\/www.bahianoticias.com.br\/noticia\/290160-projeto-aprovado-na-camara-viabiliza-isencao-do-imposto-de-renda-para-quem-ganha-ate-rdollar-2842-mensais\">Projeto aprovado na C\u00e2mara viabiliza isen\u00e7\u00e3o do Imposto de Renda para quem ganha at\u00e9 R$ 2.842 mensais<\/a><br>O <strong>deputado Bohn Gass (PT-RS) <\/strong>rebateu os argumentos da oposi\u00e7\u00e3o ao lembrar que, na campanha de 2018, o ex-presidente Jair Bolsonaro prometeu (e n\u00e3o cumpriu) uma isen\u00e7\u00e3o no Imposto de Renda de cinco sal\u00e1rios m\u00ednimos. J\u00e1 o deputado Lindbergh Farias (PT-RJ) ressaltou que a promessa feita por Lula \u00e9 de que at\u00e9 o final do governo, em 2026, o pa\u00eds ter\u00e1 a isen\u00e7\u00e3o para quem recebe at\u00e9 R$ 5 mil.<\/p>\n\n\n\n<p><strong>Partido dos Trabalhadores<\/strong><br><a href=\"https:\/\/pt.org.br\/compromisso-de-campanha-de-lula-isencao-do-ir-ate-dois-salarios-minimos-e-aprovada\/\">Compromisso de campanha de Lula, isen\u00e7\u00e3o do IR at\u00e9 dois sal\u00e1rios m\u00ednimos \u00e9 aprovada<\/a><br>Tamb\u00e9m discursaram em defesa do projeto de isen\u00e7\u00e3o da tabela do Imposto de Renda a deputada Erika Kokay (PT-DF) e os deputados petistas <strong>Bohn Gass (RS)<\/strong>, Joseildo Ramos (BA), Kiko Celeguim (SP), Merlong Solano (PI)<\/p>\n\n\n\n<p><strong>PT na C\u00e2mara<\/strong><br><a href=\"https:\/\/ptnacamara.org.br\/camara-dos-deputados-presta-homenagem-aos-60-anos-da-campanha-da-fraternidade\/\">C\u00e2mara dos Deputados: Homenagem aos 60 anos da Campanha da Fraternidade<br><\/a>Tamb\u00e9m discursaram durante a sess\u00e3o solene os deputados petistas <strong>Bohn Gass (RS)<\/strong>, Florentino Neto (PI), al\u00e9m do Coordenador da Nacional da Campanha da Fraternidade, Padre Jean Paul; da l\u00edder do Candombl\u00e9 no DF, Adna Santos (M\u00e3e Baiana de Oy\u00e1); e da representante da Confer\u00eancia Nacional dos Religiosos do Brasil Eliane Cordeiro.<\/p>\n\n\n\n<p><strong>R\u00e1dio Progresso de Iju\u00ed<\/strong><br><a href=\"https:\/\/radioprogresso.com.br\/hospital-bom-pastor-de-ijui-recebe-emenda-parlamentar-no-valor-de-r-250-mil\/\">Hospital Bom Pastor de Iju\u00ed recebe emenda parlamentar no valor de R$ 250 mil<br><\/a>O presidente do Hospital, Nilo Leal agradeceu a efetiva participa\u00e7\u00e3o do vereador Beto Noronha, que ajudou a encaminhar diversas demandas do Hospital junto ao Minist\u00e9rio da Sa\u00fade e tamb\u00e9m refor\u00e7ou os pedidos de emendas parlamentares com o <strong>Deputado Bohn Gass<\/strong> e Senador Paulo Paim. \u201cPara n\u00f3s esse valor \u00e9 de grande valia, pois contribui para dar continuidade aos atendimentos de qualidade no Bom Pastor. H\u00e1 alguns anos, o Senador j\u00e1 havia nos encaminhado uma emenda para as obras da nova estrutura e agora nos concede novamente este importante recurso\u201d.<\/p>\n\n\n\n<p><strong>Partido dos Trabalhadores<\/strong><br><a href=\"https:\/\/pt.org.br\/camara-dos-deputados-homenagem-aos-60-anos-da-campanha-da-fraternidade\/\">C\u00e2mara dos Deputados: Homenagem aos 60 anos da Campanha da Fraternidade<br><\/a>Tamb\u00e9m discursaram durante a sess\u00e3o solene os deputados petistas <strong>Bohn Gass (RS)<\/strong>, Florentino Neto (PI), al\u00e9m do Coordenador da Nacional da Campanha da Fraternidade, Padre Jean Paul; da l\u00edder do Candombl\u00e9 no DF, Adna Santos (M\u00e3e Baiana de Oy\u00e1); e da representante da Confer\u00eancia Nacional dos Religiosos do Brasil Eliane Cordeiro.<\/p>\n\n\n\n<p><strong>Capitalist<\/strong><br><a href=\"https:\/\/capitalist.com.br\/ir-camara-aprova-projeto-que-viabiliza-isencao-para-quem-ganha-ate-dois-salarios-minimos\/\">IR: C\u00e2mara aprova projeto que viabiliza isen\u00e7\u00e3o para quem ganha at\u00e9 dois sal\u00e1rios m\u00ednimos<\/a><br>Apesar das cr\u00edticas, o governo manteve a isen\u00e7\u00e3o abaixo da promessa eleitoral. Alguns parlamentares chegaram a propor mudan\u00e7as no projeto para ampliar a isen\u00e7\u00e3o, mas o texto original foi mantido. O deputado Bohn Gass (PT-RS) lembrou ainda que, na campanha de 2018, o ex-presidente Jair Bolsonaro havia prometido isen\u00e7\u00e3o de cinco sal\u00e1rios m\u00ednimos no Imposto de Renda, o equivalente a atuais R$ 7.060, e n\u00e3o cumpriu a promessa.<\/p>\n\n\n\n<p><strong>Thmais<\/strong><br><a href=\"https:\/\/thmais.com.br\/videos\/10-anos-de-lava-jato\/\">10 anos de Lava Jato<br><\/a>O jornalismo da Novabrasil ouviu, de um lado, o <strong>deputado Bohn Gass (PT-RS) <\/strong>e o senador Randolfe Rodigues (sem partido-AP), l\u00edder do governo no Congresso<\/p>\n\n\n\n<p><strong>Cont\u00e1beis<\/strong><br><a href=\"https:\/\/www.contabeis.com.br\/noticias\/64150\/nova-lei-isenta-ir-para-rendimentos-de-ate-dois-salarios-minimos\/\">C\u00e2mara dos Deputados aprova Projeto de Lei para isen\u00e7\u00e3o do Imposto de Renda para quem ganha at\u00e9 dois sal\u00e1rios<br><\/a>O <strong>deputado Bohn Gass (PT-RS)<\/strong> lembrou que Bolsonaro prometeu isen\u00e7\u00e3o de cinco sal\u00e1rios m\u00ednimos em 2018, mas n\u00e3o cumpriu.<\/p>\n\n\n\n<p><strong>Ag\u00eancia C\u00e2mara de Not\u00edcias<br><\/strong><a href=\"https:\/\/www.camara.leg.br\/noticias\/1043361-camara-aprova-projeto-dos-combustiveis-do-futuro\/\">C\u00e2mara aprova projeto dos \u201ccombust\u00edveis do futuro\u201d<\/a><br>J\u00e1 o <strong>deputado Bohn Gass (PT-RS)<\/strong> contestou o discurso de eventual aumento de pre\u00e7os. \u201cOu\u00e7o que os pre\u00e7os v\u00e3o subir. Mas que pre\u00e7o estamos pagando pela polui\u00e7\u00e3o que fizemos? N\u00e3o h\u00e1 dinheiro que pague a destrui\u00e7\u00e3o do meio ambiente\u201d, disse.<\/p>\n\n\n\n<p><strong>PT na C\u00e2mara<br><\/strong><a href=\"https:\/\/ptnacamara.org.br\/pt-vota-a-favor-dos-combustiveis-do-futuro-e-destaca-compromisso-do-governo-lula-com-a-transicao-energetica\/\">PT vota a favor dos combust\u00edveis do futuro e destaca compromisso do Governo Lula com a transi\u00e7\u00e3o energ\u00e9tica<br><\/a>O <strong>deputado Bohn Gass (PT-RS)<\/strong> afirmou que com a aprova\u00e7\u00e3o do projeto, \u201cn\u00f3s estamos colocando o Brasil na dianteira mundial da transforma\u00e7\u00e3o ecol\u00f3gica\u201d. Ele frisou que dentro desse grande leque de descarboniza\u00e7\u00e3o, que \u00e9 o debate principal para emitir menos gases \u2013 g\u00e1s carbono, g\u00e1s de efeito estufa \u2013 que prejudicam o meio ambiente, \u201cn\u00f3s estamos produzindo energias renov\u00e1veis.<\/p>\n\n\n\n<p><strong>Folha Uberaba<br><\/strong><a href=\"https:\/\/www.folhauberaba.com.br\/acidez-urbana-por-francois-ramos-leilane-vieto-14\/\">Da c\u00e1<\/a><br>O <strong>deputado Bohn Gass (PT-RS),<\/strong> em resposta \u00e0 bancada do PL, lembrou que, na campanha de 2018, o ex-presidente Jair Bolsonaro prometeu cinco sal\u00e1rios m\u00ednimos de isen\u00e7\u00e3o no Imposto de Renda (o equivalente a atuais R$ 7.060) e n\u00e3o cumpriu a promessa em seus quatro anos de mandato. Ali\u00e1s, o ex-presidente liberal n\u00e3o promoveu um \u00fanico reajuste na tabela do Imposto de Renda em seus quatro anos de governo.<\/p>\n\n\n\n<p><strong>PT na C\u00e2mara<br><\/strong><a href=\"https:\/\/ptnacamara.org.br\/petistas-lembram-os-6-anos-do-assassinato-de-marielle-franco-e-cobram-elucidacao-do-caso\/\">Petistas lembram os 6 anos do assassinato de Marielle Franco e cobram elucida\u00e7\u00e3o do caso<\/a><br>Tamb\u00e9m cobraram por justi\u00e7a, em mensagens pelo X, os parlamentares petistas Helder Salom\u00e3o (ES), Waldenor Pereira (BA), Valmir Assun\u00e7\u00e3o (BA), Juliana Cardoso (SP), Nat\u00e1lia Bonavides (RN), Nilto Tatto (SP), Dandara (MG), Fernando Mineiro (RN), Vicentinho (SP), <strong>Bohn Gass (RS),<\/strong> Rog\u00e9rio Correia (MG), Pedro Uczai (SC), Rui Falc\u00e3o (SP), Lindenbergh Farias (RJ), Alexandre Lindenmeyer (RS), Reginaldo Lopes (MG) e Ana Paula Lima (SC).<\/p>\n\n\n\n<p><strong>O Di\u00e1rio<br><\/strong><a href=\"https:\/\/odiario.net\/noticias\/regiao\/dois-irmaos-recebe-emenda-do-deputado-federal-bohn-gass\/\">Dois Irm\u00e3os recebe emenda do deputado federal Bohn Gass<\/a><br>O secret\u00e1rio parlamentar do <strong>deputado federal Elvino Jos\u00e9 Bohn Gass,<\/strong> do Partido dos Trabalhadores, Maur\u00edcio Jos\u00e9 Klein, entregou of\u00edcio confirmando a indica\u00e7\u00e3o de uma emenda parlamentar impositiva no valor de R$ 100.000,00 para Dois Irm\u00e3os aplicar na \u00e1rea do Esporte.<\/p>\n\n\n\n<p><strong>Jornal Minuano<br><\/strong><a href=\"https:\/\/www.jornalminuano.com.br\/noticia\/2024\/03\/15\/dajulia-e-lelinho-articulam-emenda-de-r-350-mil-para-setor-agropecuario\">Dajulia e Lelinho articulam emenda de R$ 350 mil para setor agropecu\u00e1rio<\/a><br>Os vereadores do PT de Bag\u00e9, Flavius Dajulia e L\u00e9lio Lopes (Lelinho), em reuni\u00e3o no gabinete do <strong>deputado federal Elvino Bohn Gass,<\/strong> em Porto Alegre, confirmaram, junto \u00e0 assessoria do parlamentar, uma emenda no valor de R$ 350 mil, destinada pelo parlamentar do partido.<\/p>\n\n\n\n<p><strong>Bag\u00e9 24 horas<br><\/strong><a href=\"https:\/\/www.bage24horas.com.br\/noticia\/dajulia-e-lelinho-confirmam-emenda-parlamentar-de-r-350-mil-para-o-setor-agropecuario-de-bage\">Dajulia e Lelinho confirmam emenda parlamentar de R$350 mil para o Setor Agropecu\u00e1rio de Bag\u00e9<\/a><br>Os vereadores do Partido dos Trabalhadores de Bag\u00e9, Flavius Dajulia e L\u00e9lio Lopes, em reuni\u00e3o no gabinete do <strong>Deputado Federal Elvino Bohn Gass<\/strong>, em Porto Alegre, confirmaram junto \u00e0 assessoria do parlamentar uma emenda parlamentar no valor de 350 mil reais, destinada pelo Deputado Federal, tamb\u00e9m do PT.<\/p>\n\n\n\n<p><strong>GAZ<\/strong><br><a href=\"https:\/\/www.gaz.com.br\/liderancas-garantem-mais-de-r-4-milhoes-para-vale-do-sol-em-brasilia\/\">Lideran\u00e7as garantem mais de R$ 4 milh\u00f5es para Vale do Sol em Bras\u00edlia<\/a><br>Emendas confirmadas<br>[\u2026]<br>R$ 250 mil \u2013 Senador Paim (Efasol)<br><strong>R$ 200 mil \u2013 Dep. Bohn Gass (Efasol e custeio Sa\u00fade)<\/strong><br>[\u2026]<\/p>\n\n\n\n<p><strong>Brasil 247<\/strong><br><a href=\"https:\/\/www.brasil247.com\/midia\/internautas-lembram-os-seis-anos-do-assassinato-de-marielle-e-pedem-justica\">Internautas lembram os seis anos do assassinato de Marielle e pedem justi\u00e7a<\/a><br>&#8220;Marielle era corajosa&#8221;, afirmou o <strong>deputado Elvino Bohn Gass (PT-RS)<\/strong>. &#8220;Enfrentava seus advers\u00e1rios ideol\u00f3gicos democraticamente. O mandante de sua morte \u00e9 t\u00e3o fraco que, incapaz de enfrent\u00e1-la, contratou terceiros para mat\u00e1-la numa tocaia. Ela virou s\u00edmbolo de luta e for\u00e7a. Ele, quando descoberto, ser\u00e1 s\u00edmbolo de covardia&#8221;.<\/p>\n\n\n\n<p><strong>R\u00e1dio Progresso de Iju\u00ed<\/strong><br><a href=\"https:\/\/radioprogresso.com.br\/em-brasilia-prefeito-adriano-marangon-busca-liberacao-de-emendas-que-ultrapassam-r-15-milhoes\/\">Em Bras\u00edlia, prefeito Adriano Marangon busca libera\u00e7\u00e3o de emendas que ultrapassam R$ 1,5 milh\u00f5es<\/a><br>As emendas foram destinadas por deputados de diferentes siglas partid\u00e1rias, como<strong> Bohn Gass (PT)<\/strong>, Afonso Motta (PDT), Pedro Westphalen (PP), Ubiratan Sanderson (PL) e senador Luiz Carlos Heinze (Progressistas).<\/p>\n\n\n\n<p><strong>Congresso em Foco<br><\/strong><a href=\"https:\/\/congressoemfoco.uol.com.br\/area\/congresso-nacional\/combustivel-do-futuro-veja-como-votou-cada-deputado\/\">Combust\u00edvel do Futuro: veja como votou cada deputado<br><\/a>Confira a seguir como votou cada deputado no texto-base do projeto:<br>[\u2026]<br><strong>Bohn Gass (PT-RS) -Sim<\/strong><br>[\u2026]<\/p>\n\n\n\n<p><strong>Brasil de Fato<br><\/strong><a href=\"https:\/\/www.brasildefato.com.br\/2024\/03\/15\/jornada-do-movimento-dos-atingidos-por-barragens-cobra-implementacao-de-politica-ja-sancionada\">Jornada do Movimento dos Atingidos por Barragens cobra implementa\u00e7\u00e3o de pol\u00edtica j\u00e1 sancionada<\/a><br>Deputados como C\u00e9lia Xakriab\u00e1 (PSOL-MG) e os petistas Josias Gomes, Airton Faleiro, Padre Jo\u00e3o e <strong>Bohn Gass<\/strong> exaltaram o marco legal que institui a Pol\u00edtica Nacional de Direitos das Popula\u00e7\u00f5es Atingidas por Barragens (PNAB), mas tamb\u00e9m fizeram cobran\u00e7as. &#8220;A nossa tarefa aqui do Congresso \u00e9 pressionar o governo para que seja mais nossa e que honre de fato o que n\u00f3s votamos aqui&#8221;, apontou o parlamentar mineiro Padre Jo\u00e3o.<\/p>\n\n\n\n<p><strong>Folha Popular<br><\/strong><a href=\"https:\/\/folhapopular.info\/index.php\/2024\/03\/15\/governo-federal-anuncia-r-134-milhoes-para-reconstrucao-do-vale-do-taquari\/\">Governo Federal anuncia R$ 134 milh\u00f5es para reconstru\u00e7\u00e3o do Vale do Taquari<\/a><br>Compuseram a cerim\u00f4nia o Presidente da Rep\u00fablica, Luiz In\u00e1cio Lula da Silva, vice-presidente, Geraldo Alckmin, governador Eduardo Leite, o vive-governador, Gabriel Souza, os deputados federais, <strong>Bohn Gass <\/strong>e Heitor Schuch, deputada federal, Reginete Bispo, Pompeu de Matos, Prefeito de Lajeado, Marcelo Caumo, Prefeito de Ven\u00e2ncio Aires e presidente da Amvat, Jarbas da Rosa e a Reitora da Univates, Ev\u00e2nia Schneider e Raquel Vargas Schmitt, moradora de Roca Sales e representante do Movimento dos Atingidos por Barragens (MAB) e da comitiva de ministros.<\/p>\n\n\n\n<p><strong>Independente<br><\/strong><a href=\"https:\/\/independente.com.br\/lula-anuncia-mais-de-r-200-milhoes-para-construcao-e-reconstrucao-de-casas-no-vale-do-taquari\/\">Lula anuncia mais de R$ 200 milh\u00f5es para constru\u00e7\u00e3o e reconstru\u00e7\u00e3o de casas no Vale do Taquari<\/a><br>Ao todo, ser\u00e3o 857 casas propiciadas pela Uni\u00e3o em 17 empreendimentos e 13 cidades.<br>A informa\u00e7\u00e3o foi antecipada pelo <strong>deputado federal Elvino Bohn Gass<\/strong>.<\/p>\n\n\n\n<p><strong>Jornal Dois Irm\u00e3os<br><\/strong><a href=\"https:\/\/jornaldoisirmaos.com.br\/noticia\/15032024-dois-irmaos-recebe-emenda-de-r--100-mil-do-deputado-federal-bohn-gass\">Dois Irm\u00e3os recebe emenda de R$ 100 mil do deputado federal Bohn Gass<br><\/a>Na \u00faltima quarta-feira (13), o secret\u00e1rio parlamentar do <strong>deputado federal Elvino Bohn Gass (PT)<\/strong>, Maur\u00edcio Klein, entregou of\u00edcio confirmando a indica\u00e7\u00e3o de uma emenda parlamentar impositiva no valor de R$ 100 mil, para Dois Irm\u00e3os aplicar na \u00e1rea do esporte.<\/p>\n\n\n\n<p><strong>Portal RVA<br><\/strong><a href=\"https:\/\/portalrva.com.br\/geral\/deputado-federal-elvino-bohn-gass-destina-r-200-para-mato-leitao\/\">Deputado federal Elvino Bohn Gass destina R$ 200 para Mato Leit\u00e3o<br><\/a>O <strong>deputado federal Elvino Bohn Gass (PT)<\/strong> confirmou indica\u00e7\u00e3o de uma emenda parlamentar de R$ 200 mil para o setor da sa\u00fade, de Mato Leit\u00e3o. O recurso do Minist\u00e9rio da Sa\u00fade se refere ao Or\u00e7amento Geral da Uni\u00e3o 2024.<\/p>\n\n\n\n<p><strong>R\u00e1dio Alto Uruguai<br><\/strong><a href=\"https:\/\/radioaltouruguai.com.br\/seberi-ministro-paulo-teixeira-participou-da-festa-da-semente-crioula-promovida-por-mpa-e-cooperbio\/\">Seberi: Ministro Paulo Teixeira participou da Festa da Semente Crioula promovida por MPA e Cooperbio<\/a><br>Os deputados federais <strong>Elvino Bohn Gass<\/strong> e Dionilso Marcon, e o deputado estadual Ad\u00e3o Pretto Filho (ambos do PT\/RS) tamb\u00e9m prestigiaram o evento.<\/p>\n\n\n\n<p><strong>Folha do Mate<br><\/strong><a href=\"https:\/\/folhadomate.com\/livre\/mato-leitao-e-contemplado-com-emenda-de-r-200-mil\/\">Mato Leit\u00e3o \u00e9 contemplado com emenda de R$ 200 mil<\/a><br>O <strong>deputado federal Elvino Bohn Gass (PT) <\/strong>confirmou indica\u00e7\u00e3o de uma emenda parlamentar de R$ 200 mil para o setor da sa\u00fade, de Mato Leit\u00e3o. O recurso do Minist\u00e9rio da Sa\u00fade se refere ao Or\u00e7amento Geral da Uni\u00e3o 2024.<\/p>\n\n\n\n<p><strong>Brasil de Fato<br><\/strong><a href=\"https:\/\/www.brasildefato.com.br\/2024\/03\/19\/guardioes-de-sementes-crioulas-participam-de-evento-no-rio-grande-do-sul-ato-de-rebeldia\">Guardi\u00f5es de sementes crioulas participam de evento no Rio Grande do Sul: &#8216;Ato de rebeldia&#8217;<\/a><br>Os <strong>deputados federais Elvino Bohn Gass <\/strong>e Dionilso Marcon (ambos PT\/RS), assim como o deputado estadual Ad\u00e3o Pretto (PT) tamb\u00e9m prestigiaram o evento, assim como autoridades locais.<\/p>\n\n\n\n<p><strong>PT na C\u00e2mara<br><\/strong><a href=\"https:\/\/ptnacamara.org.br\/novo%F0%9F%93%BB-%F0%9F%93%A3-entrevista-deputado-bohn-gass-rs\/\">NOVO\ud83d\udcfb \ud83d\udce3| Entrevista \u2013 Deputado Bohn Gass (RS)<\/a><br>No Jornal PT Brasil, Amanda Guerra entrevistou <strong>Bohn Gass, deputado federal (PT\/RS)<\/strong>, que comenta sobre a visita do presidente Lula ao Rio Grande do Sul, os investimentos federais para diversas a\u00e7\u00f5es e para atender os munic\u00edpios atingidos por enchentes no estado.<\/p>\n\n\n\n<p><strong>Jornal Tradi\u00e7\u00e3o<br><\/strong><a href=\"https:\/\/www.jornaltradicao.com.br\/arroio-grande\/politica\/emenda-parlamentar-destina-r-350-mil-para-a-santa-casa-de-misericordia-de-arroio-grande\/\">Emenda parlamentar destina R$ 350 mil para a Santa Casa de Miseric\u00f3rdia de Arroio Grande<\/a><br>A Santa Casa de Miseric\u00f3rdia de Arroio Grande e a Associa\u00e7\u00e3o de Pais e Amigos dos Excepcionais (APAE) foram beneficiadas com a destina\u00e7\u00e3o de recursos de uma emenda parlamentar do <strong>deputado federal Elvino Bohn Gass (PT)<\/strong>, articulada pelo vereador Jo\u00e3o Cezar Larrosa (PT).<\/p>\n\n\n\n<p><strong>Brasil de Fato<br><\/strong><a href=\"https:\/\/www.brasildefato.com.br\/2024\/03\/20\/veja-fotos-de-7-festa-da-semente-crioula-que-reune-movimentos-populares-e-politicos-pela-soberania-alimentar\">Veja fotos de 7\u00aa Festa da Semente Crioula, que re\u00fane movimentos populares e pol\u00edticos pela soberania alimentar<br><\/a>Como representantes do governo federal, estiveram presentes o ministro do Desenvolvimento Agr\u00e1rio e Agricultura Familiar (MDA), Paulo Teixeira, e o presidente da Companhia Nacional de Abastecimento (Conab), Edegar Pretto. Os <strong>deputados federais Elvino Bohn Gass (PT-RS)<\/strong> e Dionilso Marcon (PT-RS) e o deputado estadual Ad\u00e3o Pretto (PT) tamb\u00e9m prestigiaram o evento, assim como autoridades locais.<\/p>\n\n\n\n<p><strong>PT na C\u00e2mara<br><\/strong><a href=\"https:\/\/ptnacamara.org.br\/bancada-do-pt-vota-a-favor-da-nova-reforma-do-ensino-medio-que-garante-formacao-geral-e-tecnica\/\">Bancada do PT vota a favor da nova reforma do ensino m\u00e9dio que garante forma\u00e7\u00e3o geral e t\u00e9cnica<\/a><br>Na avalia\u00e7\u00e3o do <strong>deputado Bohn Gass (PT-RS)<\/strong>, o texto aprovado traz tr\u00eas grandes avan\u00e7os que foram constitu\u00eddos no processo de debate. \u201cMas n\u00f3s conseguimos ter uma amplia\u00e7\u00e3o da forma\u00e7\u00e3o geral b\u00e1sica de 1.800 horas para 2.400, garantindo que os componentes curriculares voltem ao curr\u00edculo: literatura, artes, educa\u00e7\u00e3o f\u00edsica, biologia, f\u00edsica, qu\u00edmica, filosofia, geografia, hist\u00f3ria e sociologia\u201d.<\/p>\n\n\n\n<p><strong>Portal Ihfranqui<br><\/strong><a href=\"https:\/\/www.lhfranqui.com.br\/?pg=noticias&amp;rel=d88905b92af6ce971f7b52649e0dd31f\">Hospital de Caridade Serro Azul recebe emenda parlamentar<\/a><br>O Hospital de Caridade Serro Azul, por interm\u00e9dio da indica\u00e7\u00e3o do <strong>deputado federal Elvino Bohn Gass (PT\/RS)<\/strong>, foi agraciado com recursos financeiros de Incremento Tempor\u00e1rio, conforme estabelecido na Portaria GM\/MS n\u00ba 2503\/202.<\/p>\n\n\n\n<p><strong>Saiba Mais<br><\/strong><a href=\"https:\/\/saibamais.jor.br\/2024\/03\/petistas-do-rn-desobedecem-lula-e-pedem-ato-sobre-60-anos-do-golpe\/\">Petistas do RN \u201cdesobedecem\u201d Lula e pedem ato sobre 60 anos do golpe<\/a><br>Assinaram eletronicamente o requerimento os deputados Nat\u00e1lia Bonavides (PT\/RN), Odair Cunha (PT\/MG) \u2014 l\u00edder do Bloco Federa\u00e7\u00e3o Brasil da Esperan\u00e7a \u2014, Maria do Ros\u00e1rio (PT\/RS), Jo\u00e3o Daniel (PT\/SE), <strong>Bohn Gass (PT\/RS),<\/strong> Fernando Mineiro (PT\/RN), Luizianne Lins (PT\/CE), Dandara (PT\/MG), Rog\u00e9rio Correia (PT\/MG), Tadeu Veneri (PT\/PR) e Paul\u00e3o (PT\/AL).<\/p>\n\n\n\n<p>PT na C\u00e2mara<br><a href=\"https:\/\/ptnacamara.org.br\/deputada-ana-pimentel-e-eleita-presidenta-da-comissao-da-mulher\/\">Deputada Ana Pimentel \u00e9 eleita presidenta da Comiss\u00e3o da Mulher<\/a><br>O <strong>deputado Bohn Gass (PT-RS)<\/strong> tamb\u00e9m esteve presente no momento da posse de Ana Pimentel e cumprimentou a colega.<\/p>\n\n\n\n<p><strong>Agora No Vale<br><\/strong><a href=\"https:\/\/agoranovale.com.br\/noticias\/cidades-do-vale\/marquesdesouza\/vice-prefeito-participa-de-entrega-de-emenda\/\">Vice-prefeito participa de entrega de emenda<\/a><br>Marques de Souza \u2013 Lairton Heineck esteve presente em solenidade de entrega de uma emenda parlamentar de R$ 300 mil para a Associa\u00e7\u00e3o Hospitalar Marques de Souza. Segundo ele, este \u00e9 mais um recurso conquistado em Bras\u00edlia com apoio dos vereadores e deputados parceiros, como \u00e9 o caso do <strong>Elvino Jos\u00e9 Bohn Gass (PT).<\/strong><\/p>\n\n\n\n<p><strong>Globo Rural<br><\/strong><a href=\"https:\/\/globorural.globo.com\/politica\/noticia\/2024\/03\/cna-lista-45-projetos-com-apoio-integral-no-congresso-nacional-saiba-quais-sao.ghtml\">CNA lista 45 projetos com apoio integral no Congresso Nacional. Saiba quais s\u00e3o<\/a><br>[&#8230;]<br>PL 8.311\/2017, dos <strong>deputados Bohn Gass (PT-RS)<\/strong> e Zeca do PT (PT-MS): Garante aos representantes dos produtores, membros da Comiss\u00f5es para Acompanhamento, Desenvolvimento e Concilia\u00e7\u00e3o da Integra\u00e7\u00e3o Cadec e do F\u00f3rum Nacional de Integra\u00e7\u00e3o (Foniagro), condi\u00e7\u00f5es para o pleno e livre exerc\u00edcio da representa\u00e7\u00e3o dos interesses da categoria dos produtores integrados.<br>[&#8230;]<\/p>\n\n\n\n<p><strong>Embrapa<\/strong><br><a href=\"https:\/\/www.embrapa.br\/busca-de-noticias\/-\/noticia\/87882844\/fortalecimento-institucional-emendas-parlamentares-potencializam-atividades-na-embrapa-uva-e-vinho\">Fortalecimento Institucional: Emendas Parlamentares Potencializam Atividades na Embrapa Uva e Vinho<\/a><br>Por outro lado, uma emenda parlamentar proposta pelo <strong>Deputado Federal Elvino Bohn Gass <\/strong>disponibilizar\u00e1 recursos no valor de R$ 50 mil para o setor de Transfer\u00eancia de Tecnologia. Esses fundos ser\u00e3o empregados na capacita\u00e7\u00e3o de multiplicadores para pequenos e m\u00e9dios produtores, com \u00eanfase em pr\u00e1ticas de viticultura sustent\u00e1vel.<\/p>\n\n\n\n<p><strong>A Voz do Brasil<br><\/strong><a href=\"https:\/\/www.camara.leg.br\/radio\/programas\/1046091-camara-aprova-nova-mudanca-no-ensino-medio-e-texto-vai-ao-senado\/\">C\u00e2mara aprova nova mudan\u00e7a no ensino m\u00e9dio e texto vai ao Senado<\/a><br><strong>Bohn Gass:<\/strong> Conseguimos ter uma amplia\u00e7\u00e3o da forma\u00e7\u00e3o geral b\u00e1sica de 1.800 horas para 2.400, garantindo que os componentes curriculares voltem ao curr\u00edculo: literatura, artes, educa\u00e7\u00e3o, f\u00edsica, biologia, f\u00edsica-qu\u00edmica, filosofia, geografia, hist\u00f3ria e sociologia. O professor quer dar aula daquilo que ele foi formado. Que sejam ofertados cursos t\u00e9cnicos previstos no cat\u00e1logo nacional. Estudante quer sair do ensino m\u00e9dio com uma profiss\u00e3o, ampliar suas chances de ir para o ensino superior.<\/p>\n\n\n\n<p><strong>Claudemir Pereira<br><\/strong><a href=\"https:\/\/claudemirpereira.com.br\/2024\/03\/bastidores-valdir-e-paulo-ricardo-em-brasilia-mortari-e-ovidio-no-ub-repudio-a-selecao-do-husm\/\">BASTIDORES. Valdir e Paulo Ricardo em Bras\u00edlia, Mortari e Ov\u00eddio no UB, rep\u00fadio \u00e0 sele\u00e7\u00e3o do HUSM<\/a><br>Durante conversa com o <strong>deputado federal Elvino Bohn Gass (PT-RS)<\/strong>, vice-l\u00edder do Governo Lula no Congresso, Valdir tratou sobre o apoio do parlamentar ao Feir\u00e3o Colonial e \u00e0 Feira Internacional de Economia Solid\u00e1ria (Feicoop). Bohn Gass confirmou que contribuir\u00e1 com novos recursos financeiros este ano, sobretudo para melhorar a infraestrutura dos eventos no Centro de Refer\u00eancia de Economia Solid\u00e1ria Dom Ivo Lorscheiter.<\/p>\n\n\n\n<p><strong>L\u00ea e Ouve<br><\/strong><a href=\"https:\/\/leouve.com.br\/cidades\/com-recursos-da-comunidade-novas-salas-de-aula-sao-entregues-na-escola-assis-brasil-em-caxias-do-sul\">Com recursos da comunidade, novas salas de aula s\u00e3o entregues na escola Assis Brasil, em Caxias do Sul<\/a><br>O ato contou com uma ben\u00e7\u00e3o do Frei Jaime Bettega, al\u00e9m da entrega de duas verbas parlamentares, uma no valor de R$ 100 mil da emenda da Deputada Federal Denise Pess\u00f4a e a outra tamb\u00e9m no valor de R$ 100 mil da emenda do <strong>Deputado Federal Elvino Bohn Gass<\/strong>. As verbas ir\u00e3o auxiliar na amplia\u00e7\u00e3o da escola.<\/p>\n\n\n\n<p><strong>PT no Senado<br><\/strong><a href=\"https:\/\/ptnosenado.org.br\/em-atos-pelo-pais-manifestantes-enfatizam-defesa-da-democracia\/\">Em atos pelo pa\u00eds, manifestantes enfatizam defesa da democracia<\/a><br>O <strong>deputado Bohn Gass (PT-RS)<\/strong>, ao postar uma foto do ato em suas redes sociais, ressaltou a presen\u00e7a da juventude. \u201cJuventude ga\u00facha marca presen\u00e7a no ato contra o fascismo que diz \u2018ditadura nunca mais\u2019, reafirma nenhum golpista impune e pede o fim do genoc\u00eddio do povo palestino\u201d.<\/p>\n\n\n\n<p><strong>PT na C\u00e2mara<br><\/strong><a href=\"https:\/\/ptnacamara.org.br\/apos-6-anos-suspeitos-de-mandar-matar-marielle-franco-e-anderson-sao-presos\/\">Ap\u00f3s 6 anos, suspeitos de mandar matar Marielle Franco e Anderson s\u00e3o presos<\/a><br><strong>Deputado Bohn Gass (PT-RS)<\/strong> \u2013 \u201cBomba. Um deputado federal, um conselheiro do Tribunal de Contas e um ex-Chefe de Pol\u00edcia, todos do Rio de Janeiro, s\u00e3o presos como suspeitos de terem mandado matar Marielle\u201d.<\/p>\n\n\n\n<p><strong>R\u00e1dio Progresso de Iju\u00ed<br><\/strong><a href=\"https:\/\/radioprogresso.com.br\/bohn-gass-destina-r-100-mil-a-associacao-dos-familiares-amigos-e-autistas-de-ijui\/\">Bohn Gass destina R$ 100 mil \u00e0 Associa\u00e7\u00e3o dos Familiares, Amigos e Autistas de Iju\u00ed<\/a><br>Em um gesto significativo de apoio \u00e0 causa da inclus\u00e3o e assist\u00eancia \u00e0s pessoas autistas, atrav\u00e9s de articula\u00e7\u00e3o politica do Vereador Beto Noronha a Associa\u00e7\u00e3o TEAmor recebe uma emenda parlamentar no valor de R$100 mil do <strong>Deputado Federal Bohn Gass<\/strong>. Essa verba ser\u00e1 destinada \u00e0 aquisi\u00e7\u00e3o de equipamentos imobili\u00e1rios para a sede oficial da organiza\u00e7\u00e3o.<\/p>\n\n\n\n<p><strong>LA Mais<br><\/strong><a href=\"https:\/\/lamais.com.br\/noticia\/64598\/taquarucu-do-sul-recebe-investimento-de-r-300-mil-para-saude-e-agricultura\">Taquaru\u00e7u do Sul recebe investimento de R$ 300 mil para sa\u00fade e agricultura<\/a><br>Durante a \u00faltima visita do <strong>Deputado Federal Elvino Bohn Gass<\/strong> a Taquaru\u00e7u do Sul, onde destinou R$ 150 mil para a sa\u00fade, o vereador Tiago Stival entregou um of\u00edcio solicitando apoio para a agricultura local. Em um evento nesta semana, tanto o Deputado quanto o vereador estiveram presentes e confirmaram a boa not\u00edcia: o munic\u00edpio receber\u00e1 um recurso adicional de R$ 150 mil para investimentos na agricultura, totalizando R$ 300 mil, em recursos destinados \u00e0 cidade.<\/p>\n\n\n\n<p><strong>R\u00e1dio Progresso de Iju\u00ed<br><\/strong><a href=\"https:\/\/radioprogresso.com.br\/deputado-bohn-gass-confirma-emenda-de-r-300-mil-para-a-saude-de-horizontina\/\">Deputado Bohn Gass confirma emenda de R$ 300 mil para a sa\u00fade de Horizontina<\/a><br>Em encontro com lideran\u00e7as da comunidade e secret\u00e1rios do Governo Municipal, a assessoria do <strong>deputado federal Elvino Bohn Gass<\/strong>, atrav\u00e9s do assessor Volmir Amaral esteve em Horizontina na manh\u00e3 de ontem, 26, para repasse de emenda parlamentar.<\/p>\n\n\n\n<p><strong>R\u00e1dio Progresso de Iju\u00ed<br><\/strong><a href=\"https:\/\/radioprogresso.com.br\/bom-pastor-recebe-emenda-parlamentar-do-deputado-bohn-gass\/\">Bom Pastor recebe emenda parlamentar do Deputado Bohn Gass<\/a><br>Na manh\u00e3 de ontem, 26, o Vereador Beto Noronha esteve no Bom Pastor, representando o <strong>Deputado Bohn Gass<\/strong>, para a entrega de uma emenda parlamentar no valor de R$ 250.000,00 para custeio.<\/p>\n\n\n\n<p><strong>A Voz do Brasil<br><\/strong><a href=\"https:\/\/www.camara.leg.br\/radio\/programas\/1047248-pedido-de-vista-adia-analise-sobre-prisao-de-chiquinho-brazao-na-comissao-de-constituicao-e-justica\/\">Bohn Gass celebra programa Juros por Educa\u00e7\u00e3o do governo Lula<\/a><br>Sobre a d\u00edvida do Rio Grande do Sul, <strong>Bohn Gass<\/strong> acusa o governo estadual de firmar um regime de recupera\u00e7\u00e3o fiscal impag\u00e1vel. Para o deputado, a gest\u00e3o do estado tem uma oportunidade de transformar essa d\u00edvida em mais investimentos na educa\u00e7\u00e3o.<\/p>\n\n\n\n<p><strong>Brasil 247<br><\/strong><a href=\"https:\/\/www.brasil247.com\/cultura\/vitima-de-censura-escritor-jeferson-tenorio-recebe-mocao-de-louvor-na-camara-dos-deputados\">V\u00edtima de censura, escritor Jeferson Ten\u00f3rio recebe Mo\u00e7\u00e3o de Louvor na C\u00e2mara dos Deputados<br><\/a>Estiveram presentes no lan\u00e7amento os deputados federais S\u00e2mia Bomfim (PSOL-SP), Glauber Braga (PSOL-RJ), Tal\u00edria Petrone (PSOL-RJ), Orlando Silva (PCdoB-SP), Alice Portugal (PCdoB-BA), Maria do Ros\u00e1rio (PT-RS), Reginete Bispo (PT-RS), <strong>Elvino Bohn Gass (PT-RS)<\/strong> e Tadeu Veneri (PT-PR).<\/p>\n\n\n\n<p><strong>Jornal do Com\u00e9rcio<br><\/strong><a href=\"https:\/\/www.jornaldocomercio.com\/colunas\/reporter-brasilia\/2024\/03\/1148045-bolsonaro-na-embaixada-da-hungria.html\">Bolsonaro passa 48 horas na embaixada da Hungria<\/a><br>Na avalia\u00e7\u00e3o do <strong>deputado federal ga\u00facho Elvino Bohn Gass (PT)<\/strong>, &#8220;as a\u00e7\u00f5es do ex-presidente Bolsonaro s\u00e3o o reconhecimento dos crimes que ele cometeu. Por um lado, ele quer anistia, e ent\u00e3o ele reconhece que cometeu um crime; por outro lado, ele j\u00e1 se esconde nas embaixadas de pa\u00edses ditatoriais, e ele mostra tamb\u00e9m o caminho que o destino dele vai ser a pris\u00e3o, vai ser a cadeia&#8221;.<\/p>\n\n\n\n<p><strong>A Hora<br><\/strong><a href=\"https:\/\/grupoahora.net.br\/conteudos\/2024\/03\/27\/encantado-recebe-r-300-mil-em-emenda-federal\/\">Encantado recebe R$ 300 mil em emenda federal<\/a><br>Na manh\u00e3 desta quarta-feira, 27, o governo municipal recebeu a confirma\u00e7\u00e3o da destina\u00e7\u00e3o de uma emenda parlamentar individual impositiva no valor de R$ 300 mil. A emenda, proveniente do or\u00e7amento geral da uni\u00e3o para 2024, foi articulada pelo <strong>deputado federal Bohn Gass<\/strong> e contou com o apoio do deputado estadual Pepe Vargas.<\/p>\n\n\n\n<p><strong>Independente<br><\/strong><a href=\"https:\/\/independente.com.br\/governo-prorroga-desenrola-ate-20-de-maio\/\">Encantado recebe R$ 300 mil em emenda federal<\/a><br>Nesta quarta-feira (27), a Prefeitura Municipal de Encantado recebeu a confirma\u00e7\u00e3o da destina\u00e7\u00e3o de uma emenda parlamentar individual impositiva no valor de R$ 300 mil. A emenda, proveniente do or\u00e7amento geral da uni\u00e3o para 2024 foi articulada pelo <strong>deputado federal Bohn Gass (PT)<\/strong> e contou com o apoio do deputado estadual Pepe Vargas (PT). A emenda permitir\u00e1 que a Administra\u00e7\u00e3o Municipal realize importantes investimentos em diversas \u00e1reas do munic\u00edpio.<\/p>\n\n\n\n<p><strong>Gramado News<br><\/strong><a href=\"https:\/\/www.portalgramadonews.com.br\/municipio-de-canela-recebe-quase-2-milhoes-para-a-saude\/\">Munic\u00edpio de Canela recebe quase 2 milh\u00f5es para a sa\u00fade<\/a><br>Marcio Biolchi que liberou R$220.000,00, Pompeo de Matos que liberou R$150.000,00 tamb\u00e9m aos parlamentares <strong>Bohn Gass<\/strong> e Any Ortiz que liberaram R$200.000,00 para incremento tempor\u00e1rio ao custeio dos servi\u00e7os de assist\u00eancia hospitalar e ambulatorial para cumprimento de metas<\/p>\n","protected":false},"excerpt":{"rendered":"<p>Brasil de FatoDemocracia, clima, fome, pazO deputado federal Elvino Bohn Gass, solicitado a trazer elementos para uma an\u00e1lise de conjuntura, lembrou que h\u00e1 hoje quatro temas fundamentais a preocupar militantes sociais, e a estarem no centro da luta de militantes, democratas, sonhadoras e sonhadores: Confedera\u00e7\u00e3o Nacional dos TransportesCom presen\u00e7a da CNT, Frente Parlamentar de Recursos [&hellip;]<\/p>\n","protected":false},"author":1,"featured_media":0,"parent":0,"menu_order":0,"comment_status":"closed","ping_status":"closed","template":"","meta":{"footnotes":""},"class_list":["post-3283","page","type-page","status-publish","hentry"],"yoast_head":"<!-- This site is optimized with the Yoast SEO plugin v27.4 - https:\/\/yoast.com\/product\/yoast-seo-wordpress\/ -->\n<title>Mar\u00e7o 2024 - Deputado Federal Bohn Gass \u2605 PT\/RS<\/title>\n<meta name=\"robots\" content=\"index, follow, max-snippet:-1, max-image-preview:large, max-video-preview:-1\" \/>\n<link rel=\"canonical\" href=\"https:\/\/bohngass.com.br\/?page_id=3283\" \/>\n<meta property=\"og:locale\" content=\"pt_BR\" \/>\n<meta property=\"og:type\" content=\"article\" \/>\n<meta property=\"og:title\" content=\"Mar\u00e7o 2024 - Deputado Federal Bohn Gass \u2605 PT\/RS\" \/>\n<meta property=\"og:description\" content=\"Brasil de FatoDemocracia, clima, fome, pazO deputado federal Elvino Bohn Gass, solicitado a trazer elementos para uma an\u00e1lise de conjuntura, lembrou que h\u00e1 hoje quatro temas fundamentais a preocupar militantes sociais, e a estarem no centro da luta de militantes, democratas, sonhadoras e sonhadores: Confedera\u00e7\u00e3o Nacional dos TransportesCom presen\u00e7a da CNT, Frente Parlamentar de Recursos [&hellip;]\" \/>\n<meta property=\"og:url\" content=\"https:\/\/bohngass.com.br\/?page_id=3283\" \/>\n<meta property=\"og:site_name\" content=\"Deputado Federal Bohn Gass \u2605 PT\/RS\" \/>\n<meta property=\"article:publisher\" content=\"https:\/\/www.facebook.com\/bohngass13\" \/>\n<meta property=\"article:modified_time\" content=\"2024-04-01T20:02:27+00:00\" \/>\n<meta name=\"twitter:card\" content=\"summary_large_image\" \/>\n<meta name=\"twitter:site\" content=\"@BohnGass\" \/>\n<meta name=\"twitter:label1\" content=\"Est. tempo de leitura\" \/>\n\t<meta name=\"twitter:data1\" content=\"30 minutos\" \/>\n<script type=\"application\/ld+json\" class=\"yoast-schema-graph\">{\"@context\":\"https:\\\/\\\/schema.org\",\"@graph\":[{\"@type\":\"WebPage\",\"@id\":\"https:\\\/\\\/bohngass.com.br\\\/?page_id=3283\",\"url\":\"https:\\\/\\\/bohngass.com.br\\\/?page_id=3283\",\"name\":\"Mar\u00e7o 2024 - Deputado Federal Bohn Gass \u2605 PT\\\/RS\",\"isPartOf\":{\"@id\":\"https:\\\/\\\/bohngass.com.br\\\/#website\"},\"datePublished\":\"2024-03-04T15:10:59+00:00\",\"dateModified\":\"2024-04-01T20:02:27+00:00\",\"breadcrumb\":{\"@id\":\"https:\\\/\\\/bohngass.com.br\\\/?page_id=3283#breadcrumb\"},\"inLanguage\":\"pt-BR\",\"potentialAction\":[{\"@type\":\"ReadAction\",\"target\":[\"https:\\\/\\\/bohngass.com.br\\\/?page_id=3283\"]}]},{\"@type\":\"BreadcrumbList\",\"@id\":\"https:\\\/\\\/bohngass.com.br\\\/?page_id=3283#breadcrumb\",\"itemListElement\":[{\"@type\":\"ListItem\",\"position\":1,\"name\":\"In\u00edcio\",\"item\":\"https:\\\/\\\/bohngass.com.br\\\/\"},{\"@type\":\"ListItem\",\"position\":2,\"name\":\"Mar\u00e7o 2024\"}]},{\"@type\":\"WebSite\",\"@id\":\"https:\\\/\\\/bohngass.com.br\\\/#website\",\"url\":\"https:\\\/\\\/bohngass.com.br\\\/\",\"name\":\"Deputado Federal Bohn Gass \u2605 PT\\\/RS\",\"description\":\"Deputado Federal Bohn Gass\",\"publisher\":{\"@id\":\"https:\\\/\\\/bohngass.com.br\\\/#organization\"},\"potentialAction\":[{\"@type\":\"SearchAction\",\"target\":{\"@type\":\"EntryPoint\",\"urlTemplate\":\"https:\\\/\\\/bohngass.com.br\\\/?s={search_term_string}\"},\"query-input\":{\"@type\":\"PropertyValueSpecification\",\"valueRequired\":true,\"valueName\":\"search_term_string\"}}],\"inLanguage\":\"pt-BR\"},{\"@type\":\"Organization\",\"@id\":\"https:\\\/\\\/bohngass.com.br\\\/#organization\",\"name\":\"Deputado Bohn Gass\",\"url\":\"https:\\\/\\\/bohngass.com.br\\\/\",\"logo\":{\"@type\":\"ImageObject\",\"inLanguage\":\"pt-BR\",\"@id\":\"https:\\\/\\\/bohngass.com.br\\\/#\\\/schema\\\/logo\\\/image\\\/\",\"url\":\"http:\\\/\\\/bohngass.com.br\\\/wp-content\\\/uploads\\\/2021\\\/01\\\/logo.png\",\"contentUrl\":\"http:\\\/\\\/bohngass.com.br\\\/wp-content\\\/uploads\\\/2021\\\/01\\\/logo.png\",\"width\":357,\"height\":355,\"caption\":\"Deputado Bohn Gass\"},\"image\":{\"@id\":\"https:\\\/\\\/bohngass.com.br\\\/#\\\/schema\\\/logo\\\/image\\\/\"},\"sameAs\":[\"https:\\\/\\\/www.facebook.com\\\/bohngass13\",\"https:\\\/\\\/x.com\\\/BohnGass\",\"https:\\\/\\\/www.instagram.com\\\/bohn_gass\\\/\",\"https:\\\/\\\/www.youtube.com\\\/BohnGass13\\\/\",\"https:\\\/\\\/pt.wikipedia.org\\\/wiki\\\/Bohn_Gass\"]}]}<\/script>\n<!-- \/ Yoast SEO plugin. -->","yoast_head_json":{"title":"Mar\u00e7o 2024 - Deputado Federal Bohn Gass \u2605 PT\/RS","robots":{"index":"index","follow":"follow","max-snippet":"max-snippet:-1","max-image-preview":"max-image-preview:large","max-video-preview":"max-video-preview:-1"},"canonical":"https:\/\/bohngass.com.br\/?page_id=3283","og_locale":"pt_BR","og_type":"article","og_title":"Mar\u00e7o 2024 - Deputado Federal Bohn Gass \u2605 PT\/RS","og_description":"Brasil de FatoDemocracia, clima, fome, pazO deputado federal Elvino Bohn Gass, solicitado a trazer elementos para uma an\u00e1lise de conjuntura, lembrou que h\u00e1 hoje quatro temas fundamentais a preocupar militantes sociais, e a estarem no centro da luta de militantes, democratas, sonhadoras e sonhadores: Confedera\u00e7\u00e3o Nacional dos TransportesCom presen\u00e7a da CNT, Frente Parlamentar de Recursos [&hellip;]","og_url":"https:\/\/bohngass.com.br\/?page_id=3283","og_site_name":"Deputado Federal Bohn Gass \u2605 PT\/RS","article_publisher":"https:\/\/www.facebook.com\/bohngass13","article_modified_time":"2024-04-01T20:02:27+00:00","twitter_card":"summary_large_image","twitter_site":"@BohnGass","twitter_misc":{"Est. tempo de leitura":"30 minutos"},"schema":{"@context":"https:\/\/schema.org","@graph":[{"@type":"WebPage","@id":"https:\/\/bohngass.com.br\/?page_id=3283","url":"https:\/\/bohngass.com.br\/?page_id=3283","name":"Mar\u00e7o 2024 - Deputado Federal Bohn Gass \u2605 PT\/RS","isPartOf":{"@id":"https:\/\/bohngass.com.br\/#website"},"datePublished":"2024-03-04T15:10:59+00:00","dateModified":"2024-04-01T20:02:27+00:00","breadcrumb":{"@id":"https:\/\/bohngass.com.br\/?page_id=3283#breadcrumb"},"inLanguage":"pt-BR","potentialAction":[{"@type":"ReadAction","target":["https:\/\/bohngass.com.br\/?page_id=3283"]}]},{"@type":"BreadcrumbList","@id":"https:\/\/bohngass.com.br\/?page_id=3283#breadcrumb","itemListElement":[{"@type":"ListItem","position":1,"name":"In\u00edcio","item":"https:\/\/bohngass.com.br\/"},{"@type":"ListItem","position":2,"name":"Mar\u00e7o 2024"}]},{"@type":"WebSite","@id":"https:\/\/bohngass.com.br\/#website","url":"https:\/\/bohngass.com.br\/","name":"Deputado Federal Bohn Gass \u2605 PT\/RS","description":"Deputado Federal Bohn Gass","publisher":{"@id":"https:\/\/bohngass.com.br\/#organization"},"potentialAction":[{"@type":"SearchAction","target":{"@type":"EntryPoint","urlTemplate":"https:\/\/bohngass.com.br\/?s={search_term_string}"},"query-input":{"@type":"PropertyValueSpecification","valueRequired":true,"valueName":"search_term_string"}}],"inLanguage":"pt-BR"},{"@type":"Organization","@id":"https:\/\/bohngass.com.br\/#organization","name":"Deputado Bohn Gass","url":"https:\/\/bohngass.com.br\/","logo":{"@type":"ImageObject","inLanguage":"pt-BR","@id":"https:\/\/bohngass.com.br\/#\/schema\/logo\/image\/","url":"http:\/\/bohngass.com.br\/wp-content\/uploads\/2021\/01\/logo.png","contentUrl":"http:\/\/bohngass.com.br\/wp-content\/uploads\/2021\/01\/logo.png","width":357,"height":355,"caption":"Deputado Bohn Gass"},"image":{"@id":"https:\/\/bohngass.com.br\/#\/schema\/logo\/image\/"},"sameAs":["https:\/\/www.facebook.com\/bohngass13","https:\/\/x.com\/BohnGass","https:\/\/www.instagram.com\/bohn_gass\/","https:\/\/www.youtube.com\/BohnGass13\/","https:\/\/pt.wikipedia.org\/wiki\/Bohn_Gass"]}]}},"_links":{"self":[{"href":"https:\/\/bohngass.com.br\/index.php?rest_route=\/wp\/v2\/pages\/3283","targetHints":{"allow":["GET"]}}],"collection":[{"href":"https:\/\/bohngass.com.br\/index.php?rest_route=\/wp\/v2\/pages"}],"about":[{"href":"https:\/\/bohngass.com.br\/index.php?rest_route=\/wp\/v2\/types\/page"}],"author":[{"embeddable":true,"href":"https:\/\/bohngass.com.br\/index.php?rest_route=\/wp\/v2\/users\/1"}],"replies":[{"embeddable":true,"href":"https:\/\/bohngass.com.br\/index.php?rest_route=%2Fwp%2Fv2%2Fcomments&post=3283"}],"version-history":[{"count":0,"href":"https:\/\/bohngass.com.br\/index.php?rest_route=\/wp\/v2\/pages\/3283\/revisions"}],"wp:attachment":[{"href":"https:\/\/bohngass.com.br\/index.php?rest_route=%2Fwp%2Fv2%2Fmedia&parent=3283"}],"curies":[{"name":"wp","href":"https:\/\/api.w.org\/{rel}","templated":true}]}}