{"id":3736,"date":"2024-12-26T12:23:11","date_gmt":"2024-12-26T15:23:11","guid":{"rendered":"https:\/\/bohngass.com.br\/?page_id=3736"},"modified":"2025-01-06T12:25:39","modified_gmt":"2025-01-06T15:25:39","slug":"dezembro-2024","status":"publish","type":"page","link":"https:\/\/bohngass.com.br\/?page_id=3736","title":{"rendered":"Dezembro 2024"},"content":{"rendered":"\n<p><strong>Secretaria Geral Presid\u00eancia da Rep\u00fablica<br><\/strong><a href=\"https:\/\/www.gov.br\/secretariageral\/pt-br\/noticias\/2024\/dezembro\/seminario-discute-pronara-e-entrega-minuta-de-decreto-e-relatorio\">Semin\u00e1rio discute PRONARA e entrega minuta de decreto e relat\u00f3rio<br><\/a>Convidados:<br>Rog\u00e9rio Dias\/IBO\/Membro Sociedade Civil na CNAPO;<br>Jakeline Pivato\/Campanha\/Membro Sociedade Civil na ST PRONARA;<br>Nilto Tatto, Deputado Federal, PT\/SP;<br>Fernanda Machiavelli, secret\u00e1ria-executiva do Minist\u00e9rio do Desenvolvimento Agr\u00e1rio e Agricultura Familiar;<br>Padre Jo\u00e3o, Deputado Federal, PT\/MG;<br><strong>Bohn Gass, Deputado Federal, PT\/RS<\/strong><br>Kelli Alves, Coordenadora-Geral de Alimenta\u00e7\u00e3o e Nutri\u00e7\u00e3o do Minist\u00e9rio da Sa\u00fade;<br>Pedro Luiz Gon\u00e7alves Serafim da Silva, Coordenador-Geral do F\u00f3rum Nacional de Combate aos Impactos dos Agrot\u00f3xicos e Transg\u00eanicos.<br>Mar\u00edlia Le\u00e3o, Secret\u00e1ria-Executiva do CONSEA;<br>Marcelo Fragozo, Chefe de gabinete da Secretaria-Executiva da SGPR; e<br>Kelli Mafort, Secret\u00e1ria-Executiva da Secretaria-Geral da Presid\u00eancia da Rep\u00fablica.<\/p>\n\n\n\n<p><strong>A Voz do Brasil<br><\/strong><a href=\"https:\/\/www.camara.leg.br\/radio\/programas\/1117348-comissao-de-constituicao-e-justica-volta-a-discutir-voto-impresso-nas-eleicoes-brasileiras\/\">Bohn Gass comemora a isen\u00e7\u00e3o do imposto de renda para quem ganha at\u00e9 cinco mil reais<\/a><br>O parlamentar acrescenta que o ajuste fiscal prev\u00ea o aumento de tributos entre os mais ricos, permitindo que haja justi\u00e7a tribut\u00e1ria no Pa\u00eds. <strong>Bohn Gass<\/strong> observa ainda que o pacote de corte de gastos anunciado pelo governo prev\u00ea uma economia de mais de trezentos bilh\u00f5es de reais at\u00e9 2030.<\/p>\n\n\n\n<p><strong>Senado Not\u00edcias<br><\/strong><a href=\"https:\/\/www12.senado.leg.br\/noticias\/materias\/2024\/12\/03\/sancionada-lei-que-concede-descontos-a-produtores-atingidos-por-enchente-no-rs\">Sancionada lei que concede descontos a produtores atingidos por enchente no RS<br><\/a>Apresentado na C\u00e2mara, como PL 4.448\/2024&nbsp;pelos deputados Jos\u00e9 Guimar\u00e3es (PT-CE) e<strong> Bohn Gass (PT-RS)<\/strong>, o projeto foi aprovado no Senado com relat\u00f3rio favor\u00e1vel do senador Paulo Paim (PT-RS). &nbsp;<\/p>\n\n\n\n<p><strong>PT na C\u00e2mara<br><\/strong><a href=\"https:\/\/ptnacamara.org.br\/petistas-defendem-a-producao-de-alimentos-agroecologicos-para-combater-a-fome-e-promover-saude\/\">Petistas defendem a produ\u00e7\u00e3o de alimentos agroecol\u00f3gicos para combater a fome e promover sa\u00fade<br><\/a>O <strong>deputado Bohn Gass (PT-RS) <\/strong>refor\u00e7ou a necessidade de eliminar agrot\u00f3xicos no Brasil, ainda que o processo exija uma transi\u00e7\u00e3o gradual. \u201cQueremos uma redu\u00e7\u00e3o dr\u00e1stica. Os agrot\u00f3xicos fazem mal \u00e0 sa\u00fade, ao meio ambiente e contribuem para a crise clim\u00e1tica. Nossa media\u00e7\u00e3o atual \u00e9 a redu\u00e7\u00e3o, mas o objetivo final \u00e9 a elimina\u00e7\u00e3o\u201d, explicou. Ele tamb\u00e9m destacou iniciativas como o incentivo ao uso de bioinsumos e biofertilizantes.<\/p>\n\n\n\n<p><strong>Associa\u00e7\u00e3o dos Bombeiros do Estado do Rio Grande do Sul<br><\/strong><a href=\"https:\/\/abergs.org.br\/posts\/abergs-em-brasilia-coordenador-debate-e-entrega-demandas-aos-deputados-gauchos\">ABERGS em Bras\u00edlia: coordenador debate e entrega demandas aos deputados ga\u00fachos<br><\/a>A agenda do primeiro dia foi marcada por visitas aos gabinetes dos deputados federais: Heitor Jose Schuch, Danrlei de Deus Hinterholz, Giovani Cherini, <strong>Elvino Bohn Gass<\/strong>, Luiz Carlos Busato, M\u00e1rcio Biolchi, Any Ortiz, Pompeo de Mattos e Daniel Trzeciak.<\/p>\n\n\n\n<p><strong>Tudo Celular<br><\/strong><a href=\"https:\/\/www.tudocelular.com\/tech\/noticias\/n229111\/projeto-fim-contagem-pontos-cng-aprovado-camara.html\">Projeto que acaba com contagem de pontos na CNH ao n\u00e3o pagar ped\u00e1gio \u00e9 aprovado na C\u00e2mara<br><\/a>A Ag\u00eancia Nacional de Transportes Terrestres (ANTT) foi tema de discuss\u00e3o no Plen\u00e1rio sobre o projeto, onde o <strong>deputado Bohn Gass<\/strong> falou sobre a proposta deixar com o \u00f3rg\u00e3o a regula\u00e7\u00e3o das medidas. Entretanto, o deputado Gilson Marques afirmou que tanto o governo quanto a ag\u00eancia podem ser pass\u00edveis de press\u00e3o.<\/p>\n\n\n\n<p><strong>Momento MT<br><\/strong><a href=\"https:\/\/momentomt.com.br\/politica-nacional\/entra-em-vigor-lei-que-concede-descontos-a-produtores-atingidos-por-enchente-no-rs\/\">Entra em vigor lei que concede descontos a produtores atingidos por enchente no RS<br><\/a>O projeto foi presentado na C\u00e2mara como PL 4448\/24 pelos deputados Jos\u00e9 Guimar\u00e3es (PT-CE) e <strong>Bohn Gass (PT-RS)<\/strong>.<\/p>\n\n\n\n<p><strong>Mundo Sindical<br><\/strong><a href=\"https:\/\/www.mundosindical.com.br\/Noticias\/62717,Luiz-Arraes-participa-de-audiencia-publica-sobre-impactos-da-reforma-trabalhista-aprovada-em-2017\">Luiz Arraes participa de audi\u00eancia p\u00fablica sobre impactos da reforma trabalhista aprovada em 2017<br><\/a>Essa e outras defini\u00e7\u00f5es e exemplos sobre os retrocessos da Lei 13.467\/2017, aprovada h\u00e1 sete anos pelo governo golpista de Michel Temer, foram apresentadas durante o evento \u201cImpactos da reforma trabalhista\u201d, promovida pelo <strong>deputado Bohn Gass (PT-RS)<\/strong>, da Comiss\u00e3o do Trabalho, no \u00faltimo dia 27, no Congresso Nacional.<\/p>\n\n\n\n<p><strong>Partido dos Trabalhadores<br><\/strong><a href=\"https:\/\/pt.org.br\/casos-de-mortes-por-pms-em-sp-explodem-na-gestao-tarcisio\/\">Casos de mortes por PMs em SP explodem na gest\u00e3o Tarc\u00edsio<br><\/a>Tamb\u00e9m no X, o deputado federal <strong>Bohn Gass (PT-RS)<\/strong> p\u00f4s em xeque a estrat\u00e9gia de seguran\u00e7a p\u00fablica do governador de S\u00e3o Paulo. \u201cDe janeiro a setembro, 474 pessoas foram mortas por PMs em servi\u00e7o em S\u00e3o Paulo. 52 mortes por m\u00eas! Em rela\u00e7\u00e3o a 2023, a alta \u00e9 de 81%. \u00c9 essa \u2013 com mortes e mais mortes \u2013 a pol\u00edtica de seguran\u00e7a do governador bolsonarista Tarc\u00edsio?\u201d, questionou.<\/p>\n\n\n\n<p><strong>CNN<br><\/strong><a href=\"https:\/\/www.cnnbrasil.com.br\/politica\/corte-de-gastos-veja-quem-votou-contra-e-a-favor-da-urgencia-dos-projetos-do-pacote\/\">Corte de gastos: veja quem votou contra e a favor da urg\u00eancia dos projetos do pacote<br><\/a>Veja a vota\u00e7\u00e3o do projeto de lei complementar:<br>[\u2026]<br><strong>Bohn Gass RS Sim<br><\/strong>[\u2026]<\/p>\n\n\n\n<p>Veja a vota\u00e7\u00e3o no projeto de lei<br>[\u2026]<br><strong>Bohn Gass RS Sim<br><\/strong>[\u2026]<\/p>\n\n\n\n<p><strong>C\u00e2mara Municipal de Caxias do Sul<br><\/strong><a href=\"https:\/\/www.camaracaxias.rs.gov.br\/noticias\/index\/29496\">Vereadora Estela Balardin presta contas de ida a Bras\u00edlia na tribuna<br><\/a>Contou que esteve com o <strong>deputado federal Elvino Bohn Gass\/PT<\/strong> articulando emendas para serem destinadas aos bairros e comunidades de Caxias do Sul.<\/p>\n\n\n\n<p><strong>R\u00e1dio Sobradinho<br><\/strong><a href=\"https:\/\/www.radiosobradinho.com.br\/47750-2\/\">Prefeito de Lagoa Bonita esteve em Bras\u00edlia<br><\/a>Eles visitaram os gabinetes dos Deputados Federais, Covatti Filho, Pedro Wesphalen, Marcelo Moraes, <strong>Elvino Bohn Gass<\/strong> e Giovani Cherini, al\u00e9m dos gabinetes dos Senadores, Luis Carlos Heinze e Paulo Paim.<\/p>\n\n\n\n<p><strong>PT na C\u00e2mara<br><\/strong><a href=\"https:\/\/ptnacamara.org.br\/governo-lula-e-o-responsavel-pela-queda-da-pobreza-e-da-extrema-pobreza-no-pais-apontam-petistas\/\">Governo Lula \u00e9 o respons\u00e1vel pela queda da pobreza e da extrema pobreza no Pa\u00eds, apontam petistas<br><\/a>Tamb\u00e9m comemoraram pelas redes sociais a queda recorde da pobreza e da extrema pobreza no Pa\u00eds os (as) parlamentares petistas Reginete Bispo (RS), Nilto Tatto (SP), Benedita da Silva (RJ), Pedro Uczai (SC), <strong>Bohn Gass (RS)<\/strong>, Ana Pimentel (MG), Alencar Santana (SP), Valmir Assun\u00e7\u00e3o (BA), Paulo Guedes (MG), Reimont (RJ) e Helder Salom\u00e3o (ES).<\/p>\n\n\n\n<p><strong>Sinasefe<br><\/strong><a href=\"https:\/\/sinasefe.org.br\/site\/visita-a-parlamentares-da-camara-dos-deputados\/\">Visita a parlamentares da C\u00e2mara dos Deputados<br><\/a>Registros fotogr\u00e1ficos de atividade do plant\u00e3o do SINASEFE, realizada em 5 de dezembro de 2024. Plantonistas da Dire\u00e7\u00e3o Nacional estiveram nos gabinetes das deputadas S\u00e2mia Bomfim (PSOL-SP), Fernanda Melchionna (PSOL-RS), C\u00e9lia Xakriab\u00e1 (PSOL-MG), Benedita da Silva (PT-RJ), Erika Hilton (PSOL-SP), Luciene Cavalcante (PSOL-SP), Luiziane Lins (PT-CE) e dos deputados Luiz Couto (PT-PB), An\u00edsio Maia (PSB-PB), <strong>Bohn Gass (PT-RS)<\/strong>, Henrique Vieira (PSOL-RJ) e Rui Falc\u00e3o (PT-SP). Objetivo foi solicitar apoio e interven\u00e7\u00e3o junto ao governo para maior celeridade no que foi acordado com a categoria<\/p>\n\n\n\n<p><strong>SBT News<br><\/strong><a href=\"https:\/\/sbtnews.sbt.com.br\/noticia\/politica\/stf-x-congresso-impasse-sobre-emendas-coloca-em-risco-votacoes-de-interesse-do-planalto\">STF X Congresso: impasse sobre emendas coloca em risco vota\u00e7\u00f5es de interesse do Planalto<br><\/a>O deputado Joaquim Passarinho (PL-PA) expressou preocupa\u00e7\u00e3o com o papel do STF. &#8220;H\u00e1 essa percep\u00e7\u00e3o na Casa de que algumas atua\u00e7\u00f5es est\u00e3o beneficiando o governo&#8221;, afirmou. Por outro lado,<strong> Bohn Gass (PT-RS)<\/strong> defendeu as novas regras e enfatizou que a transpar\u00eancia \u00e9 um avan\u00e7o necess\u00e1rio para o equil\u00edbrio entre os poderes.<\/p>\n\n\n\n<p><strong>ICL Not\u00edcias<br><\/strong><a href=\"https:\/\/iclnoticias.com.br\/personalidades-comentam-braga-netto\/\">Pol\u00edticos comentam entrega de dinheiro por Braga Netto para financiar golpe<br><\/a>O tamb\u00e9m <strong>deputado federal Bohn Gass (PT-RS)<\/strong> publicou, no \u201cX\u201d: \u201cA se confirmar o que est\u00e1 na m\u00eddia \u2013 que Mauro Cid teria confirmado que Braga Netto passou dinheiro para os kids pretos executarem o Plano Punhal Verde-Amarelo (que previa assassinar Lula, Alckmin e Moraes) \u2013 n\u00e3o h\u00e1 outro jeito: o general vice de Bolsonaro tem que ser preso\u201d.<\/p>\n\n\n\n<p><strong>Head T\u00f3pics<br><\/strong><a href=\"https:\/\/br.headtopics.com\/news\/stf-x-congresso-impasse-sobre-emendas-coloca-em-risco-62985814\">STF X Congresso: impasse sobre emendas coloca em risco vota\u00e7\u00f5es de interesse do Planalto<br><\/a>O deputado Joaquim Passarinho (PL-PA) expressou preocupa\u00e7\u00e3o com o papel do STF. &#8220;H\u00e1 essa percep\u00e7\u00e3o na Casa de que algumas atua\u00e7\u00f5es est\u00e3o beneficiando o governo&#8221;, afirmou. Por outro lado, <strong>Bohn Gass (PT-RS)<\/strong> defendeu as novas regras e enfatizou que a transpar\u00eancia \u00e9 um avan\u00e7o necess\u00e1rio para o equil\u00edbrio entre os poderes.<\/p>\n\n\n\n<p><strong>Farrapo<\/strong><br><a href=\"https:\/\/farrapo.com.br\/noticias-detalhe\/1\/cacapava-do-sul\/34339\/viagem-a-brasilia-encaminhou-ate-o-momento-mais-de-r-4-5-milhoes-para-cacapava.html\">Viagem a Bras\u00edlia encaminhou at\u00e9 o momento mais de R$ 4,5 milh\u00f5es para Ca\u00e7apava<br><\/a>Deputado Elvino Bohn Gass \u2013 R$ 300.000,00 para agricultura Familiar<\/p>\n\n\n\n<p><strong>JEAcontece<br><\/strong><a href=\"https:\/\/jeacontece.com.br\/legislativo-taperense-realizou-a-sua-42a-sessao-ordinaria-do-ano-a-noite-passada\/\">Legislativo taperense realizou a sua 42\u00aa sess\u00e3o ordin\u00e1ria do ano \u00e0 noite passada<br><\/a>ALCIDES MALDANER (PDT) \u2013 O vereador cobrou da Prefeitura a emenda de R$ 100 mil, enviada ao munic\u00edpio pelo <strong>deputado federal Elvino Bohn Gass (PT)<\/strong>, para aquisi\u00e7\u00e3o de tr\u00eas tratores cortadores de grama que n\u00e3o foram ainda adquiridos. Os cortadores seriam destinados aos campos de futebol dos bairros Progresso, S\u00e3o Judas Tadeu e Bras\u00edlia. Pediu um posicionamento da mesma neste sentido. Falou ainda de sua proposi\u00e7\u00e3o, a 017\/2024, que deu entrada na noite, concedendo o t\u00edtulo de \u201cCidad\u00e3 Taperense\u201d a ex-vereadora Ana Otac\u00edlia Peres Godinho Cassol.<\/p>\n\n\n\n<p><strong>Poder 360<br><\/strong><a href=\"https:\/\/www.poder360.com.br\/poder-governo\/autoridades-desejam-boa-recuperacao-a-lula\/\">Autoridades desejam boa recupera\u00e7\u00e3o a Lula<\/a><\/p>\n\n\n\n<figure class=\"wp-block-image size-large\"><img decoding=\"async\" src=\"https:\/\/static.poder360.com.br\/2024\/12\/Bohn-Gass-1024x330.png\" alt=\"\"\/><\/figure>\n\n\n\n<p><strong>PT na C\u00e2mara<br><\/strong><a href=\"https:\/\/ptnacamara.org.br\/petistas-desejam-rapida-recuperacao-ao-presidente-lula-que-passou-por-cirurgia-de-emergencia\/\">Petistas desejam r\u00e1pida recupera\u00e7\u00e3o ao presidente Lula, que passou por cirurgia de emerg\u00eancia<br><\/a>Tamb\u00e9m postaram mensagens de apoio ao presidente Lula ou not\u00edcias sobre o sucesso da cirurgia os parlamentares petistas <strong>Bohn Gass (RS)<\/strong>, Rubens Pereira Jr. (MA), Arlindo Chinaglia (SP), Airton Faleiro (PA), Ana Paula Lima (SC), Denise Pess\u00f4a (RS), Luizianne Lins (CE), Jilmar Tatto (SP), Reginete Bispo (RS), Nilto Tatto (SP), Rog\u00e9rio Correia (MG), Carlos Zarattini (SP), Dimas Gadelha (RJ), Nat\u00e1lia Bonavides (RN), Helder Salom\u00e3o (ES), Rubens Otoni (GO), Erika Kokay (DF), Carlos Veras (PE), Reginaldo Lopes (MG), Jack Rocha (ES), Kiko Celeguim (SP), Zeca Dirceu (PR), Valmir Assun\u00e7\u00e3o (BA), Josias Gomes (BA), Vicentinho (SP), Washington Quaqu\u00e1 (RJ), Dandara (MG), Paulo Guedes (MG), Alexandre Lindenmeyer (RS), Vander Loubet (MS), Delegada Adriana Accorsi (GO), Camila Jara (MS), Juliana Cardoso (SP), Patrus Ananias (MG) e Merlong Solano (PI).<\/p>\n\n\n\n<p><strong>Grupo Rep\u00f3rter<br><\/strong><a href=\"https:\/\/gruporeporter.com.br\/hci-e-contemplado-pelo-pronon-com-equipamento-de-ultima-geracao\/\">HCI \u00e9 contemplado pelo Pronon com equipamento de \u00faltima gera\u00e7\u00e3o<br><\/a>Nesta semana, o projeto para a aquisi\u00e7\u00e3o de um PET-CT, um dos aparelhos de Medicina Nuclear mais avan\u00e7ados do mundo, foi aprovado no Programa Nacional de Apoio \u00e0 Aten\u00e7\u00e3o Oncol\u00f3gica (Pronon), do Minist\u00e9rio da Sa\u00fade, com a intermedia\u00e7\u00e3o do <strong>deputado federal Elvino Bohn Gass (PT).<\/strong><\/p>\n\n\n\n<p><strong>PT na C\u00e2mara<br><\/strong><a href=\"https:\/\/ptnacamara.org.br\/bancada-do-pt-e-governo-lula-atuam-com-agilidade-para-ajudar-na-reconstrucao-do-rio-grande-do-sul\/\">Bancada do PT e Governo Lula atuam com agilidade para ajudar na reconstru\u00e7\u00e3o do Rio Grande do Sul<br><\/a><strong>Bohn Gass:<\/strong> \u201cLula cumpriu a promessa feita ao povo ga\u00facho de que n\u00e3o faltariam recursos para a reconstru\u00e7\u00e3o e garantiu mais de R$ 100 bilh\u00f5es! Foi a maior ajuda que um governo federal j\u00e1 deu a um estado. Presente desde o primeiro dia da trag\u00e9dia at\u00e9 agora, Lula teve a\u00e7\u00e3o exemplar e atendeu todas as demandas ga\u00fachas\u201d.<\/p>\n\n\n\n<p><strong>Terra<\/strong><br><a href=\"https:\/\/www.terra.com.br\/noticias\/soda-caustica-e-agua-oxigenada-sao-encontradas-em-derivados-do-leite-em-fabrica-no-rs,23b12dd3823119d234c64b8f48937ecbn5wq6wsp.html#google_vignette\">Soda c\u00e1ustica e \u00e1gua oxigenada s\u00e3o encontradas em derivados do leite em f\u00e1brica no RS<\/a><\/p>\n\n\n\n<blockquote class=\"twitter-tweet\"><p lang=\"pt\" dir=\"ltr\">Aconteceu agora! Minist\u00e9rio P\u00fablico prendeu 5 pessoas por uso de soda c\u00e1ustica e \u00e1gua oxigenada em produtos l\u00e1cteos da f\u00e1brica Dielat, de Taquara\/RS, que comercializa marcas Mega Lac, Mega Milk, Tenta\u00e7\u00e3o e Cootall. <br>7 cidades do RS j\u00e1 receberam este leite para a merenda escolar!<\/p>&mdash; Bohn Gass (@BohnGass) <a href=\"https:\/\/twitter.com\/BohnGass\/status\/1866859728384692247?ref_src=twsrc%5Etfw\">December 11, 2024<\/a><\/blockquote> <script async src=\"https:\/\/platform.twitter.com\/widgets.js\" charset=\"utf-8\"><\/script>\n\n\n\n<p><strong>A Voz do Brasil<br><\/strong><a href=\"https:\/\/www.camara.leg.br\/radio\/programas\/1120694-camara-dos-deputados-aprova-varios-projetos-relacionados-a-seguranca-publica\/\">Bohn Gass defende regras para utiliza\u00e7\u00e3o de herbicidas<br><\/a><strong>Bohn Gass, do PT ga\u00facho,<\/strong> \u00e9 contra o uso de herbicidas hormonais. Mas se o produtor opta por usar o veneno, \u00e9 preciso ter regras claras e fiscaliza\u00e7\u00e3o rigorosa sobre o emprego dos produtos nas planta\u00e7\u00f5es. Entre as medidas que o deputado defende est\u00e1 o aviso pr\u00e9vio da aplica\u00e7\u00e3o do herbicida para que o regramento do clima, da temperatura, do vento e de todos os temas correlatos \u00e0 an\u00e1lise da aplica\u00e7\u00e3o seja respeitado.<\/p>\n\n\n\n<p><strong>Adufal<\/strong><br><a href=\"https:\/\/adufal.org.br\/Conteudo\/31759\">Nota p\u00fablica: mobiliza\u00e7\u00e3o para que o Governo cumpra o acordo da greve<br><\/a>Al\u00e9m disso, precisamos, em paralelo, lutar pela aprova\u00e7\u00e3o das emendas dos deputados Carlos Zarattini (PT) e <strong>Elvino Bohn Gass (PT)<\/strong>, que s\u00e3o fundamentais para assegurar o pagamento do retroativo. Lutamos tanto durante a greve, mas agora entramos na etapa decisiva, onde podemos conquistar tudo ou perder muito.<\/p>\n\n\n\n<p><strong>Assembleia Legislativa do Estado do Rio Grande do Sul<br><\/strong><a href=\"https:\/\/ww4.al.rs.gov.br\/noticia\/338245\">Comiss\u00e3o de Educa\u00e7\u00e3o lan\u00e7a a 4\u00aa edi\u00e7\u00e3o do Observat\u00f3rio da Educa\u00e7\u00e3o P\u00fablica do RS<br><\/a>Estiveram presentes a solenidade a deputada Luciana Genro (PSol), o deputado suplente Halley de Souza, o <strong>deputado Federal Elvino Bohn Gass (PT\/RS)<\/strong>, o ex-deputado Raul Pont, a ex-secret\u00e1ria de Educa\u00e7\u00e3o, L\u00facia Camini, a promotora p\u00fablica do Cristiane Corrales, o vice-presidente do CPERS\/Sindicato, Edson Garcia e representantes de Universidades, Institutos Federais, da Defensoria P\u00fablica, OAB\/RS, Umespa, de associa\u00e7\u00e3o de orientadores e secret\u00e1rios de educa\u00e7\u00e3o municipais.<\/p>\n\n\n\n<p><strong>A Voz do Brasil<br><\/strong><a href=\"https:\/\/www.camara.leg.br\/radio\/programas\/1122104-orcamento-pacote-de-corte-de-gastos-e-reforma-tributaria-estao-na-pauta-da-camara\/?pagina=10\">Bohn Gass celebra acordo do Mercosul com Uni\u00e3o Europeia<br><\/a><strong>Bohn Gass, do PT do Rio Grande do Sul,<\/strong> celebra o acordo entre Mercosul e Uni\u00e3o Europeia, fechado ap\u00f3s 20 anos de negocia\u00e7\u00e3o. De acordo com o parlamentar, o pacto, que envolve 25% do PIB mundial, vai ampliar o com\u00e9rcio agr\u00edcola e industrial, gerando empregos e inova\u00e7\u00e3o. Para ele, o acordo vai fortalecer o Mercosul e s\u00f3 foi poss\u00edvel gra\u00e7as ao equil\u00edbrio diplom\u00e1tico e ao protagonismo do governo em pautas globais.<\/p>\n\n\n\n<p><strong>Brasil 247<br><\/strong><a href=\"https:\/\/www.brasil247.com\/blog\/a-direita-e-o-mercado-mentira-desumanizacao-e-lucro\">[ARTIGO] A direita e o mercado: mentira, desumaniza\u00e7\u00e3o e lucro<br><\/a>&#8220;Se a direita se retroalimenta com o pr\u00f3prio estrume, que tipo de dejeto nutre os operadores do mercado?&#8221;, questiona <strong>Bohn Gass<\/strong><\/p>\n\n\n\n<p><strong>Ag\u00eancia C\u00e2mara de Not\u00edcias<br><\/strong><a href=\"https:\/\/www.camara.leg.br\/noticias\/1123095-congresso-aprova-lei-de-diretrizes-orcamentarias-de-2025-com-meta-de-deficit-fiscal-zero\/\">Congresso aprova Lei de Diretrizes Or\u00e7ament\u00e1rias de 2025 com meta de d\u00e9ficit fiscal zero<br><\/a>Para o <strong>deputado Bohn Gass (PT-RS)<\/strong>, os parlamentares tamb\u00e9m s\u00e3o respons\u00e1veis pelas contas ao aprovar ren\u00fancias fiscais e o pr\u00f3prio valor das emendas no Or\u00e7amento da Uni\u00e3o. \u201cVamos deixar de hipocrisia\u201d, reclamou.<\/p>\n\n\n\n<p><strong>Andes Sindicato Nacional<br><\/strong><a href=\"https:\/\/www.andes.org.br\/conteudos\/noticia\/governo-encaminha-reajustes-do-funcionalismo-federal-via-emenda-na-lDO1\">Governo encaminha reajustes do funcionalismo federal via emenda na LDO<br><\/a>O ANDES-SN foi informado na segunda-feira (16), atrav\u00e9s do F\u00f3rum de Entidades Nacionais de Servidores Federais (Fonasefe), que o governo federal decidiu encaminhar emendas ao PLN 3\/2024, para assegurar que os 41 termos de acordo assinados com entidades de servidoras e servidores p\u00fablicos federais sejam cumpridos. As emendas foram apresentadas pelos <strong>deputados federais Bohn Gass (PT\/RS)<\/strong> e Carlos Zarattini (PT\/SP), por encomenda do Minist\u00e9rio da Gest\u00e3o e da Inova\u00e7\u00e3o em Servi\u00e7os P\u00fablicos (MGI).<\/p>\n\n\n\n<p><strong>Correio do Povo<br><\/strong><a href=\"https:\/\/www.correiodopovo.com.br\/not%C3%ADcias\/pol%C3%ADtica\/veja-como-votaram-os-deputados-ga%C3%BAchos-na-regulamenta%C3%A7%C3%A3o-da-reforma-tribut%C3%A1ria-1.1562591\">Veja como votaram os deputados ga\u00fachos na regulamenta\u00e7\u00e3o da Reforma Tribut\u00e1ria<br><\/a>Confira como os deputados votaram:<br>SIM (17)<br>[\u2026]<br><strong>Bohn Gass (PT)<br><\/strong>[\u2026]<\/p>\n\n\n\n<p><strong>PT na C\u00e2mara<br><\/strong><a href=\"https:\/\/ptnacamara.org.br\/com-apoio-do-pt-congresso-nacional-aprova-ldo-de-2025\/\">Com apoio do PT, Congresso Nacional aprova LDO de 2025<br><\/a>Durante a vota\u00e7\u00e3o da LDO, parlamentares petistas criticaram o pessimismo manifestado por deputados de oposi\u00e7\u00e3o em rela\u00e7\u00e3o ao Pa\u00eds. O <strong>deputado Bohn Gass (PT-RS)<\/strong>, por exemplo, rebateu as cr\u00edticas feitas, principalmente por parlamentares bolsonaristas, de que o governo Lula gasta demais e que precisa cortar despesas.<\/p>\n\n\n\n<p><strong>Partido dos Trabalhadores<br><\/strong><a href=\"https:\/\/pt.org.br\/historico-petistas-comemoram-aprovacao-da-reforma-tributaria-apos-30-anos\/\">Hist\u00f3rico: petistas comemoram aprova\u00e7\u00e3o da Reforma Tribut\u00e1ria, ap\u00f3s 30 anos<br><\/a><strong>Deputado Bohn Gass (PT-RS) <\/strong>\u2013 \u201cAprovamos a Reforma Tribut\u00e1ria do governo Lula que zera impostos sobre 40 alimentos essenciais da cesta b\u00e1sica, como arroz, feij\u00e3o, leite, caf\u00e9, carnes e outros. \u00c9 um grande feito. O Brasil esperava por isso h\u00e1 40 anos\u201d.<\/p>\n\n\n\n<p><strong>Extra Classe<br><\/strong><a href=\"https:\/\/www.extraclasse.org.br\/economia\/2024\/12\/camara-aprova-projeto-que-regulamenta-a-reforma-tributaria\/\">C\u00e2mara aprova projeto que regulamenta a reforma tribut\u00e1ria<br><\/a>Deputados ga\u00fachos que votaram a favor:<br>[\u2026]<br><strong>Bohn Gass (PT)<br><\/strong>[\u2026]<\/p>\n\n\n\n<p><strong>CNN<br><\/strong><a href=\"https:\/\/www.cnnbrasil.com.br\/politica\/como-votou-cada-deputado-na-reforma-tributaria\/\">Como votou cada deputado na reforma tribut\u00e1ria<br><\/a>Como votaram os deputados<br>[\u2026]<br>PT<br>[\u2026]<br>Bohn Gass RS Sim<br>[\u2026]<\/p>\n\n\n\n<p><strong>Terra<br><\/strong><a href=\"https:\/\/www.terra.com.br\/noticias\/estamos-confiantes-que-nao-vai-haver-desidratacao-diz-haddad-sobre-votacao-de-pacote-fiscal,ff9d867925082de823e53c388372e82dka7kdfk2.html\">&#8216;Estamos confiantes que n\u00e3o vai haver desidrata\u00e7\u00e3o&#8217;, diz Haddad sobre vota\u00e7\u00e3o de pacote fiscal<\/a><\/p>\n\n\n\n<blockquote class=\"twitter-tweet\" data-media-max-width=\"560\"><p lang=\"pt\" dir=\"ltr\">Governo Lula alcan\u00e7a uma enorme vit\u00f3ria: a proposta da Reforma Tribut\u00e1ria capitaneada pelo ministro Haddad foi aprovada. O Brasil esperava por isso h\u00e1 40 anos! <a href=\"https:\/\/t.co\/yR8SJH1LLV\">pic.twitter.com\/yR8SJH1LLV<\/a><\/p>&mdash; Bohn Gass (@BohnGass) <a href=\"https:\/\/twitter.com\/BohnGass\/status\/1869157594402881577?ref_src=twsrc%5Etfw\">December 17, 2024<\/a><\/blockquote> <script async src=\"https:\/\/platform.twitter.com\/widgets.js\" charset=\"utf-8\"><\/script>\n\n\n\n<p><strong>Congresso em Foco<br><\/strong><a href=\"https:\/\/congressoemfoco.uol.com.br\/area\/congresso-nacional\/camara-aprova-primeiro-item-do-pacote-fiscal-confira-votos\/\">C\u00e2mara aprova primeiro item do Pacote Fiscal. Confira votos<br><\/a>[\u2026]<br><strong>Bohn Gass PT RS Sim<br><\/strong>[\u2026]<\/p>\n\n\n\n<p><strong>Brasil de Fato<br><\/strong><a href=\"https:\/\/www.brasildefators.com.br\/2024\/12\/17\/4-edicao-do-observatorio-da-educacao-publica-do-rio-grande-do-sul-revela-situacao-do-ensino-no-estado\">4\u00aa edi\u00e7\u00e3o do Observat\u00f3rio da Educa\u00e7\u00e3o P\u00fablica do Rio Grande do Sul revela situa\u00e7\u00e3o do ensino no estado<br><\/a>Estiveram presentes na solenidade a deputada Luciana Genro (PSol), o deputado suplente Halley de Souza, o <strong>deputado Federal Elvino Bohn Gass (PT\/RS)<\/strong>, o ex-deputado Raul Pont, a ex-secret\u00e1ria de Educa\u00e7\u00e3o, L\u00facia Camini, a promotora p\u00fablica Cristiane Corrales, e representantes de Universidades, Institutos Federais, da Defensoria P\u00fablica, OAB\/RS, Umespa, da Associa\u00e7\u00e3o de Orientadores e secret\u00e1rios de Educa\u00e7\u00e3o municipais.<\/p>\n\n\n\n<p><strong>Portal N10<br><\/strong><a href=\"https:\/\/portaln10.com.br\/politica\/congresso-aprova-ldo-2025-com-meta-de-deficit-fiscal-zero-e-margem-de-tolerancia-236495\/\">Congresso aprova LDO 2025 com meta de d\u00e9ficit fiscal zero e margem de toler\u00e2ncia<br><\/a><strong>O deputado Bohn Gass (PT-RS) <\/strong>salientou a responsabilidade dos parlamentares nas contas p\u00fablicas, ao aprovar ren\u00fancias fiscais e o valor das emendas.<\/p>\n\n\n\n<p><strong>Jornal do Com\u00e9rcio<br><\/strong><a href=\"https:\/\/www.jornaldocomercio.com\/colunas\/reporter-brasilia\/2024\/12\/1184322-equilibrio-fiscal-do-pais.html\">Equil\u00edbrio fiscal do Pa\u00eds \u00e9 compromisso de todos, defende Bohn Gass<br><\/a><strong>O deputado federal ga\u00facho Bohn Gass (PT)<\/strong> criticou, da tribuna, o Congresso Nacional que &#8220;nem o teto de gastos que defendiam, cumpriram. Estouraram todos os anos e em bilh\u00f5es&#8221;, disparou o parlamentar ga\u00facho.<\/p>\n\n\n\n<p><strong>Revista F\u00f3rum<br><\/strong><a href=\"https:\/\/revistaforum.com.br\/debates\/2024\/12\/19\/direita-mercado-mentira-desumanizao-lucro-por-elvino-bohn-gass-171273.html\">[ARTIGO] A direita e o mercado: mentira, desumaniza\u00e7\u00e3o e lucro &#8211; por <strong>Elvino Bohn Gass<\/strong><\/a><\/p>\n\n\n\n<p><strong>PT na C\u00e2mara<br><\/strong><a href=\"https:\/\/ptnacamara.org.br\/petistas-criticam-terrorismo-do-mercado-financeiro-ameaca-a-estabilidade-do-pais\/\">Petistas criticam terrorismo do mercado financeiro: amea\u00e7a \u00e0 estabilidade do Pa\u00eds<br><\/a><strong>O deputado Bohn Gass (PT-RS)<\/strong> rebateu a oposi\u00e7\u00e3o, que aponta a alta do d\u00f3lar como um sinal de crise e que eles ignoram os avan\u00e7os em sa\u00fade, educa\u00e7\u00e3o e emprego. \u201cA oposi\u00e7\u00e3o vem aqui dizer que as coisas est\u00e3o ruins. Isso \u00e9 uma grande mentira. Com o Lula, o sal\u00e1rio m\u00ednimo melhorou, temos 24 milh\u00f5es de pessoas que n\u00e3o passam mais fome. O Sistema \u00danico de Sa\u00fade oferece mais m\u00e9dicos, mais consultas, mais rem\u00e9dios, mais hospitais. Com o Lula, mais gente voltou \u00e0 escola, mais gente est\u00e1 concluindo seus estudos. A ind\u00fastria reage, o com\u00e9rcio se expande, os servi\u00e7os crescem, o mundo volta a negociar com o Brasil\u201d, defendeu.<\/p>\n\n\n\n<p><strong>A Voz do Brasil<br><\/strong><a href=\"https:\/\/www.camara.leg.br\/radio\/programas\/1123235-congresso-aprova-diretrizes-para-orcamento-de-2025-com-meta-de-deficit-zero\/\">Parlamentares tamb\u00e9m s\u00e3o respons\u00e1veis pelas contas atuais, diz Bohn Gass<br><\/a><strong>Bohn Gass: <\/strong>Eu quero lembrar que s\u00f3 no Perse e na desonera\u00e7\u00e3o da folha, esta Casa tirou R$ 45 bilh\u00f5es das receitas do Brasil. E sem falar dos mais de 40 ou pr\u00f3ximo a R$ 50 bilh\u00f5es de emendas parlamentares. Ent\u00e3o, eu vim aqui dizer, chega de hipocrisia.<\/p>\n\n\n\n<p><strong>Partido dos Trabalhadores<br><\/strong><a href=\"https:\/\/pt.org.br\/com-apoio-do-pt-congresso-aprova-ldo-de-2025\/\">Com apoio do PT, Congresso aprova LDO de 2025<br><\/a><strong>O deputado Bohn Gass (PT-RS)<\/strong>, por exemplo, rebateu as cr\u00edticas feitas, principalmente por parlamentares bolsonaristas, de que o governo Lula gasta demais e que precisa cortar despesas.<\/p>\n\n\n\n<p><strong>O Rep\u00f3rter Regional<br><\/strong><a href=\"https:\/\/www.oreporterregional.com.br\/noticia\/91949\/camara-aprova-projeto-que-cria-o-programa-de-aceleracao-da-transicao-energetica\">C\u00e2mara aprova projeto que cria o Programa de Acelera\u00e7\u00e3o da Transi\u00e7\u00e3o Energ\u00e9tica<br><\/a><strong>Para o deputado Bohn Gass (PT-RS)<\/strong>, o Brasil estar\u00e1 na dianteira mundial pela transi\u00e7\u00e3o energ\u00e9tica com a proposta aprovada. &#8220;Essa dianteira de ind\u00fastria, de emprego, de descarboniza\u00e7\u00e3o, de preocupa\u00e7\u00e3o com o meio ambiente, a vida e o planeta, \u00e9 isso que estamos votando.&#8221;<\/p>\n\n\n\n<p><strong>O Globo<br><\/strong><a href=\"https:\/\/oglobo.globo.com\/economia\/noticia\/2024\/12\/19\/camara-aprova-proposta-do-pacote-fiscal-de-haddad-veja-como-votou-cada-deputado.ghtml\">C\u00e2mara aprova proposta do pacote fiscal de Haddad; veja como votou cada deputado<br><\/a>[\u2026]<br><strong>Bohn Gass RS Sim PT<br><\/strong>[\u2026]<\/p>\n\n\n\n<p><strong>Congresso em Foco<br><\/strong><a href=\"https:\/\/congressoemfoco.uol.com.br\/area\/congresso-nacional\/pec-dos-pacote-fiscal-veja-como-cada-deputado-votou-no-primeiro-turno\/\">PEC do Pacote Fiscal: Veja como cada deputado votou no primeiro turno<br><\/a>[\u2026]<br><strong>Bohn Gass RS Sim PT<br><\/strong>[\u2026]<\/p>\n\n\n\n<p><strong>Partido dos Trabalhadores<br><\/strong><a href=\"https:\/\/pt.org.br\/camara-conclui-aprovacao-do-ajuste-fiscal-com-ganho-real-do-salario-minimo\/\">C\u00e2mara conclui aprova\u00e7\u00e3o do ajuste fiscal com ganho real do sal\u00e1rio m\u00ednimo<br><\/a>Os deputados petistas Alencar Santana (SP) e <strong>Bohn Gass (RS<\/strong>) tamb\u00e9m defenderam a aprova\u00e7\u00e3o do projeto e reiteram que ficou mantido o ganho real do sal\u00e1rio m\u00ednimo e foi preservado os direitos para aqueles que precisam do BPC.<\/p>\n\n\n\n<p><strong>Partido dos Trabalhadores<br><\/strong><a href=\"https:\/\/pt.org.br\/petistas-criticam-terrorismo-do-mercado-financeiro-ameaca-a-estabilidade-do-pais\/\">Petistas criticam terrorismo do mercado financeiro: amea\u00e7a \u00e0 estabilidade do Pa\u00eds<br><\/a><strong>O deputado Bohn Gass (PT-RS)<\/strong> rebateu a oposi\u00e7\u00e3o, que aponta a alta do d\u00f3lar como um sinal de crise e que eles ignoram os avan\u00e7os em sa\u00fade, educa\u00e7\u00e3o e emprego. \u201cA oposi\u00e7\u00e3o vem aqui dizer que as coisas est\u00e3o ruins. Isso \u00e9 uma grande mentira. Com o Lula, o sal\u00e1rio m\u00ednimo melhorou, temos 24 milh\u00f5es de pessoas que n\u00e3o passam mais fome. O Sistema \u00danico de Sa\u00fade oferece mais m\u00e9dicos, mais consultas, mais rem\u00e9dios, mais hospitais. Com o Lula, mais gente voltou \u00e0 escola, mais gente est\u00e1 concluindo seus estudos. A ind\u00fastria reage, o com\u00e9rcio se expande, os servi\u00e7os crescem, o mundo volta a negociar com o Brasil\u201d, defendeu.<\/p>\n\n\n\n<p><strong>PT na C\u00e2mara<br><\/strong><a href=\"https:\/\/ptnacamara.org.br\/camara-conclui-aprovacao-do-ajuste-fiscal-com-garantia-das-politicas-sociais-e-ganho-real-do-salario-minimo\/\">C\u00e2mara conclui aprova\u00e7\u00e3o do ajuste fiscal com garantia das pol\u00edticas sociais e ganho real do sal\u00e1rio m\u00ednimo<br><\/a>Os deputados petistas Alencar Santana (SP) e <strong>Bohn Gass (RS)<\/strong> tamb\u00e9m defenderam a aprova\u00e7\u00e3o do projeto e reiteram que ficou mantido o ganho real do sal\u00e1rio m\u00ednimo e foi preservado os direitos para aqueles que precisam do BPC.<\/p>\n\n\n\n<p><strong>Congresso em Foco<br><\/strong><a href=\"https:\/\/congressoemfoco.uol.com.br\/area\/congresso-nacional\/veja-como-votaram-os-deputados-no-projeto-de-lei-do-pacote-fiscal\/\">Veja como votaram os deputados no projeto de lei do pacote fiscal<br><\/a>[\u2026]<br><strong>Bohn Gass RS Sim PT<br><\/strong>[\u2026]<\/p>\n\n\n\n<p><strong>O Globo<br><\/strong><a href=\"https:\/\/oglobo.globo.com\/politica\/noticia\/2024\/12\/19\/camara-aprova-projeto-que-muda-regra-de-correcao-do-salario-minimo-veja-como-votou-cada-deputado.ghtml\">C\u00e2mara aprova projeto que muda regra de corre\u00e7\u00e3o do sal\u00e1rio m\u00ednimo; veja como votou cada deputado<br><\/a>[\u2026]<br><strong>Bohn Gass RS Sim PT<br><\/strong>[\u2026]<\/p>\n\n\n\n<p><strong>Agora J\u00e1<br><\/strong><a href=\"https:\/\/www.agoraja.net\/panambi-teve-um-aumento-significativo-no-teto-financeiro-mac-no-periodo-de-2021-a-2024\/\">Panambi teve um aumento significativo no Teto Financeiro MAC no per\u00edodo de 2021 a 2024<br><\/a>A Secretaria Municipal de Sa\u00fade (SMS) tinha no seu plano de a\u00e7\u00e3o a meta de adquirir computadores, notebooks e perif\u00e9ricos, o que foi viabilizado atrav\u00e9s de Emendas destinadas pelos Deputados Sanderson (PL) e<strong> Bohn Gass (PT) <\/strong>por interm\u00e9dio do Sr. Marcos Vinicius de Mattos e Leandro R. Berghahn.<\/p>\n\n\n\n<p><strong>Terra<br><\/strong><a href=\"https:\/\/www.terra.com.br\/economia\/governo-lula-consegue-18-votos-do-pl-para-aprovar-pec-mas-perde-apoio-do-psol-e-do-pt-veja-votos,f951f5fc408a91e2a507717c82bcc5bfp1vhj1ge.html?\">Governo Lula consegue 18 votos do PL para aprovar PEC, mas perde apoio do PSOL e do PT; veja votos<br><\/a>PT<br>[\u2026]<br><strong>Bohn Gass Sim<br><\/strong>[\u2026]<\/p>\n\n\n\n<p><strong>Brasil 247<br><\/strong><a href=\"https:\/\/www.brasil247.com\/blog\/alianca-global-contra-a-fome-e-a-pobreza-o-papel-do-mercosul\">[ARTIGO] Alian\u00e7a global contra a fome e a pobreza: o papel do MERCOSUL<br><\/a>&#8216;Declara\u00e7\u00f5es o PARLASUL e a iniciativa do G20 s\u00e3o passos fundamentais para que nenhum ser humano seja privado do direito mais b\u00e1sico&#8217;, escreve<strong> Elvino Bohn Gass<\/strong><\/p>\n\n\n\n<p><strong>A Voz do Brasil<br><\/strong><a href=\"https:\/\/www.camara.leg.br\/radio\/programas\/1124233-lira-espera-melhor-cenario-economico-com-aprovacao-do-pacote-de-ajuste-fiscal\/\">Oposi\u00e7\u00e3o repete mentiras sobre a situa\u00e7\u00e3o econ\u00f4mica do pa\u00eds<br><\/a>Na opini\u00e3o de <strong>Bohn Gass (PT-RS),<\/strong> do PT do Rio Grande do Sul, a oposi\u00e7\u00e3o repete mentiras sobre a situa\u00e7\u00e3o econ\u00f4mica do Pa\u00eds e ignora avan\u00e7os sociais para incentivar a especula\u00e7\u00e3o sobre o c\u00e2mbio do d\u00f3lar. Ele cita melhorias como a redu\u00e7\u00e3o da fome, aumento do sal\u00e1rio m\u00ednimo, fortalecimento do SUS e retomada do crescimento industrial, comercial e agr\u00edcola.<\/p>\n\n\n\n<p><strong>PT na C\u00e2mara<br><\/strong><a href=\"https:\/\/ptnacamara.org.br\/bohn-gass-destaca-trabalho-do-governo-lula-pela-reconstrucao-do-rs\/\">Bohn Gass destaca trabalho do Governo Lula pela reconstru\u00e7\u00e3o do RS<br><\/a><strong>O deputado Bohn Gass (PT-RS)<\/strong> relembra que desde o primeiro momento o presidente Lula esteve presente e n\u00e3o deixou que faltasse nenhum recurso para a reconstru\u00e7\u00e3o do estado. \u201cS\u00e3o mais de R$ 100 bilh\u00f5es, maior ajuda que um governo federal j\u00e1 deu a um ente federado\u201d, enfatiza.<\/p>\n\n\n\n<p><strong>Ag\u00eancia C\u00e2mara de Not\u00edcias<br><\/strong><a href=\"https:\/\/www.camara.leg.br\/noticias\/1124537-sancionada-lei-paul-singer-que-cria-politica-nacional-de-economia-solidaria\/\">Sancionada Lei Paul Singer, que cria Pol\u00edtica Nacional de Economia Solid\u00e1ria<br><\/a>O presidente Luiz In\u00e1cio Lula da Silva sancionou a lei que cria a Pol\u00edtica Nacional de Economia Solid\u00e1ria (PNES), oriunda do Projeto de Lei 6606\/19, do deputado licenciado Paulo Teixeira (SP), atual ministro do Desenvolvimento Agr\u00e1rio e do <strong>deputado Bohn Gass (PT\/RS)<\/strong>.\u00a0A Lei 15.068\/24 foi publicada no Di\u00e1rio Oficial da Uni\u00e3o desta ter\u00e7a-feira (24). N\u00e3o houve vetos ao texto.<\/p>\n\n\n\n<p><strong>Jornal Brande Bahia<br><\/strong><a href=\"https:\/\/jornalgrandebahia.com.br\/2024\/12\/camara-dos-deputados-aprova-o-projeto-de-criacao-do-programa-de-aceleracao-da-transicao-energetica\/\">C\u00e2mara dos Deputados aprova o projeto de cria\u00e7\u00e3o do Programa de Acelera\u00e7\u00e3o da Transi\u00e7\u00e3o Energ\u00e9tica<br><\/a>J\u00e1 outros parlamentares, como Arnaldo Jardim (Cidadania-SP) e <strong>Bohn Gass (PT-RS)<\/strong>, destacaram que o projeto coloca o Brasil na vanguarda da transi\u00e7\u00e3o energ\u00e9tica mundial, com foco em inova\u00e7\u00e3o e redu\u00e7\u00e3o de emiss\u00f5es.<\/p>\n\n\n\n<p><strong>A Voz do Brasil<br><\/strong><a href=\"https:\/\/www.camara.leg.br\/radio\/programas\/1124522-congresso-tera-que-ratificar-acordo-uniao-europeia-mercosul-em-2025\/\">Bohn Gass sugere a cria\u00e7\u00e3o de Territ\u00f3rios Livres de Agrot\u00f3xicos<br><\/a><strong>Bohn Gass, do PT ga\u00facho,<\/strong> sugere a cria\u00e7\u00e3o de territ\u00f3rios livres de agrot\u00f3xicos por meio de projeto de lei que pro\u00edbe a pulveriza\u00e7\u00e3o a\u00e9rea em localidades consideradas sens\u00edveis, como \u00e1reas de agricultura familiar e zonas urbanas pr\u00f3ximas a escolas e hospitais. Segundo o deputado, o governo federal tem trabalhado para reduzir o uso de agrot\u00f3xicos, para que o Pa\u00eds possa contar com uma agricultura sustent\u00e1vel que priorize a vida e o meio ambiente.<\/p>\n\n\n\n<p><strong>I Mirante<br><\/strong><a href=\"https:\/\/imirante.com\/noticias\/brasil\/2024\/12\/25\/ipolitica-sancionada-lei-paul-singer-que-cria-politica-nacional-de-economia-solidaria\">Sancionada Lei Paul Singer, que cria Pol\u00edtica Nacional de Economia Solid\u00e1ria<br><\/a>O presidente Luiz In\u00e1cio Lula da Silva sancionou a lei que cria a Pol\u00edtica Nacional de Economia Solid\u00e1ria (PNES), oriunda do Projeto de Lei 6606\/19, do deputado licenciado Paulo Teixeira (SP), atual ministro do Desenvolvimento Agr\u00e1rio e do <strong>deputado Bohn Gass (PT\/RS)<\/strong>.\u00a0A Lei 15.068\/24 foi publicada no Di\u00e1rio Oficial da Uni\u00e3o desta ter\u00e7a-feira (24). N\u00e3o houve vetos ao texto.<\/p>\n\n\n\n<p><strong>Ag\u00eancia C\u00e2mara de Not\u00edcias<br><\/strong><a href=\"https:\/\/www.camara.leg.br\/noticias\/1124777-camara-aprova-propostas-que-limitam-gastos-do-governo\">C\u00e2mara aprova propostas que limitam gastos do governo<br><\/a>Transformado na Lei 14.981\/24, o Projeto de Lei 3117\/24, dos deputados Jos\u00e9 Guimar\u00e3es (PT-CE) e Marcon (PT-RS), incorporou o conte\u00fado da MP 1221\/24 sobre o mesmo tema. Devido \u00e0s emendas, o relator, <strong>deputado Bohn Gass (PT-RS),<\/strong> tamb\u00e9m incorporou o conte\u00fado das medidas provis\u00f3rias 1216\/24 e 1245\/24, que destinam R$ 3 bilh\u00f5es para desconto em empr\u00e9stimos de micro e pequenas empresas e produtores rurais atingidos pelas enchentes no Rio Grande do Sul.<\/p>\n\n\n\n<p><strong>SindimetroRS<br><\/strong><a href=\"https:\/\/www.sindimetrors.org\/2024-um-ano-de-luta-em-defesa-da-trensurb-publica-2\">2024: Um ano de luta em defesa da Trensurb P\u00fablica!<br><\/a>Junto do Chagas (Sindimetr\u00f4 RS) e da Dep. Fernanda Melchionna, estiveram presentes Jo\u00e3o (Senge), Fabio (Sintec), Alda (Fenametro), Luiz (CBTU-PE), e os parlamentares Renildo Calheiros (PC do B), Daiana Santos (PC do B). Marcon (PT) e <strong>Bohn Gass (PT)<\/strong>. O presidente da Trensurb Fernando Marroni tamb\u00e9m esteve presente. Palavras n\u00e3o bastam! Seguimos em articula\u00e7\u00e3o permanente para que as promessas se concretizem.<\/p>\n\n\n\n<p><strong>A Voz do Brasil<br><\/strong><a href=\"https:\/\/www.camara.leg.br\/radio\/programas\/1125192-arthur-lira-defende-legalidade-na-destinacao-de-emendas-de-comissao-ao-orcamento-de-2024\/\">Bohn Gass elogia o Desenrola Rural<br><\/a><strong>Bohn Gass (PT-RS)<\/strong> elogia o \u201cDesenrola Rural\u201d, programa do governo para ajudar agricultores familiares a regularizar suas d\u00edvidas. O deputado explica que, em 2025, os pequenos produtores poder\u00e3o ter descontos e refinanciamento de d\u00edvidas; e mais acesso ao cr\u00e9dito rural. O deputado refor\u00e7a que a medida integra um conjunto de a\u00e7\u00f5es para apoiar o desenvolvimento sustent\u00e1vel no Brasil.<\/p>\n\n\n\n<p><strong>Grupo Pilau<br><\/strong><a href=\"https:\/\/www.grupopilau.com.br\/noticias\/17269\/prefeitura-de-pejucara-inaugura-o-caminhodromo-neuli-inez-bresolin\/\">Prefeitura de Peju\u00e7ara inaugura o caminh\u00f3dromo Neuli Inez Bresolin<br><\/a>Em seu discurso, o <strong>Deputado Federal, Elvino Bohn Gass<\/strong>, lembrou do momento em que foi procurado pelo Vereador Cerineu Mantovani que, em suas alega\u00e7\u00f5es para a constru\u00e7\u00e3o do caminh\u00f3dromo, falou sobre a preocupa\u00e7\u00e3o quanto a seguran\u00e7a da comunidade ao transitar pelo local. \u201cEsse \u00e9 um espa\u00e7o que possibilita a pr\u00e1tica de atividade f\u00edsica ao ar livre, o que se mostra ainda mais importante nos dias de hoje\u201d, disse o Deputado Federal.<\/p>\n\n\n\n<p><strong>Guru dos Carros<br><\/strong><a href=\"https:\/\/gurudoscarros.com.br\/2024\/12\/27\/camara-aprova-fim-de-pontos-na-cnh-por-nao-pagamento-de-pedagio-proposta-segue-para-o-senado\/\">C\u00e2mara aprova fim de pontos na CNH por n\u00e3o pagamento de ped\u00e1gio; proposta segue para o Senado<br><\/a>A regula\u00e7\u00e3o das medidas ser\u00e1 responsabilidade da Ag\u00eancia Nacional de Transportes Terrestres (ANTT). No entanto, a transfer\u00eancia dessa atribui\u00e7\u00e3o gerou debate. O <strong>deputado Bohn Gass (PT-RS)<\/strong> expressou preocupa\u00e7\u00e3o com a transpar\u00eancia e o risco de press\u00e3o das concession\u00e1rias.<\/p>\n\n\n\n<p><strong>Portal das Miss\u00f5es<br><\/strong><a href=\"https:\/\/www.portaldasmissoes.com.br\/noticias\/view\/id\/13403\/concluido-asfaltamento-ate-o-sindicato-dos-comerci.html\">Conclu\u00eddo asfaltamento at\u00e9 o Sindicato dos Comerci\u00e1rios de Santo \u00c2ngelo<br><\/a>A obra contou com investimento de R$ 719.364,05, com recursos do Munic\u00edpio e R$ 250 mil de emenda destinada pelo <strong>deputado Bohn Gass.<\/strong> O trecho tem cerca de um quil\u00f4metro.<\/p>\n\n\n\n<p><strong>Jornal do Com\u00e9rcio<br><\/strong><a href=\"https:\/\/www.jornaldocomercio.com\/colunas\/reporter-brasilia\/2024\/12\/1185380-contra-o-uso-de-venenos.html\">Contra o uso de venenos, deputado do PT faz pedido de vista a projeto<br><\/a><strong>O deputado federal ga\u00facho Bohn Gass (PT) <\/strong>continua trabalhando fortemente contra o projeto que disp\u00f5e sobre o uso herbicidas hormonais contendo princ\u00edpio ativo 24d, que est\u00e1 tramitando na Comiss\u00e3o de Agricultura da C\u00e2mara dos Deputados, principalmente, para aplica\u00e7\u00e3o em plantas que produzem alimentos.<\/p>\n\n\n\n<p><strong>Grupo Sep\u00e9<br><\/strong><a href=\"https:\/\/www.gruposepe.com.br\/index.php?m=noticia&amp;a=detail&amp;id=24626\">Acesso asf\u00e1ltico ao Parque das Oliveiras e videomonitoramento s\u00e3o inaugurados<br><\/a>As obras do acesso ao parque iniciaram em 2022, quando foram asfaltados cerca de 700 metros de pista, um investimento de R$ 795.652,04. Na segunda etapa, a obra avan\u00e7ou em 1,5 quil\u00f4metro de pista, onde foram investidos cerca de R$ 1,4 milh\u00e3o, oriundos de recursos federais dos deputados federais Pompeo de Mattos, <strong>Bohn Gass<\/strong>, Ger\u00f4nimo Goergen e Ubiratan Sanderson, mais contrapartida financeira do munic\u00edpio.<\/p>\n","protected":false},"excerpt":{"rendered":"<p>Secretaria Geral Presid\u00eancia da Rep\u00fablicaSemin\u00e1rio discute PRONARA e entrega minuta de decreto e relat\u00f3rioConvidados:Rog\u00e9rio Dias\/IBO\/Membro Sociedade Civil na CNAPO;Jakeline Pivato\/Campanha\/Membro Sociedade Civil na ST PRONARA;Nilto Tatto, Deputado Federal, PT\/SP;Fernanda Machiavelli, secret\u00e1ria-executiva do Minist\u00e9rio do Desenvolvimento Agr\u00e1rio e Agricultura Familiar;Padre Jo\u00e3o, Deputado Federal, PT\/MG;Bohn Gass, Deputado Federal, PT\/RSKelli Alves, Coordenadora-Geral de Alimenta\u00e7\u00e3o e Nutri\u00e7\u00e3o do Minist\u00e9rio [&hellip;]<\/p>\n","protected":false},"author":2,"featured_media":0,"parent":0,"menu_order":0,"comment_status":"closed","ping_status":"closed","template":"","meta":{"footnotes":""},"class_list":["post-3736","page","type-page","status-publish","hentry"],"yoast_head":"<!-- This site is optimized with the Yoast SEO plugin v27.4 - https:\/\/yoast.com\/product\/yoast-seo-wordpress\/ -->\n<title>Dezembro 2024 - Deputado Federal Bohn Gass \u2605 PT\/RS<\/title>\n<meta name=\"robots\" content=\"index, follow, max-snippet:-1, max-image-preview:large, max-video-preview:-1\" \/>\n<link rel=\"canonical\" href=\"https:\/\/bohngass.com.br\/?page_id=3736\" \/>\n<meta property=\"og:locale\" content=\"pt_BR\" \/>\n<meta property=\"og:type\" content=\"article\" \/>\n<meta property=\"og:title\" content=\"Dezembro 2024 - Deputado Federal Bohn Gass \u2605 PT\/RS\" \/>\n<meta property=\"og:description\" content=\"Secretaria Geral Presid\u00eancia da Rep\u00fablicaSemin\u00e1rio discute PRONARA e entrega minuta de decreto e relat\u00f3rioConvidados:Rog\u00e9rio Dias\/IBO\/Membro Sociedade Civil na CNAPO;Jakeline Pivato\/Campanha\/Membro Sociedade Civil na ST PRONARA;Nilto Tatto, Deputado Federal, PT\/SP;Fernanda Machiavelli, secret\u00e1ria-executiva do Minist\u00e9rio do Desenvolvimento Agr\u00e1rio e Agricultura Familiar;Padre Jo\u00e3o, Deputado Federal, PT\/MG;Bohn Gass, Deputado Federal, PT\/RSKelli Alves, Coordenadora-Geral de Alimenta\u00e7\u00e3o e Nutri\u00e7\u00e3o do Minist\u00e9rio [&hellip;]\" \/>\n<meta property=\"og:url\" content=\"https:\/\/bohngass.com.br\/?page_id=3736\" \/>\n<meta property=\"og:site_name\" content=\"Deputado Federal Bohn Gass \u2605 PT\/RS\" \/>\n<meta property=\"article:publisher\" content=\"https:\/\/www.facebook.com\/bohngass13\" \/>\n<meta property=\"article:modified_time\" content=\"2025-01-06T15:25:39+00:00\" \/>\n<meta property=\"og:image\" content=\"https:\/\/static.poder360.com.br\/2024\/12\/Bohn-Gass-1024x330.png\" \/>\n<meta name=\"twitter:card\" content=\"summary_large_image\" \/>\n<meta name=\"twitter:site\" content=\"@BohnGass\" \/>\n<meta name=\"twitter:label1\" content=\"Est. tempo de leitura\" \/>\n\t<meta name=\"twitter:data1\" content=\"23 minutos\" \/>\n<script type=\"application\/ld+json\" class=\"yoast-schema-graph\">{\"@context\":\"https:\\\/\\\/schema.org\",\"@graph\":[{\"@type\":\"WebPage\",\"@id\":\"https:\\\/\\\/bohngass.com.br\\\/?page_id=3736\",\"url\":\"https:\\\/\\\/bohngass.com.br\\\/?page_id=3736\",\"name\":\"Dezembro 2024 - Deputado Federal Bohn Gass \u2605 PT\\\/RS\",\"isPartOf\":{\"@id\":\"https:\\\/\\\/bohngass.com.br\\\/#website\"},\"primaryImageOfPage\":{\"@id\":\"https:\\\/\\\/bohngass.com.br\\\/?page_id=3736#primaryimage\"},\"image\":{\"@id\":\"https:\\\/\\\/bohngass.com.br\\\/?page_id=3736#primaryimage\"},\"thumbnailUrl\":\"https:\\\/\\\/static.poder360.com.br\\\/2024\\\/12\\\/Bohn-Gass-1024x330.png\",\"datePublished\":\"2024-12-26T15:23:11+00:00\",\"dateModified\":\"2025-01-06T15:25:39+00:00\",\"breadcrumb\":{\"@id\":\"https:\\\/\\\/bohngass.com.br\\\/?page_id=3736#breadcrumb\"},\"inLanguage\":\"pt-BR\",\"potentialAction\":[{\"@type\":\"ReadAction\",\"target\":[\"https:\\\/\\\/bohngass.com.br\\\/?page_id=3736\"]}]},{\"@type\":\"ImageObject\",\"inLanguage\":\"pt-BR\",\"@id\":\"https:\\\/\\\/bohngass.com.br\\\/?page_id=3736#primaryimage\",\"url\":\"https:\\\/\\\/static.poder360.com.br\\\/2024\\\/12\\\/Bohn-Gass-1024x330.png\",\"contentUrl\":\"https:\\\/\\\/static.poder360.com.br\\\/2024\\\/12\\\/Bohn-Gass-1024x330.png\"},{\"@type\":\"BreadcrumbList\",\"@id\":\"https:\\\/\\\/bohngass.com.br\\\/?page_id=3736#breadcrumb\",\"itemListElement\":[{\"@type\":\"ListItem\",\"position\":1,\"name\":\"In\u00edcio\",\"item\":\"https:\\\/\\\/bohngass.com.br\\\/\"},{\"@type\":\"ListItem\",\"position\":2,\"name\":\"Dezembro 2024\"}]},{\"@type\":\"WebSite\",\"@id\":\"https:\\\/\\\/bohngass.com.br\\\/#website\",\"url\":\"https:\\\/\\\/bohngass.com.br\\\/\",\"name\":\"Deputado Federal Bohn Gass \u2605 PT\\\/RS\",\"description\":\"Deputado Federal Bohn Gass\",\"publisher\":{\"@id\":\"https:\\\/\\\/bohngass.com.br\\\/#organization\"},\"potentialAction\":[{\"@type\":\"SearchAction\",\"target\":{\"@type\":\"EntryPoint\",\"urlTemplate\":\"https:\\\/\\\/bohngass.com.br\\\/?s={search_term_string}\"},\"query-input\":{\"@type\":\"PropertyValueSpecification\",\"valueRequired\":true,\"valueName\":\"search_term_string\"}}],\"inLanguage\":\"pt-BR\"},{\"@type\":\"Organization\",\"@id\":\"https:\\\/\\\/bohngass.com.br\\\/#organization\",\"name\":\"Deputado Bohn Gass\",\"url\":\"https:\\\/\\\/bohngass.com.br\\\/\",\"logo\":{\"@type\":\"ImageObject\",\"inLanguage\":\"pt-BR\",\"@id\":\"https:\\\/\\\/bohngass.com.br\\\/#\\\/schema\\\/logo\\\/image\\\/\",\"url\":\"http:\\\/\\\/bohngass.com.br\\\/wp-content\\\/uploads\\\/2021\\\/01\\\/logo.png\",\"contentUrl\":\"http:\\\/\\\/bohngass.com.br\\\/wp-content\\\/uploads\\\/2021\\\/01\\\/logo.png\",\"width\":357,\"height\":355,\"caption\":\"Deputado Bohn Gass\"},\"image\":{\"@id\":\"https:\\\/\\\/bohngass.com.br\\\/#\\\/schema\\\/logo\\\/image\\\/\"},\"sameAs\":[\"https:\\\/\\\/www.facebook.com\\\/bohngass13\",\"https:\\\/\\\/x.com\\\/BohnGass\",\"https:\\\/\\\/www.instagram.com\\\/bohn_gass\\\/\",\"https:\\\/\\\/www.youtube.com\\\/BohnGass13\\\/\",\"https:\\\/\\\/pt.wikipedia.org\\\/wiki\\\/Bohn_Gass\"]}]}<\/script>\n<!-- \/ Yoast SEO plugin. -->","yoast_head_json":{"title":"Dezembro 2024 - Deputado Federal Bohn Gass \u2605 PT\/RS","robots":{"index":"index","follow":"follow","max-snippet":"max-snippet:-1","max-image-preview":"max-image-preview:large","max-video-preview":"max-video-preview:-1"},"canonical":"https:\/\/bohngass.com.br\/?page_id=3736","og_locale":"pt_BR","og_type":"article","og_title":"Dezembro 2024 - Deputado Federal Bohn Gass \u2605 PT\/RS","og_description":"Secretaria Geral Presid\u00eancia da Rep\u00fablicaSemin\u00e1rio discute PRONARA e entrega minuta de decreto e relat\u00f3rioConvidados:Rog\u00e9rio Dias\/IBO\/Membro Sociedade Civil na CNAPO;Jakeline Pivato\/Campanha\/Membro Sociedade Civil na ST PRONARA;Nilto Tatto, Deputado Federal, PT\/SP;Fernanda Machiavelli, secret\u00e1ria-executiva do Minist\u00e9rio do Desenvolvimento Agr\u00e1rio e Agricultura Familiar;Padre Jo\u00e3o, Deputado Federal, PT\/MG;Bohn Gass, Deputado Federal, PT\/RSKelli Alves, Coordenadora-Geral de Alimenta\u00e7\u00e3o e Nutri\u00e7\u00e3o do Minist\u00e9rio [&hellip;]","og_url":"https:\/\/bohngass.com.br\/?page_id=3736","og_site_name":"Deputado Federal Bohn Gass \u2605 PT\/RS","article_publisher":"https:\/\/www.facebook.com\/bohngass13","article_modified_time":"2025-01-06T15:25:39+00:00","og_image":[{"url":"https:\/\/static.poder360.com.br\/2024\/12\/Bohn-Gass-1024x330.png","type":"","width":"","height":""}],"twitter_card":"summary_large_image","twitter_site":"@BohnGass","twitter_misc":{"Est. tempo de leitura":"23 minutos"},"schema":{"@context":"https:\/\/schema.org","@graph":[{"@type":"WebPage","@id":"https:\/\/bohngass.com.br\/?page_id=3736","url":"https:\/\/bohngass.com.br\/?page_id=3736","name":"Dezembro 2024 - Deputado Federal Bohn Gass \u2605 PT\/RS","isPartOf":{"@id":"https:\/\/bohngass.com.br\/#website"},"primaryImageOfPage":{"@id":"https:\/\/bohngass.com.br\/?page_id=3736#primaryimage"},"image":{"@id":"https:\/\/bohngass.com.br\/?page_id=3736#primaryimage"},"thumbnailUrl":"https:\/\/static.poder360.com.br\/2024\/12\/Bohn-Gass-1024x330.png","datePublished":"2024-12-26T15:23:11+00:00","dateModified":"2025-01-06T15:25:39+00:00","breadcrumb":{"@id":"https:\/\/bohngass.com.br\/?page_id=3736#breadcrumb"},"inLanguage":"pt-BR","potentialAction":[{"@type":"ReadAction","target":["https:\/\/bohngass.com.br\/?page_id=3736"]}]},{"@type":"ImageObject","inLanguage":"pt-BR","@id":"https:\/\/bohngass.com.br\/?page_id=3736#primaryimage","url":"https:\/\/static.poder360.com.br\/2024\/12\/Bohn-Gass-1024x330.png","contentUrl":"https:\/\/static.poder360.com.br\/2024\/12\/Bohn-Gass-1024x330.png"},{"@type":"BreadcrumbList","@id":"https:\/\/bohngass.com.br\/?page_id=3736#breadcrumb","itemListElement":[{"@type":"ListItem","position":1,"name":"In\u00edcio","item":"https:\/\/bohngass.com.br\/"},{"@type":"ListItem","position":2,"name":"Dezembro 2024"}]},{"@type":"WebSite","@id":"https:\/\/bohngass.com.br\/#website","url":"https:\/\/bohngass.com.br\/","name":"Deputado Federal Bohn Gass \u2605 PT\/RS","description":"Deputado Federal Bohn Gass","publisher":{"@id":"https:\/\/bohngass.com.br\/#organization"},"potentialAction":[{"@type":"SearchAction","target":{"@type":"EntryPoint","urlTemplate":"https:\/\/bohngass.com.br\/?s={search_term_string}"},"query-input":{"@type":"PropertyValueSpecification","valueRequired":true,"valueName":"search_term_string"}}],"inLanguage":"pt-BR"},{"@type":"Organization","@id":"https:\/\/bohngass.com.br\/#organization","name":"Deputado Bohn Gass","url":"https:\/\/bohngass.com.br\/","logo":{"@type":"ImageObject","inLanguage":"pt-BR","@id":"https:\/\/bohngass.com.br\/#\/schema\/logo\/image\/","url":"http:\/\/bohngass.com.br\/wp-content\/uploads\/2021\/01\/logo.png","contentUrl":"http:\/\/bohngass.com.br\/wp-content\/uploads\/2021\/01\/logo.png","width":357,"height":355,"caption":"Deputado Bohn Gass"},"image":{"@id":"https:\/\/bohngass.com.br\/#\/schema\/logo\/image\/"},"sameAs":["https:\/\/www.facebook.com\/bohngass13","https:\/\/x.com\/BohnGass","https:\/\/www.instagram.com\/bohn_gass\/","https:\/\/www.youtube.com\/BohnGass13\/","https:\/\/pt.wikipedia.org\/wiki\/Bohn_Gass"]}]}},"_links":{"self":[{"href":"https:\/\/bohngass.com.br\/index.php?rest_route=\/wp\/v2\/pages\/3736","targetHints":{"allow":["GET"]}}],"collection":[{"href":"https:\/\/bohngass.com.br\/index.php?rest_route=\/wp\/v2\/pages"}],"about":[{"href":"https:\/\/bohngass.com.br\/index.php?rest_route=\/wp\/v2\/types\/page"}],"author":[{"embeddable":true,"href":"https:\/\/bohngass.com.br\/index.php?rest_route=\/wp\/v2\/users\/2"}],"replies":[{"embeddable":true,"href":"https:\/\/bohngass.com.br\/index.php?rest_route=%2Fwp%2Fv2%2Fcomments&post=3736"}],"version-history":[{"count":3,"href":"https:\/\/bohngass.com.br\/index.php?rest_route=\/wp\/v2\/pages\/3736\/revisions"}],"predecessor-version":[{"id":3743,"href":"https:\/\/bohngass.com.br\/index.php?rest_route=\/wp\/v2\/pages\/3736\/revisions\/3743"}],"wp:attachment":[{"href":"https:\/\/bohngass.com.br\/index.php?rest_route=%2Fwp%2Fv2%2Fmedia&parent=3736"}],"curies":[{"name":"wp","href":"https:\/\/api.w.org\/{rel}","templated":true}]}}