{"id":3859,"date":"2025-04-17T11:18:28","date_gmt":"2025-04-17T14:18:28","guid":{"rendered":"https:\/\/bohngass.com.br\/?page_id=3859"},"modified":"2025-05-08T15:17:53","modified_gmt":"2025-05-08T18:17:53","slug":"abril-2025","status":"publish","type":"page","link":"https:\/\/bohngass.com.br\/?page_id=3859","title":{"rendered":"Abril 2025"},"content":{"rendered":"\n<p><strong>A Voz do Brasil<br><\/strong><a href=\"https:\/\/www.camara.leg.br\/radio\/programas\/1145706-camara-pode-votar-lei-do-mar-com-regras-para-proteger-o-bioma-marinho\/\">Decis\u00e3o do STF sobre Jair Bolsonaro r\u00e9u ainda repercute entre deputados<br><\/a><strong>Bohn Gass (PT-RS), do PT ga\u00facho,<\/strong> v\u00ea a decis\u00e3o do STF como um marco para a democracia. O deputado ressalta que a crise pol\u00edtica impactou a economia e a vida da popula\u00e7\u00e3o, o que trouxe instabilidade, afetou a credibilidade do Pa\u00eds e aprofundou dificuldades sociais.<\/p>\n\n\n\n<p><strong>O Correio<br><\/strong><a href=\"https:\/\/ocorreio.com.br\/serie-de-entrevistas-deputado-elvino-bohn-gass-avalia-mandato-e-projeta-eleicoes-2026\/\">S\u00e9rie de entrevistas: deputado Elvino Bohn Gass avalia mandato e projeta Elei\u00e7\u00f5es 2026<br><\/a><strong>O deputado federal Elvino Bohn Gass (PT) <\/strong>foi o entrevistado desta ter\u00e7a-feira (1\u00ba) pela manh\u00e3, no programa Vale Informa\u00e7\u00e3o \u2013 da R\u00e1dio Vale FM 99.1 -, na sequ\u00eancia da s\u00e9rie de entrevistas com parlamentares ga\u00fachos. Com avalia\u00e7\u00e3o de seu mandato e proje\u00e7\u00e3o para as elei\u00e7\u00f5es gerais em 2026, o deputado analisou a conjuntura pol\u00edtica atual no cen\u00e1rio ga\u00facho e nacional.<\/p>\n\n\n\n<p><strong>Jornal do Com\u00e9rcio<br><\/strong><a href=\"https:\/\/www.jornaldocomercio.com\/colunas\/reporter-brasilia\/2025\/03\/1196916-bohn-gass-e-sanderson-divergem.html\">Bohn Gass e Sanderson divergem sobre decis\u00e3o do STF<br><\/a><strong>O deputado Bohn Gass (PT) <\/strong>questionado sobre o que pode acontecer no Brasil ap\u00f3s o ex-presidente ter se tornado r\u00e9u, disse, sem meias palavras: &#8220;O que vai acontecer \u00e9 que ele vai para cadeia, para o lugar que ele merece&#8221;.<\/p>\n\n\n\n<p><strong>PT na C\u00e2mara<br><\/strong><a href=\"https:\/\/ptnacamara.org.br\/em-sessao-solene-do-dia-mundial-de-conscientizacao-sobre-o-autismo-petistas-defendem-direitos-das-pessoas-com-o-espectro\/\">Em sess\u00e3o solene do Dia Mundial de Conscientiza\u00e7\u00e3o sobre o Autismo, petistas defendem direitos das pessoas com o espectro<br><\/a><strong>O deputado Bohn Gass (PT-RS)<\/strong> refor\u00e7ou a import\u00e2ncia de pol\u00edticas p\u00fablicas voltadas a pessoas com autismo e suas fam\u00edlias e informou sobre um projeto de lei de sua autoria que visa proibir fogos de artif\u00edcio com barulho no Brasil. \u201cLargar foguete com barulho \u00e9 um sofrimento muito forte pela hipersensibilidade dos autistas\u201d, observou o parlamentar.<\/p>\n\n\n\n<p><strong>Clique Camaqu\u00e3<br><\/strong><a href=\"https:\/\/www.cliccamaqua.com.br\/noticias\/politica\/deputado-federal-deve-destinar-emenda-de-r-250-mil-para-reduzir-filas-de-exame-de-imagem-em-camaqua\/\">Deputado federal deve destinar emenda de R$ 250 mil para reduzir filas de exame de imagem em Camaqu\u00e3<br><\/a>Na reuni\u00e3o, ficou acertado que a emenda de R$ 250 mil do <strong>deputado federal Elvino Bohn Gass<\/strong>, na modalidade de recurso livre, ser\u00e1 destinada para reduzir a fila de exames de imagem. Os recursos, conforme o assessor, ir\u00e3o diminuir cerca de 70% da fila.<\/p>\n\n\n\n<p><strong>Blog do Juares<br><\/strong><a href=\"https:\/\/blogdojuares.com.br\/noticia\/92678\/camaqua-ira-receber-emenda-parlamentar-de-r-250-mil-do-deputado-federal-bohn-gass-pt.html\">Camaqu\u00e3 ir\u00e1 receber emenda parlamentar de R$ 250 mil do deputado federal Bohn Gass (PT)<br><\/a>O munic\u00edpio de Camaqu\u00e3, atrav\u00e9s de uma emenda parlamentar do <strong>deputado federal Bohn Gass (PT)<\/strong>, ir\u00e1 receber R$ 250 mil que ser\u00e3o destinados \u00e0 Secretaria de Sa\u00fade.<\/p>\n\n\n\n<p><strong>Sintrajufe RS<br><\/strong><a href=\"https:\/\/sintrajufe.org.br\/deputados-gauchos-que-apoiam-anistia-a-golpistas-sao-os-mesmos-que-votaram-a-favor-da-reforma-da-previdencia-e-contra-taxacao-das-grandes-fortunas-projeto-anistia-tambem-crimes-eleitorais-e-financiad\/\">Deputados ga\u00fachos que apoiam anistia a golpistas s\u00e3o os mesmos que votaram a favor da reforma da Previd\u00eancia e contra taxa\u00e7\u00e3o das grandes fortunas; projeto anistia tamb\u00e9m crimes eleitorais e financiadores<br><\/a>Veja na tabela abaixo a posi\u00e7\u00e3o dos deputados ga\u00fachos nessas tr\u00eas pautas:<\/p>\n\n\n\n<figure class=\"wp-block-table\"><table><tbody><tr><td>NOME <\/td><td>ANISTIA<\/td><td>PREVID\u00caNCIA<\/td><td>GRANDES FORTUNAS<\/td><\/tr><tr><td>Bohn Gass (PT)<\/td><td>N\u00e3o<\/td><td>N\u00e3o<\/td><td>Sim<\/td><\/tr><\/tbody><\/table><\/figure>\n\n\n\n<p><strong>Folha de S\u00e3o Paulo<br><\/strong><a href=\"https:\/\/www1.folha.uol.com.br\/colunas\/painel\/2025\/04\/manifesto-de-petistas-defende-candidatura-de-rui-falcao-a-presidente-do-partido.shtml\">Manifesto de petistas defende candidatura de Rui Falc\u00e3o a presidente do partido<br><\/a>&#8220;O que o Rui e n\u00f3s precisamos ouvir \u00e9 o andar de baixo e a milit\u00e2ncia&#8221;, diz o <strong>deputado federal Bohn Gass (PT-RS),<\/strong> apoiador da candidatura de Falc\u00e3o.<\/p>\n\n\n\n<p><strong>Falando Verdades<br><\/strong><a href=\"https:\/\/falandoverdades.com.br\/audio-vazado-ciro-nogueira-e-mercado-planejam-derrubada-de-lula\/\">\u00c1UDIO VAZADO: Ciro Nogueira e Mercado planejam derrubada de Lula<br><\/a><strong>@bohngass<\/strong><br>EU AVISEI<br>a direita n\u00e3o seria contra isentar IR de quem ganha at\u00e9 R$ 5 mil, mas tentaria impedir a cobran\u00e7a de quem ganha + de R$ 50 mil.<br>\u00c1udio\ud83d\udc47que @ICLNoticias confirma: bolsonarista Ciro Nogueira fala com rica\u00e7os e garante que a direita vai manobrar para n\u00e3o mexer no bolso deles.<\/p>\n\n\n\n<p><strong>PT na C\u00e2mara<br><\/strong><a href=\"https:\/\/ptnacamara.org.br\/pt-vota-a-favor-da-soberania-nacional-e-da-protecao-do-brasil-contra-tarifaco-de-trump\/\">PT vota a favor da soberania nacional e da prote\u00e7\u00e3o do Brasil contra \u201ctarifa\u00e7o\u201d de Trump<br><\/a>Tamb\u00e9m se manifestaram na tribuna em defesa da reciprocidade as deputadas do PT Ana Pimentel (MG), Erika Kokay (DF) e Lenir de Assis (PR) e os deputados petistas Alencar Santana (SP), <strong>Bohn Gass (RS),<\/strong> Helder Salom\u00e3o (ES), Kiko Celeguim (SP), Padre Jo\u00e3o (MG), Reimont (RJ) e Tadeu Veneri (PR).<\/p>\n\n\n\n<p><strong>Brasil 247<br><\/strong><a href=\"https:\/\/www.brasil247.com\/blog\/tarifaco-de-trump-arrebenta-discurso-liberal-bolsonarista\">[ARTIGO] Tarifa\u00e7o de Trump arrebenta discurso liberal bolsonarista<br><\/a><\/p>\n\n\n\n<p><strong>PT na C\u00e2mara<\/strong><br><a href=\"https:\/\/ptnacamara.org.br\/petistas-comemoram-dois-anos-de-governo-lula-em-evento-brasil-dando-a-volta-por-cima\/\">Petistas comemoram dois anos de Governo Lula em evento Brasil Dando a Volta por Cima<br><\/a><strong>O deputado Bohn Gass (PT-RS)<\/strong> festeja \u201cO Brasil Dando a Volta por Cima! Isso significa pa\u00eds reconstru\u00eddo, crescendo, gerando emprego, dando oportunidades, pol\u00edticas sociais. Vamos divulgar, porque o Lula est\u00e1 a\u00ed para fazer chegar para todos! Brasil soberano\u201d.<\/p>\n\n\n\n<p><strong>Revista F\u00f3rum<br><\/strong><a href=\"https:\/\/revistaforum.com.br\/debates\/2025\/4\/5\/tarifao-de-trump-arrebenta-discurso-liberal-bolsonarista-por-elvino-bohn-gass-176943.html\">[ARTIGO] Tarifa\u00e7o de Trump arrebenta discurso liberal bolsonarista \u2013 Por Elvino Bohn Gass<br><\/a><\/p>\n\n\n\n<p><strong>Folha de S\u00e3o Paulo<br><\/strong><a href=\"https:\/\/www1.folha.uol.com.br\/colunas\/painel\/2025\/04\/rui-falcao-tem-apoio-de-19-deputados-federais-para-presidir-pt.shtml\">Rui Falc\u00e3o tem apoio de 19 deputados federais para presidir PT<br><\/a>[\u2026]<br><strong>Elvino Bohn Gass &#8211; deputado federal, RS;<\/strong><br>[\u2026]<\/p>\n\n\n\n<p><strong>O Imparcial<br><\/strong><a href=\"https:\/\/oimparcial.com.br\/colunas\/raimundo-borges\/mundo-contra-trump-bolsonaro-contra-stf\/\">Mundo contra Trump; Bolsonaro contra STF<br><\/a>Para o <strong>deputado federal Elvino Bohn Gass (PT-RS)<\/strong>, vice-l\u00edder do governo Lula no Congresso Nacional, \u201c\u00e9 grotesco ver setores da extrema direita brasileira tentando justificar o injustific\u00e1vel, como se o Brasil devesse agradecer por ser prejudicado com menos for\u00e7a \u2013 10%. Trump, ao impor tarifas extras de forma unilateral e insensata, desmonta toda a ret\u00f3rica liberal que ele mesmo e seus seguidores adotam. \u201cO tarifa\u00e7o destr\u00f3i a ideia de que o mercado se autorregula e que governo bom \u00e9 governo que n\u00e3o interfere\u201d.<\/p>\n\n\n\n<p><strong>ClicR<br><\/strong><a href=\"https:\/\/clicr.com.br\/vereadora-jaqueline-bischoff-representa-cerro-grande-do-sul-em-caravana-a-brasilia\/\">Vereadora Jaqueline Bischoff representa Cerro Grande do Sul em caravana \u00e0 Bras\u00edlia<br><\/a>Entre os encontros de destaque, esteve uma reuni\u00e3o com o senador Paulo Paim, em que solicitou apoio na destina\u00e7\u00e3o de verbas para o munic\u00edpio. Tamb\u00e9m visitou os deputados federais Alexandre Lindenmeyer, Paulo Pimenta, Dionilso Marcon, Maria do Ros\u00e1rio, Denise Pess\u00f4a e <strong>Elvino Bohn Gass<\/strong>, apresentando pedidos relacionados \u00e0 \u00e1rea da agricultura.<\/p>\n\n\n\n<p><strong>PT na C\u00e2mara<br><\/strong><a href=\"https:\/\/ptnacamara.org.br\/195423-2\/\">Petistas criticam ato fracassado de Bolsonaro e defendem democracia e justi\u00e7a<br><\/a><strong>Bohn Gass (PT-RS)<\/strong> \u2013 \u201cNo Rio, golpistas anunciaram 1 milh\u00e3o e reuniram 1,8% do esperado. Em S\u00e3o Paulo, reduziram a expectativa em 50%, anunciaram 500 mil e n\u00e3o reuniram nem 10%. O povo j\u00e1 entendeu: anistia para quem quebrou tudo, roubou, fez bomba e tramou assassinato seria impunidade. Cadeia neles!\u201d<\/p>\n\n\n\n<p><strong>Metr\u00f3poles<br><\/strong><a href=\"https:\/\/www.metropoles.com\/brasil\/petista-zomba-de-malafaia-criticar-motta-melhor-que-pode-acontecer\">Petista zomba de Malafaia criticar Motta: \u201cMelhor que pode acontecer\u201d<br><\/a>\u201cAssim que poss\u00edvel quero dizer, pessoalmente, ao presidente da C\u00e2mara, Hugo Motta, que ser insultado pelo Malafaia \u00e9 o que de melhor pode acontecer em sua carreira pol\u00edtica\u201d, escreveu o<strong> petista Bohn Gass<\/strong>.<\/p>\n\n\n\n<p><strong>Ag\u00eancia C\u00e2mara de Not\u00edcias<br><\/strong><a href=\"https:\/\/www.camara.leg.br\/noticias\/1148899-igreja-catolica-cobra-envolvimento-parlamentar-na-causa-ambiental\/\">Igreja Cat\u00f3lica cobra envolvimento parlamentar na causa ambiental<br><\/a>A sess\u00e3o solene foi solicitada pelos deputados:&nbsp;<strong>Bohn Gass (PT-RS)<\/strong>, Chico Alencar (Psol-RJ), Dandara (PT-MG), Dr. Francisco (PT-PI), Duarte Jr. (PSB-MA), Fernando Mineiro (PT-RN), Jos\u00e9 Guimar\u00e3es, Juliana Cardoso, Lindbergh Farias (PT-RJ), Luiz Couto (PT-PB), M\u00e1rcio Honaiser (PDT-MA), Nelson Barbudo (PL-MT), Nilto Tatto (PT-SP), Odair Cunha (PT-MG), Padre Jo\u00e3o, Ricardo Ayres (Republicanos-TO), Rubens Otoni (PT-GO), Vicentinho (PT-SP) e Waldenor Pereira (PT-BA).<\/p>\n\n\n\n<p><strong>PT S\u00e3o Paulo<br><\/strong><a href=\"https:\/\/ptsaopaulo.org.br\/noticias\/datafolha-maioria-da-populacao-quer-bolsonaro-preso-por-crimes-contra-democracia\/\">Datafolha: Maioria da popula\u00e7\u00e3o quer Bolsonaro preso por crimes contra democracia<br><\/a>Em seu perfil na rede X, o <strong>deputado federal Bohn Gass (PT-RS)<\/strong> postou uma enquete. \u201cDatafolha: 52% dos brasileiros acham que Jair Bolsonaro deveria ser preso por tentativa de golpe de Estado. E voc\u00ea, o que voc\u00ea acha?\u201d, questionou.<\/p>\n\n\n\n<p><strong>Prefeitura do Rio Grande<br><\/strong><a href=\"https:\/\/www2.riogrande.rs.gov.br\/noticia\/50488\/50488?titulo=Reuni%C3%A3o+no+Minist%C3%A9rio+da+Sa%C3%BAde+traz+esperan%C3%A7a+para+a+Santa+Casa\">Reuni\u00e3o no Minist\u00e9rio da Sa\u00fade traz esperan\u00e7a para a Santa Casa<br><\/a>Juntamente aos problemas do hospital rio-grandino, foi tratada a situa\u00e7\u00e3o que tamb\u00e9m atravessa a Santa Casa de S\u00e3o Louren\u00e7o do Sul. Situa\u00e7\u00e3o classificada como alarmante pois resultou no fechamento da maternidade e da pediatria. Uma auditoria foi encaminhada e tamb\u00e9m foi pleiteado o aumento do teto MAC. Participaram da reuni\u00e3o ainda o prefeito de Pelotas, Fernando Marroni, o secret\u00e1rio de Sa\u00fade de S\u00e3o Louren\u00e7o, os deputados estaduais Z\u00e9 Nunes e Halley Lino, e os deputados federais <strong>Elvino Bohn Gass<\/strong> e Dionilso Marcon.<\/p>\n\n\n\n<p><strong>PT na Assembleia RS<br><\/strong><a href=\"https:\/\/ptassembleiars.org.br\/2025\/04\/08\/jeferson-vai-destinar-emenda-de-r-50-mil-para-compra-de-caixas-de-armazenamento-de-agua\/\">Jeferson vai destinar emenda de R$ 50 mil para compra de caixas de armazenamento de \u00e1gua<br><\/a>O vereador manifestou ao deputado a preocupa\u00e7\u00e3o da comunidade de S\u00e3o Borja com o vencimento do prazo de concess\u00e3o da ponte internacional S\u00e3o Borja\/Santo Tom\u00e9 pela empresa Mercovia, que deve ocorrer em agosto deste ano. \u201cVamos averiguar, em Bras\u00edlia, junto ao <strong>deputado federal Bohn Gass<\/strong>, se h\u00e1 inten\u00e7\u00e3o do governo Lula de prorrogar o contrato ou abrir concorr\u00eancia para a entrada de uma nova empresa\u201d, garantiu Jeferson.<\/p>\n\n\n\n<p><strong>O Litor\u00e2neo<br><\/strong><a href=\"https:\/\/www.olitoraneo.com.br\/noticia\/24949\/rio-grande\/regiao-sul\/representantes-da-regiao-sul-vao-a-brasilia-buscar-recursos-para-a-santa-casa-do-rio-grande-e-sao-lourenco-do-sul.html\">Representantes da Regi\u00e3o Sul v\u00e3o \u00e0 Bras\u00edlia buscar recursos para a Santa Casa do Rio Grande e S\u00e3o Louren\u00e7o do Sul<br><\/a>A comitiva foi integrada pela prefeita do Rio Grande, Darlene Pereira, a secret\u00e1ria de Sa\u00fade, Juliana Acosta e o presidente da Santa Casa do Rio Grande, Renato Silveira. Al\u00e9m disso, o prefeito de Pelotas, Fernando Marroni, os deputados estaduais Z\u00e9 Nunes (PT) e Halley Lino (PT), e os deputados federais <strong>Elvino Bohn Gass (PT) <\/strong>e Dionilso Marcon (PT) tamb\u00e9m estiveram presentes.<\/p>\n\n\n\n<p><strong>Ag\u00eancia C\u00e2mara de Not\u00edcias<br><\/strong><a href=\"https:\/\/www.camara.leg.br\/noticias\/1149054-representantes-do-governo-apostam-na-agroecologia-como-estrategia-de-combate-a-fome\">Representantes do governo apostam na agroecologia como estrat\u00e9gia de combate \u00e0 fome<br><\/a>Coordenador da Frente Parlamentar em Defesa das Bacias Hidrogr\u00e1ficas Brasileiras, o <strong>deputado Bohn Gass (PT-RS)<\/strong> lamentou a falta de prioridade dada \u00e0 crise clim\u00e1tica, marcada por eventos extremos, como secas e enchentes no Rio Grande do Sul e falta de \u00e1gua no Norte, e defendeu uma mudan\u00e7a estrutural no modelo agr\u00edcola brasileiro, eliminando o desmatamento e o uso de agrot\u00f3xicos.<\/p>\n\n\n\n<p><strong>Easycoop<br><\/strong><a href=\"https:\/\/www.cooperativismo.org.br\/Noticias\/60324\/Sistema-Ocergs-participa-de-encontro-nacional-do-cooperativismo-sobre-educacao-politica-e-relacoes-institucionais\">Sistema Ocergs participa de encontro nacional do cooperativismo sobre educa\u00e7\u00e3o pol\u00edtica e rela\u00e7\u00f5es institucionais<br><\/a>Entre os marcos recentes, foi destacada a participa\u00e7\u00e3o ativa de parlamentares ga\u00fachos na agenda da OCB, incluindo os deputados federais Alceu Moreira, Bohn <strong>Gass<\/strong>, Heitor Schuch, Pedro Westphalen e o senador Luis Carlos Heinze. O trabalho com os parlamentares refor\u00e7a a articula\u00e7\u00e3o realizada pelo Sistema Ocergs junto \u00e0s lideran\u00e7as pol\u00edticas.<\/p>\n\n\n\n<p><strong>R\u00e1dio C\u00e2mara<br><\/strong><a href=\"https:\/\/www.camara.leg.br\/radio\/programas\/1149785-deputado-bohn-gass-diz-que-sancao-do-orcamento-vai-destravar-novos-investimentos-do-governo-no-pais\/\">Deputado Bohn Gass diz que san\u00e7\u00e3o do or\u00e7amento vai destravar novos investimentos do governo no pa\u00eds<br><\/a><strong>O deputado Bohn Gass (PT-RS)<\/strong> comemorou a san\u00e7\u00e3o do or\u00e7amento de 2025 pelo presidente Luiz In\u00e1cio Lula da Silva. O parlamentar reclama, no entanto, do atraso na vota\u00e7\u00e3o. Ele lembra que o projeto or\u00e7ament\u00e1rio foi enviado pelo governo ao Congresso Nacional em meados do ano passado. \u201cO pa\u00eds volta, enfim, \u00e0 normalidade or\u00e7ament\u00e1ria\u201d, disse Bohn Gass. Ele lembra que, sem a san\u00e7\u00e3o do or\u00e7amento, o governo n\u00e3o pode iniciar obras novas. E tamb\u00e9m n\u00e3o p\u00f4de conceder reajuste aos servidores p\u00fablicos, que estava j\u00e1 acordado para entrar em vigor em janeiro deste ano.<\/p>\n\n\n\n<p><strong>Ag\u00eancia C\u00e2mara de Not\u00edcias<br><\/strong><a href=\"https:\/\/www.camara.leg.br\/noticias\/1149907-vetos-feitos-ao-orcamento-de-2025-sao-corretos-avalia-parlamentar\/\">Vetos feitos ao Or\u00e7amento de 2025 s\u00e3o corretos, avalia parlamentar<br><\/a>Os dois vetos \u00e0 Lei do Or\u00e7amento de 2025 (Lei 15.121\/25) feitos pelo Executivo foram considerados tecnicamente corretos pelo <strong>deputado Bohn Gass (PT-RS),<\/strong> da Comiss\u00e3o Mista de Or\u00e7amento. Com a san\u00e7\u00e3o do Or\u00e7amento, ficam liberadas a contrata\u00e7\u00e3o de obras novas e reajustes dos servidores p\u00fablicos retroativos a janeiro.<\/p>\n\n\n\n<p><strong>Site da Serra<br><\/strong><a href=\"https:\/\/www.sitedaserra.com.br\/noticia\/vetos-feitos-ao-orcamento-de-2025-sao-corretos-avalia-parlamentar\">Vetos feitos ao Or\u00e7amento de 2025 s\u00e3o corretos, avalia parlamentar<br><\/a>Os dois vetos \u00e0 Lei do Or\u00e7amento de 2025 (Lei 15.121\/25) feitos pelo Executivo foram considerados tecnicamente corretos pelo <strong>deputado Bohn Gass (PT-RS),<\/strong> da Comiss\u00e3o Mista de Or\u00e7amento. Com a san\u00e7\u00e3o do Or\u00e7amento, ficam liberadas a contrata\u00e7\u00e3o de obras novas e reajustes dos servidores p\u00fablicos retroativos a janeiro.<\/p>\n\n\n\n<p><strong>O Bastidor<br><\/strong><a href=\"https:\/\/obastidor.com.br\/politica\/bolsonaro-no-hospital-8620\">Bolsonaro no hospital<br><\/a><strong>O deputado Bohn Gass, do PT do Rio Grande do Sul,<\/strong> afirmou que a transfer\u00eancia do ex-presidente foi realizada porque a governadora petista cedeu o helic\u00f3ptero e o governo Lula comprou a ambul\u00e2ncia usada no resgate.<\/p>\n\n\n\n<p><strong>Jornal do Com\u00e9rcio<br><\/strong><a href=\"https:\/\/www.jornaldocomercio.com\/colunas\/reporter-brasilia\/2025\/04\/1198482-sem-continencia-para-trump.html\">Sem contin\u00eancia para Trump, defende deputado petista<br><\/a><strong>O deputado federal ga\u00facho Bohn Gass (PT)<\/strong> cobrou da oposi\u00e7\u00e3o, principalmente dos bolsonaristas, que se manifestem sobre o presidente norte-americano Donald Trump. &#8220;Onde eles est\u00e3o? Algu\u00e9m ouviu eles falarem algo contr\u00e1rio? N\u00e3o. Algu\u00e9m viu o Tarc\u00edsio de Freitas (Republicanos, foto), governador de S\u00e3o Paulo, que ser\u00e1 um dos estados mais prejudicados, falar algo sobre esse tarifa\u00e7o? N\u00e3o. Eles silenciam, s\u00e3o covardes referente \u00e0quilo que prejudica a economia brasileira. Gostaria que assim como Lula e n\u00f3s da esquerda, que defendemos o Pa\u00eds, a direita e a extrema-direita n\u00e3o batessem contin\u00eancia para Trump&#8221;, disparou.<\/p>\n\n\n\n<p><strong>M\u00eddia Ninja<br><\/strong><a href=\"https:\/\/midianinja.org\/agroecologia-no-enfrentamento-as-mudancas-climaticas-e-a-fome\/\">Agroecologia no enfrentamento \u00e0s mudan\u00e7as clim\u00e1ticas e \u00e0 fome<br><\/a>Os desastres clim\u00e1ticos recentes no Rio Grande do Sul foram citados pelo <strong>deputado federal Bohn Gass (PT-RS)<\/strong>, coordenador da Frente Parlamentar em Defesa das Bacias Hidrogr\u00e1ficas, ao defender a mudan\u00e7a do modelo agr\u00edcola hegem\u00f4nico no pa\u00eds. \u201cQuem diria que o Rio Grande do Sul teria no mesmo ano a maior seca e a maior enchente da hist\u00f3ria. A crise clim\u00e1tica \u00e9 o maior problema da humanidade, mas ainda n\u00e3o \u00e9 a maior preocupa\u00e7\u00e3o da pol\u00edtica e da sociedade. Quando passa o evento, volta tudo ao normal, continua o desmatamento, continua a usar agrot\u00f3xico. O modelo agr\u00edcola n\u00e3o muda, precisamos pensar em outros caminhos\u201d, apontou<\/p>\n\n\n\n<p><strong>Ga\u00fachaZH<br><\/strong><a href=\"https:\/\/gauchazh.clicrbs.com.br\/colunistas\/rosane-de-oliveira\/noticia\/2025\/04\/projeto-para-restringir-herbicida-em-lavouras-de-soja-cria-embate-entre-deputados-gauchos-e-une-pt-e-pl-cm9d8681z00zp013dhfofk75n.html\">Projeto para restringir herbicida em lavouras de soja cria embate entre deputados ga\u00fachos e une PT e PL<br><\/a>Em sess\u00e3o da Comiss\u00e3o de Agricultura, Pecu\u00e1ria, Abastecimento e Desenvolvimento Rural da C\u00e2mara dos Deputados, o relat\u00f3rio de Alceu Moreira foi aprovado, com voto em separado do tamb\u00e9m <strong>ga\u00facho deputado Bohn Gass (PT).<\/strong> O petista abra\u00e7ou a ideia de Bibo, sem se preocupar de serem de partidos antag\u00f4nicos.<\/p>\n\n\n\n<p><strong>Novo Jornal<br><\/strong><a href=\"https:\/\/www.novojornal.com.br\/deputado-defende-vetos-no-orcamento-e-liberacao-de-investimentos\/\">Deputado defende vetos no Or\u00e7amento e libera\u00e7\u00e3o de investimentos<br><\/a>Os dois vetos aplicados pelo Executivo \u00e0 Lei Or\u00e7ament\u00e1ria Anual de 2025 (Lei 15.121\/25) foram considerados tecnicamente corretos pelo <strong>deputado Bohn Gass (PT-RS)<\/strong>, membro da Comiss\u00e3o Mista de Or\u00e7amento. Com a san\u00e7\u00e3o da lei, ficam autorizadas novas obras e reajustes salariais de servidores p\u00fablicos com efeitos retroativos a janeiro.<\/p>\n\n\n\n<p><strong>O Globo<br><\/strong><a href=\"https:\/\/oglobo.globo.com\/politica\/noticia\/2025\/04\/12\/pt-aprofunda-racha-interno-contra-nome-favorito-de-lula-para-assumir-a-presidencia-do-partido.ghtml\">PT aprofunda racha interno contra nome favorito de Lula para assumir a presid\u00eancia do partido<br><\/a>\u2014 N\u00e3o necessariamente todos que assinaram est\u00e3o apoiando o Rui, mas eles querem o debate dentro do PT. Vamos agora buscar esses apoiamentos. Alguns apoios haviam sido declarados antes da candidatura do Rui, e agora \u00e9 um outro quadro \u2014 afirmou o <strong>deputado Bohn Gass (RS),<\/strong> da tend\u00eancia Democracia Socialista (DS).<\/p>\n\n\n\n<p><strong>O Sul<br><\/strong><a href=\"https:\/\/www.osul.com.br\/pt-aprofunda-racha-na-disputa-pelo-comando-do-partido\/\">PT aprofunda racha na disputa pelo comando do partido<br><\/a>\u201cN\u00e3o necessariamente todos que assinaram est\u00e3o apoiando o Rui, mas eles querem o debate dentro do PT. Vamos agora buscar esses apoiamentos. Alguns apoios haviam sido declarados antes da candidatura do Rui, e agora \u00e9 um outro quadro\u201d, afirmou o <strong>deputado Bohn Gass (RS)<\/strong>, da tend\u00eancia Democracia Socialista (DS).<\/p>\n\n\n\n<p><strong>Blog do Gerson Nogueira<br>A frase do dia<br><\/strong>\u201cGovernadora F\u00e1tima Bezerra, do PT, cedeu helic\u00f3ptero que conduziu Bolsonaro at\u00e9 um hospital. Depois, ele foi levado numa ambul\u00e2ncia nova do Samu, comprada pelo governo Lula. O PT governa para salvar vidas, n\u00e3o importa de quem. J\u00e1 a direita bolsonarista deseja a morte de Lula\u201d.<br><strong>Bohn Gass, deputado federal (PT-RS), sindicalista e professor.<\/strong><\/p>\n\n\n\n<p><strong>Rede Gazeta de Comunica\u00e7\u00e3o<br><\/strong><a href=\"https:\/\/gazetanm.com.br\/vetos-feitos-ao-orcamento-de-2025-sao-corretos-avalia-parlamentar\/\">\u201cVetos feitos ao Or\u00e7amento de 2025 s\u00e3o corretos\u201d, avalia parlamentar<br><\/a>Os dois vetos \u00e0 Lei do Or\u00e7amento de 2025 (Lei 15.121\/25) feitos pelo Executivo foram considerados tecnicamente corretos pelo <strong>deputado Bohn Gass (PT-RS)<\/strong>, da Comiss\u00e3o Mista de Or\u00e7amento. Com a san\u00e7\u00e3o do Or\u00e7amento, ficam liberadas a contrata\u00e7\u00e3o de obras novas e reajustes dos servidores p\u00fablicos retroativos a janeiro.<\/p>\n\n\n\n<p>Zero Hora<br><a href=\"https:\/\/gauchazh.clicrbs.com.br\/politica\/noticia\/2025\/04\/dos-31-deputados-federais-do-rs-19-assinaram-por-urgencia-da-anistia-veja-lista-cm9hi2r5t00dv0150zddrva5b.html\">Dos 31 deputados federais do RS, 19 assinaram por urg\u00eancia da anistia; veja lista<br><\/a>Ga\u00fachos que n\u00e3o assinaram o requerimento<br>Afonso Motta (PDT)<br>Alexandre Lindenmayer (PT)<br><strong>Bohn Gass (PT)<br><\/strong>Daiana Santos (PCdoB)<br>Denise Pess\u00f4a (PT)<br>Dionilso Marcon (PT)<br>Fernanda Melchionna (PSOL)<br>Heitor Schuch (PSB)<br>M\u00e1rcio Biolchi (MDB)<br>Maria do Ros\u00e1rio (PT)<br>Paulo Pimenta (PT)<br>Pompeo de Mattos (PDT)<\/p>\n\n\n\n<p><strong>Ga\u00facha ZH<br><\/strong><a href=\"https:\/\/gauchazh.clicrbs.com.br\/colunistas\/leo-saballa-jr\/noticia\/2025\/04\/pl-protocola-requerimento-de-urgencia-para-o-projeto-da-anistia-bolsonaro-vai-ser-beneficiado-cm9hmbomm00gt0150oalis9qr.html\">PL protocola requerimento de urg\u00eancia para o projeto da anistia: Bolsonaro vai ser beneficiado?<br><\/a>O Conversas Cruzadas desta segunda-feira (14) recebeu os deputados federais Ubiratan Sanderson (PL-RS) e <strong>\u2060Elvino Bohn Gass (PT-RS)<\/strong> para debater o tema. Confira trecho da discuss\u00e3o no v\u00eddeo acima.<\/p>\n\n\n\n<p><strong>Nexo<\/strong><br><a href=\"https:\/\/www.nexojornal.com.br\/grafico\/2025\/04\/15\/urgencia-pl-anistia-como-partido-votou\">Quais partidos deram mais apoio \u00e0 urg\u00eancia do PL da Anistia<br><\/a>[\u2026]<br><strong>Bohn Gass (RS) \u2013 N\u00e3o<br><\/strong>[\u2026]<\/p>\n\n\n\n<p><strong>A Voz do Brasil<br><\/strong><a href=\"https:\/\/www.camara.leg.br\/radio\/programas\/1150384-em-semana-curta-camara-pode-votar-projetos-de-iniciativa-do-judiciario\/\">Bohn Gass defende programa da Nova Ind\u00fastria Brasil<br><\/a><strong>Bohn Gass<\/strong> cita os 34 bilh\u00f5es de reais do Mercado Livre e os 6,4 bilh\u00f5es de reais da Novo Nordisk como exemplos desse novo modelo proposto pelo Executivo, que vem trabalhando para unificar o Pa\u00eds, retomar o desenvolvimento e promover a inclus\u00e3o.<\/p>\n\n\n\n<p><strong>Portal das Miss\u00f5es<br><\/strong><a href=\"https:\/\/www.portaldasmissoes.com.br\/noticias\/view\/id\/14240\/painel-sobre-politicas-publicas-atrai-liderancas-e.html\">Painel sobre Pol\u00edticas P\u00fablicas atrai lideran\u00e7as e agricultores da regi\u00e3o<br><\/a>Entre as lideran\u00e7as presentes estiveram os presidentes da Federa\u00e7\u00e3o dos Trabalhadores na Agricultura (Fetag-RS), Carlos Joel da Silva, do Sindicato dos Trabalhadores Rurais, Pedro Ulerich, e da Expoagro 2025, Carlos Liesenfeld, al\u00e9m do prefeito de Santo Cristo, Charles Thiele, e <strong>deputado federal Elvino Bohn Gass.<\/strong><\/p>\n\n\n\n<p><strong>Folha Popular<br><\/strong><a href=\"https:\/\/folhapopular.info\/index.php\/2025\/04\/15\/assinada-a-ordem-de-inicio-para-a-construcao-de-100-casas-populares-no-loteamento-renascer\/\">Assinada a ordem de in\u00edcio para a constru\u00e7\u00e3o de 100 casas populares no Loteamento Renascer<br><\/a>O ato foi realizado na Rua Centen\u00e1rio Lions, no Residencial Loteamento Renascer, e contou com a presen\u00e7a da prefeita Carine Schwingel, do vice-prefeito M\u00e1rcio Mallmann, do secret\u00e1rio estadual da Reconstru\u00e7\u00e3o, Maneco Hassen, do secret\u00e1rio nacional de Habita\u00e7\u00e3o, Augusto Rabelo, do <strong>deputado federal Elvino Bohn Gass,<\/strong> al\u00e9m de secret\u00e1rios municipais, vereadores, representantes de entidades e moradores da comunidade.<\/p>\n\n\n\n<p><strong>C\u00e2mara de Vereadores de Caxias do Sul<br><\/strong><a href=\"https:\/\/www.camaracaxias.rs.gov.br\/noticias\/index\/30091\">Wagner Petrini comenta sobre demandas da comunidade para o gabinete parlamentar<br><\/a>Petrini finalizou compartilhando que esteve presente a duas atividades nesta semana. Na tarde da \u00faltima quarta-feira, ele acompanhou, ao lado do prefeito Adil\u00f3 Didomenico\/PSDB, a entrega de uma academia ao ar livre, no Bairros Planalto. A abertura do espa\u00e7o foi poss\u00edvel por meio de emenda parlamentar de autoria <strong>deputado federal Elvino Bohn Gass\/PT<\/strong>, por interm\u00e9dio do vereador Lucas Caregnato\/PT (presidente da C\u00e2mara).<\/p>\n\n\n\n<p><strong>Prefeitura de Caxias do Sul<br><\/strong><a href=\"https:\/\/caxias.rs.gov.br\/noticias\/2025\/04\/prefeitura-entrega-duas-novas-academias-ao-ar-livre\">Prefeitura entrega duas novas Academias ao Ar Livre<br><\/a>A aquisi\u00e7\u00e3o dos equipamentos foi poss\u00edvel por meio de uma emenda parlamentar do <strong>deputado federal Elvino Bohn Gass<\/strong>, no valor de R$ 250 mil, por interm\u00e9dio do vereador Lucas Caregnato. A Prefeitura, por meio da Secretaria Municipal do Esporte e Lazer (SMEL), realizou a compra dos equipamentos novos, a confec\u00e7\u00e3o do piso da base e instala\u00e7\u00e3o dos equipamentos.<\/p>\n\n\n\n<p><strong>R\u00e1dio Caxias<br><\/strong><a href=\"https:\/\/www.radiocaxias.com.br\/novas-academias-ao-ar-livre-sao-entregues-nos-bairros-planalto-e-charqueadas-em-caxias-do-sul\/\">Novas academias ao ar livre s\u00e3o entregues nos bairros Planalto e Charqueadas, em Caxias do Sul<br><\/a>A aquisi\u00e7\u00e3o dos equipamentos foi viabilizada por uma emenda parlamentar de R$ 250 mil do <strong>deputado federal Elvino Bohn Gass (PT)<\/strong>, com intermedia\u00e7\u00e3o do vereador Lucas Caregnato (PT). A Prefeitura, por meio da Secretaria Municipal de Esporte e Lazer (SMEL), ficou respons\u00e1vel pela compra dos equipamentos, prepara\u00e7\u00e3o da base de piso e instala\u00e7\u00e3o das estruturas.<\/p>\n\n\n\n<p><strong>Leouve<br><\/strong><a href=\"https:\/\/leouve.com.br\/geral\/academias-ao-ar-livre-sao-instaladas-nos-bairros-planalto-e-rosario-ii-em-caxias-do-sul\/\">&#8216;Academias ao Ar Livre&#8217; s\u00e3o instaladas nos bairros Planalto e Ros\u00e1rio II, em Caxias do Sul<br><\/a>Segundo informa\u00e7\u00f5es da Secretaria Municipal do Esporte e Lazer (SMEL), a compra dos equipamentos novos, a confec\u00e7\u00e3o do piso da base e instala\u00e7\u00e3o dos equipamentos foi feita pela Prefeitura. No entanto, para a aquisi\u00e7\u00e3o dos equipamentos foi necess\u00e1rio recurso de R$ 250 mil, viabilizado por meio de uma emenda parlamentar do <strong>deputado federal Elvino Bohn Gass<\/strong>, por interm\u00e9dio do vereador Lucas Caregnato.<\/p>\n\n\n\n<p><strong>Grupo Sep\u00e9<br><\/strong><a href=\"https:\/\/gruposepe.com.br\/index.php?m=noticia&amp;a=detail&amp;id=25789\">Estado subsidia R$ 160 mil para a agricultura familiar na Fenamilho<br><\/a>O secret\u00e1rio estadual de Desenvolvimento Rural, Wilson Covatti Filho, ao lado de lideran\u00e7as como o <strong>deputado federal Bohn Gass,<\/strong> o deputado estadual Eduardo Loureiro, prefeito N\u00edvio Braz e o presidente da 21\u00aa Fenamilho Internacional, Luis Alberto Voese, participaram do descerramento da fita no Pavilh\u00e3o da Agricultura Familiar, marcando a destina\u00e7\u00e3o de R$ 160 mil para 32 expositores do setor.<\/p>\n\n\n\n<p><strong>Portal Lhfraqui<br><\/strong><a href=\"https:\/\/www.lhfranqui.com.br\/?pg=noticias&amp;rel=46463f09902c1565d7927f8786cea920\">Aberta a 21\u00aa Fenamilho Internacional<br><\/a>A solenidade teve a presen\u00e7a do secret\u00e1rio de Desenvolvimento Rural, Vilson Covatti, representando o governo do Estado, em raz\u00e3o da impossibilidade da vinda de Eduardo Leite; <strong>deputado federal Elvino Bohn Gass<\/strong>; deputado estadual Eduardo Loureiro, representado a Assembleia Legislativa ga\u00facha; do chefe de Pol\u00edcia do Rio Grande do Sul, Fernando Sodr\u00e9; do presidente da Emater\/RS, Luciano Schwarz; do vice-prefeito e secret\u00e1rio municipal de Governo e Rela\u00e7\u00f5es Institucionais, Carlos Alberto Gon\u00e7alves; presidente da C\u00e2mara, Nivaldo Langer de Moura; do prefeito de S\u00e3o Miguel das Miss\u00f5es e presidente da Associa\u00e7\u00e3o dos Munic\u00edpios das Miss\u00f5es (AMM), Rodrigo Ribas; da ju\u00edza diretora do F\u00f3rum, Marta Martins Moreira; al\u00e9m de prefeitos, vereadores, presidentes de feiras do noroeste ga\u00facho, e representa\u00e7\u00f5es das entidades locais, patrocinadores e expositores.<\/p>\n\n\n\n<p><strong>Revista F\u00f3rum<br><\/strong><a href=\"https:\/\/revistaforum.com.br\/politica\/2025\/4\/19\/trabalho-aos-domingos-feriados-pode-se-tornar-novo-impasse-politico-177723.html\">Trabalho aos domingos e feriados pode se tornar novo impasse pol\u00edtico<br><\/a><strong>O deputado Bohn Gass (PT-RS)<\/strong> ainda ressaltou que a regra do governo Lula n\u00e3o impedia o trabalho aos domingos e feriados, e sim exigia um acordo que resguardasse os direitos dos funcion\u00e1rios. \u201cNingu\u00e9m \u00e9 contra trabalho em feriados, desde que respeite acordo coletivo\u201d, pontuou.<\/p>\n\n\n\n<p><strong>Noroeste News<br><\/strong><a href=\"https:\/\/www.noroestenews.com\/2025\/04\/trabalho-aos-domingos-e-feriados-pode.html\">Trabalho aos domingos e feriados pode se tornar novo impasse pol\u00edtico<br><\/a><strong>O deputado Bohn Gass (PT-RS)<\/strong> ainda ressaltou que a regra do governo Lula n\u00e3o impedia o trabalho aos domingos e feriados, e sim exigia um acordo que resguardasse os direitos dos funcion\u00e1rios. \u201cNingu\u00e9m \u00e9 contra trabalho em feriados, desde que respeite acordo coletivo\u201d, pontuou.<\/p>\n\n\n\n<p><strong>Jornal Noroeste<br><\/strong><a href=\"https:\/\/jornalnoroeste.com.br\/noticia\/regiao\/solenidade-abre-oficialmente-a-21-fenamilho-internacional\">Solenidade abre oficialmente a 21\u00aa Fenamilho Internacional<br><\/a>A solenidade contou com a presen\u00e7a do secret\u00e1rio de Desenvolvimento Rural, Vilson Covatti, que representou o Governo do Estado, em virtude da impossibilidade de comparecimento do governador Eduardo Leite. Tamb\u00e9m marcaram presen\u00e7a o <strong>deputado federal Elvino Bohn Gass<\/strong>; o deputado estadual Eduardo Loureiro, representando a Assembleia Legislativa; o chefe da Pol\u00edcia Civil do RS, Fernando Sodr\u00e9; o presidente da Emater\/RS, Luciano Schwarz; e o vice-prefeito e secret\u00e1rio municipal de Governo e Rela\u00e7\u00f5es Institucionais, Carlos Alberto Gon\u00e7alves.<\/p>\n\n\n\n<p><strong>Portal Arauto<br><\/strong><a href=\"https:\/\/portalarauto.com.br\/21-04-2025\/vera-cruz-retoma-projeto-de-ciclofaixa-na-ers-409-apos-danos-causados-pela-enchente\/\">Vera Cruz retoma projeto de ciclofaixa na ERS-409 ap\u00f3s danos causados pela enchente<br><\/a>O investimento para a constru\u00e7\u00e3o da ciclofaixa \u00e9 de R$ 567.176,48, oriundos do Minist\u00e9rio do Esporte, por meio do programa Apoio \u00e0 Implanta\u00e7\u00e3o e Moderniza\u00e7\u00e3o de Infraestrutura para Esporte Amador, Educacional, Recreativo e de Lazer (SNEAELIS). Os recursos foram viabilizados por emenda parlamentar do <strong>deputado federal Elvino Bohn Gass (PT)<\/strong>.<\/p>\n\n\n\n<p><strong>Jornal Tradi\u00e7\u00e3o<br><\/strong><a href=\"https:\/\/www.jornaltradicao.com.br\/arroio-grande\/saude\/deputado-elvino-bohn-gass-pt-destina-r-1-milhao-para-a-saude-de-arroio-grande\/\">Deputado Elvino Bohn Gass (PT) destina R$ 1 milh\u00e3o para a sa\u00fade de Arroio Grande<br><\/a>O munic\u00edpio de Arroio Grande recebeu um refor\u00e7o de R$ 1 milh\u00e3o para a \u00e1rea da sa\u00fade, por meio de emenda parlamentar do <strong>deputado federal Elvino Bohn Gass (PT)<\/strong>. O recurso, segundo a Prefeitura, j\u00e1 est\u00e1 depositado nos cofres municipais e ser\u00e1 utilizado para o fortalecimento dos atendimentos da rede p\u00fablica de sa\u00fade.<\/p>\n\n\n\n<p><strong>Diap<\/strong><br><a href=\"https:\/\/www.diap.org.br\/index.php\/noticias\/agencia-diap\/92210-comissoes-mistas-devem-ser-instaladas-para-analise-de-mp\">Al\u00e9m das medidas provis\u00f3rias, C\u00e2mara e Senado t\u00eam agenda de trabalho cheia nesta semana, com destaque para proposi\u00e7\u00f5es que modificam CLT<br><\/a>Igualdade salarial: O colegiado pode votar tamb\u00e9m o PDL 169\/2024, que susta, nos termos do art. 49, V e X da Constitui\u00e7\u00e3o Federal, a aplica\u00e7\u00e3o do Decreto n\u00ba 11.795, de 23 de novembro de 2023, e da Portaria MTE n\u00ba 3.714, de 24 de novembro de 2023. De autoria das deputadas Adriana Ventura (Novo-SP), Any Ortiz (Cidadania-RS), Bia Kicis (PL-DF)e Rosangela Moro (UNI\u00c3O-SP), a proposta pretende sustar a portaria que regulamenta, entre outros pontos, as informa\u00e7\u00f5es das empresas sobre o n\u00famero de mulheres e homens para efeito de igualdade salarial. O relator da mat\u00e9ria, <strong>deputado Bohn Gass (PT-RS)<\/strong>, apresentou parecer pela rejei\u00e7\u00e3o da mat\u00e9ria.<\/p>\n\n\n\n<p><strong>Congresso em Foco<br><\/strong><a href=\"https:\/\/www.congressoemfoco.com.br\/artigo\/107884\/anistia-e-a-prioridade-do-bandido-nao-a-do-povo\">[ARTIGO] Anistia \u00e9 a prioridade do bandido, n\u00e3o a do povo<br><\/a><strong>Bohn Gass<\/strong> defende que anistiar Bolsonaro \u00e9 legitimar o golpismo.<\/p>\n\n\n\n<p><strong>O Di\u00e1rio<br><\/strong><a href=\"https:\/\/odiario.net\/noticias\/regiao\/deputado-bohn-gass-fala-que-isentar-ir-ate-r-5-mil-e-fazer-justica\/\">Deputado Bohn Gass fala que isentar IR at\u00e9 R$ 5 mil \u00e9 fazer justi\u00e7a<br><\/a>Vice-l\u00edder do governo Lula no Congresso Nacional,<strong> Elvino Bohn Gass (PT\/RS)<\/strong> cumpre seu quarto mandato como deputado federal. \u201cNeste momento, meu foco \u00e9 garantir a aprova\u00e7\u00e3o do projeto do governo Lula de isentar o Imposto de Renda para quem ganha at\u00e9 R$ 5 mil por m\u00eas\u201d, diz o parlamentar. Nesta entrevista, ele explica o projeto.<\/p>\n\n\n\n<p><strong>Ag\u00eancia C\u00e2mara de Not\u00edcias<br><\/strong><a href=\"https:\/\/www.camara.leg.br\/noticias\/1152354-camara-conclui-discussao-de-projeto-sobre-combate-a-incendios-florestais-votacao-e-adiada\/\">C\u00e2mara conclui discuss\u00e3o de projeto sobre combate a inc\u00eandios florestais<br><\/a><strong>O deputado Bohn Gass (PT-RS)<\/strong> afirmou que as medidas previstas v\u00e3o flexibilizar e agilizar o combate a inc\u00eandios. &#8220;S\u00e3o regras que facilitam a mitiga\u00e7\u00e3o dos grandes impactos que, infelizmente, n\u00f3s temos&#8221;, disse.<\/p>\n\n\n\n<p><strong>PT na C\u00e2mara<br><\/strong><a href=\"https:\/\/ptnacamara.org.br\/pt-vota-a-favor-da-urgencia-para-projeto-sobre-criterios-de-repasses-da-lei-aldir-blanc-para-a-cultura\/\">PT vota a favor da urg\u00eancia para projeto sobre crit\u00e9rios de repasses da Lei Aldir Blanc para a cultura<br><\/a>E o <strong>deputado Bohn Gass (PT-RS)<\/strong> explicou que a Lei Aldir Blanc garante o repasse de recursos do governo federal para os estados e, principalmente, para os munic\u00edpios. \u201cN\u00f3s queremos estimular os projetos culturais. Um povo sem cultura n\u00e3o tem hist\u00f3ria. N\u00f3s queremos cultura e hist\u00f3ria\u201d, pontuou.<\/p>\n\n\n\n<p><strong>C\u00e2mara de Vereadores de Caxias do Sul<br><\/strong><a href=\"https:\/\/www.camaracaxias.rs.gov.br\/noticias\/index\/30130\">Vereador Lucas Caregnato intensifica agenda em Bras\u00edlia em prol do 1\u00ba Congresso sobre Financiamento de Projetos para Agentes P\u00fablicos<br><\/a>Na quarta-feira (23), os parlamentares realizaram uma s\u00e9rie de reuni\u00f5es com representantes da bancada ga\u00facha no Congresso Nacional, entregando pessoalmente convites \u00e0 deputada federal Denise Pess\u00f4a (PT), \u00e0 deputada Maria do Ros\u00e1rio (PT) e ao <strong>deputado Bohn Gass (PT)<\/strong>. Convites tamb\u00e9m foram entregues a outros deputados e senadores ga\u00fachos de diferentes siglas partid\u00e1rias, em um esfor\u00e7o de mobiliza\u00e7\u00e3o plural para garantir ampla ades\u00e3o ao evento.<\/p>\n\n\n\n<p><strong>Pol\u00edtica Livre<br><\/strong><a href=\"https:\/\/politicalivre.com.br\/2025\/04\/lulistas-lembram-apoio-de-collor-a-bolsonaro-e-moro-que-caso-ocorreu-em-gestoes-petistas\/#gsc.tab=0\">Lulistas lembram apoio de Collor a Bolsonaro, e Moro, que caso ocorreu em gest\u00f5es petistas<br><\/a>Os deputados<strong> Bohn Gass (PT-RS) <\/strong>e Carlos Zarattini (PT-SP), ambos que tem cargo de vice-l\u00edder do governo, publicaram textos sobre a pris\u00e3o com uma foto de Collor e Bolsonaro juntos.<\/p>\n\n\n\n<p><strong>Clic Portela<br><\/strong><a href=\"https:\/\/www.clicportela.com.br\/noticia\/132857\/ministra-sonia-guajajara-confirma-presenca-na-terra-indigena-guarita-em-celebracao-no-dia-26-de-abril\">Ministra S\u00f4nia Guajajara confirma presen\u00e7a na Terra Ind\u00edgena Guarita em celebra\u00e7\u00e3o no dia 26 de abril<br><\/a>Al\u00e9m da ministra Guajajara, tamb\u00e9m estar\u00e3o presentes os deputados federais <strong>Elvino Bohn Gass<\/strong> (Marcon), Maria do Ros\u00e1rio, Heitor Schuch, e o deputado estadual Ad\u00e3o Preto Filho. O presidente da Companhia Nacional de Abastecimento (Conab), Edgar Preto, tamb\u00e9m confirmou presen\u00e7a, junto a prefeitos, vereadores e outras lideran\u00e7as regionais.<\/p>\n\n\n\n<p><strong>R\u00e1dio Uirapuru<br><\/strong><a href=\"https:\/\/rduirapuru.com.br\/hospital-de-clinicas-inaugura-espaco-de-convivencia-para-colaboradores\/\">Hospital de Cl\u00ednicas inaugura espa\u00e7o de conviv\u00eancia para colaboradores<br><\/a>O espa\u00e7o foi executado com investimentos pr\u00f3prios e apoio dos deputados federais Maria do Ros\u00e1rio e <strong>Elvino Bohn Gass<\/strong>. \u201cO mais importante hoje aqui \u00e9 cuidar de quem cuida, dos trabalhadores que fazem a sa\u00fade acontecer.\u201d pontuou o deputado Bohn Gass durante o evento de inaugura\u00e7\u00e3o.<\/p>\n\n\n\n<p><strong>Prefeitura de Anta Gorda<br><\/strong><a href=\"https:\/\/www.antagorda.rs.gov.br\/noticia\/2624\/com-o-auxilio-de-bohn-gass-administracao-conquista-tres-distribuidores-de-adubo-organico-e-tres-vag\/\">Com o aux\u00edlio de Bohn Gass, Administra\u00e7\u00e3o conquista tr\u00eas distribuidores de adubo org\u00e2nico e tr\u00eas vag<br><\/a>Atrav\u00e9s do <strong>deputado federal Elvino Bohn Gass (PT)<\/strong>, a Administra\u00e7\u00e3o Municipal conquistou uma verba de R$ 97,5 mil do Minist\u00e9rio da Agricultura para aquisi\u00e7\u00e3o de tr\u00eas distribuidores de adubo org\u00e2nico l\u00edquido e tr\u00eas vag\u00f5es forrageiros agr\u00edcolas.<\/p>\n\n\n\n<p><strong>RD Planalto<br><\/strong><a href=\"https:\/\/rdplanalto.com\/pedido-de-recurso-e-entregue-pelo-prefeito-nico-ao-deputado-federal-bohn-gass\/\">Pedido de recurso \u00e9 entregue pelo prefeito Nico ao deputado federal Bohn Gass<br><\/a>Uma solicita\u00e7\u00e3o de recurso via emenda parlamentar foi entregue pelo prefeito de Ernestina, Odir Jo\u00e3o Boehm (Nico), ao <strong>deputado federal Elvino Bohn Gass (PT)<\/strong> no gabinete do parlamentar, em Bras\u00edlia, na quarta-feira (23\/04).<\/p>\n\n\n\n<p><strong>BNews<br><\/strong><a href=\"https:\/\/www.bnews.com.br\/noticias\/esporte\/cbf-gera-polemica-ao-mandar-retirar-faixa-com-frase-fogo-nos-racistas-em-jogo-do-internacional-assista.html\">CBF gera pol\u00eamica ao mandar retirar faixa com frase &#8220;Fogo nos Racistas&#8221; em jogo do Internacional; assista<br><\/a>J\u00e1 no X, antigo Twitter, o deputado federal petista <strong>Bohn Gass<\/strong> se manifestou sobre o caso. De acordo com ele, essa atitude c\u00e9lere \u00e9 o que se espera da CBF, mas em prol da luta contra o racismo e n\u00e3o a favor desse preconceito.<\/p>\n\n\n\n<p><strong>Jornal do Com\u00e9rcio<br><\/strong><a href=\"https:\/\/www.jornaldocomercio.com\/colunas\/reporter-brasilia\/2025\/04\/1199988-brasil-nao-pode-falhar-com-o-rio-grande-do-sul.html\">Brasil n\u00e3o pode falhar com o Rio Grande do Sul, afirma coordenador da bancada ga\u00facha<br><\/a><strong>O deputado federal ga\u00facho Bohn Gass (PT)<\/strong> disse \u00e0 coluna Rep\u00f3rter Bras\u00edlia que &#8220;n\u00e3o faz sentido essa cr\u00edtica ao Lula. Lula \u00e9 quem faz inclusive a abertura de mercados no exterior. Hoje o Rio Grande do Sul teve um PIB maior do que o PIB nacional&#8221;, argumenta o congressista.<\/p>\n\n\n\n<p><strong>Anfip<\/strong><br><a href=\"https:\/\/www.anfip.org.br\/rotativo\/anfip-e-homenageada-em-sessao-solene-na-camara-dos-deputados\/\">ANFIP Nacional \u00e9 homenageada em sess\u00e3o solene na C\u00e2mara dos Deputados<br><\/a>A cerim\u00f4nia, presidida pela deputada Erika Kokay (PT\/DF), autora do requerimento da sess\u00e3o em conjunto com o <strong>deputado Bohn Gass (PT\/RS)<\/strong> e com o apoio de diversos parlamentares, marcou o reconhecimento da import\u00e2ncia hist\u00f3rica e atual da ANFIP na defesa do servi\u00e7o p\u00fablico, da Receita Federal e da Previd\u00eancia Social.<\/p>\n\n\n\n<p><strong>PT na C\u00e2mara<br><\/strong><a href=\"https:\/\/ptnacamara.org.br\/com-o-voto-do-pt-camara-aprova-projeto-sobre-repasses-da-lei-aldir-blanc-para-a-cultura\/\">Com o voto do PT, C\u00e2mara aprova projeto sobre repasses da Lei Aldir Blanc para a cultura<br><\/a>A deputada Benedita da Silva (PT-RJ) \u2013 autora da primeira lei Aldir Blanc \u2013 e a deputada Juliana Cardoso (PT-SP) e os deputados petistas<strong> Bohn Gass (RS)<\/strong>, Fernando Mineiro (RN) e Tadeu Veneri (PR) tamb\u00e9m defenderam a aprova\u00e7\u00e3o do projeto.<\/p>\n\n\n\n<p><strong>PT na Assembleia<br><\/strong><a href=\"https:\/\/ptassembleiars.org.br\/2025\/04\/28\/jeferson-vai-protocolar-documento-conjunto-por-sistema-unificado-de-ater\/\">Jeferson Fernandes vai protocolar documento conjunto por Sistema Unificado de ATER<br><\/a>A medida foi encaminhada na primeira reuni\u00e3o da Subcomiss\u00e3o, realizada na manh\u00e3 desta segunda-feira (28\/04), que contou com a participa\u00e7\u00e3o do presidente da Emater\/Ascar- RS, Luciano Schwerz, da diretora t\u00e9cnica da Associa\u00e7\u00e3o Nacional de Assist\u00eancia T\u00e9cnica e Extens\u00e3o Rural, Loruana Santana, e do <strong>deputado federal Elvino Bohn Gass (PT)<\/strong>.<\/p>\n\n\n\n<p><strong>Jornal do Com\u00e9rcio<br><\/strong><a href=\"https:\/\/www.jornaldocomercio.com\/agro\/2025\/04\/1200473-mapa-sinaliza-com-suspensao-das-dividas-rurais-por-ate-quatro-anos.html\">F\u00e1varo sinaliza com suspens\u00e3o das d\u00edvidas rurais por at\u00e9 4 anos<br><\/a>Participaram do encontro, ainda, os deputados os deputados federais Marcelo Moraes (PL\/RS), Rodolfo Nogueira (PL\/MS), Afonso Hamm (PP\/RS), <strong>Elvino Bohn Gass (PT\/RS)<\/strong> e Alceu Moreira (MDB\/RS). Ainda, o senador Luis Carlos Heinze, o secret\u00e1rio de Pol\u00edtica Agr\u00edcola do Mapa, Guilherme Campos Jr., e o assessor especial Carlos Augustin.<\/p>\n\n\n\n<p><strong>Jornal Biz<br><\/strong><a href=\"https:\/\/jornalbiz.com\/canetada-154-politica-noticias-ourinhos\/\">Mulher contra mulher<br><\/a>\u00c9 inacredit\u00e1vel, mas real: quatro deputadas assinaram um projeto para suspender o decreto que regulamenta a lei da igualdade salarial entre homens e mulheres. O relator, <strong>deputado Bohn Gass (PT)<\/strong>, felizmente deu parecer contr\u00e1rio a essa aberra\u00e7\u00e3o legislativa proposta por Bia Kicis (PL), Ros\u00e2ngela Moro (Uni\u00e3o Brasil), Adriana Ventura (Novo) e Any Ortiz (Cidadania). Vale ressaltar que as quatro deputadas s\u00e3o bolsonaristas e alinhadas \u00e0 direita pol\u00edtica nacional.<\/p>\n\n\n\n<p><strong>Poder 360<br><\/strong><a href=\"https:\/\/www.poder360.com.br\/poder-agro\/favaro-recebe-bancada-gaucha-para-discutir-divida-rural\">F\u00e1varo recebe bancada ga\u00facha para discutir d\u00edvida rural<br><\/a>Tamb\u00e9m estiveram presentes na reuni\u00e3o os deputados federais Luciano Zucco (PL-RS), Afonso Hamm (PP-RS), Rodolfo Nogueira (PL-RS), Alceu Moreira (MDB-RS), Heitor Schuch (PSB-RS), Marcelo Moraes (PL-RS) e <strong>Bohn Gass (PT-RS)<\/strong>, al\u00e9m de t\u00e9cnicos do Mapa e secret\u00e1rios estaduais.<\/p>\n\n\n\n<p><strong>Minist\u00e9rio da Agricultura<br><\/strong><a href=\"https:\/\/www.gov.br\/agricultura\/pt-br\/assuntos\/noticias\/reuniao-sobre-amparo-aos-produtores-rurais-impactados-por-eventos-climaticos-adversos\">Reuni\u00e3o sobre amparo aos produtores rurais impactados por eventos clim\u00e1ticos adversos<br><\/a>O Minist\u00e9rio da Agricultura e Pecu\u00e1ria (Mapa) informa que, nesta ter\u00e7a-feira (29), o ministro Carlos F\u00e1varo recebeu, em audi\u00eancia institucional, o presidente da Comiss\u00e3o de Agricultura, Pecu\u00e1ria, Abastecimento e Desenvolvimento Rural da C\u00e2mara dos Deputados (CAPADR), deputado federal Rodolfo Nogueira, acompanhado dos parlamentares federais Zucco, Marcelo Moraes, Afonso Hamm, Heitor Schuch, <strong>Bohn Gass <\/strong>e Alceu Moreira, bem como do senador Luis Carlos Heinze e a coordenadora do Movimento SOS Agro, Graziela de Camargoem, para reuni\u00e3o realizada na sede do Minist\u00e9rio.<\/p>\n\n\n\n<p><strong>Mix Vale<br><\/strong><a href=\"https:\/\/www.mixvale.com.br\/2025\/04\/30\/novas-regras-para-trabalho-aos-domingos-e-feriados-entram-em-vigor-em-julho-o-que-muda-para-varejo-e-servicos\/\">Novas regras para trabalho aos domingos e feriados entram em vigor em julho: o que muda para varejo e servi\u00e7os<br><\/a>Por outro lado, deputados alinhados ao governo, como Alencar Santana e <strong>Bohn Gass,<\/strong> defenderam a norma, destacando sua import\u00e2ncia para proteger os trabalhadores. O debate no Congresso reflete a polariza\u00e7\u00e3o em torno da legisla\u00e7\u00e3o trabalhista, com vis\u00f5es opostas sobre o papel dos sindicatos e a flexibiliza\u00e7\u00e3o das leis.<\/p>\n","protected":false},"excerpt":{"rendered":"<p>A Voz do BrasilDecis\u00e3o do STF sobre Jair Bolsonaro r\u00e9u ainda repercute entre deputadosBohn Gass (PT-RS), do PT ga\u00facho, v\u00ea a decis\u00e3o do STF como um marco para a democracia. O deputado ressalta que a crise pol\u00edtica impactou a economia e a vida da popula\u00e7\u00e3o, o que trouxe instabilidade, afetou a credibilidade do Pa\u00eds e [&hellip;]<\/p>\n","protected":false},"author":2,"featured_media":0,"parent":0,"menu_order":0,"comment_status":"closed","ping_status":"closed","template":"","meta":{"footnotes":""},"class_list":["post-3859","page","type-page","status-publish","hentry"],"yoast_head":"<!-- This site is optimized with the Yoast SEO plugin v27.4 - https:\/\/yoast.com\/product\/yoast-seo-wordpress\/ -->\n<title>Abril 2025 - Deputado Federal Bohn Gass \u2605 PT\/RS<\/title>\n<meta name=\"robots\" content=\"index, follow, max-snippet:-1, max-image-preview:large, max-video-preview:-1\" \/>\n<link rel=\"canonical\" href=\"https:\/\/bohngass.com.br\/?page_id=3859\" \/>\n<meta property=\"og:locale\" content=\"pt_BR\" \/>\n<meta property=\"og:type\" content=\"article\" \/>\n<meta property=\"og:title\" content=\"Abril 2025 - Deputado Federal Bohn Gass \u2605 PT\/RS\" \/>\n<meta property=\"og:description\" content=\"A Voz do BrasilDecis\u00e3o do STF sobre Jair Bolsonaro r\u00e9u ainda repercute entre deputadosBohn Gass (PT-RS), do PT ga\u00facho, v\u00ea a decis\u00e3o do STF como um marco para a democracia. O deputado ressalta que a crise pol\u00edtica impactou a economia e a vida da popula\u00e7\u00e3o, o que trouxe instabilidade, afetou a credibilidade do Pa\u00eds e [&hellip;]\" \/>\n<meta property=\"og:url\" content=\"https:\/\/bohngass.com.br\/?page_id=3859\" \/>\n<meta property=\"og:site_name\" content=\"Deputado Federal Bohn Gass \u2605 PT\/RS\" \/>\n<meta property=\"article:publisher\" content=\"https:\/\/www.facebook.com\/bohngass13\" \/>\n<meta property=\"article:modified_time\" content=\"2025-05-08T18:17:53+00:00\" \/>\n<meta name=\"twitter:card\" content=\"summary_large_image\" \/>\n<meta name=\"twitter:site\" content=\"@BohnGass\" \/>\n<meta name=\"twitter:label1\" content=\"Est. tempo de leitura\" \/>\n\t<meta name=\"twitter:data1\" content=\"27 minutos\" \/>\n<script type=\"application\/ld+json\" class=\"yoast-schema-graph\">{\"@context\":\"https:\\\/\\\/schema.org\",\"@graph\":[{\"@type\":\"WebPage\",\"@id\":\"https:\\\/\\\/bohngass.com.br\\\/?page_id=3859\",\"url\":\"https:\\\/\\\/bohngass.com.br\\\/?page_id=3859\",\"name\":\"Abril 2025 - Deputado Federal Bohn Gass \u2605 PT\\\/RS\",\"isPartOf\":{\"@id\":\"https:\\\/\\\/bohngass.com.br\\\/#website\"},\"datePublished\":\"2025-04-17T14:18:28+00:00\",\"dateModified\":\"2025-05-08T18:17:53+00:00\",\"breadcrumb\":{\"@id\":\"https:\\\/\\\/bohngass.com.br\\\/?page_id=3859#breadcrumb\"},\"inLanguage\":\"pt-BR\",\"potentialAction\":[{\"@type\":\"ReadAction\",\"target\":[\"https:\\\/\\\/bohngass.com.br\\\/?page_id=3859\"]}]},{\"@type\":\"BreadcrumbList\",\"@id\":\"https:\\\/\\\/bohngass.com.br\\\/?page_id=3859#breadcrumb\",\"itemListElement\":[{\"@type\":\"ListItem\",\"position\":1,\"name\":\"In\u00edcio\",\"item\":\"https:\\\/\\\/bohngass.com.br\\\/\"},{\"@type\":\"ListItem\",\"position\":2,\"name\":\"Abril 2025\"}]},{\"@type\":\"WebSite\",\"@id\":\"https:\\\/\\\/bohngass.com.br\\\/#website\",\"url\":\"https:\\\/\\\/bohngass.com.br\\\/\",\"name\":\"Deputado Federal Bohn Gass \u2605 PT\\\/RS\",\"description\":\"Deputado Federal Bohn Gass\",\"publisher\":{\"@id\":\"https:\\\/\\\/bohngass.com.br\\\/#organization\"},\"potentialAction\":[{\"@type\":\"SearchAction\",\"target\":{\"@type\":\"EntryPoint\",\"urlTemplate\":\"https:\\\/\\\/bohngass.com.br\\\/?s={search_term_string}\"},\"query-input\":{\"@type\":\"PropertyValueSpecification\",\"valueRequired\":true,\"valueName\":\"search_term_string\"}}],\"inLanguage\":\"pt-BR\"},{\"@type\":\"Organization\",\"@id\":\"https:\\\/\\\/bohngass.com.br\\\/#organization\",\"name\":\"Deputado Bohn Gass\",\"url\":\"https:\\\/\\\/bohngass.com.br\\\/\",\"logo\":{\"@type\":\"ImageObject\",\"inLanguage\":\"pt-BR\",\"@id\":\"https:\\\/\\\/bohngass.com.br\\\/#\\\/schema\\\/logo\\\/image\\\/\",\"url\":\"http:\\\/\\\/bohngass.com.br\\\/wp-content\\\/uploads\\\/2021\\\/01\\\/logo.png\",\"contentUrl\":\"http:\\\/\\\/bohngass.com.br\\\/wp-content\\\/uploads\\\/2021\\\/01\\\/logo.png\",\"width\":357,\"height\":355,\"caption\":\"Deputado Bohn Gass\"},\"image\":{\"@id\":\"https:\\\/\\\/bohngass.com.br\\\/#\\\/schema\\\/logo\\\/image\\\/\"},\"sameAs\":[\"https:\\\/\\\/www.facebook.com\\\/bohngass13\",\"https:\\\/\\\/x.com\\\/BohnGass\",\"https:\\\/\\\/www.instagram.com\\\/bohn_gass\\\/\",\"https:\\\/\\\/www.youtube.com\\\/BohnGass13\\\/\",\"https:\\\/\\\/pt.wikipedia.org\\\/wiki\\\/Bohn_Gass\"]}]}<\/script>\n<!-- \/ Yoast SEO plugin. -->","yoast_head_json":{"title":"Abril 2025 - Deputado Federal Bohn Gass \u2605 PT\/RS","robots":{"index":"index","follow":"follow","max-snippet":"max-snippet:-1","max-image-preview":"max-image-preview:large","max-video-preview":"max-video-preview:-1"},"canonical":"https:\/\/bohngass.com.br\/?page_id=3859","og_locale":"pt_BR","og_type":"article","og_title":"Abril 2025 - Deputado Federal Bohn Gass \u2605 PT\/RS","og_description":"A Voz do BrasilDecis\u00e3o do STF sobre Jair Bolsonaro r\u00e9u ainda repercute entre deputadosBohn Gass (PT-RS), do PT ga\u00facho, v\u00ea a decis\u00e3o do STF como um marco para a democracia. O deputado ressalta que a crise pol\u00edtica impactou a economia e a vida da popula\u00e7\u00e3o, o que trouxe instabilidade, afetou a credibilidade do Pa\u00eds e [&hellip;]","og_url":"https:\/\/bohngass.com.br\/?page_id=3859","og_site_name":"Deputado Federal Bohn Gass \u2605 PT\/RS","article_publisher":"https:\/\/www.facebook.com\/bohngass13","article_modified_time":"2025-05-08T18:17:53+00:00","twitter_card":"summary_large_image","twitter_site":"@BohnGass","twitter_misc":{"Est. tempo de leitura":"27 minutos"},"schema":{"@context":"https:\/\/schema.org","@graph":[{"@type":"WebPage","@id":"https:\/\/bohngass.com.br\/?page_id=3859","url":"https:\/\/bohngass.com.br\/?page_id=3859","name":"Abril 2025 - Deputado Federal Bohn Gass \u2605 PT\/RS","isPartOf":{"@id":"https:\/\/bohngass.com.br\/#website"},"datePublished":"2025-04-17T14:18:28+00:00","dateModified":"2025-05-08T18:17:53+00:00","breadcrumb":{"@id":"https:\/\/bohngass.com.br\/?page_id=3859#breadcrumb"},"inLanguage":"pt-BR","potentialAction":[{"@type":"ReadAction","target":["https:\/\/bohngass.com.br\/?page_id=3859"]}]},{"@type":"BreadcrumbList","@id":"https:\/\/bohngass.com.br\/?page_id=3859#breadcrumb","itemListElement":[{"@type":"ListItem","position":1,"name":"In\u00edcio","item":"https:\/\/bohngass.com.br\/"},{"@type":"ListItem","position":2,"name":"Abril 2025"}]},{"@type":"WebSite","@id":"https:\/\/bohngass.com.br\/#website","url":"https:\/\/bohngass.com.br\/","name":"Deputado Federal Bohn Gass \u2605 PT\/RS","description":"Deputado Federal Bohn Gass","publisher":{"@id":"https:\/\/bohngass.com.br\/#organization"},"potentialAction":[{"@type":"SearchAction","target":{"@type":"EntryPoint","urlTemplate":"https:\/\/bohngass.com.br\/?s={search_term_string}"},"query-input":{"@type":"PropertyValueSpecification","valueRequired":true,"valueName":"search_term_string"}}],"inLanguage":"pt-BR"},{"@type":"Organization","@id":"https:\/\/bohngass.com.br\/#organization","name":"Deputado Bohn Gass","url":"https:\/\/bohngass.com.br\/","logo":{"@type":"ImageObject","inLanguage":"pt-BR","@id":"https:\/\/bohngass.com.br\/#\/schema\/logo\/image\/","url":"http:\/\/bohngass.com.br\/wp-content\/uploads\/2021\/01\/logo.png","contentUrl":"http:\/\/bohngass.com.br\/wp-content\/uploads\/2021\/01\/logo.png","width":357,"height":355,"caption":"Deputado Bohn Gass"},"image":{"@id":"https:\/\/bohngass.com.br\/#\/schema\/logo\/image\/"},"sameAs":["https:\/\/www.facebook.com\/bohngass13","https:\/\/x.com\/BohnGass","https:\/\/www.instagram.com\/bohn_gass\/","https:\/\/www.youtube.com\/BohnGass13\/","https:\/\/pt.wikipedia.org\/wiki\/Bohn_Gass"]}]}},"_links":{"self":[{"href":"https:\/\/bohngass.com.br\/index.php?rest_route=\/wp\/v2\/pages\/3859","targetHints":{"allow":["GET"]}}],"collection":[{"href":"https:\/\/bohngass.com.br\/index.php?rest_route=\/wp\/v2\/pages"}],"about":[{"href":"https:\/\/bohngass.com.br\/index.php?rest_route=\/wp\/v2\/types\/page"}],"author":[{"embeddable":true,"href":"https:\/\/bohngass.com.br\/index.php?rest_route=\/wp\/v2\/users\/2"}],"replies":[{"embeddable":true,"href":"https:\/\/bohngass.com.br\/index.php?rest_route=%2Fwp%2Fv2%2Fcomments&post=3859"}],"version-history":[{"count":2,"href":"https:\/\/bohngass.com.br\/index.php?rest_route=\/wp\/v2\/pages\/3859\/revisions"}],"predecessor-version":[{"id":3873,"href":"https:\/\/bohngass.com.br\/index.php?rest_route=\/wp\/v2\/pages\/3859\/revisions\/3873"}],"wp:attachment":[{"href":"https:\/\/bohngass.com.br\/index.php?rest_route=%2Fwp%2Fv2%2Fmedia&parent=3859"}],"curies":[{"name":"wp","href":"https:\/\/api.w.org\/{rel}","templated":true}]}}