{"id":4138,"date":"2026-01-26T11:10:42","date_gmt":"2026-01-26T14:10:42","guid":{"rendered":"https:\/\/bohngass.com.br\/?page_id=4138"},"modified":"2026-02-02T10:56:19","modified_gmt":"2026-02-02T13:56:19","slug":"janeiro-2026","status":"publish","type":"page","link":"https:\/\/bohngass.com.br\/?page_id=4138","title":{"rendered":"Janeiro 2026"},"content":{"rendered":"\n<p><strong>R\u00e1dio Progresso de Iju\u00ed<br><\/strong><a href=\"https:\/\/radioprogresso.com.br\/hci-fecha-2025-com-resultado-positivo-e-amplia-investimentos-em-tecnologia-e-estrutura-para-2026\/\">HCI fecha 2025 com resultado positivo e amplia investimentos em tecnologia e estrutura para 2026<br><\/a>Outro avan\u00e7o importante \u00e9 a implanta\u00e7\u00e3o do acelerador linear, considerado o mais moderno do Brasil, que em breve estar\u00e1 dispon\u00edvel para tratamentos oncol\u00f3gicos de padr\u00e3o internacional em Iju\u00ed. De acordo com o presidente, essa conquista foi poss\u00edvel gra\u00e7as ao apoio do governo federal e estadual, al\u00e9m da articula\u00e7\u00e3o do <strong>deputado federal Elvino Bohn Gass.<\/strong><\/p>\n\n\n\n<p><strong>ND+<br><\/strong><a href=\"https:\/\/ndmais.com.br\/politica\/emendas-parlamentares-criaram-um-parlamentarismo-orcamentario-critica-vice-lider-do-governo\/\">Emendas parlamentares criaram um \u2018parlamentarismo or\u00e7ament\u00e1rio\u2019, critica vice-l\u00edder do governo<br><\/a>O Parlamento teria criado um \u201cparlamentarismo or\u00e7ament\u00e1rio\u201d com o sequestro do or\u00e7amento pelas emendas parlamentares impositivas, diz o vice-l\u00edder do governo no Congresso,<strong> Elvino Bohn Gass (PT-RS). <\/strong>O deputado, que foi relator setorial da \u00e1rea de Fazenda, Planejamento, Ind\u00fastria e Com\u00e9rcio no Or\u00e7amento de 2026, em entrevista exclusiva ao ND Mais, disse que a expans\u00e3o do comprometimento do or\u00e7amento com as emendas altera a l\u00f3gica de execu\u00e7\u00e3o do or\u00e7amento p\u00fablico, deslocando a administra\u00e7\u00e3o do poder do Executivo para o Legislativo.<\/p>\n\n\n\n<p><strong>Mix Vale<br><\/strong><a href=\"https:\/\/www.mixvale.com.br\/2026\/01\/03\/bohn-gass-critica-emendas-impositivas-vendo-parlamentarismo-orcamentario-distorcer-o-presidencialismo\/\">Bohn Gass critica emendas impositivas, vendo parlamentarismo or\u00e7ament\u00e1rio distorcer o presidencialismo<br><\/a>A aloca\u00e7\u00e3o de recursos p\u00fablicos por meio de emendas parlamentares impositivas tem gerado um cen\u00e1rio de preocupa\u00e7\u00e3o na estrutura do governo federal em 2025. Vice-l\u00edder do governo, <strong>Bohn Gass,<\/strong> manifestou forte cr\u00edtica ao modelo atual, apontando para uma desvirtua\u00e7\u00e3o do sistema presidencialista em vigor.<\/p>\n\n\n\n<p><strong>ND+<br><\/strong><a href=\"https:\/\/ndmais.com.br\/economia\/agronegocios\/crise-no-agro-a-renda-do-suor-do-agricultor-esta-indo-para-quem-vende-insumo\/\">Crise no Agro: \u2018A renda do suor do agricultor est\u00e1 indo para quem vende insumo\u2019, diz Bohn Gass<br><\/a>Diante do paradoxo vivido pelo agroneg\u00f3cio brasileiro \u2014 que bate recordes de safra enquanto enfrenta uma onda de pedidos de recupera\u00e7\u00e3o judicial \u2014, o vice-l\u00edder do governo no Congresso, o <strong>deputado federal Elvino Bohn Gass (PT-RS)<\/strong>, apresenta um diagn\u00f3stico controverso: a culpa n\u00e3o \u00e9 do governo, mas do legado de privatiza\u00e7\u00f5es e da depend\u00eancia tecnol\u00f3gica criada pelo desmonte de empresas p\u00fablicas.<\/p>\n\n\n\n<p><strong>ND+<br><\/strong><a href=\"https:\/\/ndmais.com.br\/economia\/autonomia-do-banco-central-em-xeque-vice-lider-do-governo-defende-o-fim-da-independencia\/\">Autonomia do Banco Central em xeque: vice-l\u00edder do governo defende o fim da independ\u00eancia<br><\/a>Com os sinais dessa press\u00e3o sobre os juros aparecendo na economia real, mais vozes do governo t\u00eam se levantado contra a autonomia do BC (Banco Central), entidade que define os juros b\u00e1sicos da economia. Uma delas \u00e9 a do vice-l\u00edder do governo no Congresso Nacional, <strong>deputado Elvino Bohn Gass (PT-RS),<\/strong> que foi taxativo: \u201co BC tem que ser dependente\u201d.<\/p>\n\n\n\n<p><strong>ND+<br><\/strong><a href=\"https:\/\/ndmais.com.br\/politica\/pec-da-seguranca-governo-acusa-oposicao-de-agir-como-pro-faccao\/\">Governo aposta na PEC da Seguran\u00e7a P\u00fablica em 2026 e acusa oposi\u00e7\u00e3o de atuar como \u2018pr\u00f3-fac\u00e7\u00e3o\u2019<br><\/a>Em tom de desafio \u00e0 oposi\u00e7\u00e3o e em defesa da autonomia da PF (Pol\u00edcia Federal), o vice-l\u00edder do governo, <strong>Elvino Bohn Gass (PT-RS),<\/strong> apontou que a PEC da Seguran\u00e7a p\u00fablica ser\u00e1 o principal campo de batalha na reta final do mandato do presidente Luiz In\u00e1cio Lula da Silva (PT), j\u00e1 preparando o terreno para as elei\u00e7\u00f5es de 2026.<\/p>\n\n\n\n<p><strong>Tribuna do Vale<br><\/strong><a href=\"https:\/\/jatv.com.br\/noticias\/brasil\/crise-no-agro--a-renda-do-suor-do-agricultor-esta-indo-para-quem-vende-insumo--diz-bohn-gass.15458991\">Crise no Agro: &#8216;A renda do suor do agricultor est\u00e1 indo para quem vende insumo&#8217;, diz Bohn Gass<br><\/a>Apesar dos recordes de safra, o agroneg\u00f3cio brasileiro enfrenta uma grave crise de rentabilidade. Para o<strong> deputado federal Elvino Bohn Gass (PT-RS)<\/strong>, vice-l\u00edder do governo no Congresso, o problema n\u00e3o est\u00e1 na produ\u00e7\u00e3o, mas na estrutura econ\u00f4mica que, segundo ele, transfere a renda do agricultor para grandes corpora\u00e7\u00f5es de insumos e tecnologia. Em entrevista ao ND Mais, o parlamentar atribuiu a crise \u00e0 falta de investimento p\u00fablico e \u00e0 privatiza\u00e7\u00e3o de setores estrat\u00e9gicos.<\/p>\n\n\n\n<p><strong>Blog do Esmael<br><\/strong><a href=\"https:\/\/www.esmaelmorais.com.br\/comissao-aprova-retorno-de-assistencia-sindical-obrigatoria-em-rescisoes-noticias\/\">Comiss\u00e3o aprova retorno de assist\u00eancia sindical obrigat\u00f3ria em rescis\u00f5es<br><\/a>O texto aprovado \u00e9 um substitutivo do relator, <strong>deputado Bohn Gass (PT-RS)<\/strong>, ao Projeto de Lei 8413\/17, do ex-deputado Marco Maia (RS), e propostas apensadas que tratam do tema. O texto do relator unifica as propostas e restabelece que o instrumento de rescis\u00e3o ou recibo de quita\u00e7\u00e3o s\u00f3 ter\u00e1 validade se firmado com a assist\u00eancia do sindicato da categoria ou, na aus\u00eancia deste, de uma autoridade do Minist\u00e9rio do Trabalho e Emprego, sem custos para o trabalhador.<\/p>\n\n\n\n<p><strong>Jornal de Bras\u00edlia<br><\/strong><a href=\"https:\/\/jornaldebrasilia.com.br\/noticias\/politica-e-poder\/camara-aprova-obrigatoriedade-de-assistencia-sindical-em-rescisoes-trabalhistas\/\">C\u00e2mara aprova obrigatoriedade de assist\u00eancia sindical em rescis\u00f5es trabalhistas<br><\/a>O texto aprovado \u00e9 um substitutivo do relator, <strong>deputado Bohn Gass (PT-RS), <\/strong>ao Projeto de Lei 8413\/17, do ex-deputado Marco Maia (RS), e a propostas apensadas. Ele unifica as iniciativas e estabelece que o instrumento de rescis\u00e3o ou recibo de quita\u00e7\u00e3o s\u00f3 ter\u00e1 validade se firmado com a assist\u00eancia do sindicato da categoria ou, na aus\u00eancia deste, de uma autoridade do Minist\u00e9rio do Trabalho e Emprego, sem custos para o trabalhador.<\/p>\n\n\n\n<p><strong>Gazeta do RN<br><\/strong><a href=\"https:\/\/www.gazetadorn.com.br\/noticia\/comissao-aprova-retomada-da-assistencia-sindical-obrigatoria-em-desligamentos\">Comiss\u00e3o aprova retomada da assist\u00eancia sindical obrigat\u00f3ria em desligamentos<br><\/a>O texto aprovado \u00e9 um substitutivo do relator, <strong>deputado Bohn Gass (PT-RS)<\/strong>, ao Projeto de Lei 8413\/17, do ex-deputado Marco Maia (RS), e a propostas apensadas. Ele unifica as iniciativas e estabelece que o instrumento de rescis\u00e3o ou recibo de quita\u00e7\u00e3o s\u00f3 ter\u00e1 validade se firmado com a assist\u00eancia do sindicato da categoria ou, na aus\u00eancia deste, de uma autoridade do Minist\u00e9rio do Trabalho e Emprego, sem custos para o trabalhador.<\/p>\n\n\n\n<p><strong>Tribuna do Agreste<br><\/strong><a href=\"https:\/\/www.tribunadoagreste.com.br\/politica\/2026\/01\/07\/841268-comissao-aprova-retorno-da-assistencia-sindical-obrigatoria-em-rescisoes\">Comiss\u00e3o aprova retorno da assist\u00eancia sindical obrigat\u00f3rio em rescis\u00f5es<br><\/a>O texto aprovado \u00e9 um substitutivo do relator, <strong>deputado Bohn Gass (PT-RS)<\/strong>, ao Projeto de Lei 8413\/17, do ex-deputado Marco Maia (RS), e propostas apensadas que tratam do tema. O texto do relator unifica as propostas e restabelece que o instrumento de rescis\u00e3o ou recibo de quita\u00e7\u00e3o s\u00f3 ter\u00e1 validade se firmado com a assist\u00eancia do sindicato da categoria ou, na aus\u00eancia deste, de uma autoridade do Minist\u00e9rio do Trabalho e Emprego, sem custos para o trabalhador.<\/p>\n\n\n\n<p><strong>P\u00e1gina 1MT<br><\/strong><a href=\"https:\/\/www.pagina1.com.br\/noticia\/comissao-da-camara-aprova-retomada-da-assistencia-sindical-obrigatoria-em-rescisoes\">Comiss\u00e3o da C\u00e2mara aprova retomada da assist\u00eancia sindical obrigat\u00f3ria em rescis\u00f5es<br><\/a>O texto aprovado \u00e9 um substitutivo do relator, <strong>deputado Bohn Gass (PT-RS)<\/strong>, ao Projeto de Lei 8413\/17, do ex-deputado Marco Maia (RS), e propostas apensadas que tratam do tema. O texto do relator unifica as propostas e restabelece que o instrumento de rescis\u00e3o ou recibo de quita\u00e7\u00e3o s\u00f3 ter\u00e1 validade se firmado com a assist\u00eancia do sindicato da categoria ou, na aus\u00eancia deste, de uma autoridade do Minist\u00e9rio do Trabalho e Emprego, sem custos para o trabalhador.<\/p>\n\n\n\n<p><strong>Rep\u00f3rter Maceio<br><\/strong><a href=\"https:\/\/reportermaceio.com.br\/camara-dos-deputados-camara-retoma-obrigatoriedade-de-assistencia-sindical-em-rescisoes-de-contratos-de-trabalho-alterando-normas-da-reforma-trabalhista-de-2017\/\">C\u00e2mara Retoma Obrigatoriedade de Assist\u00eancia Sindical em Rescis\u00f5es de Contratos de Trabalho, Alterando Normas da Reforma Trabalhista de 2017<br><\/a>O texto aprovado \u00e9 um substitutivo apresentado pelo <strong>deputado Bohn Gass (PT-RS)<\/strong> ao Projeto de Lei 8413\/17, do ex-deputado Marco Maia (RS). A nova vers\u00e3o unifica diversas propostas que abordam o tema e estabelece que o recibo de rescis\u00e3o ou quita\u00e7\u00e3o s\u00f3 ser\u00e1 considerado v\u00e1lido se assinado com a assist\u00eancia do sindicato da categoria ou, na aus\u00eancia deste, por um representante do Minist\u00e9rio do Trabalho e Emprego, sem gerar custos adicionais para o trabalhador.<\/p>\n\n\n\n<p><strong>Conex\u00e3o MT<br><\/strong><a href=\"https:\/\/conexaomt.com\/politica-nacional\/comissao-aprova-retorno-de-assistencia-sindical-obrigatoria-em-rescisoes\/\">Comiss\u00e3o aprova retorno de assist\u00eancia sindical obrigat\u00f3ria em rescis\u00f5es<br><\/a>O texto aprovado \u00e9 um substitutivo do relator, <strong>deputado Bohn Gass (PT-RS)<\/strong>, ao Projeto de Lei 8413\/17, do ex-deputado Marco Maia (RS), e propostas apensadas que tratam do tema. O texto do relator unifica as propostas e restabelece que o instrumento de rescis\u00e3o ou recibo de quita\u00e7\u00e3o s\u00f3 ter\u00e1 validade se firmado com a assist\u00eancia do sindicato da categoria ou, na aus\u00eancia deste, de uma autoridade do Minist\u00e9rio do Trabalho e Emprego, sem custos para o trabalhador.<\/p>\n\n\n\n<p><strong>Di\u00e1rio Goianiense<br><\/strong><a href=\"https:\/\/www.diariogoianiense.com.br\/noticia\/comissao-aprova-volta-da-assistencia-sindical-obrigatoria-em-rescisoes\">Comiss\u00e3o aprova volta da assist\u00eancia sindical obrigat\u00f3ria em rescis\u00f5es<br><\/a>O texto aprovado \u00e9 um substitutivo apresentado pelo relator, <strong>deputado Bohn Gass (PT-RS),<\/strong> referente ao Projeto de Lei 8413\/17, do ex-deputado Marco Maia (RS), e a outras propostas anexadas sobre o mesmo assunto. A vers\u00e3o do relator consolida essas propostas e determina que o documento de rescis\u00e3o ou recibo de quita\u00e7\u00e3o s\u00f3 ser\u00e1 v\u00e1lido se for assinado com a assist\u00eancia do sindicato da categoria ou, caso n\u00e3o haja sindicato, por uma autoridade do Minist\u00e9rio do Trabalho e Emprego, sem nenhum custo para o trabalhador.<\/p>\n\n\n\n<p><strong>Cont\u00e1beis<br><\/strong><a href=\"https:\/\/www.contabeis.com.br\/noticias\/74575\/comissao-aprova-volta-da-assistencia-sindical-obrigatoria\/\">Comiss\u00e3o aprova volta da assist\u00eancia sindical obrigat\u00f3ria na rescis\u00e3o<br><\/a>O texto aprovado \u00e9 um substitutivo apresentado pelo relator, <strong>deputado Bohn Gass (PT-RS)<\/strong>, ao Projeto de Lei 8413\/2017, de autoria do ex-deputado Marco Maia (RS), e outras propostas apensadas.<\/p>\n\n\n\n<p><strong>A Voz do Brasil<br><\/strong><a href=\"https:\/\/www.camara.leg.br\/radio\/programas\/1237616-deputados-confirmam-piso-de-fisioterapeutas-e-terapeutas-ocupacionais\/\">Bohn Gass defende a inclus\u00e3o da agricultura familiar na Constitui\u00e7\u00e3o como forma de garantir pol\u00edticas p\u00fablicas permanentes para o setor.<br><\/a><strong>Bohn Gass<\/strong> destaca que a agricultura familiar \u00e9 respons\u00e1vel por milh\u00f5es de estabelecimentos rurais e pela produ\u00e7\u00e3o de alimentos essenciais \u00e0 popula\u00e7\u00e3o. Segundo ele, o reconhecimento constitucional \u00e9 importante para fortalecer a representatividade do setor e garantir pol\u00edticas constru\u00eddas com a participa\u00e7\u00e3o direta dos agricultores.<\/p>\n\n\n\n<p><strong>Di\u00e1rio Ind\u00fastria &amp; Com\u00e9rcio<br><\/strong><a href=\"https:\/\/www.diarioinduscom.com.br\/Noticias\/875389\/novo_hospital_de_matinhos_vai_sair_do_papel\">RETORNO DE ASSIST\u00caNCIA SINDICAL EM RESCIS\u00d5ES<br><\/a>A Comiss\u00e3o de Trabalho da C\u00e2mara dos Deputados aprovou em dezembro proposta que retoma a obrigatoriedade da assist\u00eancia sindical para validar a rescis\u00e3o de contratos de trabalho de empregados com mais de um ano de servi\u00e7o. A medida, que altera a Consolida\u00e7\u00e3o das Leis do Trabalho (CLT), reverte uma das principais mudan\u00e7as da Reforma Trabalhista de 2017, que havia tornado a homologa\u00e7\u00e3o facultativa. O texto aprovado \u00e9 um substitutivo do relator, <strong>deputado Bohn Gass (PT-RS)<\/strong>, ao Projeto de Lei 8413\/17, do ex-deputado Marco Maia (RS), e propostas apensadas que tratam do tema. O texto do relator unifica as propostas e restabelece que o instrumento de rescis\u00e3o ou recibo de quita\u00e7\u00e3o s\u00f3 ter\u00e1 validade se firmado com a assist\u00eancia do sindicato da categoria ou, na aus\u00eancia deste, de uma autoridade do Minist\u00e9rio do Trabalho e Emprego, sem custos para o trabalhador.<\/p>\n\n\n\n<p><strong>Prefeitura de Bag\u00e9<br><\/strong><a href=\"https:\/\/www.bage.rs.gov.br\/noticias\/bage-conquista-r-23-8-milhoes-em-emendas-parlamentares-em-2025\">Bag\u00e9 conquista R$23,8 milh\u00f5es em emendas parlamentares em 2025<br><\/a>[\u2026]<br><strong>Elvino Bohn Gass (PT) &#8211; R$1.400.000,00<br><\/strong>[\u2026]<\/p>\n\n\n\n<p><strong>Sindicato dos Banc\u00e1rios da Bahia<br><\/strong><a href=\"https:\/\/www.bancariosbahia.org.br\/noticias\/1-geral\/42164,sindicatos-prestes-a-voltar-as-rescisoes-trabalhistas.html\">Sindicatos prestes a voltar \u00e0s rescis\u00f5es trabalhistas<br><\/a>Relatado pelo <strong>deputado Bohn Gass (PT-RS)<\/strong>, o substitutivo ao PL 8413\/17 reconhece a condi\u00e7\u00e3o de vulnerabilidade dos trabalhadores no momento da demiss\u00e3o e busca corrigir o desequil\u00edbrio imposto pela l\u00f3gica patronal. O texto tamb\u00e9m amplia a prote\u00e7\u00e3o ao prever interven\u00e7\u00e3o sindical pr\u00e9via em dispensas sem justa causa, homologa\u00e7\u00e3o obrigat\u00f3ria em acordos de extin\u00e7\u00e3o contratual, restri\u00e7\u00f5es \u00e0 arbitragem para altos sal\u00e1rios e a revoga\u00e7\u00e3o de dispositivos que facilitaram a quita\u00e7\u00e3o ampla de direitos e os planos de demiss\u00e3o volunt\u00e1ria.<\/p>\n\n\n\n<p><strong>Jornal Minuano<br><\/strong><a href=\"https:\/\/www.jornalminuano.com.br\/noticia\/2026\/01\/12\/bage-contabiliza-r-23-8-milhoes-em-emendas-parlamentares-em-2025\">Bag\u00e9 contabiliza R$ 23,8 milh\u00f5es em emendas parlamentares em 2025<br><\/a>[\u2026]<br><strong>Elvino Bohn Gass (PT) &#8211; R$1.400.000,00<br><\/strong>[\u2026]<\/p>\n\n\n\n<p><strong>Di\u00e1rio Digital<br><\/strong><a href=\"https:\/\/www.diariodigital.com.br\/geral\/comissao-aprova-retorno-de-assistencia-sindical-obrigatoria-em-rescisoes\">Comiss\u00e3o aprova retorno de assist\u00eancia sindical obrigat\u00f3ria em rescis\u00f5es<br><\/a>O texto aprovado \u00e9 um substitutivo do relator, <strong>deputado Bohn Gass (PT-RS)<\/strong>, ao Projeto de Lei 8413\/17, do ex-deputado Marco Maia (RS), e propostas apensadas que tratam do tema. O texto do relator unifica as propostas e restabelece que o instrumento de rescis\u00e3o ou recibo de quita\u00e7\u00e3o s\u00f3 ter\u00e1 validade se firmado com a assist\u00eancia do sindicato da categoria ou, na aus\u00eancia deste, de uma autoridade do Minist\u00e9rio do Trabalho e Emprego, sem custos para o trabalhador.<\/p>\n\n\n\n<p><strong>Maracaju Speed<br><\/strong><a href=\"https:\/\/www.maracajuspeed.com.br\/noticia\/o-figurino-final\">Campanha \u00e0 reelei\u00e7\u00e3o ter\u00e1 Lula contra os poderosos e o \u201csistema\u201d, foco na soberania nacional e promessa de um robusto legado.<br><\/a>Em setembro passado, Sid\u00f4nio participou de uma audi\u00eancia p\u00fablica na C\u00e2mara dos Deputados e foi indagado pelo <strong>petista ga\u00facho Bohn Gass<\/strong> sobre como enfrentar a propaganda da extrema-direita de que Jair Bolsonaro \u00e9 \u201co cara antissistema, enquanto n\u00f3s somos do sistema\u201d. Resposta: \u201cA gente tem lado, e a bandeira antissistema \u00e9 antissistema dos poderosos. \u00c9 99,9% contra 0,1% (\u2026) \u00c9 inadmiss\u00edvel, num Pa\u00eds como este, que uma pessoa que compra uma moto para trabalhar pague imposto, e a pessoa que compra um jato n\u00e3o pague\u201d.<\/p>\n\n\n\n<p><strong>Jornal do Com\u00e9rcio<br><\/strong><a href=\"https:\/\/smry.ai\/pt\/proxy?url=https:\/\/www.jornaldocomercio.com\/colunas\/reporter-brasilia\/2026\/01\/1234230-aposta-petista-na-forca-de-lula.html&amp;view=html\">Aposta petista na for\u00e7a de Lula<br><\/a>O debate eleitoral come\u00e7a a ganhar contornos mais n\u00edtidos \u00e0 medida que a oposi\u00e7\u00e3o ao presidente Lula enfrenta dificuldades para apresentar um nome competitivo e unificado. Na avalia\u00e7\u00e3o do<strong> deputado federal ga\u00facho Bohn Gass (PT)<\/strong>, o problema da direita n\u00e3o \u00e9 apenas de nomes, mas de estrat\u00e9gia, coes\u00e3o e timing pol\u00edtico.<\/p>\n\n\n\n<p><strong>A Voz do Brasil<br><\/strong><a href=\"https:\/\/www.camara.leg.br\/radio\/programas\/a-voz-do-brasil\/1240047-camara-garante-vaga-diurna-para-maes-na-educacao-de-jovens-e-adultos\/\">Trabalho<\/a><br><strong>Bohn Gass (PT-RS)<\/strong> defende o retorno da assist\u00eancia sindical obrigat\u00f3ria nos casos de rescis\u00e3o de contrato de trabalho. Relator de proposta sobre o tema, ele argumenta que o fim da obrigatoriedade deixou os empregados vulner\u00e1veis a perdas financeiras na demiss\u00e3o.<\/p>\n\n\n\n<p><strong>Jornal Bom Dia<br><\/strong><a href=\"https:\/\/jornalbomdia.com.br\/noticia\/85785\/entre-rios-do-sul-reforca-patrulha-agricola-com-aquisicao-de-novos-equipamentos\">Entre Rios do Sul refor\u00e7a patrulha agr\u00edcola com aquisi\u00e7\u00e3o de novos equipamentos<br><\/a>O munic\u00edpio de Entre Rios do Sul passou a contar com novos equipamentos para a patrulha agr\u00edcola, a partir da entrega de uma plantadeira e de uma ensiladeira. A aquisi\u00e7\u00e3o ocorreu por meio de emenda parlamentar do <strong>deputado federal Bohn Gass<\/strong>, com contrapartida financeira do munic\u00edpio.<\/p>\n\n\n\n<p><strong>PT na Assembleia RS<br><\/strong><a href=\"https:\/\/ptassembleiars.org.br\/2026\/01\/28\/forum-democratico-lanca-relatorios-do-pacto-rs-25-com-foco-no-desenvolvimento-sustentavel\/\">F\u00f3rum Democr\u00e1tico lan\u00e7a relat\u00f3rios do Pacto RS 25 com foco no desenvolvimento sustent\u00e1vel<br><\/a>Tamb\u00e9m compareceram \u00e0 cerim\u00f4nia os deputados federais <strong>Elvino Bohn Gass (PT)<\/strong> e Paulo Pimenta (PT) e marcaram presen\u00e7a os deputados estaduais Sofia Cavedon (PT), Miguel Rossetto (PT) e Matheus Gomes (PSol).<\/p>\n\n\n\n<p><strong>Berlinda News<br><\/strong><a href=\"https:\/\/berlinda.com.br\/destaques\/em-2025-sao-leopoldo-recebeu-r-24-milhoes-em-emendas-parlamentares\">S\u00e3o Leopoldo soma mais de R$ 6,4 milh\u00f5es em emendas federais no ano de 2025<br><\/a><strong>Bohn Gass (PT) \u2013 R$ 396.000,00<br><\/strong>Recurso destinado \u00e0 constru\u00e7\u00e3o do espa\u00e7o de esporte e lazer Vulcano.<\/p>\n\n\n\n<p><strong>Fenajufe<br><\/strong><a href=\"https:\/\/www.fenajufe.org.br\/agencia-de-noticias\/ultimas-noticias\/sindicatos\/em-reuniao-com-o-sintrajufe-rs-bohn-gass-afirma-que-vai-atuar-pela-derrubada-do-veto-45-sindicato-segue-buscando-os-votos-necessarios-para-reposicao-salarial-em-2027-e-2028\/\">Em reuni\u00e3o com o Sintrajufe\/RS, Bohn Gass afirma que vai atuar pela derrubada do veto 45; sindicato segue buscando os votos necess\u00e1rios para reposi\u00e7\u00e3o salarial em 2027 e 2028<br><\/a>Em reuni\u00e3o nessa ter\u00e7a-feira, 27, o Sintrajufe\/RS solicitou ao <strong>deputado federal Bohn Gass (PT-RS) <\/strong>apoio para a derrubada do veto 45\/2025. \u201cVou atuar para isso\u201d, afirmou o parlamentar. O veto refere-se \u00e0 lei 15.293\/2025, que foi sancionada, em dezembro, com o percentual de 8% para julho de 2026, mas com vetos \u00e0s parcelas de 8% em 2027 e 8% em 2028. O sindicato est\u00e1 buscando agendas com deputadas e deputados federais ga\u00fachos para tratar da derrubada do veto, que ainda n\u00e3o tem data para ser apreciado no Congresso Nacional.<\/p>\n\n\n\n<p><strong>R\u00e1dio C\u00e2mara<br><\/strong><a href=\"https:\/\/www.camara.leg.br\/radio\/programas\/1240983-bohm-gass-pt-rs-agricultura-familiar\/\">Bohm Gass (PT\/RS) &#8211; Agricultura familiar<br><\/a><strong>O deputado Bohn Gass (PT-RS)<\/strong> ressalta a import\u00e2ncia do fortalecimento da agricultura familiar, por meio de pol\u00edticas p\u00fablicas de Estado abra\u00e7adas por todos os agentes p\u00fablicos. Na avalia\u00e7\u00e3o do parlamentar, ela \u00e9 o pilar do desenvolvimento rural no pa\u00eds, que responde por cerca de 67% dos empregos no campo.<\/p>\n\n\n\n<p><strong>Clic Espumoso<br><\/strong><a href=\"https:\/\/clicespumoso.com.br\/pt-espumoso-participa-de-confraternizacao-regional-planalto-em-nao-me-toque\/\">PT Espumoso participa de Confraterniza\u00e7\u00e3o Regional Planalto em N\u00e3o-Me-Toque<br><\/a>O novo coordenador regional \u00e9 \u00c9der Dremer, de Santo Ant\u00f4nio do Planalto. Estiveram presentes deputados estaduais Valdecir de Oliveira (presidente do PT do RS), e Ad\u00e3o Preto Filho. Deputados federais:<strong> Elvino Bohn Gass<\/strong>, Maria do Ros\u00e1rio e Paulo Pimenta. O superintendente do INCRA, Nelson Graciele, tamb\u00e9m esteve presente.<\/p>\n","protected":false},"excerpt":{"rendered":"<p>R\u00e1dio Progresso de Iju\u00edHCI fecha 2025 com resultado positivo e amplia investimentos em tecnologia e estrutura para 2026Outro avan\u00e7o importante \u00e9 a implanta\u00e7\u00e3o do acelerador linear, considerado o mais moderno do Brasil, que em breve estar\u00e1 dispon\u00edvel para tratamentos oncol\u00f3gicos de padr\u00e3o internacional em Iju\u00ed. De acordo com o presidente, essa conquista foi poss\u00edvel gra\u00e7as [&hellip;]<\/p>\n","protected":false},"author":1,"featured_media":0,"parent":0,"menu_order":0,"comment_status":"closed","ping_status":"closed","template":"","meta":{"footnotes":""},"class_list":["post-4138","page","type-page","status-publish","hentry"],"yoast_head":"<!-- This site is optimized with the Yoast SEO plugin v27.4 - https:\/\/yoast.com\/product\/yoast-seo-wordpress\/ -->\n<title>Janeiro 2026 - Deputado Federal Bohn Gass \u2605 PT\/RS<\/title>\n<meta name=\"robots\" content=\"index, follow, max-snippet:-1, max-image-preview:large, max-video-preview:-1\" \/>\n<link rel=\"canonical\" href=\"https:\/\/bohngass.com.br\/?page_id=4138\" \/>\n<meta property=\"og:locale\" content=\"pt_BR\" \/>\n<meta property=\"og:type\" content=\"article\" \/>\n<meta property=\"og:title\" content=\"Janeiro 2026 - Deputado Federal Bohn Gass \u2605 PT\/RS\" \/>\n<meta property=\"og:description\" content=\"R\u00e1dio Progresso de Iju\u00edHCI fecha 2025 com resultado positivo e amplia investimentos em tecnologia e estrutura para 2026Outro avan\u00e7o importante \u00e9 a implanta\u00e7\u00e3o do acelerador linear, considerado o mais moderno do Brasil, que em breve estar\u00e1 dispon\u00edvel para tratamentos oncol\u00f3gicos de padr\u00e3o internacional em Iju\u00ed. De acordo com o presidente, essa conquista foi poss\u00edvel gra\u00e7as [&hellip;]\" \/>\n<meta property=\"og:url\" content=\"https:\/\/bohngass.com.br\/?page_id=4138\" \/>\n<meta property=\"og:site_name\" content=\"Deputado Federal Bohn Gass \u2605 PT\/RS\" \/>\n<meta property=\"article:publisher\" content=\"https:\/\/www.facebook.com\/bohngass13\" \/>\n<meta property=\"article:modified_time\" content=\"2026-02-02T13:56:19+00:00\" \/>\n<meta name=\"twitter:card\" content=\"summary_large_image\" \/>\n<meta name=\"twitter:site\" content=\"@BohnGass\" \/>\n<meta name=\"twitter:label1\" content=\"Est. tempo de leitura\" \/>\n\t<meta name=\"twitter:data1\" content=\"13 minutos\" \/>\n<script type=\"application\/ld+json\" class=\"yoast-schema-graph\">{\"@context\":\"https:\\\/\\\/schema.org\",\"@graph\":[{\"@type\":\"WebPage\",\"@id\":\"https:\\\/\\\/bohngass.com.br\\\/?page_id=4138\",\"url\":\"https:\\\/\\\/bohngass.com.br\\\/?page_id=4138\",\"name\":\"Janeiro 2026 - Deputado Federal Bohn Gass \u2605 PT\\\/RS\",\"isPartOf\":{\"@id\":\"https:\\\/\\\/bohngass.com.br\\\/#website\"},\"datePublished\":\"2026-01-26T14:10:42+00:00\",\"dateModified\":\"2026-02-02T13:56:19+00:00\",\"breadcrumb\":{\"@id\":\"https:\\\/\\\/bohngass.com.br\\\/?page_id=4138#breadcrumb\"},\"inLanguage\":\"pt-BR\",\"potentialAction\":[{\"@type\":\"ReadAction\",\"target\":[\"https:\\\/\\\/bohngass.com.br\\\/?page_id=4138\"]}]},{\"@type\":\"BreadcrumbList\",\"@id\":\"https:\\\/\\\/bohngass.com.br\\\/?page_id=4138#breadcrumb\",\"itemListElement\":[{\"@type\":\"ListItem\",\"position\":1,\"name\":\"In\u00edcio\",\"item\":\"https:\\\/\\\/bohngass.com.br\\\/\"},{\"@type\":\"ListItem\",\"position\":2,\"name\":\"Janeiro 2026\"}]},{\"@type\":\"WebSite\",\"@id\":\"https:\\\/\\\/bohngass.com.br\\\/#website\",\"url\":\"https:\\\/\\\/bohngass.com.br\\\/\",\"name\":\"Deputado Federal Bohn Gass \u2605 PT\\\/RS\",\"description\":\"Deputado Federal Bohn Gass\",\"publisher\":{\"@id\":\"https:\\\/\\\/bohngass.com.br\\\/#organization\"},\"potentialAction\":[{\"@type\":\"SearchAction\",\"target\":{\"@type\":\"EntryPoint\",\"urlTemplate\":\"https:\\\/\\\/bohngass.com.br\\\/?s={search_term_string}\"},\"query-input\":{\"@type\":\"PropertyValueSpecification\",\"valueRequired\":true,\"valueName\":\"search_term_string\"}}],\"inLanguage\":\"pt-BR\"},{\"@type\":\"Organization\",\"@id\":\"https:\\\/\\\/bohngass.com.br\\\/#organization\",\"name\":\"Deputado Bohn Gass\",\"url\":\"https:\\\/\\\/bohngass.com.br\\\/\",\"logo\":{\"@type\":\"ImageObject\",\"inLanguage\":\"pt-BR\",\"@id\":\"https:\\\/\\\/bohngass.com.br\\\/#\\\/schema\\\/logo\\\/image\\\/\",\"url\":\"http:\\\/\\\/bohngass.com.br\\\/wp-content\\\/uploads\\\/2021\\\/01\\\/logo.png\",\"contentUrl\":\"http:\\\/\\\/bohngass.com.br\\\/wp-content\\\/uploads\\\/2021\\\/01\\\/logo.png\",\"width\":357,\"height\":355,\"caption\":\"Deputado Bohn Gass\"},\"image\":{\"@id\":\"https:\\\/\\\/bohngass.com.br\\\/#\\\/schema\\\/logo\\\/image\\\/\"},\"sameAs\":[\"https:\\\/\\\/www.facebook.com\\\/bohngass13\",\"https:\\\/\\\/x.com\\\/BohnGass\",\"https:\\\/\\\/www.instagram.com\\\/bohn_gass\\\/\",\"https:\\\/\\\/www.youtube.com\\\/BohnGass13\\\/\",\"https:\\\/\\\/pt.wikipedia.org\\\/wiki\\\/Bohn_Gass\"]}]}<\/script>\n<!-- \/ Yoast SEO plugin. -->","yoast_head_json":{"title":"Janeiro 2026 - Deputado Federal Bohn Gass \u2605 PT\/RS","robots":{"index":"index","follow":"follow","max-snippet":"max-snippet:-1","max-image-preview":"max-image-preview:large","max-video-preview":"max-video-preview:-1"},"canonical":"https:\/\/bohngass.com.br\/?page_id=4138","og_locale":"pt_BR","og_type":"article","og_title":"Janeiro 2026 - Deputado Federal Bohn Gass \u2605 PT\/RS","og_description":"R\u00e1dio Progresso de Iju\u00edHCI fecha 2025 com resultado positivo e amplia investimentos em tecnologia e estrutura para 2026Outro avan\u00e7o importante \u00e9 a implanta\u00e7\u00e3o do acelerador linear, considerado o mais moderno do Brasil, que em breve estar\u00e1 dispon\u00edvel para tratamentos oncol\u00f3gicos de padr\u00e3o internacional em Iju\u00ed. De acordo com o presidente, essa conquista foi poss\u00edvel gra\u00e7as [&hellip;]","og_url":"https:\/\/bohngass.com.br\/?page_id=4138","og_site_name":"Deputado Federal Bohn Gass \u2605 PT\/RS","article_publisher":"https:\/\/www.facebook.com\/bohngass13","article_modified_time":"2026-02-02T13:56:19+00:00","twitter_card":"summary_large_image","twitter_site":"@BohnGass","twitter_misc":{"Est. tempo de leitura":"13 minutos"},"schema":{"@context":"https:\/\/schema.org","@graph":[{"@type":"WebPage","@id":"https:\/\/bohngass.com.br\/?page_id=4138","url":"https:\/\/bohngass.com.br\/?page_id=4138","name":"Janeiro 2026 - Deputado Federal Bohn Gass \u2605 PT\/RS","isPartOf":{"@id":"https:\/\/bohngass.com.br\/#website"},"datePublished":"2026-01-26T14:10:42+00:00","dateModified":"2026-02-02T13:56:19+00:00","breadcrumb":{"@id":"https:\/\/bohngass.com.br\/?page_id=4138#breadcrumb"},"inLanguage":"pt-BR","potentialAction":[{"@type":"ReadAction","target":["https:\/\/bohngass.com.br\/?page_id=4138"]}]},{"@type":"BreadcrumbList","@id":"https:\/\/bohngass.com.br\/?page_id=4138#breadcrumb","itemListElement":[{"@type":"ListItem","position":1,"name":"In\u00edcio","item":"https:\/\/bohngass.com.br\/"},{"@type":"ListItem","position":2,"name":"Janeiro 2026"}]},{"@type":"WebSite","@id":"https:\/\/bohngass.com.br\/#website","url":"https:\/\/bohngass.com.br\/","name":"Deputado Federal Bohn Gass \u2605 PT\/RS","description":"Deputado Federal Bohn Gass","publisher":{"@id":"https:\/\/bohngass.com.br\/#organization"},"potentialAction":[{"@type":"SearchAction","target":{"@type":"EntryPoint","urlTemplate":"https:\/\/bohngass.com.br\/?s={search_term_string}"},"query-input":{"@type":"PropertyValueSpecification","valueRequired":true,"valueName":"search_term_string"}}],"inLanguage":"pt-BR"},{"@type":"Organization","@id":"https:\/\/bohngass.com.br\/#organization","name":"Deputado Bohn Gass","url":"https:\/\/bohngass.com.br\/","logo":{"@type":"ImageObject","inLanguage":"pt-BR","@id":"https:\/\/bohngass.com.br\/#\/schema\/logo\/image\/","url":"http:\/\/bohngass.com.br\/wp-content\/uploads\/2021\/01\/logo.png","contentUrl":"http:\/\/bohngass.com.br\/wp-content\/uploads\/2021\/01\/logo.png","width":357,"height":355,"caption":"Deputado Bohn Gass"},"image":{"@id":"https:\/\/bohngass.com.br\/#\/schema\/logo\/image\/"},"sameAs":["https:\/\/www.facebook.com\/bohngass13","https:\/\/x.com\/BohnGass","https:\/\/www.instagram.com\/bohn_gass\/","https:\/\/www.youtube.com\/BohnGass13\/","https:\/\/pt.wikipedia.org\/wiki\/Bohn_Gass"]}]}},"_links":{"self":[{"href":"https:\/\/bohngass.com.br\/index.php?rest_route=\/wp\/v2\/pages\/4138","targetHints":{"allow":["GET"]}}],"collection":[{"href":"https:\/\/bohngass.com.br\/index.php?rest_route=\/wp\/v2\/pages"}],"about":[{"href":"https:\/\/bohngass.com.br\/index.php?rest_route=\/wp\/v2\/types\/page"}],"author":[{"embeddable":true,"href":"https:\/\/bohngass.com.br\/index.php?rest_route=\/wp\/v2\/users\/1"}],"replies":[{"embeddable":true,"href":"https:\/\/bohngass.com.br\/index.php?rest_route=%2Fwp%2Fv2%2Fcomments&post=4138"}],"version-history":[{"count":2,"href":"https:\/\/bohngass.com.br\/index.php?rest_route=\/wp\/v2\/pages\/4138\/revisions"}],"predecessor-version":[{"id":4188,"href":"https:\/\/bohngass.com.br\/index.php?rest_route=\/wp\/v2\/pages\/4138\/revisions\/4188"}],"wp:attachment":[{"href":"https:\/\/bohngass.com.br\/index.php?rest_route=%2Fwp%2Fv2%2Fmedia&parent=4138"}],"curies":[{"name":"wp","href":"https:\/\/api.w.org\/{rel}","templated":true}]}}