{"id":4173,"date":"2026-01-27T12:00:44","date_gmt":"2026-01-27T15:00:44","guid":{"rendered":"https:\/\/bohngass.com.br\/?page_id=4173"},"modified":"2026-01-30T12:02:36","modified_gmt":"2026-01-30T15:02:36","slug":"dezembro-2025","status":"publish","type":"page","link":"https:\/\/bohngass.com.br\/?page_id=4173","title":{"rendered":"Dezembro 2025"},"content":{"rendered":"\n<p><strong>Brasil 247<br><\/strong><a href=\"https:\/\/www.brasil247.com\/blog\/o-brasil-do-futuro-e-o-resto-bolsonarista#google_vignette\">[ARTIGO] O Brasil do futuro e o resto bolsonarista<\/a><\/p>\n\n\n\n<p><strong>Tudo Rond\u00f4nia<br><\/strong><a href=\"https:\/\/www.tudorondonia.com\/noticias\/o-brasil-do-futuro-e-o-resto-bolsonarista,151256.shtml\">[ARTIGO] O Brasil do futuro e o resto bolsonarista<\/a><\/p>\n\n\n\n<p><strong>Correio do Povo<br><\/strong><a href=\"https:\/\/www.correiodopovo.com.br\/not%C3%ADcias\/pol%C3%ADtica\/vetos-ao-programa-de-pagamento-de-divida-podem-impactar-o-rs-entenda-1.1671893\">Vetos ao programa de pagamento de d\u00edvida podem impactar o RS? Entenda<br><\/a>Em junho, Leite articulou com os deputados estaduais para garantir que os vetos de interesse do RS fossem derrubados. Mas, a pedido do governo federal \u2013 que estava recuado ap\u00f3s uma sess\u00e3o de sucessivas derrotas na C\u00e2mara dos Deputados \u2013 os vetos foram retirados da pauta do Congresso. Assim, os que trechos que foram agora derrubados pelos parlamentares, segundo o <strong>deputado ga\u00facho Bohn Gass (PT)<\/strong>, foram acordados com o governo federal.<\/p>\n\n\n\n<p><strong>Bras\u00edlia Capital<br><\/strong><a href=\"https:\/\/bsbcapital.com.br\/camara-debate-precarizacao-das-condicoes-de-trabalho-no-bb\/\">C\u00e2mara debate precariza\u00e7\u00e3o das condi\u00e7\u00f5es de trabalho no BB<br><\/a>UMA \u00daNICA VOZ \u2013 V\u00e1rios dirigentes sindicais dos banc\u00e1rios de Bras\u00edlia e de Mato Grosso do Sul relataram as dificuldades enfrentadas no dia a dia do banco. Os deputados Reimont (PT-RJ) e<strong> Bohn Gass (PT-RS)<\/strong> ressaltaram a import\u00e2ncia da defesa da categoria banc\u00e1ria e do Banco do Brasil.<\/p>\n\n\n\n<p><strong>Congresso em Foco<br><\/strong><a href=\"https:\/\/www.congressoemfoco.com.br\/noticia\/114469\/bohn-gass-defende-fim-da-escala-6x1-e-dois-dias-de-descanso\">Bohn Gass defende fim da escala 6&#215;1 e dois dias de descanso<br><\/a>A Subcomiss\u00e3o da Escala 6&#215;1 discutiu nesta quarta-feira (3) o parecer do relator Luiz Gast\u00e3o (PSD-CE), que prop\u00f5e manter a escala atual sob novas limita\u00e7\u00f5es. Durante a sess\u00e3o, o <strong>deputado Bohn Gass (PT-RS) <\/strong>defendeu que o texto avance para o modelo 5&#215;2 e afirmou que o relat\u00f3rio n\u00e3o atende \u00e0 posi\u00e7\u00e3o governista.<\/p>\n\n\n\n<p><strong>PT na Assembleia<br><\/strong><a href=\"https:\/\/ptassembleiars.org.br\/2025\/12\/02\/cadeia-produtiva-do-leite-vereador-e-secretario-de-nova-ramada-pedem-apoio-de-jeferson-e-bohn-gass-para-socorrer-produtores-locais\/\">Cadeia produtiva do leite: Vereador e secret\u00e1rio de Nova Ramada pedem apoio de Jeferson e Bohn Gass para socorrer produtores locais<br><\/a>O parlamentar se comprometeu a intensificar as tratativas a respeito do tema juntamente com o <strong>deputado federal Elvino Bohn Gass (PT), <\/strong>que acompanha o caso em Bras\u00edlia; e, no Legislativo, com o presidente da Comiss\u00e3o de Agricultura, Pecu\u00e1ria, Pesca e Cooperativismo \u2013 CAPPC, deputado Z\u00e9 Nunes (PT), que realizou audi\u00eancia p\u00fablica acerca da tem\u00e1tica, na segunda-feira (24\/11). \u201cO Noroeste ga\u00facho, que \u00e9 a nossa regi\u00e3o, concentra 86% da produ\u00e7\u00e3o de leite do estado, a maioria, portanto. Mas o n\u00famero de produtores j\u00e1 baixou de 84 mil para 28,9 mil em 10 anos\u201d, refor\u00e7ou Jeferson.<\/p>\n\n\n\n<p><strong>PT Cachoerinha<br><\/strong><a href=\"https:\/\/cachoeirinha.rs.pt.org.br\/noticias\/brasil\/20179\/2025-12-02-cadeia-produtiva-do-leite-vereador-e-secretario-de-nova-ramada-pedem-apoio-de-jeferson-e-bohn-gass-para-socorrer-produtores-locais\">Cadeia produtiva do leite: Vereador e secret\u00e1rio de Nova Ramada pedem apoio de Jeferson e Bohn Gass para socorrer produtores locais<br><\/a>O parlamentar se comprometeu a intensificar as tratativas a respeito do tema juntamente com o <strong>deputado federal Elvino Bohn Gass (PT)<\/strong>, que acompanha o caso em Bras\u00edlia; e, no Legislativo, com o presidente da Comiss\u00e3o de Agricultura, Pecu\u00e1ria, Pesca e Cooperativismo \u2013 CAPPC, deputado Z\u00e9 Nunes (PT), que realizou audi\u00eancia p\u00fablica acerca da tem\u00e1tica, na segunda-feira (24\/11). \u201cO Noroeste ga\u00facho, que \u00e9 a nossa regi\u00e3o, concentra 86% da produ\u00e7\u00e3o de leite do estado, a maioria, portanto. Mas o n\u00famero de produtores j\u00e1 baixou de 84 mil para 28,9 mil em 10 anos\u201d, refor\u00e7ou Jeferson.<\/p>\n\n\n\n<p><strong>Ag\u00eancia Nacional de \u00c1guas e Saneamento B\u00e1sico<br><\/strong><a href=\"https:\/\/www.gov.br\/ana\/pt-br\/assuntos\/noticias-e-eventos\/noticias\/ana-celebra-25-anos-com-homenagens-e-visao-de-futuro-sustentavel\">ANA celebra 25 anos com homenagens e vis\u00e3o de futuro sustent\u00e1vel<br><\/a>O <strong>deputado federal Elvino Bohn Gass<\/strong>, do Rio Grande do Sul, refor\u00e7ou a centralidade da \u00e1gua para todas as dimens\u00f5es da vida e da economia. \u201cN\u00e3o existe nada, nem vida, nem sa\u00fade, nem ind\u00fastria, nem com\u00e9rcio, nem agricultura, nenhuma atividade se n\u00e3o tem \u00e1gua. Ent\u00e3o esse m\u00faltiplo uso das \u00e1guas precisa ser preservado, sustent\u00e1vel e universal. Esta \u00e9 a nossa miss\u00e3o\u201d, disse.<\/p>\n\n\n\n<p><strong>A Hora<br><\/strong><a href=\"https:\/\/grupoahora.net.br\/conteudos\/2025\/12\/02\/vava-sugere-desconto-na-taxa-para-recolhimento-de-lixo\/\">Vav\u00e1 sugere desconto na taxa para recolhimento de lixo<br><\/a>Rosane Cardoso (PT) convidou a comunidade para audi\u00eancia no dia 11 de dezembro, 19h, na c\u00e2mara, sobre o futuro dos ped\u00e1gios no Rio Grande do Sul. Participam os <strong>deputado federal Bohn Gass<\/strong> e dos deputados estaduais Miguel Rossetto e Pepe Vargas.<\/p>\n\n\n\n<p><strong>Contraf<\/strong><br><a href=\"https:\/\/contrafcut.com.br\/noticias\/comissao-de-trabalho-da-camara-aprova-projeto-que-resgata-a-homologacao-sindical-nas-rescisoes-de-contrato\/\">Comiss\u00e3o de Trabalho da C\u00e2mara aprova projeto que resgata a homologa\u00e7\u00e3o sindical nas rescis\u00f5es de contrato<br><\/a>O PL, de autoria do deputado Marco Maia (PT\/RS) e relatado pelo <strong>deputado Bohn Gass (PT\/RS),<\/strong> revoga dispositivos da CLT introduzidos pela Lei n\u00ba 13.467\/2017 (como os artigos 477-A e 477-B) e reestabelece garantias essenciais no momento da rescis\u00e3o contratual. Entre os pontos centrais, o projeto determina que o termo de rescis\u00e3o de trabalhadores com mais de um ano s\u00f3 ser\u00e1 v\u00e1lido se homologado pelo sindicato da categoria ou, na impossibilidade, pelo Minist\u00e9rio do Trabalho.<\/p>\n\n\n\n<p><strong>Sindicato dos Banc\u00e1rios de BH e Regi\u00e3o<br><\/strong><a href=\"https:\/\/bancariosbh.org.br\/conteudo\/9684\/comissao-da-camara-aprova-projeto-que-resgata-homologacao-sindical-nas-rescisoes-de-contrato\">Comiss\u00e3o da C\u00e2mara aprova projeto que resgata homologa\u00e7\u00e3o sindical nas rescis\u00f5es de contrato<br><\/a>A proposta, de autoria do deputado Marco Maia (PT\/RS) e relatado pelo <strong>deputado Bohn Gass (PT\/RS)<\/strong>, revoga dispositivos da reforma trabalhista de 2017 que causaram grandes preju\u00edzos aos trabalhadores. Caso aprovado, ser\u00e1 poss\u00edvel que o Sindicato volte a verificar se todos os direitos e verbas est\u00e3o sendo devidamente respeitados no momento do desligamento.<\/p>\n\n\n\n<p><strong>Jornal de Bras\u00edlia<br><\/strong><a href=\"https:\/\/jornaldebrasilia.com.br\/noticias\/politica-e-poder\/comissao-do-congresso-aprova-verba-extra-a-partidos-estimada-em-r-160-mi-para-2026\/\">Comiss\u00e3o do Congresso aprova verba extra a partidos estimada em R$ 160 mi para 2026<br><\/a>O relator da LDO, deputado Gerv\u00e1sio Maia (PSB-PB), manifestou posi\u00e7\u00e3o contr\u00e1ria. <strong>O deputado Bohn Gass (PT-RS)<\/strong> tamb\u00e9m votou contra.<\/p>\n\n\n\n<p><strong>Votu News<br><\/strong><a href=\"https:\/\/www.votunews.com.br\/comissao-de-trabalho-aprova-parecer-favoravel-a-reducao-da-jornada-de-agentes-de-saude-e-de-endemias\/\">Comiss\u00e3o de Trabalho aprova parecer favor\u00e1vel \u00e0 redu\u00e7\u00e3o da jornada de Agentes de Sa\u00fade e de Endemias<br><\/a>\u201cQuem me inspirou a fazer esse projeto, eu que vim de uma regi\u00e3o do interior do estado e vi, com amigos de inf\u00e2ncia e amigas de escola que andava debaixo do sol. E a gente sabe, como disse aqui o <strong>deputado Bohn Gass<\/strong>, que s\u00e3o os soldados da ponta, que n\u00e3o est\u00e3o ali s\u00f3 para combater a quest\u00e3o da sa\u00fade, endemias, mas tamb\u00e9m vai avisar o social. Na verdade, s\u00e3o aqueles que andam mesmo, casa por casa, falando com a popula\u00e7\u00e3o. E \u00e9 uma luta muito justa. Eu queria aqui agradecer a meus amigos da Ara\u00e7atuba, S\u00e3o Jos\u00e9 do Preto, Votuporanga, Fernand\u00f3polis, Jales e Santa F\u00e9 do Sul, que est\u00e3o comigo nessa luta desde 2016\u201d.<\/p>\n\n\n\n<p><strong>Clic Espumoso<br><\/strong><a href=\"https:\/\/clicespumoso.com.br\/deputado-bohn-gass-pt-rs-aprova-relatorios-que-devolvem-direitos-da-reforma-trabalhista\/\">Deputado Bohn Gass \u2013 PT\/RS \u2013 aprova relat\u00f3rios que devolvem direitos da Reforma Trabalhista<br><\/a>Titular da Comiss\u00e3o do Trabalho da C\u00e2mara, coube ao<strong> deputado Elvino Bohn Gass (PT\/RS)<\/strong>, ser relator de tr\u00eas projetos que \u201cdevolvem \u00e0 classe trabalhadora, direitos devidos e que foram retirados na Reforma Trabalhista\u201d.<\/p>\n\n\n\n<p><strong>Sindicato dos Empregados em Estabelecimentos Banc\u00e1rios e Financi\u00e1rios do Munic\u00edpio do Rio de Janeiro<br><\/strong><a href=\"https:\/\/www.bancariosrio.org.br\/index.php\/noticias\/item\/14984-projeto-que-devolve-homologacao-de-rescisoes-aos-sindicatos-e-aprovado-na-comissao-de-trabalho-da-camara\">Projeto que devolve homologa\u00e7\u00e3o de rescis\u00f5es aos sindicatos \u00e9 aprovado na Comiss\u00e3o de Trabalho da C\u00e2mara<br><\/a>A proposta, de autoria do deputado Marco Maia (PT\/RS) e relatado pelo<strong> deputado Bohn Gass (PT\/RS),<\/strong> revoga dispositivos da CLT introduzidos pela Lei n\u00ba 13.467\/2017 (como os artigos 477-A e 477-B) e restabelece garantias essenciais no momento da rescis\u00e3o contratual. Entre os pontos centrais, o projeto determina que o termo de rescis\u00e3o de trabalhadores com mais de um ano s\u00f3 ser\u00e1 v\u00e1lido se homologado pelo sindicato da categoria ou, na impossibilidade, pelo Minist\u00e9rio do Trabalho.<\/p>\n\n\n\n<p><strong>Metro 1<br><\/strong><a href=\"https:\/\/www.metro1.com.br\/noticias\/brasil\/174281,cmo-aprova-aumento-de-rdollar-160-milhoes-para-partidos-na-ldo-de-2026\">CMO aprova aumento de R$ 160 milh\u00f5es para partidos na LDO de 2026<br><\/a>O destaque aprovado, de autoria do deputado Luiz Carlos Motta (PL-SP), determina que o fundo partid\u00e1rio seja reajustado retroativamente desde 2016, seguindo a regra do arcabou\u00e7o fiscal. O relator, Gerv\u00e1sio Maia (PSB-PB), e o <strong>deputado Bohn Gass (PT-RS)<\/strong> votaram contra. Maia criticou o impacto: \u201cN\u00e3o \u00e9 prioridade. Vai custar muito caro ao contribuinte\u201d.<\/p>\n\n\n\n<p><strong>Para\u00edba Online<br><\/strong><a href=\"https:\/\/paraibaonline.com.br\/brasil\/2025\/12\/04\/comissao-do-congresso-aprova-dinheiro-extra-para-partidos-r-160-milhoes\/\">Comiss\u00e3o do Congresso aprova dinheiro extra para partidos: R$ 160 milh\u00f5es<br><\/a>O relator da LDO, deputado Gerv\u00e1sio Maia (PSB-PB), manifestou posi\u00e7\u00e3o contr\u00e1ria. O <strong>deputado Bohn Gass (PT-RS) <\/strong>tamb\u00e9m votou contra.<\/p>\n\n\n\n<p><strong>Jornal Minuano<br><\/strong><a href=\"https:\/\/www.jornalminuano.com.br\/noticia\/2025\/12\/05\/secretaria-de-saude-recebe-16-novos-veiculos-para-realizacao-do-tfd\">Secretaria de Sa\u00fade recebe 16 novos ve\u00edculos para realiza\u00e7\u00e3o do TFD<br><\/a>Ocorreu na manh\u00e3 de sexta, 5, no largo da pra\u00e7a Silveira Martins (Coreto) a entrega de 16 autom\u00f3veis 0 km Polo para o Munic\u00edpio. Os ve\u00edculos foram adquiridos a partir de emendas parlamentares do <strong>deputado federal Elvino Bohn Gass (PT-RS)<\/strong>, que totalizaram o valor de R$ 1,4 milh\u00e3o. Os autom\u00f3veis ser\u00e3o destinados \u00e0 Secretaria Municipal de Sa\u00fade e Aten\u00e7\u00e3o \u00e0 Pessoa com Defici\u00eancia.<\/p>\n\n\n\n<p><strong>Agenda do Poder<br><\/strong><a href=\"https:\/\/agendadopoder.com.br\/congresso-aprova-reajuste-que-pode-elevar-fundo-partidario-em-2026\/\">Congresso aprova reajuste que pode elevar fundo partid\u00e1rio em 2026<br><\/a>O relator da LDO, deputado Gerv\u00e1sio Maia (PSB-PB), discordou da medida e afirmou que a proposta n\u00e3o condiz com a realidade econ\u00f4mica do pa\u00eds. Outro voto contr\u00e1rio veio do <strong>deputado Bohn Gass (PT-RS).<\/strong><\/p>\n\n\n\n<p><strong>Litoral Mania<br><\/strong><a href=\"https:\/\/litoralmania.com.br\/prefeitura-de-osorio-anuncia-mutirao-de-saude\/\">Prefeitura de Os\u00f3rio anuncia mutir\u00e3o de sa\u00fade: cerca de 3 mil consultas ser\u00e3o realizadas<br><\/a>O chefe do Executivo explicou que houve repasse de recursos encaminhados pelo <strong>deputado Bohn Gass<\/strong>, solicitados diretamente pelo munic\u00edpio para custear exames e consultas \u2014 especialmente nas \u00e1reas de oftalmologia e otorrinolaringologia, que lideravam a fila de espera.<\/p>\n\n\n\n<p><strong>Sindibanc\u00e1rios Esp\u00edrito Santo<br><\/strong><a href=\"https:\/\/www.bancarios-es.org.br\/comissao-de-parlamentares-vai-buscar-direcao-do-bb-para-tratar-das-precarias-condicoes-de-trabalho\/\">Comiss\u00e3o de parlamentares vai buscar dire\u00e7\u00e3o do BB para tratar das prec\u00e1rias condi\u00e7\u00f5es de trabalho<br><\/a>A audi\u00eancia foi presidida pela deputada Kokay, autora do pedido, que destacou a import\u00e2ncia da discuss\u00e3o tendo em vista as condi\u00e7\u00f5es prec\u00e1rias enfrentadas pelo corpo funcional do BB. Al\u00e9m da deputada, os parlamentares Reimont (PT-RJ) e <strong>Bohn Gass (PT-RS)<\/strong> ressaltaram a import\u00e2ncia da defesa da categoria banc\u00e1ria e do Banco do Brasil.<\/p>\n\n\n\n<p><strong>Portal Serra e Litoral<br><\/strong><a href=\"https:\/\/serraelitoral.com.br\/prefeitura-de-osorio-realiza-mutirao-de-consultas-com-especialistas-em-oftalmologia-e-otorrinolaringologia\/\">PREFEITURA DE OS\u00d3RIO REALIZA MUTIR\u00c3O DE CONSULTAS COM ESPECIALISTAS EM OFTALMOLOGIA E OTORRINOLARINGOLOGIA<br><\/a>O prefeito de Os\u00f3rio, Romildo Bolzan J\u00fanior, e o secret\u00e1rio municipal de Sa\u00fade, Gonzalo Rafael Pintos, anunciaram a atividade e o uso dos recursos para agilizar os atendimentos \u00e0 popula\u00e7\u00e3o para exames e consultas. \u201cA secretaria municipal de Sa\u00fade foi, pelo or\u00e7amento realizado em 2024, a secretaria que teve mais recursos retirados, foram 13 milh\u00f5es de reais. N\u00f3s estamos fazendo exatamente o que hav\u00edamos prometido, fazer os mutir\u00f5es. Para esta demanda tivemos um aporte de recursos atrav\u00e9s do <strong>deputado Bohn Gass<\/strong> porque pleiteamos para essa destina\u00e7\u00e3o, para o atendimento das quest\u00f5es de sa\u00fade e otorrino e oftalmo eram as nossas maiores demandas\u201d, disse o prefeito.<\/p>\n\n\n\n<p><strong>Ag\u00eancia C\u00e2mara de Not\u00edcias<br><\/strong><a href=\"https:\/\/www.camara.leg.br\/noticias\/1230493-orcamento-2026:-parlamentares-propoem-r$-7-bilhoes-em-emendas-de-transferecia-especial\">Or\u00e7amento 2026: parlamentares prop\u00f5em R$ 7 bilh\u00f5es em emendas de transfer\u00eacia especial<br><\/a>O relator, <strong>deputado Bohn Gass (PT-RS)<\/strong>, disse que recebeu 784 emendas individuais e uma de bancada estadual, que s\u00e3o de execu\u00e7\u00e3o obrigat\u00f3ria. Ele aceitou parcialmente as 21 emendas de comiss\u00f5es permanentes da C\u00e2mara e do Senado.<\/p>\n\n\n\n<p><strong>Imprensa P\u00fablica<br><\/strong><a href=\"https:\/\/imprensapublica.com.br\/parlamentares-propoem-r-7-bilhoes-em-emendas-especiais-no-orcamento-2026\/\">Parlamentares prop\u00f5em R$ 7 bilh\u00f5es em emendas especiais no Or\u00e7amento 2026<br><\/a>O relator,<strong> deputado Bohn Gass (PT-RS)<\/strong>, informou que recebeu 784 emendas individuais e uma emenda de bancada estadual, ambas de execu\u00e7\u00e3o obrigat\u00f3ria. Ele acolheu parcialmente as 21 emendas apresentadas por comiss\u00f5es permanentes da C\u00e2mara e do Senado.<\/p>\n\n\n\n<p><strong>Embrapa<\/strong><br><a href=\"https:\/\/www.embrapa.br\/busca-de-noticias\/-\/noticia\/105345365\/agroecologia-2025-e-evento-da-embrapa-para-agricultores-que-cresce-a-cada-edicao\">Agroecologia 2025 \u00e9 evento da Embrapa para agricultores que cresce a cada edi\u00e7\u00e3o<br><\/a>O pesquisador Jo\u00e3o Carlos Costa Gomes, idealizador do primeiro evento e motivador do seguimento das vinte edi\u00e7\u00f5es at\u00e9 agora realizadas, agradeceu o apoio dos parceiros, dos Minist\u00e9rios envolvidos, dos parlamentares <strong>Elvino Bohn Gass<\/strong>, Alexandre Lindenmeyer e Maria do Ros\u00e1rio que investiram recursos para execu\u00e7\u00e3o do evento, lembrando que o evento da Agroecologia \u00e9 um dia de confraterniza\u00e7\u00e3o por que \u00e9 quando os agricultores podem efetivamente realizar trocas de di\u00e1logos, percep\u00e7\u00f5es, saberes e demandas. \u201c O abra\u00e7o, o olho no olho, e a conversa ajudam a din\u00e2mica deste evento ser o que ele \u00e9, um motivador para construir uma sociedade menos assim\u00e9trica, mais sustent\u00e1vel e mais amorosa\u201d, falou.<\/p>\n\n\n\n<p><strong>Giro Gravata\u00ed<br><\/strong><a href=\"https:\/\/www.girodegravatai.com.br\/em-brasilia-sindilojas-gravatai-debate-medidas-contra-falsificacao-isencoes-de-importados-e-outras-pautas-do-setor\/\">Em Bras\u00edlia, Sindilojas Gravata\u00ed debate medidas contra falsifica\u00e7\u00e3o, isen\u00e7\u00f5es de importados e outras pautas do setor<br><\/a>A agenda da comitiva incluiu encontros com diversos parlamentares, entre eles Lorenzini Zucco, Ubiratan Sanderson, Marcel Van Hattem, Ronaldo Nogueira, Heitor Schuch, <strong>Bohn Gass<\/strong>, Giovani Cherini, Bibo Nunes, Lucas Redecker, Afonso Hamm, Alceu Moreira, Pompeo de Mattos, Coronel Assis e Delegado F\u00e1bio Costa, al\u00e9m dos senadores Luis Carlos Heinze, Hamilton Mour\u00e3o e La\u00e9rcio Oliveira.<\/p>\n\n\n\n<p><strong>R\u00e1dio C\u00e2mara<br><\/strong><a href=\"https:\/\/www.camara.leg.br\/radio\/programas\/1230992-deputado-bohn-gass-relatorio-direciona-recursos-para-industria-nacional-pequenas-empresas-e-cadastro-ambiental-rural\/\">Deputado Bohn Gass: relat\u00f3rio direciona recursos para ind\u00fastria nacional, pequenas empresas e cadastro ambiental rural<br><\/a>Em entrevista ao Painel Eletr\u00f4nico (9), o relator da \u00e1rea de Fazenda, Planejamento, Ind\u00fastria e Com\u00e9rcio do Or\u00e7amento de 2026, <strong>deputado Bohn Gass (PT-RS)<\/strong>, explicou que acolheu 808 emendas parlamentares, em um total de R$ 9,9 bilh\u00f5es. Cerca de R$ 7 bilh\u00f5es s\u00e3o de emendas individuais de transfer\u00eancia especial, chamadas de emendas Pix.<\/p>\n\n\n\n<p><strong>Sindicato dos Empregados em Estabelecimentos Banc\u00e1rios e Financi\u00e1rios do Munic\u00edpio do Rio de Janeiro<br><\/strong><a href=\"https:\/\/www.bancariosrio.org.br\/index.php\/noticias\/item\/14996-projeto-que-devolve-homologacao-aos-sindicatos-e-aprovado-em-comissao-da-camara\">Projeto que devolve homologa\u00e7\u00e3o aos sindicatos \u00e9 aprovado em comiss\u00e3o da C\u00e2mara<br><\/a>Agora, o PL segue sua tramita\u00e7\u00e3o na C\u00e2mara dos Deputados, ainda precisando passar pela Comiss\u00e3o de Constitui\u00e7\u00e3o, Justi\u00e7a e Cidadania (CCJC) antes de ir ao Plen\u00e1rio. A proposta, de autoria do deputado Marco Maia (PT\/RS) e relatado pelo <strong>deputado Bohn Gass (PT\/RS)<\/strong>, revoga dispositivos da CLT introduzidos pela Lei n\u00ba 13.467\/2017 (como os artigos 477-A e 477-B) e restabelece garantias essenciais no momento da rescis\u00e3o contratual. Entre os pontos centrais, o projeto determina que o termo de rescis\u00e3o de trabalhadores com mais de um ano s\u00f3 ser\u00e1 v\u00e1lido se homologado pelo sindicato da categoria ou, na impossibilidade, pelo Minist\u00e9rio do Trabalho.<\/p>\n\n\n\n<p><strong>Jornal do Com\u00e9rcio<br><\/strong><a href=\"https:\/\/www.jornaldocomercio.com\/colunas\/reporter-brasilia\/2025\/12\/1228714-mudancas-na-reforma-trabalhista.html\">Mudan\u00e7as na reforma trabalhista geram pol\u00eamica<br><\/a>A reforma trabalhista aprovada em 2017 volta ao centro do embate pol\u00edtico no Congresso. Na Comiss\u00e3o do Trabalho da C\u00e2mara, o <strong>deputado federal ga\u00facho Elvino Bohn Gass (PT) <\/strong>aprovou tr\u00eas relat\u00f3rios que, segundo ele, \u201cdevolvem direitos roubados pela moderniza\u00e7\u00e3o trabalhista\u201d.<\/p>\n\n\n\n<p><strong>Mundo BA<br><\/strong><a href=\"https:\/\/mundoba.com.br\/economia\/relatorio-setorial-do-orcamento-de-2026-acata-808-emendas-e-destina-r-99-bilhoes\/\">Relat\u00f3rio setorial do Or\u00e7amento de 2026 acata 808 emendas e destina R$ 9,9 bilh\u00f5es<br><\/a>De acordo com o <strong>deputado Bohn Gass (PT-RS)<\/strong>, relator do projeto, foram recebidas 784 emendas individuais e uma de bancada estadual, que s\u00e3o de execu\u00e7\u00e3o obrigat\u00f3ria. O parlamentar aceitou parcialmente as 21 emendas de comiss\u00f5es permanentes da C\u00e2mara e do Senado.<\/p>\n\n\n\n<p><strong>Portal Verdade<br><\/strong><a href=\"https:\/\/portalverdade.com.br\/comissao-de-trabalho-da-camara-aprova-pl-que-resgata-homologacao-das-rescisoes-nos-sindicatos\/\">Comiss\u00e3o de Trabalho da C\u00e2mara aprova PL que resgata homologa\u00e7\u00e3o das rescis\u00f5es nos Sindicatos<br><\/a>O PL, de autoria do deputado Marco Maia (PT\/RS) e relatado pelo <strong>deputado Bohn Gass (PT\/RS),<\/strong> revoga dispositivos da CLT (Consolida\u00e7\u00e3o das Leis do trabalho) introduzidos pela Lei n\u00ba 13.467\/2017 (como os artigos 477-A e 477-B) e reestabelece garantias essenciais no momento da rescis\u00e3o contratual. Entre os pontos centrais, o projeto determina que o termo de rescis\u00e3o de trabalhadores com mais de um ano s\u00f3 ser\u00e1 v\u00e1lido se homologado pelo sindicato da categoria ou, na impossibilidade, pelo Minist\u00e9rio do Trabalho.<\/p>\n\n\n\n<p><strong>Folha de Curitiba<br><\/strong><a href=\"https:\/\/folhadecuritiba.com.br\/emendas-transferencia-especial-orcamento-2026\/\">Emendas de transfer\u00eancia especial no Or\u00e7amento 2026 somam R$ 7 bilh\u00f5es<br><\/a>Essas emendas permitem a transfer\u00eancia direta de recursos financeiros para prefeituras e governos estaduais, sem a necessidade de conv\u00eanios. No entanto, \u00e9 imprescind\u00edvel que sejam apresentados planos de trabalho que garantam a fiscaliza\u00e7\u00e3o do uso desse or\u00e7amento. O relator da proposta, <strong>deputado Bohn Gass (PT-RS),<\/strong> recebeu um total de 784 emendas individuais e uma de bancada estadual, todas de execu\u00e7\u00e3o obrigat\u00f3ria.<\/p>\n\n\n\n<p><strong>Portal AZ<br><\/strong><a href=\"https:\/\/www.portalaz.com.br\/noticia\/economia\/88425\/relatorio-setorial-acolhe-808-emendas-e-destina-r-99-bi-ao-orcamento-de-2026\/\">Relat\u00f3rio setorial acolhe 808 emendas e destina R$ 9,9 bi ao Or\u00e7amento de 2026<br><\/a>O relator, <strong>deputado Bohn Gass (PT-RS)<\/strong>, informou que recebeu 784 emendas individuais e uma de bancada estadual, todas de execu\u00e7\u00e3o obrigat\u00f3ria. Al\u00e9m disso, acatou parcialmente 21 emendas apresentadas por comiss\u00f5es permanentes da C\u00e2mara e do Senado.<\/p>\n\n\n\n<p><strong>Rio Grande Tem<br><\/strong><a href=\"https:\/\/www.riograndetem.com.br\/prefeitura-do-rio-grande-inaugura-ubsf-querencia\/\">Prefeitura do Rio Grande inaugura UBSF Quer\u00eancia<br><\/a>A secret\u00e1ria da Sa\u00fade, Juliana Acosta lembrou que, por 17 anos, as equipes que atuam na regi\u00e3o trabalharam em im\u00f3veis alugados e adaptados, que n\u00e3o atendiam plenamente \u00e0s necessidades do servi\u00e7o. Ela explicou que a obra teve in\u00edcio em 2017, ainda na gest\u00e3o do ent\u00e3o prefeito Alexandre Lindenmeyer, e s\u00f3 p\u00f4de ser conclu\u00edda gra\u00e7as ao esfor\u00e7o conjunto de diferentes atores. O deputado federal Alexandre Lindenmeyer destinou recursos para a compra de equipamentos, enquanto o <strong>deputado federal Elvino Bohn Gass<\/strong> aportou verbas de emenda parlamentar para complementar o valor necess\u00e1rio \u00e0 conclus\u00e3o do pr\u00e9dio. A Prefeitura investiu R$ 800 mil de recursos pr\u00f3prios. A secret\u00e1ria destacou ainda o apoio do vereador Rovan Castro, respons\u00e1vel por sensibilizar o parlamentar Elvino Bohn Gass sobre a import\u00e2ncia da obra.<\/p>\n\n\n\n<p><strong>Jornal Tradi\u00e7\u00e3o<br><\/strong><a href=\"https:\/\/www.jornaltradicao.com.br\/rio-grande\/saude\/prefeitura-de-rio-grande-inaugura-ubsf-querencia\/\">Prefeitura de Rio Grande inaugura UBSF Quer\u00eancia<br><\/a>Como deputado federal, Lindenmeyer destinou recursos para aquisi\u00e7\u00e3o de equipamentos, enquanto o <strong>deputado federal Elvino Bohn Gass (PT)<\/strong> aportou verbas de emenda para complementar o valor necess\u00e1rio \u00e0 conclus\u00e3o do pr\u00e9dio. A Prefeitura investiu R$ 800 mil de recursos pr\u00f3prios. A secret\u00e1ria destacou ainda o apoio do vereador Rovan Castro (PT), respons\u00e1vel por sensibilizar Bohn Gass sobre a import\u00e2ncia da obra.<\/p>\n\n\n\n<p><strong>O Globo<br><\/strong><a href=\"https:\/\/oglobo.globo.com\/politica\/noticia\/2025\/12\/10\/deputados-de-partidos-com-cargos-no-governo-representam-mais-de-40percent-dos-votos-a-favor-do-pl-da-dosimetria-saiba-quem-sao.ghtml\">Deputados de partidos com cargos no governo representam mais de 40% dos votos a favor do PL da Dosimetria<br><\/a>[\u2026]<br><strong>Bohn Gass &#8211; PT\/RS &#8211; N\u00e3o<br><\/strong>[\u2026]<\/p>\n\n\n\n<p><strong>Eu Ideal<br><\/strong><a href=\"https:\/\/www.euideal.com\/noticia\/56554\/porto-velho\/politica\/na-madrugada-camara-aprova-pl-da-dosimetria-que-pode-reduzir-pena-de-bolsonaro-de-rondonia-apenas-thiago-flores-nao-votou.html\">Na madrugada, C\u00e2mara aprova PL da dosimetria que pode reduzir pena de Bolsonaro<br><\/a>[\u2026]<br><strong>Bohn Gass (PT\/RS) &#8211; votou N\u00e3o<br><\/strong>[\u2026]<\/p>\n\n\n\n<p><strong>Rede 98<br><\/strong><a href=\"https:\/\/rede98.com.br\/noticias\/politica\/dosimetria-bolsonaro-como-cada-deputado-votou\/\">Dosimetria: entenda mudan\u00e7a no c\u00e1lculo das penas e como votou cada deputado<br><\/a>[\u2026]<br><strong>Bohn Gass &#8211; PT\/RS &#8211; N\u00e3o<br><\/strong>[\u2026]<\/p>\n\n\n\n<p><strong>Isto \u00c9<br><\/strong><a href=\"https:\/\/istoe.com.br\/votou-deputado-projeto-de-lei-pena-bolsonaro\">Veja como votou cada deputado no projeto de lei que reduz a pena de Bolsonaro<br><\/a>[\u2026]<br><strong>Bohn Gass &#8211; PT\/RS &#8211; N\u00e3o<br><\/strong>[\u2026]<\/p>\n\n\n\n<p><strong>A Voz da Cidade<br><\/strong><a href=\"https:\/\/avozdacidade.com\/wp\/camara-aprova-projeto-que-reduz-penas-dos-condenados-pelo-8-de-janeiro\/\">C\u00e2mara aprova projeto que reduz penas dos condenados pelo 8 de janeiro<br><\/a>[\u2026]<br><strong>Bohn Gass &#8211; PT\/RS &#8211; N\u00e3o<br><\/strong>[\u2026]<\/p>\n\n\n\n<p><strong>18 Horas<br><\/strong><a href=\"https:\/\/18horas.com.br\/brasil\/camara-aprova-pl-da-dosimetria-projeto-que-beneficia-bolsonaro-saiba-como-votou-cada-deputado\/\">C\u00e2mara aprova PL da Dosimetria, projeto que beneficia Bolsonaro; saiba como votou cada deputado<br><\/a>[\u2026]<br><strong>Bohn Gass &#8211; PT\/RS &#8211; N\u00e3o<br><\/strong>[\u2026]<\/p>\n\n\n\n<p><strong>DCM<\/strong><br><a href=\"https:\/\/www.diariodocentrodomundo.com.br\/pl-da-dosimetria-como-votou-cada-partido-e-deputado-no-projeto-que-favorece-golpistas\/\">PL da Dosimetria: Como votou cada partido e deputado no projeto que favorece golpistas<br><\/a>[\u2026]<br><strong>Bohn Gass &#8211; PT\/RS &#8211; N\u00e3o<br><\/strong>[\u2026]<\/p>\n\n\n\n<p><strong>BOL<br><\/strong><a href=\"https:\/\/www.bol.uol.com.br\/noticias\/2025\/12\/09\/camara-dos-deputados-projeto-devedor-contumaz-como-votaram-deputados.htm\">C\u00e2mara aprova regras mais r\u00edgidas para devedor contumaz; veja votos<br><\/a>[\u2026]<br><strong>Bohn Gass (PT-RS) &#8211; votou Sim<br><\/strong>[\u2026]<\/p>\n\n\n\n<p><strong>Ver o Fato<br><\/strong><a href=\"https:\/\/ver-o-fato.com.br\/projetos-de-terras-e-devedor-contumaz-alem-da-dosimetria-agitaram-camara\/\">Projetos de terras e devedor contumaz, al\u00e9m da \u201cdosimetria\u201d agitaram C\u00e2mara<br><\/a>A aprova\u00e7\u00e3o deste projeto, no entanto, n\u00e3o ocorreu sem forte oposi\u00e7\u00e3o. Deputados como Maria do Ros\u00e1rio (PT-RS) e <strong>Bohn Gass (PT-RS)<\/strong>, com forte atua\u00e7\u00e3o contra o agroneg\u00f3cio, criticaram a proposta, afirmando que ela ampliaria a \u201capropria\u00e7\u00e3o de terras p\u00fablicas\u201d e flexibilizaria as exig\u00eancias para ratifica\u00e7\u00e3o de t\u00edtulos, favorecendo a \u201cgrilagem de terra\u201d, sem apresentarem qualquer prova documental da afirma\u00e7\u00e3o considerada ret\u00f3rica e \u201cproselitismo pol\u00edtico rasteiros\u201d por membros da oposi\u00e7\u00e3o.<\/p>\n\n\n\n<p><strong>O Antagonista<br><\/strong><a href=\"https:\/\/oantagonista.com.br\/brasil\/como-cada-deputado-votou-sobre-o-pl-da-dosimetria\/\">Como cada deputado votou sobre o PL da Dosimetria<br><\/a>[\u2026]<br><strong>Bohn Gass &#8211; PT\/RS &#8211; N\u00e3o<br><\/strong>[\u2026]<\/p>\n\n\n\n<p><strong>Brasil de Fato<br><\/strong><a href=\"https:\/\/www.brasildefato.com.br\/2025\/12\/10\/confira-como-votou-cada-deputado-pela-reducao-da-pena-dos-golpistas-condenados-pelo-stf\/\">Confira como votou cada deputado pela redu\u00e7\u00e3o da pena dos golpistas condenados pelo STF<br><\/a>[\u2026]<br><strong>Bohn Gass &#8211; PT\/RS &#8211; N\u00e3o<br><\/strong>[\u2026]<\/p>\n\n\n\n<p><strong>Ag\u00eancia C\u00e2mara de Not\u00edcias<br><\/strong><a href=\"https:\/\/www.camara.leg.br\/noticias\/1231481-camara-aprova-regras-mais-rigidas-para-devedor-contumaz\">C\u00e2mara aprova regras mais r\u00edgidas para devedor contumaz<br><\/a><strong>O deputado Bohn Gass (PT-RS)<\/strong> afirmou que precisou vir uma opera\u00e7\u00e3o como a Carbono Oculto para a C\u00e2mara concordar com o governo que deve haver uma legisla\u00e7\u00e3o de combate ao abuso dos devedores contumazes.<\/p>\n\n\n\n<p><strong>EBC &#8211; Ag\u00eancia Brasil<br><\/strong><a href=\"https:\/\/agenciabrasil.ebc.com.br\/politica\/noticia\/2025-12\/camara-aprova-regras-mais-rigidas-para-devedor-contumaz\">C\u00e2mara aprova regras mais r\u00edgidas para devedor contumaz<br><\/a><strong>O deputado Bohn Gass (PT-RS)<\/strong> afirmou que precisou vir uma opera\u00e7\u00e3o como a Carbono Oculto para a C\u00e2mara concordar com o governo de que deve haver uma legisla\u00e7\u00e3o de combate ao abuso dos devedores contumazes.<\/p>\n\n\n\n<p><strong>Correio do Povo<br><\/strong><a href=\"https:\/\/www.correiodopovo.com.br\/not%C3%ADcias\/pol%C3%ADtica\/como-votaram-os-deputados-do-rs-no-projeto-que-reduz-penas-para-condenados-no-8-de-janeiro-1.1673808\">Como votaram os deputados do RS no projeto que reduz penas para condenados no 8 de Janeiro<br><\/a>[\u2026]<br><strong>Bohn Gass &#8211; PT &#8211; N\u00e3o<br><\/strong>[\u2026]<\/p>\n\n\n\n<p><strong>Ga\u00facha ZH<br><\/strong><a href=\"https:\/\/gauchazh.clicrbs.com.br\/video\/embate-deputados-de-esquerda-e-de-direita-discutem-pl-da-dosimetria-que-beneficia-bolsonaro-cmj049yxp000c01e4vzkvopig.html\">Embate: deputados de esquerda e de direita discutem PL da Dosimetria, que beneficia Bolsonaro<br><\/a>O Timeline desta quarta-feira (10) entrevistou os deputados federais Osmar Terra (PL-RS), <strong>Bohn Gass (PT-RS)<\/strong> e Mauricio Marcon (PL-RS) para falar sobre o PL da Dosimetria, que reduz as penas do ex-presidente Jair Bolsonaro e de outros condenados pelo 8 de janeiro. Assista ao trecho!<\/p>\n\n\n\n<p><strong>Ga\u00facha ZH<br><\/strong><a href=\"https:\/\/gauchazh.clicrbs.com.br\/politica\/noticia\/2025\/12\/veja-como-votaram-os-deputados-gauchos-no-pl-da-dosimetria-cmizuiife00n901l0qaa4omdx.html\">Veja como votaram os deputados ga\u00fachos no PL da Dosimetria<br><\/a>[\u2026]<br><strong>Bohn Gass &#8211; PT &#8211; N\u00e3o<br><\/strong>[\u2026]<\/p>\n\n\n\n<p><strong>O Globo<br><\/strong><a href=\"https:\/\/oglobo.globo.com\/blogs\/sonar-a-escuta-das-redes\/post\/2025\/12\/esquerda-critica-motta-apos-retirada-a-forca-de-glauber-braga-da-cadeira-da-presidencia.ghtml\">Esquerda critica Motta ap\u00f3s retirada \u00e0 for\u00e7a de Glauber Braga da cadeira da presid\u00eancia<br><\/a>A compara\u00e7\u00e3o tamb\u00e9m foi repetida pelo <strong>deputado Bohn Gass (PT-RS).<\/strong> &#8220;Quando fascistas bolsonaristas sequestraram a mesa da C\u00e2mara por dois dias, a presid\u00eancia n\u00e3o tomou nenhuma atitude violenta, mas hoje o deputado Glauber Braga, da esquerda, do PSOL, foi gravateado, agredido e teve seu terno rasgado pela Pol\u00edcia Legislativa&#8221;, disse em uma publica\u00e7\u00e3o no X.<\/p>\n\n\n\n<p><strong>Jornal do Brasil<br><\/strong><a href=\"https:\/\/www.jb.com.br\/brasil\/informe-jb\/2025\/12\/1057927-golpe-na-camara-veja-como-votou-cada-deputado-no-projeto-de-lei-que-diminui-o-tempo-de-prisao-dos-que-atentaram-contra-a-democracia.html\">Golpe na C\u00e2mara: veja como votou cada deputado no Projeto de Lei que diminui o tempo de pris\u00e3o dos que atentaram contra a democracia<br><\/a>[\u2026]<br><strong>Bohn Gass &#8211; PT\/RS &#8211; N\u00e3o<br><\/strong>[\u2026]<\/p>\n\n\n\n<p><strong>Sul 21<br><\/strong><a href=\"https:\/\/sul21.com.br\/noticias\/politica\/2025\/12\/veja-como-votaram-os-gauchos-no-pl-que-reduz-pena-para-golpistas-do-8-de-janeiro\/\">Veja como votaram os ga\u00fachos no PL que reduz pena para golpistas do 8 de janeiro<br><\/a>[\u2026]<br><strong>Bohn Gass &#8211; PT &#8211; N\u00e3o<br><\/strong>[\u2026]<\/p>\n\n\n\n<p><strong>UOL<br><\/strong><a href=\"https:\/\/noticias.uol.com.br\/politica\/ultimas-noticias\/2025\/12\/10\/camara-dos-deputados-dosimetria-bolsonaro-81-como-votaram-deputados.htm\">Veja como votaram os deputados no projeto que reduz pena de Bolsonaro<br><\/a>[\u2026]<br><strong>Bohn Gass &#8211; PT\/RS &#8211; N\u00e3o<br><\/strong>[\u2026]<\/p>\n\n\n\n<p><strong>InfoMoney<\/strong><br><a href=\"https:\/\/www.infomoney.com.br\/politica\/pl-da-dosimetria-como-votou-cada-deputado-no-projeto-que-reduz-pena-de-bolsonaro\/\">PL da Dosimetria: como votou cada deputado no projeto que reduz pena de Bolsonaro<br><\/a>[\u2026]<br><strong>Bohn Gass &#8211; PT\/RS &#8211; N\u00e3o<br><\/strong>[\u2026]<\/p>\n\n\n\n<p><strong>DC News<br><\/strong><a href=\"https:\/\/agenciadcnews.com.br\/veja-como-cada-deputado-votou-em-projeto-que-reduz-pena-de-bolsonaro\/\">Veja como cada deputado votou em projeto que reduz pena de Bolsonaro<br><\/a>[\u2026]<br><strong>Bohn Gass &#8211; PT\/RS &#8211; N\u00e3o<br><\/strong>[\u2026]<\/p>\n\n\n\n<p><strong>ABC+<br><\/strong><a href=\"https:\/\/www.abcmais.com\/politica\/veja-como-votaram-os-deputados-gauchos-no-projeto-que-reduz-penas-dos-condenados-pelo-8-1-e-que-pode-beneficiar-bolsonaro\/\">Veja como votaram os deputados ga\u00fachos no projeto que reduz penas dos condenados pelo 8\/1 e que pode beneficiar Bolsonaro<br><\/a>[\u2026]<br><strong>Bohn Gass &#8211; PT &#8211; N\u00e3o<br><\/strong>[\u2026]<\/p>\n\n\n\n<p><strong>Band<br><\/strong><a href=\"https:\/\/www.band.com.br\/noticias\/veja-como-votou-cada-deputado-no-pl-da-dosimetria-202512100553\">Veja como votou cada deputado no PL da Dosimetria<br><\/a>[\u2026]<br><strong>Bohn Gass &#8211; PT\/RS &#8211; N\u00e3o<br><\/strong>[\u2026]<\/p>\n\n\n\n<p><strong>Brasil de Fato<br><\/strong><a href=\"https:\/\/www.brasildefato.com.br\/2025\/12\/10\/embrapa-celebra-agroecologia-e-consolida-abordagem-de-dialogo-e-construcao-coletiva-em-pelotas-rs\/\">Embrapa celebra agroecologia e consolida abordagem de di\u00e1logo e constru\u00e7\u00e3o coletiva em Pelotas (RS)<br><\/a>O pesquisador Jo\u00e3o Carlos Costa Gomes, idealizador do primeiro evento e motivador do seguimento das 20 edi\u00e7\u00f5es at\u00e9 agora realizadas, agradeceu o apoio dos parceiros, dos minist\u00e9rios envolvidos, dos parlamentares <strong>Elvino Bohn Gass,<\/strong> Alexandre Lindenmeyer e Maria do Ros\u00e1rio, que investiram recursos para execu\u00e7\u00e3o do evento.<\/p>\n\n\n\n<p><strong>Folha de S\u00e3o Paulo<br><\/strong><a href=\"https:\/\/www1.folha.uol.com.br\/amp\/poder\/2025\/12\/veja-como-cada-deputado-votou-em-projeto-que-reduz-pena-de-bolsonaro.shtml\">Veja como cada deputado votou em projeto que reduz pena de Bolsonaro<br><\/a>[\u2026]<br><strong>Bohn Gass &#8211; PT\/RS &#8211; N\u00e3o<br><\/strong>[\u2026]<\/p>\n\n\n\n<p><strong>Not\u00edcias do Planalto<br><\/strong><a href=\"https:\/\/noticiasdoplanalto.com.br\/camara-endurece-regras-para-devedores-reincidentes\/\">C\u00e2mara endurece regras para devedores reincidentes<br><\/a><strong>Deputado Bohn Gass (PT-RS)<\/strong> destacou que uma opera\u00e7\u00e3o recente evidenciou a necessidade da legisla\u00e7\u00e3o para combater abusos de grandes devedores.<\/p>\n\n\n\n<p><strong>Senado Not\u00edcias<br><\/strong><a href=\"https:\/\/www12.senado.leg.br\/noticias\/materias\/2025\/12\/11\/congresso-deve-votar-orcamento-de-2026-na-proxima-semana-diz-alcolumbre\">Congresso deve votar Or\u00e7amento de 2026 na pr\u00f3xima semana, diz Davi Alcolumbre<br><\/a>Relator: <strong>deputado Bohn Gass (PT-RS)<\/strong><br>O relator setorial acolheu 808 emendas, em um total de R$ 9,9 bilh\u00f5es. Cerca de R$ 7 bilh\u00f5es s\u00e3o de emendas individuais de transfer\u00eancia especial, as chamadas \u201cemendas pix\u201d. Elas s\u00e3o transferidas diretamente para prefeituras e governos estaduais sem necessidade de conv\u00eanios.<\/p>\n\n\n\n<p><strong>O Globo<br><\/strong><a href=\"https:\/\/oglobo.globo.com\/politica\/noticia\/2025\/12\/11\/a-posicao-de-cada-partido-e-deputado-na-votacao-que-manteve-o-mandato-de-carla-zambelli-presa-na-italia.ghtml\">A posi\u00e7\u00e3o de cada partido e deputado na vota\u00e7\u00e3o que manteve o mandato de Carla Zambelli, presa na It\u00e1lia<br><\/a>[\u2026]<br><strong>Bohn Gass (PT-RS) &#8211; votou Sim<br><\/strong>[\u2026]<\/p>\n\n\n\n<p><strong>Ga\u00facha ZH<br><\/strong><a href=\"https:\/\/gauchazh.clicrbs.com.br\/politica\/noticia\/2025\/12\/camara-rejeita-cassacao-do-mandato-de-carla-zambelli-veja-como-votaram-os-deputados-gauchos-cmj1by13n00ue01l0ixg2e3cd.html\">Veja como votaram os deputados ga\u00fachos no processo de cassa\u00e7\u00e3o do mandato de Carla Zambelli<br><\/a>[\u2026]<br><strong>Bohn Gass (PT) &#8211; votou Sim<br><\/strong>[\u2026]<\/p>\n\n\n\n<p><strong>UOL<br><\/strong><a href=\"https:\/\/noticias.uol.com.br\/politica\/ultimas-noticias\/2025\/12\/10\/veja-como-votou-cada-deputado-sobre-a-suspensao-de-glauber-braga.htm\">Veja como votou cada deputado sobre a suspens\u00e3o de Glauber Braga<br><\/a>Confira como votou cada deputado (o voto \u201csim\u201d era favor\u00e1vel \u00e0 emenda que propunha a suspens\u00e3o; o voto \u201cn\u00e3o\u201d era contr\u00e1rio a ela):<br>[\u2026]<br><strong>Bohn Gass &#8211; PT\/RS &#8211; Sim<br><\/strong>[\u2026]<\/p>\n\n\n\n<p><strong>Carta Capital<br><\/strong><a href=\"https:\/\/www.cartacapital.com.br\/politica\/saiba-como-votou-cada-deputado-na-sessao-que-preservou-o-mandato-de-zambelli\/\">Saiba como votou cada deputado na sess\u00e3o que preservou o mandato de Zambelli<br><\/a>[\u2026]<br><strong>Bohn Gass (PT-RS) &#8211; votou Sim<br><\/strong>[\u2026]<\/p>\n\n\n\n<p><strong>Correio do Povo<br><\/strong><a href=\"https:\/\/www.correiodopovo.com.br\/not%C3%ADcias\/pol%C3%ADtica\/orcamento-de-2026-deve-ser-votado-na-proxima-semana-diz-davi-alcolumbre-1.1674222\">Or\u00e7amento de 2026 deve ser votado na pr\u00f3xima semana, diz Davi Alcolumbre<br><\/a>Relator: <strong>deputado Bohn Gass (PT-RS)<\/strong><br>O relator setorial acolheu 808 emendas, em um total de R$ 9,9 bilh\u00f5es. Cerca de R$ 7 bilh\u00f5es s\u00e3o de emendas individuais de transfer\u00eancia especial, as chamadas \u201cemendas pix\u201d. Elas s\u00e3o transferidas diretamente para prefeituras e governos estaduais sem necessidade de conv\u00eanios.<\/p>\n\n\n\n<p><strong>Brasil de Fato<br><\/strong><a href=\"https:\/\/www.brasildefato.com.br\/2025\/12\/11\/plenario-da-camara-vai-de-encontro-ao-stf-e-rejeita-cassacao-de-carla-zambelli\/\">Plen\u00e1rio da C\u00e2mara vai de encontro ao STF e rejeita cassa\u00e7\u00e3o de Carla Zambelli<br><\/a>Relator: <strong>deputado Bohn Gass (PT-RS)<\/strong><br>O relator setorial acolheu 808 emendas, em um total de R$ 9,9 bilh\u00f5es. Cerca de R$ 7 bilh\u00f5es s\u00e3o de emendas individuais de transfer\u00eancia especial, as chamadas \u201cemendas pix\u201d. Elas s\u00e3o transferidas diretamente para prefeituras e governos estaduais sem necessidade de conv\u00eanios.<\/p>\n\n\n\n<p><strong>O Antagonista<br><\/strong><a href=\"https:\/\/oantagonista.com.br\/brasil\/leia-quem-votou-a-favor-e-contra-a-cassacao-de-carla-zambelli\/\">Leia quem votou a favor e contra a cassa\u00e7\u00e3o de Carla Zambelli<br><\/a>[\u2026]<br><strong>Bohn Gass (PT-RS) &#8211; votou Sim<br><\/strong>[\u2026]<\/p>\n\n\n\n<p><strong>Band<\/strong><br><a href=\"https:\/\/www.band.com.br\/noticias\/veja-como-votou-cada-deputado-na-rejeicao-da-cassacao-de-carla-zambelli-202512110954\">Veja como votou cada deputado na rejei\u00e7\u00e3o da cassa\u00e7\u00e3o de Carla Zambelli<br><\/a>[\u2026]<br><strong>Bohn Gass (PT-RS) &#8211; votou Sim<br><\/strong>[\u2026]<\/p>\n\n\n\n<p><strong>Revista F\u00f3rum<br><\/strong><a href=\"https:\/\/revistaforum.com.br\/politica\/carla-zambelli-quem-sao-os-deputados-que-votaram-para-salvar-o-mandato-da-foragida\/\">Carla Zambelli: quem s\u00e3o os deputados que votaram para salvar o mandato da foragida<br><\/a>Votos a favor da cassa\u00e7\u00e3o<br>[\u2026]<br><strong>Bohn Gass (PT-RS)<br><\/strong>[\u2026]<\/p>\n\n\n\n<p><strong>Clic Soledade<br><\/strong><a href=\"https:\/\/www.clicsoledade.online\/noticias\/camara-soledade\/85869\/vereador-tadeu-marques-rodrigues-confirma-pre-candidatura-a-deputado-estadual-pelo-pt\/\">Vereador Tadeu Marques Rodrigues confirma pr\u00e9-candidatura a deputado estadual pelo PT<br><\/a>Tadeu afirmou que recebeu apoio direto de dirigentes estaduais, que o encorajaram a representar a regi\u00e3o no pleito. \u201cRecebi o convite do <strong>deputado Elvino Bohn Gass <\/strong>e do presidente estadual Pepe Vargas, que me disseram que eu precisava trazer as demandas da nossa regi\u00e3o para o Estado\u201d, comentou.<\/p>\n\n\n\n<p><strong>DCM<br><\/strong><a href=\"https:\/\/www.diariodocentrodomundo.com.br\/videos-reacao-de-glauber-braga-ao-escapar-da-cassacao\/\">V\u00cdDEOS: Rea\u00e7\u00e3o de Glauber Braga ao escapar da cassa\u00e7\u00e3o<\/a><\/p>\n\n\n\n<figure class=\"wp-block-embed is-type-rich is-provider-twitter wp-block-embed-twitter\"><div class=\"wp-block-embed__wrapper\">\n<blockquote class=\"twitter-tweet\" data-width=\"500\" data-dnt=\"true\"><p lang=\"pt\" dir=\"ltr\">VIT\u00d3RIA DA JUSTI\u00c7A! GLAUBER FICOU!<br>Esquerda unida e mobiliza\u00e7\u00e3o das ruas foram fundamentais para que a extrema direita n\u00e3o tivesse os votos para cometer mais essa injusti\u00e7a. <a href=\"https:\/\/t.co\/oxC9X9UegW\">pic.twitter.com\/oxC9X9UegW<\/a><\/p>&mdash; Bohn Gass (@BohnGass) <a href=\"https:\/\/twitter.com\/BohnGass\/status\/1998931011049230425?ref_src=twsrc%5Etfw\">December 11, 2025<\/a><\/blockquote><script async src=\"https:\/\/platform.twitter.com\/widgets.js\" charset=\"utf-8\"><\/script>\n<\/div><\/figure>\n\n\n\n<p><strong>Di\u00e1rio do Vale<br><\/strong><a href=\"https:\/\/diariodovale.com.br\/politica\/camara-aprova-novas-barreiras-contra-empresas-que-acumulam-dividas-tributarias\/\">C\u00e2mara aprova novas barreiras contra empresas que acumulam d\u00edvidas tribut\u00e1rias<br><\/a>A deputada Jandira Feghali (PCdoB-RJ) refor\u00e7ou que o combate ao devedor contumaz tamb\u00e9m atinge pr\u00e1ticas de lavagem de dinheiro. J\u00e1 <strong>Bohn Gass (PT-RS)<\/strong> citou a opera\u00e7\u00e3o Carbono Oculto, que revelou o envolvimento da fac\u00e7\u00e3o PCC em esquema de sonega\u00e7\u00e3o e adultera\u00e7\u00e3o de combust\u00edveis, como exemplo da urg\u00eancia do tema.<\/p>\n\n\n\n<p><strong>Carta Capital<br><\/strong><a href=\"https:\/\/www.cartacapital.com.br\/politica\/saiba-como-votou-cada-deputado-na-suspensao-do-mandato-de-glauber-braga\/\">Saiba como votou cada deputado na suspens\u00e3o do mandato de Glauber Braga<br><\/a>Confira como votou cada deputado (o voto \u201csim\u201d era favor\u00e1vel \u00e0 emenda que propunha a suspens\u00e3o; o voto \u201cn\u00e3o\u201d era contr\u00e1rio a ela):<br>[\u2026]<br><strong>Bohn Gass (PT-RS) &#8211; votou Sim<br><\/strong>[\u2026]<\/p>\n\n\n\n<p><strong>UOL<\/strong><br><a href=\"https:\/\/noticias.uol.com.br\/politica\/ultimas-noticias\/2025\/12\/11\/camara-dos-deputados-cassacao-carla-zambelli-como-votaram-deputados.htm\">C\u00e2mara rejeita cassar mandato de Zambelli: veja como cada deputado votou<br><\/a>[\u2026]<br><strong>Bohn Gass (PT-RS) &#8211; votou Sim<br><\/strong>[\u2026]<\/p>\n\n\n\n<p><strong>18 Horas<br><\/strong><a href=\"https:\/\/18horas.com.br\/brasil\/camara-rejeita-cassar-mandato-de-carla-zambelli-como-os-deputados-votaram\/\">C\u00e2mara rejeita cassar mandato de Carla Zambelli: como os deputados votaram<br><\/a>[\u2026]<br><strong>Bohn Gass (PT-RS) &#8211; votou Sim<br><\/strong>[\u2026]<\/p>\n\n\n\n<p><strong>Planeta Folha<br><\/strong><a href=\"https:\/\/planetafolha.com.br\/noticias\/politica\/pl-dosimetria-aprovado-camara\/\">Plen\u00e1rio da c\u00e2mara aprova PL da Dosimetria; pena de Bolsonaro pode cair<br><\/a>[\u2026]<br><strong>Bohn Gass &#8211; PT\/RS &#8211; N\u00e3o<br><\/strong>[\u2026]<\/p>\n\n\n\n<p><strong>Cruso\u00e9<br><\/strong><a href=\"https:\/\/oantagonista.com.br\/brasil\/tres-deputados-do-pl-votaram-a-favor-do-psol-para-livrar-glauber-braga-da-cassacao\/\">Tr\u00eas deputados do PL votaram a favor do PSOL para livrar Glauber Braga da cassa\u00e7\u00e3o<br><\/a>Confira como votou cada deputado (o voto \u201csim\u201d era favor\u00e1vel \u00e0 emenda que propunha a suspens\u00e3o; o voto \u201cn\u00e3o\u201d era contr\u00e1rio a ela):<br>[\u2026]<br><strong>Bohn Gass (PT-RS) &#8211; votou Sim<br><\/strong>[\u2026]<\/p>\n\n\n\n<p><strong>Direto Not\u00edcias<br><\/strong><a href=\"https:\/\/diretonoticias.com.br\/2025\/12\/11\/camara-aprova-proposta-de-crivella-que-reduz-penas-de-condenados-do-8-de-janeiro\/\">C\u00e2mara aprova proposta de Crivella que reduz penas de condenados do 8 de janeiro<br><\/a>[\u2026]<br><strong>Bohn Gass &#8211; PT\/RS &#8211; N\u00e3o<br><\/strong>[\u2026]<\/p>\n\n\n\n<p><strong>Ag\u00eancia C\u00e2mara de Not\u00edcias<br><\/strong><a href=\"https:\/\/www.camara.leg.br\/noticias\/1232370-comissao-defende-investimentos-em-prevencao-para-evitar-novas-enchentes-no-rs\">Comiss\u00e3o defende investimentos em preven\u00e7\u00e3o para evitar novas enchentes no RS<br><\/a>O vice-l\u00edder do governo, <strong>deputado Bohn Gass (PT-RS)<\/strong>, sugeriu a inclus\u00e3o de pol\u00edticas preventivas no relat\u00f3rio, com foco no manejo de microbacias hidrogr\u00e1ficas e cobertura de solo para reter \u00e1gua.<\/p>\n\n\n\n<p><strong>LH Franqui<br><\/strong><a href=\"https:\/\/www.lhfranqui.com.br\/?pg=noticias&amp;rel=f74aa03658b822649b0885764e8436a7\">Curso de Medicina \u00e9 tema de reuni\u00e3o em Bras\u00edlia<br><\/a>O <strong>deputado Bohn Gass<\/strong> destacou que seguir\u00e1 articulando no MEC e no Congresso para assegurar os recursos humanos e financeiros indispens\u00e1veis. &#8220;H\u00e1 indica\u00e7\u00f5es positivas, mas seguimos trabalhando at\u00e9 que todas as condi\u00e7\u00f5es estejam garantidas&#8221;, afirmou.<\/p>\n\n\n\n<p><strong>Bom Dia Sorocaba<br><\/strong><a href=\"https:\/\/bomdiasorocaba.com.br\/noticia\/81801\/comissao-defende-investimentos-em-prevencao-para-evitar-novas-enchentes-do-rs\">Comiss\u00e3o defende investimentos em preven\u00e7\u00e3o para evitar novas enchentes do RS<br><\/a>O vice-l\u00edder do governo, <strong>deputado Bohn Gass (PT-RS)<\/strong>, sugeriu a inclus\u00e3o de pol\u00edticas preventivas no relat\u00f3rio, com foco no manejo de microbacias hidrogr\u00e1ficas e cobertura de solo para reter \u00e1gua.<\/p>\n\n\n\n<p><strong>Tribuna do Sert\u00e3o<br><\/strong><a href=\"https:\/\/www.tribunadosertao.com.br\/politica\/2025\/12\/11\/830689-comissao-defende-mais-investimentos-em-prevencao-para-evitar-novas-enchentes-no-rio-grande-do-sul\">Comiss\u00e3o defende mais investimentos em preven\u00e7\u00e3o para evitar novas enchentes no Rio Grande do Sul<br><\/a>O vice-l\u00edder do governo, <strong>deputado Bohn Gass (PT-RS), <\/strong>sugeriu a inclus\u00e3o de pol\u00edticas preventivas, com foco no manejo de microbacias hidrogr\u00e1ficas e cobertura do solo para reten\u00e7\u00e3o de \u00e1gua. \u201cPara prevenir enchentes e resolver estiagens, precisamos recompor as microbacias. Solo coberto e n\u00e3o compactado permite maior absor\u00e7\u00e3o de \u00e1gua\u201d, explicou. A sugest\u00e3o foi incorporada ao relat\u00f3rio.<\/p>\n\n\n\n<p><strong>O Sul<br><\/strong><a href=\"https:\/\/www.osul.com.br\/acordo-no-mec-abre-caminho-para-construcao-do-hospital-universitario-do-pampa-em-uruguaiana\/amp\/\">Acordo no MEC abre caminho para constru\u00e7\u00e3o do Hospital Universit\u00e1rio do Pampa, em Uruguaiana<br><\/a>Durante a reuni\u00e3o, o deputado Sanderson (PL\u2011RS) criticou a falta de resposta da equipe econ\u00f4mica do governo sobre entraves banc\u00e1rios e cr\u00e9dito rural, enquanto o vice\u2011l\u00edder do governo, <strong>Bohn Gass (PT\u2011RS),<\/strong> teve acatada a sugest\u00e3o de incluir pol\u00edticas de manejo de microbacias e cobertura do solo para reten\u00e7\u00e3o de \u00e1gua. O relat\u00f3rio tamb\u00e9m faz um apelo para que o Senado vote com urg\u00eancia o projeto que prev\u00ea renegocia\u00e7\u00e3o de d\u00edvidas e cr\u00e9dito facilitado aos produtores afetados. O presidente da comiss\u00e3o, Afonso Hamm (PP\u2011RS), anunciou a continuidade dos trabalhos em 2026 para fiscalizar a execu\u00e7\u00e3o das verbas e garantir que o relat\u00f3rio final aponte pend\u00eancias e diretrizes para mitigar futuros desastres clim\u00e1ticos.<\/p>\n\n\n\n<p><strong>Rep\u00f3rter Macei\u00f3<br><\/strong><a href=\"https:\/\/reportermaceio.com.br\/camara-dos-deputados-comissao-alerta-repetir-erros-do-passado-pode-causar-novas-enchentes-no-rio-grande-do-sul-enquanto-esforcos-de-reconstrucao-avancam-lenta-e-criticamente\/\">Comiss\u00e3o alerta: repetir erros do passado pode causar novas enchentes no Rio Grande do Sul, enquanto esfor\u00e7os de reconstru\u00e7\u00e3o avan\u00e7am lenta e criticamente<br><\/a>O vice-l\u00edder do governo, <strong>Bohn Gass (PT-RS)<\/strong>, sugeriu a incorpora\u00e7\u00e3o de pol\u00edticas preventivas focadas no manejo de microbacias e na cobertura do solo para otimizar a reten\u00e7\u00e3o da \u00e1gua, uma proposta que foi bem recebida pelo relator.<\/p>\n\n\n\n<p><strong>Clic Espumoso<br><\/strong><a href=\"https:\/\/clicespumoso.com.br\/apae-espumoso-recebe-indicacao-de-emenda-no-valor-de-r-200-mil\/\">APAE Espumoso recebe indica\u00e7\u00e3o de Emenda no valor de R$ 200 mil<br><\/a>Na manh\u00e3 desta sexta-feira o presidente do PT de Espumoso, Cl\u00f3vis Orsolin, acompanhado do vice-presidente Silvio Braga e do assessor dos <strong>deputados federal Elvino Bohn Gass<\/strong> e estadual Jeferson Fernandes, Beto Noronha, e com a presen\u00e7a do tesoureiro da pr\u00f3xima diretoria da APAE Ozeias Ritz Pereira e da atual diretora Gercilene Tatsch, estiveram reunidos na sede da entidade para destina\u00e7\u00e3o de emenda parlamentar no valor de R$ 200 mil.<\/p>\n\n\n\n<p><strong>Folha de Curitiba<br><\/strong><a href=\"https:\/\/folhadecuritiba.com.br\/investimentos-em-prevencao-enchentes-rs\/\">Investimentos em preven\u00e7\u00e3o s\u00e3o fundamentais para evitar novas enchentes no Rio Grande do Sul<br><\/a>Durante a discuss\u00e3o, o <strong>deputado Bohn Gass (PT-RS)<\/strong> sugeriu a inclus\u00e3o de pol\u00edticas preventivas no relat\u00f3rio, abordando o manejo de microbacias hidrogr\u00e1ficas para reter \u00e1gua e prevenir enchentes. Ele ressaltou que a recomposi\u00e7\u00e3o das microbacias \u00e9 essencial para minimizar impactos tanto nas enchentes quanto nas estiagens. A proposta foi bem aceita pelo relator e deve ser considerada nas pr\u00f3ximas a\u00e7\u00f5es da comiss\u00e3o.<\/p>\n\n\n\n<p><strong>Cidade em Revista<br><\/strong><a href=\"https:\/\/suacidadeemrevista.com.br\/noticia\/47235\/lnos-temos-que-vetar-issor-diz-bohn-gass-sobre-projeto-que-favorece-reus-do-8-de-janeiro\">\u2018N\u00f3s temos que vetar isso\u2019, diz Bohn Gass sobre projeto que favorece r\u00e9us do 8 de janeiro<br><\/a>O <strong>deputado federal Elvino Bohn Gass (PT-RS)<\/strong> avalia que o projeto aprovado na C\u00e2mara dos Deputados que altera a lei de execu\u00e7\u00e3o penal funciona, na pr\u00e1tica, como um mecanismo de blindagem para criminosos, inclusive envolvidos na tentativa de golpe de Estado. Para ele, a resposta do Executivo precisa ser direta: \u201cN\u00f3s temos que vetar isso\u201d.Em entrevista ao programa Boa Noite, da TV 247, o parlamentar classificou o texto como uma esp\u00e9cie de \u201canistia\u201d disfar\u00e7ada, que reduz penas e abre espa\u00e7o para prote\u00e7\u00e3o de respons\u00e1veis por ataques \u00e0 democracia. Bohn Gass defendeu que a mobiliza\u00e7\u00e3o em torno do tema passe por dar um nome pol\u00edtico ao pacote: \u201cO que vai mobilizar \u00e9 a gente caracterizar isso como a PEC da bandidagem dois. PEC da bandidagem dois\u201d.<\/p>\n\n\n\n<p><strong>Brasil 247<br><\/strong><a href=\"https:\/\/www.brasil247.com\/entrevistas\/nos-temos-que-vetar-isso-diz-bohn-gass-sobre-projeto-que-favorece-reus-do-8-de-janeiro\">\u2018N\u00f3s temos que vetar isso\u2019, diz Bohn Gass sobre projeto que favorece r\u00e9us do 8 de janeiro<br><\/a>O <strong>deputado federal Elvino Bohn Gass (PT-RS)<\/strong> avalia que o projeto aprovado na C\u00e2mara dos Deputados que altera a lei de execu\u00e7\u00e3o penal funciona, na pr\u00e1tica, como um mecanismo de blindagem para criminosos, inclusive envolvidos na tentativa de golpe de Estado. Para ele, a resposta do Executivo precisa ser direta: \u201cN\u00f3s temos que vetar isso\u201d.Em entrevista ao programa Boa Noite, da TV 247, o parlamentar classificou o texto como uma esp\u00e9cie de \u201canistia\u201d disfar\u00e7ada, que reduz penas e abre espa\u00e7o para prote\u00e7\u00e3o de respons\u00e1veis por ataques \u00e0 democracia. Bohn Gass defendeu que a mobiliza\u00e7\u00e3o em torno do tema passe por dar um nome pol\u00edtico ao pacote: \u201cO que vai mobilizar \u00e9 a gente caracterizar isso como a PEC da bandidagem dois. PEC da bandidagem dois\u201d.<\/p>\n\n\n\n<p><strong>Conex\u00e3o Mar\u00edlia<br><\/strong><a href=\"https:\/\/conexaomarilia.com.br\/2025\/12\/15\/congresso-deve-votar-orcamento-de-2026-na-proxima-semana-diz-davi-alcolumbre\/\">Congresso deve votar Or\u00e7amento de 2026 na pr\u00f3xima semana, diz Davi Alcolumbre<br><\/a>Fazenda, Planejamento, Ind\u00fastria e Com\u00e9rcio<br>Relator:<strong> deputado Bohn Gass (PT-RS)<\/strong> O relator setorial acolheu 808 emendas, em um total de R$ 9,9 bilh\u00f5es. Cerca de R$ 7 bilh\u00f5es s\u00e3o de emendas individuais de transfer\u00eancia especial, as chamadas \u201cemendas pix\u201d. Elas s\u00e3o transferidas diretamente para prefeituras e governos estaduais sem necessidade de conv\u00eanios.<\/p>\n\n\n\n<p><strong>MSN<br><\/strong><a href=\"https:\/\/www.msn.com\/pt-br\/noticias\/brasil\/n%C3%B3s-temos-que-vetar-isso-diz-bohn-gass-sobre-projeto-que-favorece-r%C3%A9us-do-8-de-janeiro\/ar-AA1SjISQ\">\u2018N\u00f3s temos que vetar isso\u2019, diz Bohn Gass sobre projeto que favorece r\u00e9us do 8 de janeiro<br><\/a>O <strong>deputado federal Elvino Bohn Gass (PT-RS)<\/strong> avalia que o projeto aprovado na C\u00e2mara dos Deputados que altera a lei de execu\u00e7\u00e3o penal funciona, na pr\u00e1tica, como um mecanismo de blindagem para criminosos, inclusive envolvidos na tentativa de golpe de Estado. Para ele, a resposta do Executivo precisa ser direta: \u201cN\u00f3s temos que vetar isso\u201d.Em entrevista ao programa Boa Noite, da TV 247, o parlamentar classificou o texto como uma esp\u00e9cie de \u201canistia\u201d disfar\u00e7ada, que reduz penas e abre espa\u00e7o para prote\u00e7\u00e3o de respons\u00e1veis por ataques \u00e0 democracia. Bohn Gass defendeu que a mobiliza\u00e7\u00e3o em torno do tema passe por dar um nome pol\u00edtico ao pacote: \u201cO que vai mobilizar \u00e9 a gente caracterizar isso como a PEC da bandidagem dois. PEC da bandidagem dois\u201d.<\/p>\n\n\n\n<p><strong>Iju\u00ed Toda Hora<br><\/strong><a href=\"https:\/\/ijuitodahora.com.br\/destaque\/21408\/\">Deputado Elvino Bohn Gass visita Iju\u00ed e regi\u00e3o e recebe reivindica\u00e7\u00f5es de lideran\u00e7as<br><\/a>O <strong>deputado federal Elvino Bohn Gass (PT),<\/strong> esteve no s\u00e1bado em Iju\u00ed e na regi\u00e3o cumprindo uma extensa agenda de compromissos pol\u00edticos, institucionais e comunit\u00e1rios. Durante a visita, o parlamentar recebeu demandas de lideran\u00e7as do munic\u00edpio de Ajuricaba, participou de reuni\u00f5es com a dire\u00e7\u00e3o do Hospital de Cl\u00ednicas de Iju\u00ed (HCI) e manteve encontros com a diretoria, atletas e familiares da Associa\u00e7\u00e3o de Atletismo Noroeste Runners.<\/p>\n\n\n\n<p><strong>G1<br><\/strong><a href=\"https:\/\/g1.globo.com\/google\/amp\/politica\/votacoes-no-congresso\/noticia\/2025\/12\/16\/camara-aprova-texto-base-de-projeto-que-estabelece-regras-da-reforma-tributaria-como-votaram-deputados-e-partidos.ghtml\">C\u00e2mara aprova texto-base de projeto que estabelece regras da reforma tribut\u00e1ria: como votaram deputados e partidos<br><\/a>[\u2026]<br><strong>Bohn Gass (PT-RS) &#8211; votou Sim<br><\/strong>[\u2026]<\/p>\n\n\n\n<p><strong>PSB40<\/strong><br><a href=\"https:\/\/psb40.org.br\/governo-lanca-mei-em-acao-para-acelerar-a-transformacao-digital-e-facilitar-servicos-ao-microempreendedor\/\">Governo lan\u00e7a \u201cMEI em A\u00e7\u00e3o\u201d para acelerar a transforma\u00e7\u00e3o digital e facilitar servi\u00e7os ao microempreendedor<br><\/a>Prestigiaram o lan\u00e7amento o secret\u00e1rio-executivo do MEMP, Tadeu Alencar; o secret\u00e1rio nacional do Artesanato e do Microempreendedor Individual do MEMP, Milton Coelho; diretor de Fomento do MEMP, Marcelo Strama; o secret\u00e1rio-executivo adjunto da Secretaria Geral da Presid\u00eancia da Rep\u00fablica, Roberto Lemos; o deputado federal Jorge Goetten, presidente da Frente Parlamentar Mista das Micro e Pequenas Empresas (FPMPE), e os deputados federais L\u00eddice de Mata, Bandeira de Mello e <strong>Bohn Gass;<\/strong> o presidente do Sindicato da Micro e Pequena Ind\u00fastria (SIMPI), Joseph Couri; o presidente da Confedera\u00e7\u00e3o Nacional das Micro e Pequenas Empresas (CONAMPE), Erc\u00edlio Santinoni, entre outras autoridades, al\u00e9m de entidades e MEIs.<\/p>\n\n\n\n<p><strong>Clic JM<br><\/strong><a href=\"https:\/\/clicjm.com\/bohn-gass-mantem-audiencias-na-regiao\/\">Bohn Gass mant\u00e9m audi\u00eancias na regi\u00e3o<br><\/a>O vice-l\u00edder do Governo Lula no Congresso Nacional, <strong>deputado federal Bohn Gass (PT)<\/strong>, esteve em Iju\u00ed, J\u00f3ia, Catu\u00edpe e Santo \u00c2ngelo no s\u00e1bado, dia 14. Primeiramente recebeu demandas de Ajuricaba, e em seguida esteve com a dire\u00e7\u00e3o do Hospital de Cl\u00ednicas Iju\u00ed (HCI). Depois esteve com a diretoria da Associa\u00e7\u00e3o Noroeste Runners (ANR) junto ao Gin\u00e1sio Municipal. O deputado tamb\u00e9m se reuniu com o vereador Rudimar Scheren. Participou ainda da Festa do Cachorro-quente no Bosque dos Capuchinhos, no Bairro S\u00e3o Geraldo, e em seguida confraterniza\u00e7\u00e3o do PT Iju\u00ed no Sinpro. J\u00e1 em J\u00f3ia esteve reunido com lideran\u00e7as recebendo demandas da comunidade.<\/p>\n\n\n\n<p><strong>Partido dos Trabalhadores<br><\/strong><a href=\"https:\/\/pt.org.br\/bancada-do-pt-destaca-avancos-sociais-economicos-e-trabalhistas-sob-lula\/\">Bancada do PT destaca avan\u00e7os sociais, econ\u00f4micos e trabalhistas sob Lula<br><\/a>Na \u00e1rea social, o <strong>deputado Bohn Gass (PT-RS)<\/strong> celebrou a pol\u00edtica de valoriza\u00e7\u00e3o do sal\u00e1rio m\u00ednimo. Para 2026, o valor anunciado \u00e9 de R$ 1.621. \u201cEssa pol\u00edtica garante reajuste acima da infla\u00e7\u00e3o com ganho real. Se n\u00e3o fosse isso, essa corre\u00e7\u00e3o diante do desmonte nos governos Temer e Bolsonaro, cada trabalhador receberia R$ 2.171 a menos por ano\u201d, explicou, mostrando o impacto direto na vida de milh\u00f5es de brasileiros.<\/p>\n\n\n\n<p><strong>Estad\u00e3o<\/strong><br><a href=\"https:\/\/www.estadao.com.br\/economia\/como-votou-cada-deputado-projeto-reduz-beneficios-fiscais-aumenta-taxacao-bet-npr\/\">Como votou cada deputado no projeto que reduz benef\u00edcios tribut\u00e1rios e aumenta taxa\u00e7\u00e3o de bets<br><\/a>[\u2026]<br><strong>Bohn Gass (PT-RS) &#8211; votou Sim<br><\/strong>[\u2026]<\/p>\n\n\n\n<p><strong>Grupo Sep\u00e9<br><\/strong><a href=\"https:\/\/www.gruposepe.com.br\/index.php?m=noticia&amp;a=detail&amp;id=28318\">Ordem de servi\u00e7o para Ponte Internacional ser\u00e1 assinada nesta sexta-feira<br><\/a>Conforme a publica\u00e7\u00e3o, a assinatura ocorrer\u00e1 em reuni\u00e3o virtual e autorizar\u00e1 oficialmente a empresa R\u00edvoli Construtora Ltda. a iniciar os trabalhos da obra. A confirma\u00e7\u00e3o foi repassada ao munic\u00edpio pelo <strong>deputado Elvino Bohn Gass (PT)<\/strong> ao prefeito Gilberto Menin e, posteriormente, validada pelo Departamento Nacional de Infraestrutura de Transportes (DNIT).<\/p>\n\n\n\n<p><strong>Portal das Miss\u00f5es<br><\/strong><a href=\"https:\/\/www.portaldasmissoes.com.br\/noticias\/ordem-de-servico-para-inicio-das-obras-da-ponte-internacional-sera-assinada-nest-15733\">Ordem de Servi\u00e7o para in\u00edcio das obras da Ponte Internacional ser\u00e1 assinada nesta sexta-feira<br><\/a>A informa\u00e7\u00e3o foi repassada pelo <strong>deputado federal Elvino Bohn Gass<\/strong> ao prefeito de Porto Xavier, Gilberto Menin, e posteriormente confirmada pelo Departamento Nacional de Infraestrutura de Transportes (DNIT). A Ordem de Servi\u00e7o ser\u00e1 emitida em favor da empresa R\u00edvoli Construtora Ltda., vencedora do processo licitat\u00f3rio.<\/p>\n\n\n\n<p><strong>Ag\u00eancia C\u00e2mara de Not\u00edcias<br><\/strong><a href=\"https:\/\/www.camara.leg.br\/noticias\/1235163-comissao-mista-aprova-orcamento-de-2026-com-r$-6,5-trilhoes-em-despesas\">Comiss\u00e3o Mista aprova Or\u00e7amento de 2026 com R$ 6,5 trilh\u00f5es em despesas<br><\/a>J\u00e1 o <strong>deputado Bohn Gass (PT-RS)<\/strong> solicitou mais recursos para as pesquisas da Embrapa porque teria havido um cancelamento parcial de programa\u00e7\u00f5es.<\/p>\n\n\n\n<p><strong>ADVFN<br><\/strong><a href=\"https:\/\/br.advfn.com\/jornal\/2025\/12\/orcamento-de-2026-com-despesas-de-r-6-5-trilhoes-e-preve-r-61-bilhoes-em-emendas-parlamentares\">Or\u00e7amento de 2026: com despesas de R$ 6,5 trilh\u00f5es e prev\u00ea R$ 61 bilh\u00f5es em emendas parlamentares<br><\/a>No segmento agropecu\u00e1rio, o <strong>deputado Bohn Gass (PT-RS)<\/strong> solicitou recomposi\u00e7\u00e3o de recursos para pesquisas da Empresa Brasileira de Pesquisa Agropecu\u00e1ria (Embrapa), destacando o cancelamento de algumas programa\u00e7\u00f5es. O relator promoveu ajustes pontuais para atender parte das demandas, mas ressaltou a necessidade de aprovar o texto final para evitar atrasos na execu\u00e7\u00e3o or\u00e7ament\u00e1ria, especialmente no pagamento das emendas parlamentares.<\/p>\n\n\n\n<p><strong>Exame<\/strong><br><a href=\"https:\/\/exame.com\/economia\/comissao-do-congresso-aprova-orcamento-de-2026-com-r-65-trilhoes-em-despesas\/\">Comiss\u00e3o do Congresso aprova Or\u00e7amento de 2026 com R$ 6,5 trilh\u00f5es em despesas<br><\/a>O <strong>deputado Bohn Gass (PT-RS)<\/strong> tamb\u00e9m pediu mais recursos para as pesquisas da Empresa Brasileira de Pesquisa Agropecu\u00e1ria (Embrapa), apontando que houve cancelamento de algumas programa\u00e7\u00f5es.<\/p>\n\n\n\n<p><strong>R7<\/strong><br><a href=\"https:\/\/noticias.r7.com\/brasilia\/orcamento-de-2026-e-aprovado-com-r-65-trilhoes-veja-os-principais-impactos-19122025\/\">Comiss\u00e3o d\u00e1 aval ao Or\u00e7amento de 2026, com previs\u00e3o de R$ 6,5 trilh\u00f5es em despesas<br><\/a>J\u00e1 o <strong>deputado Bohn Gass (PT-RS)<\/strong> cobrou recomposi\u00e7\u00e3o de recursos para a Embrapa. Segundo ele, houve cancelamentos parciais em programa\u00e7\u00f5es voltadas \u00e0 pesquisa agropecu\u00e1ria.<\/p>\n\n\n\n<p><strong>Clic R<br><\/strong><a href=\"https:\/\/clicr.com.br\/territorio-rural-centro-sul-tera-sete-delegados-na-conferencia-nacional\/\">Territ\u00f3rio Rural Centro Sul ter\u00e1 sete delegados na Confer\u00eancia Nacional<br><\/a>Em sua abertura a confer\u00eancia contou com a participa\u00e7\u00e3o de autoridades pol\u00edticas, incluindo o deputado estadual Miguel Rossetto (ex-ministro do MDA), o deputado estadual Z\u00e9 Nunes, o deputado estadual Ad\u00e3o Pretto Filho e representantes dos deputados federais, <strong>Elvino Bohn Gass<\/strong>, Denise P\u00eassoa e Dion\u00edlso Marcon.<\/p>\n\n\n\n<p><strong>Franc\u00eas News<br><\/strong><a href=\"https:\/\/francesnews.com.br\/post\/2025\/12\/25\/9020-comissao-aprova-orcamento-de-2026-com-despesas-previstas-de-r-65-trilhoes\">Comiss\u00e3o aprova Or\u00e7amento de 2026 com despesas previstas de R$ 6,5 trilh\u00f5es<br><\/a>Durante a vota\u00e7\u00e3o, o senador Esperidi\u00e3o Amin (PP-SC) criticou cortes no or\u00e7amento da Defesa, argumentando que o cen\u00e1rio internacional exige maior investimento no setor. J\u00e1 o <strong>deputado Bohn Gass (PT-RS)<\/strong> pediu recomposi\u00e7\u00e3o de recursos para pesquisas da Embrapa, ap\u00f3s cancelamentos parciais.<\/p>\n\n\n\n<p><strong>Serra em Pauta<br><\/strong><a href=\"https:\/\/www.serraempauta.com.br\/noticia\/mutirao-que-ofertara-1.872-cirurgias-em-caxias-do-sul-esta-em-funcionamento\">Mutir\u00e3o que ofertar\u00e1 1.872 cirurgias em Caxias do Sul est\u00e1 em funcionamento<br><\/a>As emendas usadas para a contrata\u00e7\u00e3o das cirurgias foram destinadas pelos deputados federais Afonso Motta, Any Ortiz, <strong>Bohn Gass<\/strong>, Denise Pess\u00f4a, Heitor Schuch e Maur\u00edcio Marcon, al\u00e9m dos senadores Hamilton Mour\u00e3o, Luiz Carlos Heinze e Paulo Paim.<\/p>\n\n\n\n<p><strong>A Voz do Brasil<br><\/strong><a href=\"https:\/\/www.camara.leg.br\/radio\/1234882-PODER-PUBLICO-E-OBRIGADO-A-DIVULGAR-DADOS-SOBRE-VIOLENCIA-CONTRA-MULHERES\">Bohn Gass anuncia o novo sal\u00e1rio m\u00ednimo para 2026, fixado em R$ 1.621,00<br><\/a><strong>Bohn Gass<\/strong> observa que a medida beneficia 60 milh\u00f5es de brasileiros, aumentando o poder de compra para itens essenciais. De acordo com o deputado, a manuten\u00e7\u00e3o das regras estabelecidas nos governos passados resultaria em perda anual superior a 2 mil reais por trabalhador.<\/p>\n\n\n\n<p><strong>Ag\u00eancia C\u00e2mara de Not\u00edcias<br><\/strong><a href=\"https:\/\/www.camara.leg.br\/noticias\/1235253-congresso-nacional-aprova-orcamento-de-2026-com-r-65-trilhoes-em-despesas\/\">Congresso Nacional aprova Or\u00e7amento de 2026 com R$ 6,5 trilh\u00f5es em despesas<br><\/a>No Plen\u00e1rio, o <strong>deputado Bohn Gass (PT-RS) <\/strong>criticou o aumento do valor das emendas no Or\u00e7amento. \u201cSe tivesse menos recursos nas emendas parlamentares, o PAC estruturalmente poderia ajudar ainda mais o nosso pa\u00eds. Pois vejam a contradi\u00e7\u00e3o. N\u00f3s vamos ter mais de R$ 60 bilh\u00f5es para emendas de deputados, de senadores, de comiss\u00f5es, de bancadas. O PAC \u00e9 R$ 52 bilh\u00f5es\u201d, afirmou.<\/p>\n\n\n\n<p><strong>Partido dos Trabalhadores<br><\/strong><a href=\"https:\/\/pt.org.br\/orcamento-de-2026-consolida-responsabilidade-fiscal-com-inclusao-social\/amp\/\">Or\u00e7amento de 2026 consolida responsabilidade fiscal com inclus\u00e3o social<br><\/a>A aprova\u00e7\u00e3o do Or\u00e7amento da Uni\u00e3o para 2026 (PLOA\/LOA 2026) consolida um projeto econ\u00f4mico e social voltado \u00e0 promo\u00e7\u00e3o do crescimento sustent\u00e1vel, ao controle da infla\u00e7\u00e3o, \u00e0 valoriza\u00e7\u00e3o do trabalho e ao fortalecimento das pol\u00edticas p\u00fablicas, sem abrir m\u00e3o da responsabilidade fiscal. Representando a Bancada do PT, o <strong>deputado Bohn Gass (PT-RS)<\/strong> defendeu a proposta na tribuna da C\u00e2mara, destacando os avan\u00e7os econ\u00f4micos e sociais alcan\u00e7ados no governo do Presidente Lula. A mat\u00e9ria vai \u00e0 san\u00e7\u00e3o presencial.<\/p>\n\n\n\n<p><strong>A Voz do Brasil<br><\/strong><a href=\"https:\/\/www.camara.leg.br\/radio\/1235387-CONGRESSO-APROVA-ORCAMENTO-DE-2026-COM-SALARIO-MINIMO-DE-R$1.621,00\">Congresso aprova or\u00e7amento de 2026 com sal\u00e1rio m\u00ednimo de R$1.621,00<br><\/a><strong>Bohn Gass:<\/strong> \u201cSe tivesse menos recursos nas emendas parlamentares, o PAC estruturalmente podia ajudar ainda mais o nosso pa\u00eds. Pois vejam a contradi\u00e7\u00e3o. N\u00f3s vamos ter mais de R$ 60 bilh\u00f5es para emendas de deputados, de senadores, de comiss\u00f5es, de bancadas. O PAC \u00e9 R$ 52 bilh\u00f5es.\u201d<\/p>\n\n\n\n<p><strong>Rep\u00f3rter Macei\u00f3<br><\/strong><a href=\"https:\/\/reportermaceio.com.br\/camara-dos-deputados-congresso-nacional-aprova-orcamento-de-r-65-trilhoes-para-2026-com-aumento-em-saude-e-emendas-parlamentares-de-r-50-bilhoes\/\">Congresso Nacional Aprova Or\u00e7amento de R$ 6,5 Trilh\u00f5es para 2026, Com Aumento em Sa\u00fade e Emendas Parlamentares de R$ 50 Bilh\u00f5es<br><\/a>Foram apresentadas 7.180 emendas parlamentares, com aproximadamente R$ 50 bilh\u00f5es atendidos. O <strong>deputado Bohn Gass (PT-RS)<\/strong> criticou o aumento nas emendas, sugere que o valor poderia ser melhor utilizado em investimentos estruturais. A proposta or\u00e7ament\u00e1ria agora segue para a san\u00e7\u00e3o do presidente, dando continuidade a um debate fundamental para o futuro econ\u00f4mico do pa\u00eds.<\/p>\n\n\n\n<p><strong>Mato Grosso Aovivo<br><\/strong><a href=\"https:\/\/www.matogrossoaovivo.com.br\/19\/12\/2025\/extras\/congresso-aprova-loa-2026-65-trilhoes\/?amp=1\">Congresso aprova LOA 2026 de R$ 6,5 trilh\u00f5es<br><\/a>No plen\u00e1rio, o <strong>deputado Bohn Gass (PT-RS)<\/strong> criticou o volume destinado \u00e0s emendas, que supera R$ 60 bilh\u00f5es, enquanto o Programa de Acelera\u00e7\u00e3o do Crescimento (PAC) possui R$ 52 bilh\u00f5es. Entre as pastas beneficiadas, Integra\u00e7\u00e3o e Desenvolvimento Regional saltou de R$ 6,1 bilh\u00f5es para R$ 12,7 bilh\u00f5es. J\u00e1 o Minist\u00e9rio da Previd\u00eancia Social perdeu cerca de R$ 6 bilh\u00f5es.<\/p>\n\n\n\n<p><strong>Rep\u00f3rter Macei\u00f3<br><\/strong><a href=\"https:\/\/reportermaceio.com.br\/camara-dos-deputados-comissao-mista-de-orcamento-aprova-orcamento-de-2026-com-despesas-de-r-65-trilhoes-e-aumentos-em-saude-e-defesa\/\">Comiss\u00e3o Mista de Or\u00e7amento Aprova Or\u00e7amento de 2026 com Despesas de R$ 6,5 Trilh\u00f5es e Aumentos em Sa\u00fade e Defesa<br><\/a>Durante a discuss\u00e3o, o senador Esperidi\u00e3o Amim (PP-SC) expressou preocupa\u00e7\u00f5es sobre os cortes no or\u00e7amento da Defesa, argumentando que a atual situa\u00e7\u00e3o global demanda mais investimentos nesta \u00e1rea. Tamb\u00e9m houve preocupa\u00e7\u00f5es levantadas pelo <strong>deputado Bohn Gass (PT-RS)<\/strong>, que pediu mais recursos para as pesquisas da Embrapa.<\/p>\n\n\n\n<p><strong>Blog da Luciana Pombo<br><\/strong><a href=\"https:\/\/lucianapombo.com.br\/noticia\/12338\/congresso-nacional-aprova-orcamento-de-2026-com-rs-6-5-trilhoes-em-despesas.html\">Congresso Nacional aprova Or\u00e7amento de 2026 com R$ 6,5 trilh\u00f5es em despesas<br><\/a>No Plen\u00e1rio, o <strong>deputado Bohn Gass (PT-RS) <\/strong>criticou o aumento do valor das emendas no Or\u00e7amento. &#8220;Se tivesse menos recursos nas emendas parlamentares, o PAC estruturalmente poderia ajudar ainda mais o nosso pa\u00eds. Pois vejam a contradi\u00e7\u00e3o. N\u00f3s vamos ter mais de R$ 60 bilh\u00f5es para emendas de deputados, de senadores, de comiss\u00f5es, de bancadas. O PAC \u00e9 R$ 52 bilh\u00f5es&#8221;, afirmou.<\/p>\n\n\n\n<p><strong>Di\u00e1rio Goianiense<br><\/strong><a href=\"https:\/\/www.diariogoianiense.com.br\/noticia\/congresso-nacional-aprova-orcamento-de-2026-com-r-6-5-trilhoes-em-despesas\">Congresso Nacional aprova Or\u00e7amento de 2026 com R$ 6,5 trilh\u00f5es em despesas<br><\/a>No Plen\u00e1rio, o <strong>deputado Bohn Gass (PT-RS)<\/strong> criticou o aumento dos valores destinados \u00e0s emendas no Or\u00e7amento. Ele argumentou: \u201cSe tivesse menos recursos nas emendas parlamentares, o PAC estruturalmente poderia ajudar ainda mais o nosso pa\u00eds. Pois vejam a contradi\u00e7\u00e3o. N\u00f3s vamos ter mais de R$ 60 bilh\u00f5es para emendas de deputados, de senadores, de comiss\u00f5es, de bancadas. O PAC \u00e9 R$ 52 bilh\u00f5es\u201d.<\/p>\n\n\n\n<p><strong>Correio do Povo<br><\/strong><a href=\"https:\/\/www.correiodopovo.com.br\/not%C3%ADcias\/pol%C3%ADtica\/deputados-federais-deixam-espolio-de-quase-um-milhao-de-votos-para-2026-1.1677219\">Deputados federais deixam esp\u00f3lio de quase um milh\u00e3o de votos para 2026<br><\/a>A \u2018prefer\u00eancia\u2019, contudo, n\u00e3o impede que outros nomes ao centro e \u00e0 esquerda, dentro e fora da agremia\u00e7\u00e3o, trabalhem para ficar com os eleitores do ex-ministro. Entre eles, no PT, os colegas de C\u00e2mara Maria do Ros\u00e1rio e <strong>Elvino Bohn Gass<\/strong>, a estadual Laura Sito, que, assim como Valdeci, integra seu grupo interno, e o ex-prefeito de S\u00e3o Leopoldo, Ary Vanazzi.<\/p>\n\n\n\n<p><strong>Click R<br><\/strong><a href=\"https:\/\/clicr.com.br\/prefeitura-de-sertao-santana-anuncia-investimento-para-fortalecer-a-causa-animal\/\">Prefeitura de Sert\u00e3o Santana anuncia investimento para fortalecer a causa animal<br><\/a>A Prefeitura de Sert\u00e3o Santana divulgou uma iniciativa que promete marcar um avan\u00e7o importante na prote\u00e7\u00e3o e no bem-estar dos animais do munic\u00edpio. Por meio de uma emenda parlamentar destinada \u00e0 sa\u00fade, no valor de R$ 100 mil, o <strong>deputado federal Elvino Bohn Gass <\/strong>viabilizou que parte dos recursos seja direcionada \u00e0 APASS (Associa\u00e7\u00e3o de Prote\u00e7\u00e3o aos Animais de Sert\u00e3o Santana).<\/p>\n\n\n\n<p><strong>A Voz do Brasil<br><\/strong><a href=\"https:\/\/www.camara.leg.br\/radio\/1236208-AVANCA-NAS-COMISSOES-AUMENTO-DA-PENA-PARA-PORNOGRAFIA-DIGITAL-INFANTIL\">Rela\u00e7\u00f5es exteriores<br><\/a><strong>Bohn Gass (PT-RS)<\/strong>, do PT do Rio Grande do Sul, representante do Congresso Nacional no Parlamento do Mercosul, articula apoio internacional \u00e0 Alian\u00e7a Global que quer acabar com a fome e a pobreza at\u00e9 2030 e que foi lan\u00e7ada durante o per\u00edodo em que o Brasil presidia o Grupo das 20 maiores economias do mundo.<\/p>\n","protected":false},"excerpt":{"rendered":"<p>Brasil 247[ARTIGO] O Brasil do futuro e o resto bolsonarista Tudo Rond\u00f4nia[ARTIGO] O Brasil do futuro e o resto bolsonarista Correio do PovoVetos ao programa de pagamento de d\u00edvida podem impactar o RS? EntendaEm junho, Leite articulou com os deputados estaduais para garantir que os vetos de interesse do RS fossem derrubados. Mas, a pedido [&hellip;]<\/p>\n","protected":false},"author":1,"featured_media":0,"parent":0,"menu_order":0,"comment_status":"closed","ping_status":"closed","template":"","meta":{"footnotes":""},"class_list":["post-4173","page","type-page","status-publish","hentry"],"yoast_head":"<!-- This site is optimized with the Yoast SEO plugin v27.4 - https:\/\/yoast.com\/product\/yoast-seo-wordpress\/ -->\n<title>Dezembro 2025 - Deputado Federal Bohn Gass \u2605 PT\/RS<\/title>\n<meta name=\"robots\" content=\"index, follow, max-snippet:-1, max-image-preview:large, max-video-preview:-1\" \/>\n<link rel=\"canonical\" href=\"https:\/\/bohngass.com.br\/?page_id=4173\" \/>\n<meta property=\"og:locale\" content=\"pt_BR\" \/>\n<meta property=\"og:type\" content=\"article\" \/>\n<meta property=\"og:title\" content=\"Dezembro 2025 - Deputado Federal Bohn Gass \u2605 PT\/RS\" \/>\n<meta property=\"og:description\" content=\"Brasil 247[ARTIGO] O Brasil do futuro e o resto bolsonarista Tudo Rond\u00f4nia[ARTIGO] O Brasil do futuro e o resto bolsonarista Correio do PovoVetos ao programa de pagamento de d\u00edvida podem impactar o RS? EntendaEm junho, Leite articulou com os deputados estaduais para garantir que os vetos de interesse do RS fossem derrubados. Mas, a pedido [&hellip;]\" \/>\n<meta property=\"og:url\" content=\"https:\/\/bohngass.com.br\/?page_id=4173\" \/>\n<meta property=\"og:site_name\" content=\"Deputado Federal Bohn Gass \u2605 PT\/RS\" \/>\n<meta property=\"article:publisher\" content=\"https:\/\/www.facebook.com\/bohngass13\" \/>\n<meta property=\"article:modified_time\" content=\"2026-01-30T15:02:36+00:00\" \/>\n<meta name=\"twitter:card\" content=\"summary_large_image\" \/>\n<meta name=\"twitter:site\" content=\"@BohnGass\" \/>\n<meta name=\"twitter:label1\" content=\"Est. tempo de leitura\" \/>\n\t<meta name=\"twitter:data1\" content=\"38 minutos\" \/>\n<script type=\"application\/ld+json\" class=\"yoast-schema-graph\">{\"@context\":\"https:\\\/\\\/schema.org\",\"@graph\":[{\"@type\":\"WebPage\",\"@id\":\"https:\\\/\\\/bohngass.com.br\\\/?page_id=4173\",\"url\":\"https:\\\/\\\/bohngass.com.br\\\/?page_id=4173\",\"name\":\"Dezembro 2025 - Deputado Federal Bohn Gass \u2605 PT\\\/RS\",\"isPartOf\":{\"@id\":\"https:\\\/\\\/bohngass.com.br\\\/#website\"},\"datePublished\":\"2026-01-27T15:00:44+00:00\",\"dateModified\":\"2026-01-30T15:02:36+00:00\",\"breadcrumb\":{\"@id\":\"https:\\\/\\\/bohngass.com.br\\\/?page_id=4173#breadcrumb\"},\"inLanguage\":\"pt-BR\",\"potentialAction\":[{\"@type\":\"ReadAction\",\"target\":[\"https:\\\/\\\/bohngass.com.br\\\/?page_id=4173\"]}]},{\"@type\":\"BreadcrumbList\",\"@id\":\"https:\\\/\\\/bohngass.com.br\\\/?page_id=4173#breadcrumb\",\"itemListElement\":[{\"@type\":\"ListItem\",\"position\":1,\"name\":\"In\u00edcio\",\"item\":\"https:\\\/\\\/bohngass.com.br\\\/\"},{\"@type\":\"ListItem\",\"position\":2,\"name\":\"Dezembro 2025\"}]},{\"@type\":\"WebSite\",\"@id\":\"https:\\\/\\\/bohngass.com.br\\\/#website\",\"url\":\"https:\\\/\\\/bohngass.com.br\\\/\",\"name\":\"Deputado Federal Bohn Gass \u2605 PT\\\/RS\",\"description\":\"Deputado Federal Bohn Gass\",\"publisher\":{\"@id\":\"https:\\\/\\\/bohngass.com.br\\\/#organization\"},\"potentialAction\":[{\"@type\":\"SearchAction\",\"target\":{\"@type\":\"EntryPoint\",\"urlTemplate\":\"https:\\\/\\\/bohngass.com.br\\\/?s={search_term_string}\"},\"query-input\":{\"@type\":\"PropertyValueSpecification\",\"valueRequired\":true,\"valueName\":\"search_term_string\"}}],\"inLanguage\":\"pt-BR\"},{\"@type\":\"Organization\",\"@id\":\"https:\\\/\\\/bohngass.com.br\\\/#organization\",\"name\":\"Deputado Bohn Gass\",\"url\":\"https:\\\/\\\/bohngass.com.br\\\/\",\"logo\":{\"@type\":\"ImageObject\",\"inLanguage\":\"pt-BR\",\"@id\":\"https:\\\/\\\/bohngass.com.br\\\/#\\\/schema\\\/logo\\\/image\\\/\",\"url\":\"http:\\\/\\\/bohngass.com.br\\\/wp-content\\\/uploads\\\/2021\\\/01\\\/logo.png\",\"contentUrl\":\"http:\\\/\\\/bohngass.com.br\\\/wp-content\\\/uploads\\\/2021\\\/01\\\/logo.png\",\"width\":357,\"height\":355,\"caption\":\"Deputado Bohn Gass\"},\"image\":{\"@id\":\"https:\\\/\\\/bohngass.com.br\\\/#\\\/schema\\\/logo\\\/image\\\/\"},\"sameAs\":[\"https:\\\/\\\/www.facebook.com\\\/bohngass13\",\"https:\\\/\\\/x.com\\\/BohnGass\",\"https:\\\/\\\/www.instagram.com\\\/bohn_gass\\\/\",\"https:\\\/\\\/www.youtube.com\\\/BohnGass13\\\/\",\"https:\\\/\\\/pt.wikipedia.org\\\/wiki\\\/Bohn_Gass\"]}]}<\/script>\n<!-- \/ Yoast SEO plugin. -->","yoast_head_json":{"title":"Dezembro 2025 - Deputado Federal Bohn Gass \u2605 PT\/RS","robots":{"index":"index","follow":"follow","max-snippet":"max-snippet:-1","max-image-preview":"max-image-preview:large","max-video-preview":"max-video-preview:-1"},"canonical":"https:\/\/bohngass.com.br\/?page_id=4173","og_locale":"pt_BR","og_type":"article","og_title":"Dezembro 2025 - Deputado Federal Bohn Gass \u2605 PT\/RS","og_description":"Brasil 247[ARTIGO] O Brasil do futuro e o resto bolsonarista Tudo Rond\u00f4nia[ARTIGO] O Brasil do futuro e o resto bolsonarista Correio do PovoVetos ao programa de pagamento de d\u00edvida podem impactar o RS? EntendaEm junho, Leite articulou com os deputados estaduais para garantir que os vetos de interesse do RS fossem derrubados. Mas, a pedido [&hellip;]","og_url":"https:\/\/bohngass.com.br\/?page_id=4173","og_site_name":"Deputado Federal Bohn Gass \u2605 PT\/RS","article_publisher":"https:\/\/www.facebook.com\/bohngass13","article_modified_time":"2026-01-30T15:02:36+00:00","twitter_card":"summary_large_image","twitter_site":"@BohnGass","twitter_misc":{"Est. tempo de leitura":"38 minutos"},"schema":{"@context":"https:\/\/schema.org","@graph":[{"@type":"WebPage","@id":"https:\/\/bohngass.com.br\/?page_id=4173","url":"https:\/\/bohngass.com.br\/?page_id=4173","name":"Dezembro 2025 - Deputado Federal Bohn Gass \u2605 PT\/RS","isPartOf":{"@id":"https:\/\/bohngass.com.br\/#website"},"datePublished":"2026-01-27T15:00:44+00:00","dateModified":"2026-01-30T15:02:36+00:00","breadcrumb":{"@id":"https:\/\/bohngass.com.br\/?page_id=4173#breadcrumb"},"inLanguage":"pt-BR","potentialAction":[{"@type":"ReadAction","target":["https:\/\/bohngass.com.br\/?page_id=4173"]}]},{"@type":"BreadcrumbList","@id":"https:\/\/bohngass.com.br\/?page_id=4173#breadcrumb","itemListElement":[{"@type":"ListItem","position":1,"name":"In\u00edcio","item":"https:\/\/bohngass.com.br\/"},{"@type":"ListItem","position":2,"name":"Dezembro 2025"}]},{"@type":"WebSite","@id":"https:\/\/bohngass.com.br\/#website","url":"https:\/\/bohngass.com.br\/","name":"Deputado Federal Bohn Gass \u2605 PT\/RS","description":"Deputado Federal Bohn Gass","publisher":{"@id":"https:\/\/bohngass.com.br\/#organization"},"potentialAction":[{"@type":"SearchAction","target":{"@type":"EntryPoint","urlTemplate":"https:\/\/bohngass.com.br\/?s={search_term_string}"},"query-input":{"@type":"PropertyValueSpecification","valueRequired":true,"valueName":"search_term_string"}}],"inLanguage":"pt-BR"},{"@type":"Organization","@id":"https:\/\/bohngass.com.br\/#organization","name":"Deputado Bohn Gass","url":"https:\/\/bohngass.com.br\/","logo":{"@type":"ImageObject","inLanguage":"pt-BR","@id":"https:\/\/bohngass.com.br\/#\/schema\/logo\/image\/","url":"http:\/\/bohngass.com.br\/wp-content\/uploads\/2021\/01\/logo.png","contentUrl":"http:\/\/bohngass.com.br\/wp-content\/uploads\/2021\/01\/logo.png","width":357,"height":355,"caption":"Deputado Bohn Gass"},"image":{"@id":"https:\/\/bohngass.com.br\/#\/schema\/logo\/image\/"},"sameAs":["https:\/\/www.facebook.com\/bohngass13","https:\/\/x.com\/BohnGass","https:\/\/www.instagram.com\/bohn_gass\/","https:\/\/www.youtube.com\/BohnGass13\/","https:\/\/pt.wikipedia.org\/wiki\/Bohn_Gass"]}]}},"_links":{"self":[{"href":"https:\/\/bohngass.com.br\/index.php?rest_route=\/wp\/v2\/pages\/4173","targetHints":{"allow":["GET"]}}],"collection":[{"href":"https:\/\/bohngass.com.br\/index.php?rest_route=\/wp\/v2\/pages"}],"about":[{"href":"https:\/\/bohngass.com.br\/index.php?rest_route=\/wp\/v2\/types\/page"}],"author":[{"embeddable":true,"href":"https:\/\/bohngass.com.br\/index.php?rest_route=\/wp\/v2\/users\/1"}],"replies":[{"embeddable":true,"href":"https:\/\/bohngass.com.br\/index.php?rest_route=%2Fwp%2Fv2%2Fcomments&post=4173"}],"version-history":[{"count":4,"href":"https:\/\/bohngass.com.br\/index.php?rest_route=\/wp\/v2\/pages\/4173\/revisions"}],"predecessor-version":[{"id":4183,"href":"https:\/\/bohngass.com.br\/index.php?rest_route=\/wp\/v2\/pages\/4173\/revisions\/4183"}],"wp:attachment":[{"href":"https:\/\/bohngass.com.br\/index.php?rest_route=%2Fwp%2Fv2%2Fmedia&parent=4173"}],"curies":[{"name":"wp","href":"https:\/\/api.w.org\/{rel}","templated":true}]}}